{"id":6307,"date":"2024-11-09T11:44:14","date_gmt":"2024-11-09T10:44:14","guid":{"rendered":"https:\/\/www.anae.archi\/fr\/?post_type=realisation&#038;p=6307"},"modified":"2025-12-05T15:20:26","modified_gmt":"2025-12-05T14:20:26","slug":"st-blaise-les-colleges-de-vignier","status":"publish","type":"realisation","link":"https:\/\/www.anae.archi\/fr\/realisation\/st-blaise-les-colleges-de-vignier\/","title":{"rendered":"St-Blaise &#8211; Les coll\u00e8ges de Vignier"},"content":{"rendered":"\t\t<div data-elementor-type=\"wp-post\" data-elementor-id=\"6307\" class=\"elementor elementor-6307\" data-elementor-post-type=\"realisation\">\n\t\t\t\t<div class=\"elementor-element elementor-element-df389b9 e-con-full e-flex e-con e-parent\" data-id=\"df389b9\" data-element_type=\"container\" data-e-type=\"container\" data-settings=\"{&quot;background_background&quot;:&quot;classic&quot;}\">\n\t\t<div class=\"elementor-element elementor-element-bdbf659 e-con-full custom-spacing e-flex e-con e-child\" data-id=\"bdbf659\" data-element_type=\"container\" data-e-type=\"container\" data-settings=\"{&quot;background_background&quot;:&quot;classic&quot;}\">\n\t\t<div class=\"elementor-element elementor-element-6865e36 e-con-full e-flex e-con e-child\" data-id=\"6865e36\" data-element_type=\"container\" data-e-type=\"container\" data-settings=\"{&quot;background_background&quot;:&quot;classic&quot;}\">\n\t\t\t\t<\/div>\n\t\t<div class=\"elementor-element elementor-element-1aa08c0 e-con-full e-flex e-con e-child\" data-id=\"1aa08c0\" data-element_type=\"container\" data-e-type=\"container\" data-settings=\"{&quot;background_background&quot;:&quot;classic&quot;}\">\n\t\t\t\t<\/div>\n\t\t<div class=\"elementor-element elementor-element-75d42b4 e-con-full e-flex e-con e-child\" data-id=\"75d42b4\" data-element_type=\"container\" data-e-type=\"container\" data-settings=\"{&quot;background_background&quot;:&quot;classic&quot;}\">\n\t\t\t\t<\/div>\n\t\t\t\t<\/div>\n\t\t\t\t<\/div>\n\t\t<div class=\"elementor-element elementor-element-d2ad952 e-flex e-con-boxed e-con e-parent\" data-id=\"d2ad952\" data-element_type=\"container\" data-e-type=\"container\" data-settings=\"{&quot;background_background&quot;:&quot;classic&quot;,&quot;animation&quot;:&quot;none&quot;}\">\n\t\t\t\t\t<div class=\"e-con-inner\">\n\t\t<div class=\"elementor-element elementor-element-dd033b2 e-con-full e-flex e-con e-child\" data-id=\"dd033b2\" data-element_type=\"container\" data-e-type=\"container\">\n\t\t<div class=\"elementor-element elementor-element-f5a69ff e-con-full e-flex e-con e-child\" data-id=\"f5a69ff\" data-element_type=\"container\" data-e-type=\"container\">\n\t\t\t\t<div class=\"elementor-element elementor-element-bfa8212 elementor-widget elementor-widget-heading\" data-id=\"bfa8212\" data-element_type=\"widget\" data-e-type=\"widget\" data-widget_type=\"heading.default\">\n\t\t\t\t<div class=\"elementor-widget-container\">\n\t\t\t\t\t<h2 class=\"elementor-heading-title elementor-size-default\">PROJET<\/h2>\t\t\t\t<\/div>\n\t\t\t\t<\/div>\n\t\t\t\t<div class=\"elementor-element elementor-element-349d84f elementor-widget elementor-widget-text-editor\" data-id=\"349d84f\" data-element_type=\"widget\" data-e-type=\"widget\" data-widget_type=\"text-editor.default\">\n\t\t\t\t<div class=\"elementor-widget-container\">\n\t\t\t\t\t\t\t\t\t<ul><li>R\u00e9novation du b\u00e2timent existant devant abriter l&rsquo;\u00e9cole secondaire.<\/li><li>Construction de trois b\u00e2timents : \u00e9cole enfantine, \u00e9cole secondaire et salles<\/li><li>sp\u00e9ciales pour les niveaux primaire et secondaire.<\/li><li>Construction d&rsquo;une salle de gym semi-enterr\u00e9e.<\/li><li>Construction en mat\u00e9riaux durables et respectueux de l&rsquo;environnement.<\/li><li>Meilleure gestion de l&rsquo;entr\u00e9e sur le complexe, suppression des voitures sur le site.<\/li><\/ul>\t\t\t\t\t\t\t\t<\/div>\n\t\t\t\t<\/div>\n\t\t\t\t<\/div>\n\t\t<div class=\"elementor-element elementor-element-321bcf7 e-con-full e-flex e-con e-child\" data-id=\"321bcf7\" data-element_type=\"container\" data-e-type=\"container\">\n\t\t\t\t<div class=\"elementor-element elementor-element-491af97 elementor-widget elementor-widget-heading\" data-id=\"491af97\" data-element_type=\"widget\" data-e-type=\"widget\" data-widget_type=\"heading.default\">\n\t\t\t\t<div class=\"elementor-widget-container\">\n\t\t\t\t\t<h2 class=\"elementor-heading-title elementor-size-default\">Planning du projet<\/h2>\t\t\t\t<\/div>\n\t\t\t\t<\/div>\n\t\t\t\t<div class=\"elementor-element elementor-element-7ed913b elementor-widget elementor-widget-text-editor\" data-id=\"7ed913b\" data-element_type=\"widget\" data-e-type=\"widget\" data-widget_type=\"text-editor.default\">\n\t\t\t\t<div class=\"elementor-widget-container\">\n\t\t\t\t\t\t\t\t\t<p><strong>Concours<\/strong> : printemps 2012, 1er tour<\/p>\t\t\t\t\t\t\t\t<\/div>\n\t\t\t\t<\/div>\n\t\t\t\t<\/div>\n\t\t\t\t<\/div>\n\t\t\t\t\t<\/div>\n\t\t\t\t<\/div>\n\t\t<div class=\"elementor-element elementor-element-d065951 e-flex e-con-boxed elementor-invisible e-con e-parent\" data-id=\"d065951\" data-element_type=\"container\" data-e-type=\"container\" data-settings=\"{&quot;background_background&quot;:&quot;classic&quot;,&quot;animation&quot;:&quot;fadeInUp&quot;}\">\n\t\t\t\t\t<div class=\"e-con-inner\">\n\t\t\t\t<div class=\"elementor-element elementor-element-cd23918 elementor-widget elementor-widget-heading\" data-id=\"cd23918\" data-element_type=\"widget\" data-e-type=\"widget\" data-widget_type=\"heading.default\">\n\t\t\t\t<div class=\"elementor-widget-container\">\n\t\t\t\t\t<h2 class=\"elementor-heading-title elementor-size-default\">Images de synth\u00e8se du projet<\/h2>\t\t\t\t<\/div>\n\t\t\t\t<\/div>\n\t\t\t\t<div class=\"elementor-element elementor-element-5ce7283 elementor-widget elementor-widget-text-editor\" data-id=\"5ce7283\" data-element_type=\"widget\" data-e-type=\"widget\" data-widget_type=\"text-editor.default\">\n\t\t\t\t<div class=\"elementor-widget-container\">\n\t\t\t\t\t\t\t\t\t<p>toutes les images sont r\u00e9alis\u00e9es par pixyform<\/p>\t\t\t\t\t\t\t\t<\/div>\n\t\t\t\t<\/div>\n\t\t\t\t<div class=\"elementor-element elementor-element-df9e118 elementor-widget elementor-widget-gallery\" data-id=\"df9e118\" data-element_type=\"widget\" data-e-type=\"widget\" data-settings=\"{&quot;gallery_layout&quot;:&quot;justified&quot;,&quot;gap&quot;:{&quot;unit&quot;:&quot;px&quot;,&quot;size&quot;:20,&quot;sizes&quot;:[]},&quot;ideal_row_height&quot;:{&quot;unit&quot;:&quot;px&quot;,&quot;size&quot;:500,&quot;sizes&quot;:[]},&quot;ideal_row_height_tablet&quot;:{&quot;unit&quot;:&quot;px&quot;,&quot;size&quot;:150,&quot;sizes&quot;:[]},&quot;ideal_row_height_mobile&quot;:{&quot;unit&quot;:&quot;px&quot;,&quot;size&quot;:150,&quot;sizes&quot;:[]},&quot;gap_tablet&quot;:{&quot;unit&quot;:&quot;px&quot;,&quot;size&quot;:10,&quot;sizes&quot;:[]},&quot;gap_mobile&quot;:{&quot;unit&quot;:&quot;px&quot;,&quot;size&quot;:10,&quot;sizes&quot;:[]},&quot;link_to&quot;:&quot;file&quot;,&quot;overlay_background&quot;:&quot;yes&quot;,&quot;content_hover_animation&quot;:&quot;fade-in&quot;}\" data-widget_type=\"gallery.default\">\n\t\t\t\t<div class=\"elementor-widget-container\">\n\t\t\t\t\t\t\t<div class=\"elementor-gallery__container\">\n\t\t\t\t\t\t\t<a class=\"e-gallery-item elementor-gallery-item elementor-animated-content\" href=\"https:\/\/www.anae.archi\/fr\/wp-content\/uploads\/2024\/11\/concours-3D_03.jpg\" data-elementor-open-lightbox=\"yes\" data-elementor-lightbox-slideshow=\"df9e118\" data-elementor-lightbox-title=\"concours-3D_03\" data-e-action-hash=\"#elementor-action%3Aaction%3Dlightbox%26settings%3DeyJpZCI6NjMxMiwidXJsIjoiaHR0cHM6XC9cL3d3dy5hbmFlLmFyY2hpXC9mclwvd3AtY29udGVudFwvdXBsb2Fkc1wvMjAyNFwvMTFcL2NvbmNvdXJzLTNEXzAzLmpwZyIsInNsaWRlc2hvdyI6ImRmOWUxMTgifQ%3D%3D\">\n\t\t\t\t\t<div class=\"e-gallery-image elementor-gallery-item__image\" data-thumbnail=\"https:\/\/www.anae.archi\/fr\/wp-content\/uploads\/2024\/11\/concours-3D_03.jpg\" data-width=\"1400\" data-height=\"700\" aria-label=\"\" role=\"img\" ><\/div>\n\t\t\t\t\t\t\t\t\t\t\t<div class=\"elementor-gallery-item__overlay\"><\/div>\n\t\t\t\t\t\t\t\t\t\t\t\t\t\t<\/a>\n\t\t\t\t\t\t\t<a class=\"e-gallery-item elementor-gallery-item elementor-animated-content\" href=\"https:\/\/www.anae.archi\/fr\/wp-content\/uploads\/2024\/11\/concours-3D_02.jpg\" data-elementor-open-lightbox=\"yes\" data-elementor-lightbox-slideshow=\"df9e118\" data-elementor-lightbox-title=\"concours-3D_02\" data-e-action-hash=\"#elementor-action%3Aaction%3Dlightbox%26settings%3DeyJpZCI6NjMxMSwidXJsIjoiaHR0cHM6XC9cL3d3dy5hbmFlLmFyY2hpXC9mclwvd3AtY29udGVudFwvdXBsb2Fkc1wvMjAyNFwvMTFcL2NvbmNvdXJzLTNEXzAyLmpwZyIsInNsaWRlc2hvdyI6ImRmOWUxMTgifQ%3D%3D\">\n\t\t\t\t\t<div class=\"e-gallery-image elementor-gallery-item__image\" data-thumbnail=\"https:\/\/www.anae.archi\/fr\/wp-content\/uploads\/2024\/11\/concours-3D_02.jpg\" data-width=\"1400\" data-height=\"700\" aria-label=\"\" role=\"img\" ><\/div>\n\t\t\t\t\t\t\t\t\t\t\t<div class=\"elementor-gallery-item__overlay\"><\/div>\n\t\t\t\t\t\t\t\t\t\t\t\t\t\t<\/a>\n\t\t\t\t\t\t\t<a class=\"e-gallery-item elementor-gallery-item elementor-animated-content\" href=\"https:\/\/www.anae.archi\/fr\/wp-content\/uploads\/2024\/11\/concours-3D_01.jpg\" data-elementor-open-lightbox=\"yes\" data-elementor-lightbox-slideshow=\"df9e118\" data-elementor-lightbox-title=\"concours-3D_01\" data-e-action-hash=\"#elementor-action%3Aaction%3Dlightbox%26settings%3DeyJpZCI6NjMxMCwidXJsIjoiaHR0cHM6XC9cL3d3dy5hbmFlLmFyY2hpXC9mclwvd3AtY29udGVudFwvdXBsb2Fkc1wvMjAyNFwvMTFcL2NvbmNvdXJzLTNEXzAxLmpwZyIsInNsaWRlc2hvdyI6ImRmOWUxMTgifQ%3D%3D\">\n\t\t\t\t\t<div class=\"e-gallery-image elementor-gallery-item__image\" data-thumbnail=\"https:\/\/www.anae.archi\/fr\/wp-content\/uploads\/2024\/11\/concours-3D_01.jpg\" data-width=\"1400\" data-height=\"700\" aria-label=\"\" role=\"img\" ><\/div>\n\t\t\t\t\t\t\t\t\t\t\t<div class=\"elementor-gallery-item__overlay\"><\/div>\n\t\t\t\t\t\t\t\t\t\t\t\t\t\t<\/a>\n\t\t\t\t\t<\/div>\n\t\t\t\t\t<\/div>\n\t\t\t\t<\/div>\n\t\t\t\t\t<\/div>\n\t\t\t\t<\/div>\n\t\t<div class=\"elementor-element elementor-element-c9c60e4 e-flex e-con-boxed elementor-invisible e-con e-parent\" data-id=\"c9c60e4\" data-element_type=\"container\" data-e-type=\"container\" data-settings=\"{&quot;background_background&quot;:&quot;classic&quot;,&quot;animation&quot;:&quot;fadeIn&quot;}\">\n\t\t\t\t\t<div class=\"e-con-inner\">\n\t\t\t\t<div class=\"elementor-element elementor-element-44ec495 elementor-widget elementor-widget-heading\" data-id=\"44ec495\" data-element_type=\"widget\" data-e-type=\"widget\" data-widget_type=\"heading.default\">\n\t\t\t\t<div class=\"elementor-widget-container\">\n\t\t\t\t\t<h2 class=\"elementor-heading-title elementor-size-default\">Mat\u00e9rialit\u00e9<\/h2>\t\t\t\t<\/div>\n\t\t\t\t<\/div>\n\t\t\t\t<div class=\"elementor-element elementor-element-f2bb2e2 elementor-widget elementor-widget-text-editor\" data-id=\"f2bb2e2\" data-element_type=\"widget\" data-e-type=\"widget\" data-widget_type=\"text-editor.default\">\n\t\t\t\t<div class=\"elementor-widget-container\">\n\t\t\t\t\t\t\t\t\t<ul><li>Isolation de fa\u00e7ade en fibres v\u00e9g\u00e9tales (laine de lin et fibre de bois) cr\u00e9pie \u00e0 la chaux.<\/li><li>Isolation de toiture plate en li\u00e8ge.<\/li><li>Rev\u00eatement de fa\u00e7ade en bois et en b\u00e9ton de chanvre.<\/li><li>Enduit int\u00e9rieur \u00e0 l&rsquo;argile.<\/li><\/ul>\t\t\t\t\t\t\t\t<\/div>\n\t\t\t\t<\/div>\n\t\t\t\t\t<\/div>\n\t\t\t\t<\/div>\n\t\t<div class=\"elementor-element elementor-element-aa6506f e-flex e-con-boxed elementor-invisible e-con e-parent\" data-id=\"aa6506f\" data-element_type=\"container\" data-e-type=\"container\" data-settings=\"{&quot;background_background&quot;:&quot;classic&quot;,&quot;animation&quot;:&quot;fadeIn&quot;}\">\n\t\t\t\t\t<div class=\"e-con-inner\">\n\t\t\t\t<div class=\"elementor-element elementor-element-cef0882 elementor-widget elementor-widget-heading\" data-id=\"cef0882\" data-element_type=\"widget\" data-e-type=\"widget\" data-widget_type=\"heading.default\">\n\t\t\t\t<div class=\"elementor-widget-container\">\n\t\t\t\t\t<h2 class=\"elementor-heading-title elementor-size-default\">Plan masse et coupe de d\u00e9tail<\/h2>\t\t\t\t<\/div>\n\t\t\t\t<\/div>\n\t\t\t\t<div class=\"elementor-element elementor-element-135078e elementor-widget elementor-widget-gallery\" data-id=\"135078e\" data-element_type=\"widget\" data-e-type=\"widget\" data-settings=\"{&quot;gallery_layout&quot;:&quot;justified&quot;,&quot;gap&quot;:{&quot;unit&quot;:&quot;px&quot;,&quot;size&quot;:20,&quot;sizes&quot;:[]},&quot;ideal_row_height&quot;:{&quot;unit&quot;:&quot;px&quot;,&quot;size&quot;:400,&quot;sizes&quot;:[]},&quot;lazyload&quot;:&quot;yes&quot;,&quot;ideal_row_height_tablet&quot;:{&quot;unit&quot;:&quot;px&quot;,&quot;size&quot;:150,&quot;sizes&quot;:[]},&quot;ideal_row_height_mobile&quot;:{&quot;unit&quot;:&quot;px&quot;,&quot;size&quot;:150,&quot;sizes&quot;:[]},&quot;gap_tablet&quot;:{&quot;unit&quot;:&quot;px&quot;,&quot;size&quot;:10,&quot;sizes&quot;:[]},&quot;gap_mobile&quot;:{&quot;unit&quot;:&quot;px&quot;,&quot;size&quot;:10,&quot;sizes&quot;:[]},&quot;link_to&quot;:&quot;file&quot;,&quot;overlay_background&quot;:&quot;yes&quot;,&quot;content_hover_animation&quot;:&quot;fade-in&quot;}\" data-widget_type=\"gallery.default\">\n\t\t\t\t<div class=\"elementor-widget-container\">\n\t\t\t\t\t\t\t<div class=\"elementor-gallery__container\">\n\t\t\t\t\t\t\t<a class=\"e-gallery-item elementor-gallery-item elementor-animated-content\" href=\"https:\/\/www.anae.archi\/fr\/wp-content\/uploads\/2024\/11\/concours_st-blaise_plan-situation_g.jpg\" data-elementor-open-lightbox=\"yes\" data-elementor-lightbox-slideshow=\"135078e\" data-elementor-lightbox-title=\"concours_st-blaise_plan-situation_g\" data-e-action-hash=\"#elementor-action%3Aaction%3Dlightbox%26settings%3DeyJpZCI6NjM0NiwidXJsIjoiaHR0cHM6XC9cL3d3dy5hbmFlLmFyY2hpXC9mclwvd3AtY29udGVudFwvdXBsb2Fkc1wvMjAyNFwvMTFcL2NvbmNvdXJzX3N0LWJsYWlzZV9wbGFuLXNpdHVhdGlvbl9nLmpwZyIsInNsaWRlc2hvdyI6IjEzNTA3OGUifQ%3D%3D\">\n\t\t\t\t\t<div class=\"e-gallery-image elementor-gallery-item__image\" data-thumbnail=\"https:\/\/www.anae.archi\/fr\/wp-content\/uploads\/2024\/11\/concours_st-blaise_plan-situation_g.jpg\" data-width=\"1500\" data-height=\"1500\" aria-label=\"\" role=\"img\" ><\/div>\n\t\t\t\t\t\t\t\t\t\t\t<div class=\"elementor-gallery-item__overlay\"><\/div>\n\t\t\t\t\t\t\t\t\t\t\t\t\t\t<\/a>\n\t\t\t\t\t\t\t<a class=\"e-gallery-item elementor-gallery-item elementor-animated-content\" href=\"https:\/\/www.anae.archi\/fr\/wp-content\/uploads\/2024\/11\/concours_st-blaise_details_g.jpg\" data-elementor-open-lightbox=\"yes\" data-elementor-lightbox-slideshow=\"135078e\" data-elementor-lightbox-title=\"concours_st-blaise_details_g\" data-e-action-hash=\"#elementor-action%3Aaction%3Dlightbox%26settings%3DeyJpZCI6NjM0NywidXJsIjoiaHR0cHM6XC9cL3d3dy5hbmFlLmFyY2hpXC9mclwvd3AtY29udGVudFwvdXBsb2Fkc1wvMjAyNFwvMTFcL2NvbmNvdXJzX3N0LWJsYWlzZV9kZXRhaWxzX2cuanBnIiwic2xpZGVzaG93IjoiMTM1MDc4ZSJ9\">\n\t\t\t\t\t<div class=\"e-gallery-image elementor-gallery-item__image\" data-thumbnail=\"https:\/\/www.anae.archi\/fr\/wp-content\/uploads\/2024\/11\/concours_st-blaise_details_g.jpg\" data-width=\"1500\" data-height=\"1500\" aria-label=\"\" role=\"img\" ><\/div>\n\t\t\t\t\t\t\t\t\t\t\t<div class=\"elementor-gallery-item__overlay\"><\/div>\n\t\t\t\t\t\t\t\t\t\t\t\t\t\t<\/a>\n\t\t\t\t\t<\/div>\n\t\t\t\t\t<\/div>\n\t\t\t\t<\/div>\n\t\t\t\t\t<\/div>\n\t\t\t\t<\/div>\n\t\t<div class=\"elementor-element elementor-element-541852e e-flex e-con-boxed elementor-invisible e-con e-parent\" data-id=\"541852e\" data-element_type=\"container\" data-e-type=\"container\" data-settings=\"{&quot;background_background&quot;:&quot;classic&quot;,&quot;animation&quot;:&quot;fadeIn&quot;}\">\n\t\t\t\t\t<div class=\"e-con-inner\">\n\t\t\t\t<div class=\"elementor-element elementor-element-1b65ec7 elementor-widget elementor-widget-heading\" data-id=\"1b65ec7\" data-element_type=\"widget\" data-e-type=\"widget\" data-widget_type=\"heading.default\">\n\t\t\t\t<div class=\"elementor-widget-container\">\n\t\t\t\t\t<h2 class=\"elementor-heading-title elementor-size-default\">Plans<\/h2>\t\t\t\t<\/div>\n\t\t\t\t<\/div>\n\t\t\t\t<div class=\"elementor-element elementor-element-08a3eb2 gallery-spacing-custom elementor-widget elementor-widget-image-gallery\" data-id=\"08a3eb2\" data-element_type=\"widget\" data-e-type=\"widget\" data-widget_type=\"image-gallery.default\">\n\t\t\t\t<div class=\"elementor-widget-container\">\n\t\t\t\t\t\t\t<div class=\"elementor-image-gallery\">\n\t\t\t<div id='gallery-1' class='gallery galleryid-6307 gallery-columns-2 gallery-size-full'><figure class='gallery-item'>\n\t\t\t<div class='gallery-icon landscape'>\n\t\t\t\t<a data-elementor-open-lightbox=\"yes\" data-elementor-lightbox-slideshow=\"08a3eb2\" data-elementor-lightbox-title=\"concours_st-blaise_ecole-enfantine+speciale_g\" data-e-action-hash=\"#elementor-action%3Aaction%3Dlightbox%26settings%3DeyJpZCI6NjM1NywidXJsIjoiaHR0cHM6XC9cL3d3dy5hbmFlLmFyY2hpXC9mclwvd3AtY29udGVudFwvdXBsb2Fkc1wvMjAyNFwvMTFcL2NvbmNvdXJzX3N0LWJsYWlzZV9lY29sZS1lbmZhbnRpbmVzcGVjaWFsZV9nLmpwZyIsInNsaWRlc2hvdyI6IjA4YTNlYjIifQ%3D%3D\" href='https:\/\/www.anae.archi\/fr\/wp-content\/uploads\/2024\/11\/concours_st-blaise_ecole-enfantinespeciale_g.jpg'><img fetchpriority=\"high\" width=\"1500\" height=\"1500\" src=\"https:\/\/www.anae.archi\/fr\/wp-content\/uploads\/2024\/11\/concours_st-blaise_ecole-enfantinespeciale_g.jpg\" class=\"attachment-full size-full\" alt=\"\" decoding=\"async\" srcset=\"https:\/\/www.anae.archi\/fr\/wp-content\/uploads\/2024\/11\/concours_st-blaise_ecole-enfantinespeciale_g.jpg 1500w, https:\/\/www.anae.archi\/fr\/wp-content\/uploads\/2024\/11\/concours_st-blaise_ecole-enfantinespeciale_g-300x300.jpg 300w, https:\/\/www.anae.archi\/fr\/wp-content\/uploads\/2024\/11\/concours_st-blaise_ecole-enfantinespeciale_g-1024x1024.jpg 1024w, https:\/\/www.anae.archi\/fr\/wp-content\/uploads\/2024\/11\/concours_st-blaise_ecole-enfantinespeciale_g-150x150.jpg 150w, https:\/\/www.anae.archi\/fr\/wp-content\/uploads\/2024\/11\/concours_st-blaise_ecole-enfantinespeciale_g-768x768.jpg 768w\" sizes=\"(max-width: 1500px) 100vw, 1500px\" \/><\/a>\n\t\t\t<\/div><\/figure><figure class='gallery-item'>\n\t\t\t<div class='gallery-icon landscape'>\n\t\t\t\t<a data-elementor-open-lightbox=\"yes\" data-elementor-lightbox-slideshow=\"08a3eb2\" data-elementor-lightbox-title=\"concours_st-blaise_ecole-primaire_g\" data-e-action-hash=\"#elementor-action%3Aaction%3Dlightbox%26settings%3DeyJpZCI6NjM1OCwidXJsIjoiaHR0cHM6XC9cL3d3dy5hbmFlLmFyY2hpXC9mclwvd3AtY29udGVudFwvdXBsb2Fkc1wvMjAyNFwvMTFcL2NvbmNvdXJzX3N0LWJsYWlzZV9lY29sZS1wcmltYWlyZV9nLmpwZyIsInNsaWRlc2hvdyI6IjA4YTNlYjIifQ%3D%3D\" href='https:\/\/www.anae.archi\/fr\/wp-content\/uploads\/2024\/11\/concours_st-blaise_ecole-primaire_g.jpg'><img width=\"1500\" height=\"1500\" src=\"https:\/\/www.anae.archi\/fr\/wp-content\/uploads\/2024\/11\/concours_st-blaise_ecole-primaire_g.jpg\" class=\"attachment-full size-full\" alt=\"\" decoding=\"async\" srcset=\"https:\/\/www.anae.archi\/fr\/wp-content\/uploads\/2024\/11\/concours_st-blaise_ecole-primaire_g.jpg 1500w, https:\/\/www.anae.archi\/fr\/wp-content\/uploads\/2024\/11\/concours_st-blaise_ecole-primaire_g-300x300.jpg 300w, https:\/\/www.anae.archi\/fr\/wp-content\/uploads\/2024\/11\/concours_st-blaise_ecole-primaire_g-1024x1024.jpg 1024w, https:\/\/www.anae.archi\/fr\/wp-content\/uploads\/2024\/11\/concours_st-blaise_ecole-primaire_g-150x150.jpg 150w, https:\/\/www.anae.archi\/fr\/wp-content\/uploads\/2024\/11\/concours_st-blaise_ecole-primaire_g-768x768.jpg 768w\" sizes=\"(max-width: 1500px) 100vw, 1500px\" \/><\/a>\n\t\t\t<\/div><\/figure><figure class='gallery-item'>\n\t\t\t<div class='gallery-icon landscape'>\n\t\t\t\t<a data-elementor-open-lightbox=\"yes\" data-elementor-lightbox-slideshow=\"08a3eb2\" data-elementor-lightbox-title=\"concours_st-blaise_plan-rez_g\" data-e-action-hash=\"#elementor-action%3Aaction%3Dlightbox%26settings%3DeyJpZCI6NjM1OSwidXJsIjoiaHR0cHM6XC9cL3d3dy5hbmFlLmFyY2hpXC9mclwvd3AtY29udGVudFwvdXBsb2Fkc1wvMjAyNFwvMTFcL2NvbmNvdXJzX3N0LWJsYWlzZV9wbGFuLXJlel9nLmpwZyIsInNsaWRlc2hvdyI6IjA4YTNlYjIifQ%3D%3D\" href='https:\/\/www.anae.archi\/fr\/wp-content\/uploads\/2024\/11\/concours_st-blaise_plan-rez_g.jpg'><img width=\"1500\" height=\"1500\" src=\"https:\/\/www.anae.archi\/fr\/wp-content\/uploads\/2024\/11\/concours_st-blaise_plan-rez_g.jpg\" class=\"attachment-full size-full\" alt=\"\" decoding=\"async\" srcset=\"https:\/\/www.anae.archi\/fr\/wp-content\/uploads\/2024\/11\/concours_st-blaise_plan-rez_g.jpg 1500w, https:\/\/www.anae.archi\/fr\/wp-content\/uploads\/2024\/11\/concours_st-blaise_plan-rez_g-300x300.jpg 300w, https:\/\/www.anae.archi\/fr\/wp-content\/uploads\/2024\/11\/concours_st-blaise_plan-rez_g-1024x1024.jpg 1024w, https:\/\/www.anae.archi\/fr\/wp-content\/uploads\/2024\/11\/concours_st-blaise_plan-rez_g-150x150.jpg 150w, https:\/\/www.anae.archi\/fr\/wp-content\/uploads\/2024\/11\/concours_st-blaise_plan-rez_g-768x768.jpg 768w\" sizes=\"(max-width: 1500px) 100vw, 1500px\" \/><\/a>\n\t\t\t<\/div><\/figure>\n\t\t<\/div>\n\t\t<\/div>\n\t\t\t\t\t\t<\/div>\n\t\t\t\t<\/div>\n\t\t\t\t\t<\/div>\n\t\t\t\t<\/div>\n\t\t\t\t<\/div>\n\t\t","protected":false},"excerpt":{"rendered":"<p>transformation d&rsquo;un coll\u00e8ge et cr\u00e9ation de nouvelles classes &#038; d&rsquo;une salle de gym<\/p>\n","protected":false},"author":1,"featured_media":6311,"template":"","format":"standard","meta":[],"categories":[17],"tags":[22,66,50],"class_list":["post-6307","realisation","type-realisation","status-publish","format-standard","has-post-thumbnail","hentry","category-concours","tag-construction-ecologique","tag-ecoconstruction-2","tag-materiaux-naturels"],"yoast_head":"<!-- This site is optimized with the Yoast SEO plugin v27.5 - https:\/\/yoast.com\/product\/yoast-seo-wordpress\/ -->\n<title>Concours \u00e0 St-Blaise les Coll\u00e8ges de Vignier<\/title>\n<meta name=\"description\" content=\"Concours pour la transformation d&#039;un coll\u00e8ge et la cr\u00e9ation de nouvelles salles de classes et d&#039;une salle de gym, projet en mat\u00e9riaux naturels\" \/>\n<meta name=\"robots\" content=\"index, follow, max-snippet:-1, max-image-preview:large, max-video-preview:-1\" \/>\n<link rel=\"canonical\" href=\"https:\/\/www.anae.archi\/fr\/realisation\/st-blaise-les-colleges-de-vignier\/\" \/>\n<meta property=\"og:locale\" content=\"fr_FR\" \/>\n<meta property=\"og:type\" content=\"article\" \/>\n<meta property=\"og:title\" content=\"Concours \u00e0 St-Blaise les Coll\u00e8ges de Vignier\" \/>\n<meta property=\"og:description\" content=\"Concours pour la transformation d&#039;un coll\u00e8ge et la cr\u00e9ation de nouvelles salles de classes et d&#039;une salle de gym, projet en mat\u00e9riaux naturels\" \/>\n<meta property=\"og:url\" content=\"https:\/\/www.anae.archi\/fr\/realisation\/st-blaise-les-colleges-de-vignier\/\" \/>\n<meta property=\"og:site_name\" content=\"Anae Architecture\" \/>\n<meta property=\"article:modified_time\" content=\"2025-12-05T14:20:26+00:00\" \/>\n<meta property=\"og:image\" content=\"https:\/\/www.anae.archi\/fr\/wp-content\/uploads\/2024\/11\/concours-3D_02.jpg?_t=1764944426\" \/>\n\t<meta property=\"og:image:width\" content=\"1400\" \/>\n\t<meta property=\"og:image:height\" content=\"700\" \/>\n\t<meta property=\"og:image:type\" content=\"image\/jpeg\" \/>\n<meta name=\"twitter:card\" content=\"summary_large_image\" \/>\n<meta name=\"twitter:label1\" content=\"Dur\u00e9e de lecture estim\u00e9e\" \/>\n\t<meta name=\"twitter:data1\" content=\"2 minutes\" \/>\n<script type=\"application\/ld+json\" class=\"yoast-schema-graph\">{\"@context\":\"https:\\\/\\\/schema.org\",\"@graph\":[{\"@type\":\"WebPage\",\"@id\":\"https:\\\/\\\/www.anae.archi\\\/fr\\\/realisation\\\/st-blaise-les-colleges-de-vignier\\\/\",\"url\":\"https:\\\/\\\/www.anae.archi\\\/fr\\\/realisation\\\/st-blaise-les-colleges-de-vignier\\\/\",\"name\":\"Concours \u00e0 St-Blaise les Coll\u00e8ges de Vignier\",\"isPartOf\":{\"@id\":\"https:\\\/\\\/www.anae.archi\\\/fr\\\/#website\"},\"primaryImageOfPage\":{\"@id\":\"https:\\\/\\\/www.anae.archi\\\/fr\\\/realisation\\\/st-blaise-les-colleges-de-vignier\\\/#primaryimage\"},\"image\":{\"@id\":\"https:\\\/\\\/www.anae.archi\\\/fr\\\/realisation\\\/st-blaise-les-colleges-de-vignier\\\/#primaryimage\"},\"thumbnailUrl\":\"https:\\\/\\\/www.anae.archi\\\/fr\\\/wp-content\\\/uploads\\\/2024\\\/11\\\/concours-3D_02.jpg\",\"datePublished\":\"2024-11-09T10:44:14+00:00\",\"dateModified\":\"2025-12-05T14:20:26+00:00\",\"description\":\"Concours pour la transformation d'un coll\u00e8ge et la cr\u00e9ation de nouvelles salles de classes et d'une salle de gym, projet en mat\u00e9riaux naturels\",\"breadcrumb\":{\"@id\":\"https:\\\/\\\/www.anae.archi\\\/fr\\\/realisation\\\/st-blaise-les-colleges-de-vignier\\\/#breadcrumb\"},\"inLanguage\":\"fr-FR\",\"potentialAction\":[{\"@type\":\"ReadAction\",\"target\":[\"https:\\\/\\\/www.anae.archi\\\/fr\\\/realisation\\\/st-blaise-les-colleges-de-vignier\\\/\"]}]},{\"@type\":\"ImageObject\",\"inLanguage\":\"fr-FR\",\"@id\":\"https:\\\/\\\/www.anae.archi\\\/fr\\\/realisation\\\/st-blaise-les-colleges-de-vignier\\\/#primaryimage\",\"url\":\"https:\\\/\\\/www.anae.archi\\\/fr\\\/wp-content\\\/uploads\\\/2024\\\/11\\\/concours-3D_02.jpg\",\"contentUrl\":\"https:\\\/\\\/www.anae.archi\\\/fr\\\/wp-content\\\/uploads\\\/2024\\\/11\\\/concours-3D_02.jpg\",\"width\":1400,\"height\":700},{\"@type\":\"BreadcrumbList\",\"@id\":\"https:\\\/\\\/www.anae.archi\\\/fr\\\/realisation\\\/st-blaise-les-colleges-de-vignier\\\/#breadcrumb\",\"itemListElement\":[{\"@type\":\"ListItem\",\"position\":1,\"name\":\"Accueil\",\"item\":\"https:\\\/\\\/www.anae.archi\\\/fr\\\/\"},{\"@type\":\"ListItem\",\"position\":2,\"name\":\"St-Blaise &#8211; Les coll\u00e8ges de Vignier\"}]},{\"@type\":\"WebSite\",\"@id\":\"https:\\\/\\\/www.anae.archi\\\/fr\\\/#website\",\"url\":\"https:\\\/\\\/www.anae.archi\\\/fr\\\/\",\"name\":\"Anae Architecture\",\"description\":\"Bureau d&#039;architecture sp\u00e9cialis\u00e9 dans l&#039;\u00e9cologie\",\"potentialAction\":[{\"@type\":\"SearchAction\",\"target\":{\"@type\":\"EntryPoint\",\"urlTemplate\":\"https:\\\/\\\/www.anae.archi\\\/fr\\\/?s={search_term_string}\"},\"query-input\":{\"@type\":\"PropertyValueSpecification\",\"valueRequired\":true,\"valueName\":\"search_term_string\"}}],\"inLanguage\":\"fr-FR\"}]}<\/script>\n<!-- \/ Yoast SEO plugin. -->","yoast_head_json":{"title":"Concours \u00e0 St-Blaise les Coll\u00e8ges de Vignier","description":"Concours pour la transformation d'un coll\u00e8ge et la cr\u00e9ation de nouvelles salles de classes et d'une salle de gym, projet en mat\u00e9riaux naturels","robots":{"index":"index","follow":"follow","max-snippet":"max-snippet:-1","max-image-preview":"max-image-preview:large","max-video-preview":"max-video-preview:-1"},"canonical":"https:\/\/www.anae.archi\/fr\/realisation\/st-blaise-les-colleges-de-vignier\/","og_locale":"fr_FR","og_type":"article","og_title":"Concours \u00e0 St-Blaise les Coll\u00e8ges de Vignier","og_description":"Concours pour la transformation d'un coll\u00e8ge et la cr\u00e9ation de nouvelles salles de classes et d'une salle de gym, projet en mat\u00e9riaux naturels","og_url":"https:\/\/www.anae.archi\/fr\/realisation\/st-blaise-les-colleges-de-vignier\/","og_site_name":"Anae Architecture","article_modified_time":"2025-12-05T14:20:26+00:00","og_image":[{"width":1400,"height":700,"url":"https:\/\/www.anae.archi\/fr\/wp-content\/uploads\/2024\/11\/concours-3D_02.jpg?_t=1764944426","type":"image\/jpeg"}],"twitter_card":"summary_large_image","twitter_misc":{"Dur\u00e9e de lecture estim\u00e9e":"2 minutes"},"schema":{"@context":"https:\/\/schema.org","@graph":[{"@type":"WebPage","@id":"https:\/\/www.anae.archi\/fr\/realisation\/st-blaise-les-colleges-de-vignier\/","url":"https:\/\/www.anae.archi\/fr\/realisation\/st-blaise-les-colleges-de-vignier\/","name":"Concours \u00e0 St-Blaise les Coll\u00e8ges de Vignier","isPartOf":{"@id":"https:\/\/www.anae.archi\/fr\/#website"},"primaryImageOfPage":{"@id":"https:\/\/www.anae.archi\/fr\/realisation\/st-blaise-les-colleges-de-vignier\/#primaryimage"},"image":{"@id":"https:\/\/www.anae.archi\/fr\/realisation\/st-blaise-les-colleges-de-vignier\/#primaryimage"},"thumbnailUrl":"https:\/\/www.anae.archi\/fr\/wp-content\/uploads\/2024\/11\/concours-3D_02.jpg","datePublished":"2024-11-09T10:44:14+00:00","dateModified":"2025-12-05T14:20:26+00:00","description":"Concours pour la transformation d'un coll\u00e8ge et la cr\u00e9ation de nouvelles salles de classes et d'une salle de gym, projet en mat\u00e9riaux naturels","breadcrumb":{"@id":"https:\/\/www.anae.archi\/fr\/realisation\/st-blaise-les-colleges-de-vignier\/#breadcrumb"},"inLanguage":"fr-FR","potentialAction":[{"@type":"ReadAction","target":["https:\/\/www.anae.archi\/fr\/realisation\/st-blaise-les-colleges-de-vignier\/"]}]},{"@type":"ImageObject","inLanguage":"fr-FR","@id":"https:\/\/www.anae.archi\/fr\/realisation\/st-blaise-les-colleges-de-vignier\/#primaryimage","url":"https:\/\/www.anae.archi\/fr\/wp-content\/uploads\/2024\/11\/concours-3D_02.jpg","contentUrl":"https:\/\/www.anae.archi\/fr\/wp-content\/uploads\/2024\/11\/concours-3D_02.jpg","width":1400,"height":700},{"@type":"BreadcrumbList","@id":"https:\/\/www.anae.archi\/fr\/realisation\/st-blaise-les-colleges-de-vignier\/#breadcrumb","itemListElement":[{"@type":"ListItem","position":1,"name":"Accueil","item":"https:\/\/www.anae.archi\/fr\/"},{"@type":"ListItem","position":2,"name":"St-Blaise &#8211; Les coll\u00e8ges de Vignier"}]},{"@type":"WebSite","@id":"https:\/\/www.anae.archi\/fr\/#website","url":"https:\/\/www.anae.archi\/fr\/","name":"Anae Architecture","description":"Bureau d&#039;architecture sp\u00e9cialis\u00e9 dans l&#039;\u00e9cologie","potentialAction":[{"@type":"SearchAction","target":{"@type":"EntryPoint","urlTemplate":"https:\/\/www.anae.archi\/fr\/?s={search_term_string}"},"query-input":{"@type":"PropertyValueSpecification","valueRequired":true,"valueName":"search_term_string"}}],"inLanguage":"fr-FR"}]}},"_links":{"self":[{"href":"https:\/\/www.anae.archi\/fr\/wp-json\/wp\/v2\/realisation\/6307","targetHints":{"allow":["GET"]}}],"collection":[{"href":"https:\/\/www.anae.archi\/fr\/wp-json\/wp\/v2\/realisation"}],"about":[{"href":"https:\/\/www.anae.archi\/fr\/wp-json\/wp\/v2\/types\/realisation"}],"author":[{"embeddable":true,"href":"https:\/\/www.anae.archi\/fr\/wp-json\/wp\/v2\/users\/1"}],"version-history":[{"count":85,"href":"https:\/\/www.anae.archi\/fr\/wp-json\/wp\/v2\/realisation\/6307\/revisions"}],"predecessor-version":[{"id":7475,"href":"https:\/\/www.anae.archi\/fr\/wp-json\/wp\/v2\/realisation\/6307\/revisions\/7475"}],"wp:featuredmedia":[{"embeddable":true,"href":"https:\/\/www.anae.archi\/fr\/wp-json\/wp\/v2\/media\/6311"}],"wp:attachment":[{"href":"https:\/\/www.anae.archi\/fr\/wp-json\/wp\/v2\/media?parent=6307"}],"wp:term":[{"taxonomy":"category","embeddable":true,"href":"https:\/\/www.anae.archi\/fr\/wp-json\/wp\/v2\/categories?post=6307"},{"taxonomy":"post_tag","embeddable":true,"href":"https:\/\/www.anae.archi\/fr\/wp-json\/wp\/v2\/tags?post=6307"}],"curies":[{"name":"wp","href":"https:\/\/api.w.org\/{rel}","templated":true}]}}