{"id":774,"date":"2024-08-14T15:22:18","date_gmt":"2024-08-14T13:22:18","guid":{"rendered":"https:\/\/www.anae.archi\/fr\/?page_id=774"},"modified":"2026-01-09T15:48:00","modified_gmt":"2026-01-09T14:48:00","slug":"dans-la-presse","status":"publish","type":"page","link":"https:\/\/www.anae.archi\/fr\/dans-la-presse\/","title":{"rendered":"Dans la presse"},"content":{"rendered":"\t\t<div data-elementor-type=\"wp-page\" data-elementor-id=\"774\" class=\"elementor elementor-774\" data-elementor-post-type=\"page\">\n\t\t\t\t<div class=\"elementor-element elementor-element-5429159 e-con-full e-flex e-con e-parent\" data-id=\"5429159\" data-element_type=\"container\" data-e-type=\"container\" data-settings=\"{&quot;background_background&quot;:&quot;classic&quot;}\">\n\t\t<div class=\"elementor-element elementor-element-2b4014c e-con-full e-flex e-con e-child\" data-id=\"2b4014c\" data-element_type=\"container\" data-e-type=\"container\" data-settings=\"{&quot;background_background&quot;:&quot;classic&quot;}\">\n\t\t<div class=\"elementor-element elementor-element-1ce4de5 e-flex e-con-boxed e-con e-child\" data-id=\"1ce4de5\" data-element_type=\"container\" data-e-type=\"container\">\n\t\t\t\t\t<div class=\"e-con-inner\">\n\t\t\t\t<div class=\"elementor-element elementor-element-d78c2fc elementor-widget elementor-widget-heading\" data-id=\"d78c2fc\" data-element_type=\"widget\" data-e-type=\"widget\" data-widget_type=\"heading.default\">\n\t\t\t\t<div class=\"elementor-widget-container\">\n\t\t\t\t\t<h1 class=\"elementor-heading-title elementor-size-default\">anae dans la presse<\/h1>\t\t\t\t<\/div>\n\t\t\t\t<\/div>\n\t\t\t\t\t<\/div>\n\t\t\t\t<\/div>\n\t\t<div class=\"elementor-element elementor-element-acb5b8c e-flex e-con-boxed e-con e-child\" data-id=\"acb5b8c\" data-element_type=\"container\" data-e-type=\"container\">\n\t\t\t\t\t<div class=\"e-con-inner\">\n\t\t<div class=\"elementor-element elementor-element-6e9d9b6 e-con-full e-flex e-con e-child\" data-id=\"6e9d9b6\" data-element_type=\"container\" data-e-type=\"container\">\n\t\t\t\t<div class=\"elementor-element elementor-element-78bcc2a elementor-pagination-type-bullets elementor-arrows-position-inside elementor-pagination-position-outside elementor-widget elementor-widget-n-carousel\" data-id=\"78bcc2a\" data-element_type=\"widget\" data-e-type=\"widget\" data-settings=\"{&quot;carousel_items&quot;:[{&quot;slide_title&quot;:&quot;Maison nature 1&quot;,&quot;_id&quot;:&quot;8af3a51&quot;},{&quot;slide_title&quot;:&quot;Maison nature 2&quot;,&quot;_id&quot;:&quot;9286b44&quot;},{&quot;slide_title&quot;:&quot;femina&quot;,&quot;_id&quot;:&quot;18d4e9e&quot;},{&quot;slide_title&quot;:&quot;nous aujourd&#039;hui&quot;,&quot;_id&quot;:&quot;18f73ff&quot;},{&quot;slide_title&quot;:&quot;ma petite entreprise&quot;,&quot;_id&quot;:&quot;fd0c245&quot;}],&quot;slides_to_show&quot;:&quot;1&quot;,&quot;slides_to_scroll&quot;:&quot;1&quot;,&quot;slides_to_show_tablet&quot;:&quot;1&quot;,&quot;slides_to_show_mobile&quot;:&quot;1&quot;,&quot;autoplay&quot;:&quot;yes&quot;,&quot;autoplay_speed&quot;:5000,&quot;pause_on_hover&quot;:&quot;yes&quot;,&quot;pause_on_interaction&quot;:&quot;yes&quot;,&quot;infinite&quot;:&quot;yes&quot;,&quot;speed&quot;:500,&quot;offset_sides&quot;:&quot;none&quot;,&quot;arrows&quot;:&quot;yes&quot;,&quot;pagination&quot;:&quot;bullets&quot;,&quot;image_spacing_custom&quot;:{&quot;unit&quot;:&quot;px&quot;,&quot;size&quot;:10,&quot;sizes&quot;:[]},&quot;image_spacing_custom_tablet&quot;:{&quot;unit&quot;:&quot;px&quot;,&quot;size&quot;:&quot;&quot;,&quot;sizes&quot;:[]},&quot;image_spacing_custom_mobile&quot;:{&quot;unit&quot;:&quot;px&quot;,&quot;size&quot;:&quot;&quot;,&quot;sizes&quot;:[]}}\" data-widget_type=\"nested-carousel.default\">\n\t\t\t\t<div class=\"elementor-widget-container\">\n\t\t\t\t\t\t\t<div class=\"e-n-carousel swiper\" role=\"region\" aria-roledescription=\"carousel\" aria-label=\"Carousel\" dir=\"ltr\">\n\t\t\t<div class=\"swiper-wrapper\" aria-live=\"off\">\n\t\t\t\t\t\t\t\t\t\t<div class=\"swiper-slide\" data-slide=\"1\" role=\"group\" aria-roledescription=\"slide\" aria-label=\"1 sur 5\">\n\t\t\t\t\t\t\t<div class=\"elementor-element elementor-element-a56b8e6 e-flex e-con-boxed e-con e-child\" data-id=\"a56b8e6\" data-element_type=\"container\" data-e-type=\"container\">\n\t\t\t\t\t<div class=\"e-con-inner\">\n\t\t<div class=\"elementor-element elementor-element-fb2d5e2 e-con-full e-flex e-con e-child\" data-id=\"fb2d5e2\" data-element_type=\"container\" data-e-type=\"container\" data-settings=\"{&quot;background_background&quot;:&quot;classic&quot;}\">\n\t\t\t\t<\/div>\n\t\t<div class=\"elementor-element elementor-element-61acde7 e-con-full e-flex e-con e-child\" data-id=\"61acde7\" data-element_type=\"container\" data-e-type=\"container\" data-settings=\"{&quot;background_background&quot;:&quot;classic&quot;}\">\n\t\t\t\t<div class=\"elementor-element elementor-element-3bbd658 elementor-widget elementor-widget-heading\" data-id=\"3bbd658\" data-element_type=\"widget\" data-e-type=\"widget\" data-widget_type=\"heading.default\">\n\t\t\t\t<div class=\"elementor-widget-container\">\n\t\t\t\t\t<h2 class=\"elementor-heading-title elementor-size-default\">la maison Nature<\/h2>\t\t\t\t<\/div>\n\t\t\t\t<\/div>\n\t\t\t\t<div class=\"elementor-element elementor-element-6ec4f80 elementor-widget-divider--view-line elementor-widget elementor-widget-divider\" data-id=\"6ec4f80\" data-element_type=\"widget\" data-e-type=\"widget\" data-widget_type=\"divider.default\">\n\t\t\t\t<div class=\"elementor-widget-container\">\n\t\t\t\t\t\t\t<div class=\"elementor-divider\">\n\t\t\t<span class=\"elementor-divider-separator\">\n\t\t\t\t\t\t<\/span>\n\t\t<\/div>\n\t\t\t\t\t\t<\/div>\n\t\t\t\t<\/div>\n\t\t\t\t<div class=\"elementor-element elementor-element-a6aa7e0 elementor-widget elementor-widget-text-editor\" data-id=\"a6aa7e0\" data-element_type=\"widget\" data-e-type=\"widget\" data-widget_type=\"text-editor.default\">\n\t\t\t\t<div class=\"elementor-widget-container\">\n\t\t\t\t\t\t\t\t\t<p>L&rsquo;association la maison Nature pr\u00e9sente ces membres sp\u00e9cialistes via des portraits qu&rsquo;elle publie sur son site et via des newsletters r\u00e9guli\u00e8res.<\/p><p>Vous avez des envies de r\u00e9novations ou d\u2019extensions de votre logement ? Vous avez m\u00eame un projet tr\u00e8s concret qui n\u2019attend que de trouver le bon prestataire ? D\u00e9couvrez le portrait de Nathalie qui a pour souhait de r\u00e9pondre \u00e0 vos besoins tout en mettant \u00e0 votre service ses comp\u00e9tences dans le domaine de l\u2019architecture durable.<\/p><p><a href=\"https:\/\/lamaisonnature.ch\/trouver-un-professionnel\/nathalie-roy\/\" target=\"_blank\" rel=\"noopener\">lien vers le portrait<\/a><\/p>\t\t\t\t\t\t\t\t<\/div>\n\t\t\t\t<\/div>\n\t\t\t\t<\/div>\n\t\t\t\t\t<\/div>\n\t\t\t\t<\/div>\n\t\t\t\t\t\t\t\t<\/div>\n\t\t\t\t\t\t\t\t\t\t\t<div class=\"swiper-slide\" data-slide=\"2\" role=\"group\" aria-roledescription=\"slide\" aria-label=\"2 sur 5\">\n\t\t\t\t\t\t\t<div class=\"elementor-element elementor-element-813eb11 e-flex e-con-boxed e-con e-child\" data-id=\"813eb11\" data-element_type=\"container\" data-e-type=\"container\">\n\t\t\t\t\t<div class=\"e-con-inner\">\n\t\t<div class=\"elementor-element elementor-element-0168d43 e-con-full e-flex e-con e-child\" data-id=\"0168d43\" data-element_type=\"container\" data-e-type=\"container\" data-settings=\"{&quot;background_background&quot;:&quot;classic&quot;}\">\n\t\t\t\t<\/div>\n\t\t<div class=\"elementor-element elementor-element-0668150 e-con-full e-flex e-con e-child\" data-id=\"0668150\" data-element_type=\"container\" data-e-type=\"container\" data-settings=\"{&quot;background_background&quot;:&quot;classic&quot;}\">\n\t\t\t\t<div class=\"elementor-element elementor-element-ad07055 elementor-widget elementor-widget-heading\" data-id=\"ad07055\" data-element_type=\"widget\" data-e-type=\"widget\" data-widget_type=\"heading.default\">\n\t\t\t\t<div class=\"elementor-widget-container\">\n\t\t\t\t\t<h2 class=\"elementor-heading-title elementor-size-default\">la maison Nature\n<\/h2>\t\t\t\t<\/div>\n\t\t\t\t<\/div>\n\t\t\t\t<div class=\"elementor-element elementor-element-7a6763a elementor-widget-divider--view-line elementor-widget elementor-widget-divider\" data-id=\"7a6763a\" data-element_type=\"widget\" data-e-type=\"widget\" data-widget_type=\"divider.default\">\n\t\t\t\t<div class=\"elementor-widget-container\">\n\t\t\t\t\t\t\t<div class=\"elementor-divider\">\n\t\t\t<span class=\"elementor-divider-separator\">\n\t\t\t\t\t\t<\/span>\n\t\t<\/div>\n\t\t\t\t\t\t<\/div>\n\t\t\t\t<\/div>\n\t\t\t\t<div class=\"elementor-element elementor-element-963ad68 elementor-widget elementor-widget-text-editor\" data-id=\"963ad68\" data-element_type=\"widget\" data-e-type=\"widget\" data-widget_type=\"text-editor.default\">\n\t\t\t\t<div class=\"elementor-widget-container\">\n\t\t\t\t\t\t\t\t\t<p>L&rsquo;association la maison Nature met \u00e9galement en lien certaines r\u00e9alisations inspirantes effectu\u00e9es par le bureau<\/p><p><a href=\"https:\/\/lamaisonnature.ch\/project\/extension-en-bois-dune-maison-individuelle-a-saubraz\/\" target=\"_blank\" rel=\"noopener\">lien vers la r\u00e9alisation inspirante\u00a0&#8211;\u00a0extension en bois d&rsquo;une maison individuelle \u00e0 Saubraz\u00a0<\/a><\/p>\t\t\t\t\t\t\t\t<\/div>\n\t\t\t\t<\/div>\n\t\t\t\t<\/div>\n\t\t\t\t\t<\/div>\n\t\t\t\t<\/div>\n\t\t\t\t\t\t\t\t<\/div>\n\t\t\t\t\t\t\t\t\t\t\t<div class=\"swiper-slide\" data-slide=\"3\" role=\"group\" aria-roledescription=\"slide\" aria-label=\"3 sur 5\">\n\t\t\t\t\t\t\t<div class=\"elementor-element elementor-element-a096a2b e-flex e-con-boxed e-con e-child\" data-id=\"a096a2b\" data-element_type=\"container\" data-e-type=\"container\">\n\t\t\t\t\t<div class=\"e-con-inner\">\n\t\t<div class=\"elementor-element elementor-element-61d89e4 e-con-full e-flex e-con e-child\" data-id=\"61d89e4\" data-element_type=\"container\" data-e-type=\"container\" data-settings=\"{&quot;background_background&quot;:&quot;classic&quot;}\">\n\t\t\t\t<\/div>\n\t\t<div class=\"elementor-element elementor-element-6347b74 e-con-full e-flex e-con e-child\" data-id=\"6347b74\" data-element_type=\"container\" data-e-type=\"container\" data-settings=\"{&quot;background_background&quot;:&quot;classic&quot;}\">\n\t\t\t\t<div class=\"elementor-element elementor-element-bd837b7 elementor-widget elementor-widget-heading\" data-id=\"bd837b7\" data-element_type=\"widget\" data-e-type=\"widget\" data-widget_type=\"heading.default\">\n\t\t\t\t<div class=\"elementor-widget-container\">\n\t\t\t\t\t<h2 class=\"elementor-heading-title elementor-size-default\">femina<\/h2>\t\t\t\t<\/div>\n\t\t\t\t<\/div>\n\t\t\t\t<div class=\"elementor-element elementor-element-21d4a9f elementor-widget-divider--view-line elementor-widget elementor-widget-divider\" data-id=\"21d4a9f\" data-element_type=\"widget\" data-e-type=\"widget\" data-widget_type=\"divider.default\">\n\t\t\t\t<div class=\"elementor-widget-container\">\n\t\t\t\t\t\t\t<div class=\"elementor-divider\">\n\t\t\t<span class=\"elementor-divider-separator\">\n\t\t\t\t\t\t<\/span>\n\t\t<\/div>\n\t\t\t\t\t\t<\/div>\n\t\t\t\t<\/div>\n\t\t\t\t<div class=\"elementor-element elementor-element-f615b8d elementor-widget elementor-widget-text-editor\" data-id=\"f615b8d\" data-element_type=\"widget\" data-e-type=\"widget\" data-widget_type=\"text-editor.default\">\n\t\t\t\t<div class=\"elementor-widget-container\">\n\t\t\t\t\t\t\t\t\t<p>Dans le cadre du prix de la micro-entrepreneuse organis\u00e9e par le magazine femina et le micro-cr\u00e9dit solidaire suisse, voici le premier article paru sur neoarchitecture&#8230;!!<br \/><br \/>Paru dans le femina du 19 mai 2013.<\/p><p><a href=\"https:\/\/www.femina.ch\/societe\/actu-societe\/le-prix-femina-de-la-micro-entrepreneuse-vit-sa-4e-edition\" target=\"_blank\" rel=\"noopener\">lien vers l&rsquo;article entier<\/a><\/p>\t\t\t\t\t\t\t\t<\/div>\n\t\t\t\t<\/div>\n\t\t\t\t<\/div>\n\t\t\t\t\t<\/div>\n\t\t\t\t<\/div>\n\t\t\t\t\t\t\t\t<\/div>\n\t\t\t\t\t\t\t\t\t\t\t<div class=\"swiper-slide\" data-slide=\"4\" role=\"group\" aria-roledescription=\"slide\" aria-label=\"4 sur 5\">\n\t\t\t\t\t\t\t<div class=\"elementor-element elementor-element-8af3842 e-flex e-con-boxed e-con e-child\" data-id=\"8af3842\" data-element_type=\"container\" data-e-type=\"container\">\n\t\t\t\t\t<div class=\"e-con-inner\">\n\t\t<div class=\"elementor-element elementor-element-b08ac17 e-con-full e-flex e-con e-child\" data-id=\"b08ac17\" data-element_type=\"container\" data-e-type=\"container\" data-settings=\"{&quot;background_background&quot;:&quot;classic&quot;}\">\n\t\t\t\t<\/div>\n\t\t<div class=\"elementor-element elementor-element-c10027f e-con-full e-flex e-con e-child\" data-id=\"c10027f\" data-element_type=\"container\" data-e-type=\"container\" data-settings=\"{&quot;background_background&quot;:&quot;classic&quot;}\">\n\t\t\t\t<div class=\"elementor-element elementor-element-2ceeccb elementor-widget elementor-widget-heading\" data-id=\"2ceeccb\" data-element_type=\"widget\" data-e-type=\"widget\" data-widget_type=\"heading.default\">\n\t\t\t\t<div class=\"elementor-widget-container\">\n\t\t\t\t\t<h2 class=\"elementor-heading-title elementor-size-default\">nous aujourd'hui<\/h2>\t\t\t\t<\/div>\n\t\t\t\t<\/div>\n\t\t\t\t<div class=\"elementor-element elementor-element-4a37454 elementor-widget-divider--view-line elementor-widget elementor-widget-divider\" data-id=\"4a37454\" data-element_type=\"widget\" data-e-type=\"widget\" data-widget_type=\"divider.default\">\n\t\t\t\t<div class=\"elementor-widget-container\">\n\t\t\t\t\t\t\t<div class=\"elementor-divider\">\n\t\t\t<span class=\"elementor-divider-separator\">\n\t\t\t\t\t\t<\/span>\n\t\t<\/div>\n\t\t\t\t\t\t<\/div>\n\t\t\t\t<\/div>\n\t\t\t\t<div class=\"elementor-element elementor-element-0bce3ad elementor-widget elementor-widget-text-editor\" data-id=\"0bce3ad\" data-element_type=\"widget\" data-e-type=\"widget\" data-widget_type=\"text-editor.default\">\n\t\t\t\t<div class=\"elementor-widget-container\">\n\t\t\t\t\t\t\t\t\t<p>neoarchitecture s&rsquo;est pr\u00eat\u00e9e au jeu du casting de nous-aujourd&rsquo;hui, \u00e9mission de la RTS sur l&rsquo;\u00e9cologie au sens large.<\/p><p>Le lien vers la vid\u00e9o qui pr\u00e9sente neoarchitecture n&rsquo;est malheureusement plus disponible.<\/p>\t\t\t\t\t\t\t\t<\/div>\n\t\t\t\t<\/div>\n\t\t\t\t<\/div>\n\t\t\t\t\t<\/div>\n\t\t\t\t<\/div>\n\t\t\t\t\t\t\t\t<\/div>\n\t\t\t\t\t\t\t\t\t\t\t<div class=\"swiper-slide\" data-slide=\"5\" role=\"group\" aria-roledescription=\"slide\" aria-label=\"5 sur 5\">\n\t\t\t\t\t\t\t<div class=\"elementor-element elementor-element-ef3ca34 e-flex e-con-boxed e-con e-child\" data-id=\"ef3ca34\" data-element_type=\"container\" data-e-type=\"container\">\n\t\t\t\t\t<div class=\"e-con-inner\">\n\t\t<div class=\"elementor-element elementor-element-a691b7f e-con-full e-flex e-con e-child\" data-id=\"a691b7f\" data-element_type=\"container\" data-e-type=\"container\" data-settings=\"{&quot;background_background&quot;:&quot;classic&quot;}\">\n\t\t\t\t<\/div>\n\t\t<div class=\"elementor-element elementor-element-44c90e1 e-con-full e-flex e-con e-child\" data-id=\"44c90e1\" data-element_type=\"container\" data-e-type=\"container\" data-settings=\"{&quot;background_background&quot;:&quot;classic&quot;}\">\n\t\t\t\t<div class=\"elementor-element elementor-element-a7161a8 elementor-widget elementor-widget-heading\" data-id=\"a7161a8\" data-element_type=\"widget\" data-e-type=\"widget\" data-widget_type=\"heading.default\">\n\t\t\t\t<div class=\"elementor-widget-container\">\n\t\t\t\t\t<h2 class=\"elementor-heading-title elementor-size-default\">ma petite entreprise<\/h2>\t\t\t\t<\/div>\n\t\t\t\t<\/div>\n\t\t\t\t<div class=\"elementor-element elementor-element-2785df8 elementor-widget-divider--view-line elementor-widget elementor-widget-divider\" data-id=\"2785df8\" data-element_type=\"widget\" data-e-type=\"widget\" data-widget_type=\"divider.default\">\n\t\t\t\t<div class=\"elementor-widget-container\">\n\t\t\t\t\t\t\t<div class=\"elementor-divider\">\n\t\t\t<span class=\"elementor-divider-separator\">\n\t\t\t\t\t\t<\/span>\n\t\t<\/div>\n\t\t\t\t\t\t<\/div>\n\t\t\t\t<\/div>\n\t\t\t\t<div class=\"elementor-element elementor-element-dded46b elementor-widget elementor-widget-text-editor\" data-id=\"dded46b\" data-element_type=\"widget\" data-e-type=\"widget\" data-widget_type=\"text-editor.default\">\n\t\t\t\t<div class=\"elementor-widget-container\">\n\t\t\t\t\t\t\t\t\t<p>Pr\u00e9sentation de neoarchitecture paru sur le site internet du Microcr\u00e9dit Solidaire Suisse pr\u00e9sentant des portraits d&rsquo;entrepreneurs &#8211; ma petite-entreprise.ch<\/p><p>Le lien vers l&rsquo;article qui pr\u00e9sentait neoarchitecture n&rsquo;est malheureusement plus disponible.<\/p>\t\t\t\t\t\t\t\t<\/div>\n\t\t\t\t<\/div>\n\t\t\t\t<\/div>\n\t\t\t\t\t<\/div>\n\t\t\t\t<\/div>\n\t\t\t\t\t\t\t\t<\/div>\n\t\t\t\t\t\t\t\t<\/div>\n\t\t<\/div>\n\t\t\t\t\t<div class=\"elementor-swiper-button elementor-swiper-button-prev\" role=\"button\" tabindex=\"0\" aria-label=\"Pr\u00e9c\u00e9dent\">\n\t\t\t\t<svg aria-hidden=\"true\" class=\"e-font-icon-svg e-eicon-chevron-left\" viewBox=\"0 0 1000 1000\" xmlns=\"http:\/\/www.w3.org\/2000\/svg\"><path d=\"M646 125C629 125 613 133 604 142L308 442C296 454 292 471 292 487 292 504 296 521 308 533L604 854C617 867 629 875 646 875 663 875 679 871 692 858 704 846 713 829 713 812 713 796 708 779 692 767L438 487 692 225C700 217 708 204 708 187 708 171 704 154 692 142 675 129 663 125 646 125Z\"><\/path><\/svg>\t\t\t<\/div>\n\t\t\t<div class=\"elementor-swiper-button elementor-swiper-button-next\" role=\"button\" tabindex=\"0\" aria-label=\"Suivant\">\n\t\t\t\t<svg aria-hidden=\"true\" class=\"e-font-icon-svg e-eicon-chevron-right\" viewBox=\"0 0 1000 1000\" xmlns=\"http:\/\/www.w3.org\/2000\/svg\"><path d=\"M696 533C708 521 713 504 713 487 713 471 708 454 696 446L400 146C388 133 375 125 354 125 338 125 325 129 313 142 300 154 292 171 292 187 292 204 296 221 308 233L563 492 304 771C292 783 288 800 288 817 288 833 296 850 308 863 321 871 338 875 354 875 371 875 388 867 400 854L696 533Z\"><\/path><\/svg>\t\t\t<\/div>\n\t\t\t\t\t<div class=\"swiper-pagination\"><\/div>\n\t\t\t\t\t\t<\/div>\n\t\t\t\t<\/div>\n\t\t\t\t<\/div>\n\t\t\t\t\t<\/div>\n\t\t\t\t<\/div>\n\t\t\t\t<\/div>\n\t\t\t\t<\/div>\n\t\t\t\t<\/div>\n\t\t","protected":false},"excerpt":{"rendered":"<p>anae dans la presse la maison Nature L&rsquo;association la maison Nature pr\u00e9sente ces membres sp\u00e9cialistes via des portraits qu&rsquo;elle publie sur son site et via des newsletters r\u00e9guli\u00e8res. Vous avez des envies de r\u00e9novations ou d\u2019extensions de votre logement ? Vous avez m\u00eame un projet tr\u00e8s concret qui n\u2019attend que de trouver le bon prestataire [&hellip;]<\/p>\n","protected":false},"author":1,"featured_media":0,"parent":0,"menu_order":0,"comment_status":"closed","ping_status":"closed","template":"","meta":{"footnotes":""},"class_list":["post-774","page","type-page","status-publish","hentry"],"yoast_head":"<!-- This site is optimized with the Yoast SEO plugin v27.5 - https:\/\/yoast.com\/product\/yoast-seo-wordpress\/ -->\n<title>anae - dans la presse<\/title>\n<meta name=\"description\" content=\"anae est \u00e9galement pr\u00e9sente dans la presse, voici quelques articles ou l&#039;on parle de nous\" \/>\n<meta name=\"robots\" content=\"index, follow, max-snippet:-1, max-image-preview:large, max-video-preview:-1\" \/>\n<link rel=\"canonical\" href=\"https:\/\/www.anae.archi\/fr\/dans-la-presse\/\" \/>\n<meta property=\"og:locale\" content=\"fr_FR\" \/>\n<meta property=\"og:type\" content=\"article\" \/>\n<meta property=\"og:title\" content=\"anae - dans la presse\" \/>\n<meta property=\"og:description\" content=\"anae est \u00e9galement pr\u00e9sente dans la presse, voici quelques articles ou l&#039;on parle de nous\" \/>\n<meta property=\"og:url\" content=\"https:\/\/www.anae.archi\/fr\/dans-la-presse\/\" \/>\n<meta property=\"og:site_name\" content=\"Anae Architecture\" \/>\n<meta property=\"article:modified_time\" content=\"2026-01-09T14:48:00+00:00\" \/>\n<meta name=\"twitter:card\" content=\"summary_large_image\" \/>\n<meta name=\"twitter:label1\" content=\"Dur\u00e9e de lecture estim\u00e9e\" \/>\n\t<meta name=\"twitter:data1\" content=\"3 minutes\" \/>\n<script type=\"application\/ld+json\" class=\"yoast-schema-graph\">{\"@context\":\"https:\\\/\\\/schema.org\",\"@graph\":[{\"@type\":\"WebPage\",\"@id\":\"https:\\\/\\\/www.anae.archi\\\/fr\\\/dans-la-presse\\\/\",\"url\":\"https:\\\/\\\/www.anae.archi\\\/fr\\\/dans-la-presse\\\/\",\"name\":\"anae - dans la presse\",\"isPartOf\":{\"@id\":\"https:\\\/\\\/www.anae.archi\\\/fr\\\/#website\"},\"datePublished\":\"2024-08-14T13:22:18+00:00\",\"dateModified\":\"2026-01-09T14:48:00+00:00\",\"description\":\"anae est \u00e9galement pr\u00e9sente dans la presse, voici quelques articles ou l'on parle de nous\",\"breadcrumb\":{\"@id\":\"https:\\\/\\\/www.anae.archi\\\/fr\\\/dans-la-presse\\\/#breadcrumb\"},\"inLanguage\":\"fr-FR\",\"potentialAction\":[{\"@type\":\"ReadAction\",\"target\":[\"https:\\\/\\\/www.anae.archi\\\/fr\\\/dans-la-presse\\\/\"]}]},{\"@type\":\"BreadcrumbList\",\"@id\":\"https:\\\/\\\/www.anae.archi\\\/fr\\\/dans-la-presse\\\/#breadcrumb\",\"itemListElement\":[{\"@type\":\"ListItem\",\"position\":1,\"name\":\"Accueil\",\"item\":\"https:\\\/\\\/www.anae.archi\\\/fr\\\/\"},{\"@type\":\"ListItem\",\"position\":2,\"name\":\"Dans la presse\"}]},{\"@type\":\"WebSite\",\"@id\":\"https:\\\/\\\/www.anae.archi\\\/fr\\\/#website\",\"url\":\"https:\\\/\\\/www.anae.archi\\\/fr\\\/\",\"name\":\"Anae Architecture\",\"description\":\"Bureau d&#039;architecture sp\u00e9cialis\u00e9 dans l&#039;\u00e9cologie\",\"potentialAction\":[{\"@type\":\"SearchAction\",\"target\":{\"@type\":\"EntryPoint\",\"urlTemplate\":\"https:\\\/\\\/www.anae.archi\\\/fr\\\/?s={search_term_string}\"},\"query-input\":{\"@type\":\"PropertyValueSpecification\",\"valueRequired\":true,\"valueName\":\"search_term_string\"}}],\"inLanguage\":\"fr-FR\"}]}<\/script>\n<!-- \/ Yoast SEO plugin. -->","yoast_head_json":{"title":"anae - dans la presse","description":"anae est \u00e9galement pr\u00e9sente dans la presse, voici quelques articles ou l'on parle de nous","robots":{"index":"index","follow":"follow","max-snippet":"max-snippet:-1","max-image-preview":"max-image-preview:large","max-video-preview":"max-video-preview:-1"},"canonical":"https:\/\/www.anae.archi\/fr\/dans-la-presse\/","og_locale":"fr_FR","og_type":"article","og_title":"anae - dans la presse","og_description":"anae est \u00e9galement pr\u00e9sente dans la presse, voici quelques articles ou l'on parle de nous","og_url":"https:\/\/www.anae.archi\/fr\/dans-la-presse\/","og_site_name":"Anae Architecture","article_modified_time":"2026-01-09T14:48:00+00:00","twitter_card":"summary_large_image","twitter_misc":{"Dur\u00e9e de lecture estim\u00e9e":"3 minutes"},"schema":{"@context":"https:\/\/schema.org","@graph":[{"@type":"WebPage","@id":"https:\/\/www.anae.archi\/fr\/dans-la-presse\/","url":"https:\/\/www.anae.archi\/fr\/dans-la-presse\/","name":"anae - dans la presse","isPartOf":{"@id":"https:\/\/www.anae.archi\/fr\/#website"},"datePublished":"2024-08-14T13:22:18+00:00","dateModified":"2026-01-09T14:48:00+00:00","description":"anae est \u00e9galement pr\u00e9sente dans la presse, voici quelques articles ou l'on parle de nous","breadcrumb":{"@id":"https:\/\/www.anae.archi\/fr\/dans-la-presse\/#breadcrumb"},"inLanguage":"fr-FR","potentialAction":[{"@type":"ReadAction","target":["https:\/\/www.anae.archi\/fr\/dans-la-presse\/"]}]},{"@type":"BreadcrumbList","@id":"https:\/\/www.anae.archi\/fr\/dans-la-presse\/#breadcrumb","itemListElement":[{"@type":"ListItem","position":1,"name":"Accueil","item":"https:\/\/www.anae.archi\/fr\/"},{"@type":"ListItem","position":2,"name":"Dans la presse"}]},{"@type":"WebSite","@id":"https:\/\/www.anae.archi\/fr\/#website","url":"https:\/\/www.anae.archi\/fr\/","name":"Anae Architecture","description":"Bureau d&#039;architecture sp\u00e9cialis\u00e9 dans l&#039;\u00e9cologie","potentialAction":[{"@type":"SearchAction","target":{"@type":"EntryPoint","urlTemplate":"https:\/\/www.anae.archi\/fr\/?s={search_term_string}"},"query-input":{"@type":"PropertyValueSpecification","valueRequired":true,"valueName":"search_term_string"}}],"inLanguage":"fr-FR"}]}},"_links":{"self":[{"href":"https:\/\/www.anae.archi\/fr\/wp-json\/wp\/v2\/pages\/774","targetHints":{"allow":["GET"]}}],"collection":[{"href":"https:\/\/www.anae.archi\/fr\/wp-json\/wp\/v2\/pages"}],"about":[{"href":"https:\/\/www.anae.archi\/fr\/wp-json\/wp\/v2\/types\/page"}],"author":[{"embeddable":true,"href":"https:\/\/www.anae.archi\/fr\/wp-json\/wp\/v2\/users\/1"}],"replies":[{"embeddable":true,"href":"https:\/\/www.anae.archi\/fr\/wp-json\/wp\/v2\/comments?post=774"}],"version-history":[{"count":160,"href":"https:\/\/www.anae.archi\/fr\/wp-json\/wp\/v2\/pages\/774\/revisions"}],"predecessor-version":[{"id":6615,"href":"https:\/\/www.anae.archi\/fr\/wp-json\/wp\/v2\/pages\/774\/revisions\/6615"}],"wp:attachment":[{"href":"https:\/\/www.anae.archi\/fr\/wp-json\/wp\/v2\/media?parent=774"}],"curies":[{"name":"wp","href":"https:\/\/api.w.org\/{rel}","templated":true}]}}