{"id":7415,"date":"2025-03-13T13:34:44","date_gmt":"2025-03-13T12:34:44","guid":{"rendered":"https:\/\/www.anae.archi\/fr\/?page_id=7415"},"modified":"2026-04-17T15:54:35","modified_gmt":"2026-04-17T13:54:35","slug":"anae-actualites","status":"publish","type":"page","link":"https:\/\/www.anae.archi\/fr\/anae-actualites\/","title":{"rendered":"Actualit\u00e9s"},"content":{"rendered":"\t\t<div data-elementor-type=\"wp-page\" data-elementor-id=\"7415\" class=\"elementor elementor-7415\" data-elementor-post-type=\"page\">\n\t\t\t\t<div class=\"elementor-element elementor-element-29fa372 e-flex e-con-boxed e-con e-parent\" data-id=\"29fa372\" data-element_type=\"container\" data-e-type=\"container\" data-settings=\"{&quot;background_background&quot;:&quot;classic&quot;}\">\n\t\t\t\t\t<div class=\"e-con-inner\">\n\t\t\t\t<div class=\"elementor-element elementor-element-de875eb elementor-widget elementor-widget-heading\" data-id=\"de875eb\" data-element_type=\"widget\" data-e-type=\"widget\" data-widget_type=\"heading.default\">\n\t\t\t\t<div class=\"elementor-widget-container\">\n\t\t\t\t\t<h2 class=\"elementor-heading-title elementor-size-default\">\nLes actus de l'atelier<\/h2>\t\t\t\t<\/div>\n\t\t\t\t<\/div>\n\t\t\t\t<div class=\"elementor-element elementor-element-41dc793 elementor-hidden-desktop elementor-hidden-tablet elementor-hidden-mobile elementor-widget elementor-widget-text-editor\" data-id=\"41dc793\" data-element_type=\"widget\" data-e-type=\"widget\" data-widget_type=\"text-editor.default\">\n\t\t\t\t<div class=\"elementor-widget-container\">\n\t\t\t\t\t\t\t\t\t<p><strong><span style=\"text-decoration: underline;\">2026<\/span><\/strong> &#8211; 2025- 2024\u00a0 &#8211;\u00a0 2023\u00a0 &#8211;\u00a0 2022\u00a0 &#8211;\u00a0 2021<\/p>\t\t\t\t\t\t\t\t<\/div>\n\t\t\t\t<\/div>\n\t\t\t\t<div class=\"elementor-element elementor-element-66672cd elementor-widget elementor-widget-text-editor\" data-id=\"66672cd\" data-element_type=\"widget\" data-e-type=\"widget\" data-widget_type=\"text-editor.default\">\n\t\t\t\t<div class=\"elementor-widget-container\">\n\t\t\t\t\t\t\t\t\t<p>Vous voulez suivre les actualit\u00e9s du bureau en direct, <a href=\"https:\/\/www.instagram.com\/anae.archi\/\" target=\"_blank\" rel=\"noopener\">rejoignez-nous sur Instagram<\/a>.<\/p>\t\t\t\t\t\t\t\t<\/div>\n\t\t\t\t<\/div>\n\t\t\t\t<div class=\"elementor-element elementor-element-f842b1c elementor-grid-2 elementor-shape-rounded e-grid-align-center elementor-widget elementor-widget-social-icons\" data-id=\"f842b1c\" data-element_type=\"widget\" data-e-type=\"widget\" data-widget_type=\"social-icons.default\">\n\t\t\t\t<div class=\"elementor-widget-container\">\n\t\t\t\t\t\t\t<div class=\"elementor-social-icons-wrapper elementor-grid\" role=\"list\">\n\t\t\t\t\t\t\t<span class=\"elementor-grid-item\" role=\"listitem\">\n\t\t\t\t\t<a class=\"elementor-icon elementor-social-icon elementor-social-icon-instagram elementor-repeater-item-74e12b5\" href=\"https:\/\/www.instagram.com\/anae.archi\/\" target=\"_blank\">\n\t\t\t\t\t\t<span class=\"elementor-screen-only\">Instagram<\/span>\n\t\t\t\t\t\t<svg aria-hidden=\"true\" class=\"e-font-icon-svg e-fab-instagram\" viewBox=\"0 0 448 512\" xmlns=\"http:\/\/www.w3.org\/2000\/svg\"><path d=\"M224.1 141c-63.6 0-114.9 51.3-114.9 114.9s51.3 114.9 114.9 114.9S339 319.5 339 255.9 287.7 141 224.1 141zm0 189.6c-41.1 0-74.7-33.5-74.7-74.7s33.5-74.7 74.7-74.7 74.7 33.5 74.7 74.7-33.6 74.7-74.7 74.7zm146.4-194.3c0 14.9-12 26.8-26.8 26.8-14.9 0-26.8-12-26.8-26.8s12-26.8 26.8-26.8 26.8 12 26.8 26.8zm76.1 27.2c-1.7-35.9-9.9-67.7-36.2-93.9-26.2-26.2-58-34.4-93.9-36.2-37-2.1-147.9-2.1-184.9 0-35.8 1.7-67.6 9.9-93.9 36.1s-34.4 58-36.2 93.9c-2.1 37-2.1 147.9 0 184.9 1.7 35.9 9.9 67.7 36.2 93.9s58 34.4 93.9 36.2c37 2.1 147.9 2.1 184.9 0 35.9-1.7 67.7-9.9 93.9-36.2 26.2-26.2 34.4-58 36.2-93.9 2.1-37 2.1-147.8 0-184.8zM398.8 388c-7.8 19.6-22.9 34.7-42.6 42.6-29.5 11.7-99.5 9-132.1 9s-102.7 2.6-132.1-9c-19.6-7.8-34.7-22.9-42.6-42.6-11.7-29.5-9-99.5-9-132.1s-2.6-102.7 9-132.1c7.8-19.6 22.9-34.7 42.6-42.6 29.5-11.7 99.5-9 132.1-9s102.7-2.6 132.1 9c19.6 7.8 34.7 22.9 42.6 42.6 11.7 29.5 9 99.5 9 132.1s2.7 102.7-9 132.1z\"><\/path><\/svg>\t\t\t\t\t<\/a>\n\t\t\t\t<\/span>\n\t\t\t\t\t\t\t<span class=\"elementor-grid-item\" role=\"listitem\">\n\t\t\t\t\t<a class=\"elementor-icon elementor-social-icon elementor-social-icon-facebook elementor-repeater-item-29dd6db\" href=\"https:\/\/www.facebook.com\/anae.archi\" target=\"_blank\">\n\t\t\t\t\t\t<span class=\"elementor-screen-only\">Facebook<\/span>\n\t\t\t\t\t\t<svg aria-hidden=\"true\" class=\"e-font-icon-svg e-fab-facebook\" viewBox=\"0 0 512 512\" xmlns=\"http:\/\/www.w3.org\/2000\/svg\"><path d=\"M504 256C504 119 393 8 256 8S8 119 8 256c0 123.78 90.69 226.38 209.25 245V327.69h-63V256h63v-54.64c0-62.15 37-96.48 93.67-96.48 27.14 0 55.52 4.84 55.52 4.84v61h-31.28c-30.8 0-40.41 19.12-40.41 38.73V256h68.78l-11 71.69h-57.78V501C413.31 482.38 504 379.78 504 256z\"><\/path><\/svg>\t\t\t\t\t<\/a>\n\t\t\t\t<\/span>\n\t\t\t\t\t<\/div>\n\t\t\t\t\t\t<\/div>\n\t\t\t\t<\/div>\n\t\t\t\t<div class=\"elementor-element elementor-element-98a8d08 elementor-widget elementor-widget-heading\" data-id=\"98a8d08\" data-element_type=\"widget\" data-e-type=\"widget\" id=\"year2026\" data-widget_type=\"heading.default\">\n\t\t\t\t<div class=\"elementor-widget-container\">\n\t\t\t\t\t<h2 class=\"elementor-heading-title elementor-size-default\">2026<\/h2>\t\t\t\t<\/div>\n\t\t\t\t<\/div>\n\t\t\t\t<div class=\"elementor-element elementor-element-8085b44 elementor-widget elementor-widget-be-timeline\" data-id=\"8085b44\" data-element_type=\"widget\" data-e-type=\"widget\" data-widget_type=\"be-timeline.default\">\n\t\t\t\t<div class=\"elementor-widget-container\">\n\t\t\t\t\t<ul class=\"be-pack timeline \"><li class=\"timeline-right\"> \n\t\t\t<div class=\"tl-circ\"><\/div>\n\t\t <div class=\"timeline-panel\">\n\t\t   <div class=\"tl-heading\">\n\t\t\t <div class=\"tl-content\">\n\n\t\t\t    \n\t\t\t\t\t\t\n\t\t\t\t\t\t<div class=\"be-desc\">\n\t\t\t\t\t\t\t<h3 class=\"be-title\">24.03.2026<\/h3>\t\t\t\t\t\t\t<div class=\"be-content\"><p>Le permis de construire du projet \u00e0 Dizy vient d'\u00eatre octroy\u00e9 !! Le chantier pourra d\u00e9buter bient\u00f4t.<\/p><\/div>\t\t\t\t\t\t<\/div>\n\n\t\t\t\t\t\n\t\t\t\t<\/div>\n\n\t\t\t<\/div>\n\t\t<\/div>\n\t\t\t<\/li>\n\t\t\t<li class=\"timeline-inverted\"> \n\t\t\t<div class=\"tl-circ\"><\/div>\n\t\t <div class=\"timeline-panel\">\n\t\t   <div class=\"tl-heading\">\n\t\t\t <div class=\"tl-content\">\n\n\t\t\t    \n\t\t\t\t\t\t<div class=\"timeline_pic pull-left\"><img decoding=\"async\" width=\"150\" height=\"150\" src=\"https:\/\/www.anae.archi\/fr\/wp-content\/uploads\/2026\/03\/mon-repos_3-150x150.jpg\" class=\"attachment-thumbnail size-thumbnail wp-image-8406\" srcset=\"https:\/\/www.anae.archi\/fr\/wp-content\/uploads\/2026\/03\/mon-repos_3-150x150.jpg 150w, https:\/\/www.anae.archi\/fr\/wp-content\/uploads\/2026\/03\/mon-repos_3-300x300.jpg 300w, https:\/\/www.anae.archi\/fr\/wp-content\/uploads\/2026\/03\/mon-repos_3-1024x1024.jpg 1024w, https:\/\/www.anae.archi\/fr\/wp-content\/uploads\/2026\/03\/mon-repos_3-768x768.jpg 768w, https:\/\/www.anae.archi\/fr\/wp-content\/uploads\/2026\/03\/mon-repos_3.jpg 1536w\" sizes=\"(max-width: 150px) 100vw, 150px\" \/><\/div>\n\t\t\t\t\t\t<div class=\"be-desc\">\n\t\t\t\t\t\t\t<h3 class=\"be-title\">03.03.2026<\/h3>\t\t\t\t\t\t\t<div class=\"be-content\"><p><em>Publication sur nos r\u00e9seaux<\/em><\/p><div class=\"\" data-block=\"true\" data-editor=\"dmopp\" data-offset-key=\"4p131-0-0\"><div class=\"_1mf _1mj\" data-offset-key=\"4p131-0-0\"><span data-offset-key=\"4p131-0-0\">Un nouveau meuble termin\u00e9 en fin d'ann\u00e9e derni\u00e8re \u00e0 Lausanne.<\/span><\/div><\/div><div class=\"\" data-block=\"true\" data-editor=\"dmopp\" data-offset-key=\"ddb3l-0-0\"><div class=\"_1mf _1mj\" data-offset-key=\"ddb3l-0-0\"><span data-offset-key=\"ddb3l-0-0\">Cr\u00e9ation d'un meuble d'entr\u00e9e compos\u00e9 d'une armoire haute, d'un coffre \u00e0 chaussures et d'un vide poche. Le meuble est en bois de ch\u00eane huil\u00e9 naturel. Au-dessus du coffre \u00e0 chaussure on a fix\u00e9 un panneau plaqu\u00e9 de ch\u00eane v\u00e9nitien sur lequel prennent place des pat\u00e8res afin de permettre de suspendre des vestes.<\/span><\/div><\/div><div class=\"\" data-block=\"true\" data-editor=\"dmopp\" data-offset-key=\"14qts-0-0\"><div class=\"_1mf _1mj\" data-offset-key=\"14qts-0-0\"><span data-offset-key=\"14qts-0-0\">Le meuble est adoss\u00e9 \u00e0 une \u00e9tag\u00e8re con\u00e7ue lors de la m\u00eame intervention. Le meuble reprend les diff\u00e9rences de profondeurs li\u00e9es \u00e0 la pr\u00e9sence de l'\u00e9tag\u00e8re et redans des murs existants. Cela permet des profondeurs diff\u00e9rentes qui correspondent aux besoins des propri\u00e9taires.<\/span><\/div><\/div><div class=\"\" data-block=\"true\" data-editor=\"dmopp\" data-offset-key=\"397kp-0-0\"><div class=\"_1mf _1mj\" data-offset-key=\"397kp-0-0\"><span data-offset-key=\"397kp-0-0\">On a travaill\u00e9 dans cet appartement transform\u00e9 il y a 10 ans. De fid\u00e8les clients qui font \u00e0 nouveau appel \u00e0 anae, \u00e7a fait tr\u00e8s plaisir !<\/span><\/div><\/div><div class=\"\" data-block=\"true\" data-editor=\"dvr1l\" data-offset-key=\"e5hmg-0-0\"><div class=\"_1mf _1mj\" data-offset-key=\"e5hmg-0-0\"><a href=\"https:\/\/www.instagram.com\/anae.archi\/\" target=\"_blank\" rel=\"noopener\">Voir sur instagram-&gt;&gt;<\/a><\/div><div data-offset-key=\"e5hmg-0-0\"><img decoding=\"async\" class=\"alignnone size-thumbnail wp-image-8407\" src=\"https:\/\/www.anae.archi\/fr\/wp-content\/uploads\/2026\/03\/mon-repos_4-150x150.jpg\" alt=\"\" width=\"150\" height=\"150\" srcset=\"https:\/\/www.anae.archi\/fr\/wp-content\/uploads\/2026\/03\/mon-repos_4-150x150.jpg 150w, https:\/\/www.anae.archi\/fr\/wp-content\/uploads\/2026\/03\/mon-repos_4-300x300.jpg 300w, https:\/\/www.anae.archi\/fr\/wp-content\/uploads\/2026\/03\/mon-repos_4-1024x1024.jpg 1024w, https:\/\/www.anae.archi\/fr\/wp-content\/uploads\/2026\/03\/mon-repos_4-768x768.jpg 768w, https:\/\/www.anae.archi\/fr\/wp-content\/uploads\/2026\/03\/mon-repos_4.jpg 1536w\" sizes=\"(max-width: 150px) 100vw, 150px\" \/><\/div><div data-offset-key=\"e5hmg-0-0\"><img decoding=\"async\" class=\"alignnone size-thumbnail wp-image-8408\" src=\"https:\/\/www.anae.archi\/fr\/wp-content\/uploads\/2026\/03\/mon-repos_5-150x150.jpg\" alt=\"\" width=\"150\" height=\"150\" srcset=\"https:\/\/www.anae.archi\/fr\/wp-content\/uploads\/2026\/03\/mon-repos_5-150x150.jpg 150w, https:\/\/www.anae.archi\/fr\/wp-content\/uploads\/2026\/03\/mon-repos_5-300x300.jpg 300w, https:\/\/www.anae.archi\/fr\/wp-content\/uploads\/2026\/03\/mon-repos_5-1024x1024.jpg 1024w, https:\/\/www.anae.archi\/fr\/wp-content\/uploads\/2026\/03\/mon-repos_5-768x768.jpg 768w, https:\/\/www.anae.archi\/fr\/wp-content\/uploads\/2026\/03\/mon-repos_5.jpg 1536w\" sizes=\"(max-width: 150px) 100vw, 150px\" \/><\/div><\/div><\/div>\t\t\t\t\t\t<\/div>\n\n\t\t\t\t\t\n\t\t\t\t<\/div>\n\n\t\t\t<\/div>\n\t\t<\/div>\n\t\t\t<\/li>\n\t\t\t<li class=\"timeline-right\"> \n\t\t\t<div class=\"tl-circ\"><\/div>\n\t\t <div class=\"timeline-panel\">\n\t\t   <div class=\"tl-heading\">\n\t\t\t <div class=\"tl-content\">\n\n\t\t\t    \n\t\t\t\t\t\t<div class=\"timeline_pic pull-left\"><img loading=\"lazy\" decoding=\"async\" width=\"150\" height=\"150\" src=\"https:\/\/www.anae.archi\/fr\/wp-content\/uploads\/2026\/03\/mon-repos_1-150x150.jpg\" class=\"attachment-thumbnail size-thumbnail wp-image-8404\" srcset=\"https:\/\/www.anae.archi\/fr\/wp-content\/uploads\/2026\/03\/mon-repos_1-150x150.jpg 150w, https:\/\/www.anae.archi\/fr\/wp-content\/uploads\/2026\/03\/mon-repos_1-300x300.jpg 300w, https:\/\/www.anae.archi\/fr\/wp-content\/uploads\/2026\/03\/mon-repos_1-1024x1024.jpg 1024w, https:\/\/www.anae.archi\/fr\/wp-content\/uploads\/2026\/03\/mon-repos_1-768x768.jpg 768w, https:\/\/www.anae.archi\/fr\/wp-content\/uploads\/2026\/03\/mon-repos_1.jpg 1467w\" sizes=\"(max-width: 150px) 100vw, 150px\" \/><\/div>\n\t\t\t\t\t\t<div class=\"be-desc\">\n\t\t\t\t\t\t\t<h3 class=\"be-title\">27.02.2026<\/h3>\t\t\t\t\t\t\t<div class=\"be-content\"><p><em>Publication sur nos r\u00e9seaux<\/em><\/p><div class=\"\" data-block=\"true\" data-editor=\"dvr1l\" data-offset-key=\"8fmpn-0-0\"><div class=\"_1mf _1mj\" data-offset-key=\"8fmpn-0-0\"><span data-offset-key=\"8fmpn-0-0\">Un nouveau meuble termin\u00e9 en fin d'ann\u00e9e derni\u00e8re \u00e0 Lausanne.<\/span><\/div><\/div><div class=\"\" data-block=\"true\" data-editor=\"dvr1l\" data-offset-key=\"8ccvm-0-0\"><div class=\"_1mf _1mj\" data-offset-key=\"8ccvm-0-0\"><span data-offset-key=\"8ccvm-0-0\">Cr\u00e9ation d'une \u00e9tag\u00e8re d'angle en bois de ch\u00eane huil\u00e9 naturel avec un plaquage en ch\u00eane v\u00e9nitien sur la zone plus haute et plus profonde. Plateaux avec angle arrondi. Equerres en acier teint\u00e9 de noir permettant le maintien de l'\u00e9tag\u00e8re sans percer les murs. Les deux parties de l'\u00e9tag\u00e8re n'ont pas les m\u00eames largeurs pour correspondre aux besoins des propri\u00e9taires.<\/span><\/div><\/div><div class=\"\" data-block=\"true\" data-editor=\"dvr1l\" data-offset-key=\"dpngl-0-0\"><div class=\"_1mf _1mj\" data-offset-key=\"dpngl-0-0\"><span data-offset-key=\"dpngl-0-0\">L'\u00e9tag\u00e8re est pos\u00e9e avant le meuble d'entr\u00e9e con\u00e7u dans les m\u00eame mat\u00e9riaux.<\/span><\/div><\/div><div class=\"\" data-block=\"true\" data-editor=\"dvr1l\" data-offset-key=\"fm78s-0-0\"><div class=\"_1mf _1mj\" data-offset-key=\"fm78s-0-0\"><span data-offset-key=\"fm78s-0-0\">On a travaill\u00e9 dans cet appartement transform\u00e9 il y a 10 ans. De fid\u00e8les clients qui font \u00e0 nouveau appel \u00e0 anae, \u00e7a fait tr\u00e8s plaisir !<\/span><\/div><\/div><div class=\"\" data-block=\"true\" data-editor=\"dvr1l\" data-offset-key=\"e5hmg-0-0\"><div class=\"_1mf _1mj\" data-offset-key=\"e5hmg-0-0\"><a href=\"https:\/\/www.instagram.com\/anae.archi\/\" target=\"_blank\" rel=\"noopener\">Voir sur instagram-&gt;&gt;<\/a><\/div><div data-offset-key=\"e5hmg-0-0\"><img loading=\"lazy\" decoding=\"async\" class=\"alignnone size-thumbnail wp-image-8405\" src=\"https:\/\/www.anae.archi\/fr\/wp-content\/uploads\/2026\/03\/mon-repos_2-150x150.jpg\" alt=\"\" width=\"150\" height=\"150\" srcset=\"https:\/\/www.anae.archi\/fr\/wp-content\/uploads\/2026\/03\/mon-repos_2-150x150.jpg 150w, https:\/\/www.anae.archi\/fr\/wp-content\/uploads\/2026\/03\/mon-repos_2-300x300.jpg 300w, https:\/\/www.anae.archi\/fr\/wp-content\/uploads\/2026\/03\/mon-repos_2-1024x1024.jpg 1024w, https:\/\/www.anae.archi\/fr\/wp-content\/uploads\/2026\/03\/mon-repos_2-768x768.jpg 768w, https:\/\/www.anae.archi\/fr\/wp-content\/uploads\/2026\/03\/mon-repos_2.jpg 1536w\" sizes=\"(max-width: 150px) 100vw, 150px\" \/><\/div><\/div><\/div>\t\t\t\t\t\t<\/div>\n\n\t\t\t\t\t\n\t\t\t\t<\/div>\n\n\t\t\t<\/div>\n\t\t<\/div>\n\t\t\t<\/li>\n\t\t\t<li class=\"timeline-inverted\"> \n\t\t\t<div class=\"tl-circ\"><\/div>\n\t\t <div class=\"timeline-panel\">\n\t\t   <div class=\"tl-heading\">\n\t\t\t <div class=\"tl-content\">\n\n\t\t\t    \n\t\t\t\t\t\t\n\t\t\t\t\t\t<div class=\"be-desc\">\n\t\t\t\t\t\t\t<h3 class=\"be-title\">10.02.2026<\/h3>\t\t\t\t\t\t\t<div class=\"be-content\"><p><em>Publication sur nos r\u00e9seaux <\/em><\/p><p>Retour sur la r\u00e9alisation termin\u00e9e \u00e0 Chailly !!<\/p><p>Un superbe projet de transformation int\u00e9rieure et de cr\u00e9ation de meubles avec artisans plein de talents.<\/p><p><a href=\"https:\/\/www.anae.archi\/fr\/wp-content\/uploads\/2026\/03\/Film_Chailly_20260210.mov\">Film_Chailly_20260210-&gt;&gt;<\/a><\/p><\/div>\t\t\t\t\t\t<\/div>\n\n\t\t\t\t\t\n\t\t\t\t<\/div>\n\n\t\t\t<\/div>\n\t\t<\/div>\n\t\t\t<\/li>\n\t\t\t<li class=\"timeline-right\"> \n\t\t\t<div class=\"tl-circ\"><\/div>\n\t\t <div class=\"timeline-panel\">\n\t\t   <div class=\"tl-heading\">\n\t\t\t <div class=\"tl-content\">\n\n\t\t\t    \n\t\t\t\t\t\t\n\t\t\t\t\t\t<div class=\"be-desc\">\n\t\t\t\t\t\t\t<h3 class=\"be-title\">07.02.2026<\/h3>\t\t\t\t\t\t\t<div class=\"be-content\"><p>Nouvelle mise \u00e0 l'enqu\u00eate publique publi\u00e9e !<\/p><p>La demande de permis de construire pour la division d'un appartement de 3 niveaux en deux appartements de 1 et 2 niveaux \u00e0 Dizy vient de d\u00e9buter. L'analyse du dossier d'enqu\u00eate aura mis un peu de temps que pr\u00e9vu pour permettre la publication de cette demande.<\/p><\/div>\t\t\t\t\t\t<\/div>\n\n\t\t\t\t\t\n\t\t\t\t<\/div>\n\n\t\t\t<\/div>\n\t\t<\/div>\n\t\t\t<\/li>\n\t\t\t<li class=\"timeline-inverted\"> \n\t\t\t<div class=\"tl-circ\"><\/div>\n\t\t <div class=\"timeline-panel\">\n\t\t   <div class=\"tl-heading\">\n\t\t\t <div class=\"tl-content\">\n\n\t\t\t    \n\t\t\t\t\t\t<div class=\"timeline_pic pull-left\"><img loading=\"lazy\" decoding=\"async\" width=\"150\" height=\"150\" src=\"https:\/\/www.anae.archi\/fr\/wp-content\/uploads\/2026\/02\/chailly_-21-150x150.jpg\" class=\"attachment-thumbnail size-thumbnail wp-image-8251\" \/><\/div>\n\t\t\t\t\t\t<div class=\"be-desc\">\n\t\t\t\t\t\t\t<h3 class=\"be-title\">02.02.2026<\/h3>\t\t\t\t\t\t\t<div class=\"be-content\"><div class=\"xdj266r x14z9mp xat24cr x1lziwak x1vvkbs x126k92a\"><div dir=\"auto\"><em>Publication sur nos r\u00e9seaux<br \/><\/em><\/div><div dir=\"auto\">Les finitions sont termin\u00e9es \u00e0 Chailly!<\/div><div dir=\"auto\">Voici la salle de bain et le WC s\u00e9par\u00e9. On a divis\u00e9 la grande salle de bain existante et cr\u00e9\u00e9 deux espaces distincts. La douche reprend le bleu Klein de l'entr\u00e9e avec les zelliges marocains pos\u00e9s selon la tradition sur deux murs de la douche.<\/div><\/div><div class=\"x14z9mp xat24cr x1lziwak x1vvkbs xtlvy1s x126k92a\"><div dir=\"auto\">La couleur noire est pos\u00e9e en touches avec la robinetterie, la niche dans la douche, les baguettes d'angles et le meuble sous lavabo.<\/div><\/div><div class=\"x14z9mp xat24cr x1lziwak x1vvkbs xtlvy1s x126k92a\"><div dir=\"auto\">Un choix de carrelage plus doux est pos\u00e9 aux sols et aux murs.<\/div><div dir=\"auto\"><a href=\"https:\/\/www.instagram.com\/anae.archi\/\" target=\"_blank\" rel=\"noopener\">Voir sur instagram-&gt;&gt;<\/a><\/div><div dir=\"auto\"><img loading=\"lazy\" decoding=\"async\" class=\"alignnone size-thumbnail wp-image-8252\" src=\"https:\/\/www.anae.archi\/fr\/wp-content\/uploads\/2026\/02\/chailly_-22-150x150.jpg\" alt=\"\" width=\"150\" height=\"150\" \/><\/div><div dir=\"auto\">\u00a0<\/div><div dir=\"auto\"><img loading=\"lazy\" decoding=\"async\" class=\"alignnone size-thumbnail wp-image-8253\" src=\"https:\/\/www.anae.archi\/fr\/wp-content\/uploads\/2026\/02\/chailly_-23-150x150.jpg\" alt=\"\" width=\"150\" height=\"150\" \/><\/div><div dir=\"auto\">\u00a0<\/div><div dir=\"auto\"><img loading=\"lazy\" decoding=\"async\" class=\"alignnone size-thumbnail wp-image-8254\" src=\"https:\/\/www.anae.archi\/fr\/wp-content\/uploads\/2026\/02\/chailly_-24-150x150.jpg\" alt=\"\" width=\"150\" height=\"150\" \/><\/div><div dir=\"auto\">\u00a0<\/div><div dir=\"auto\"><img loading=\"lazy\" decoding=\"async\" class=\"alignnone size-thumbnail wp-image-8255\" src=\"https:\/\/www.anae.archi\/fr\/wp-content\/uploads\/2026\/02\/chailly_-25-150x150.jpg\" alt=\"\" width=\"150\" height=\"150\" \/><\/div><\/div><\/div>\t\t\t\t\t\t<\/div>\n\n\t\t\t\t\t\n\t\t\t\t<\/div>\n\n\t\t\t<\/div>\n\t\t<\/div>\n\t\t\t<\/li>\n\t\t\t<li class=\"timeline-right\"> \n\t\t\t<div class=\"tl-circ\"><\/div>\n\t\t <div class=\"timeline-panel\">\n\t\t   <div class=\"tl-heading\">\n\t\t\t <div class=\"tl-content\">\n\n\t\t\t    \n\t\t\t\t\t\t<div class=\"timeline_pic pull-left\"><img loading=\"lazy\" decoding=\"async\" width=\"150\" height=\"150\" src=\"https:\/\/www.anae.archi\/fr\/wp-content\/uploads\/2026\/02\/chailly_-19-150x150.jpg\" class=\"attachment-thumbnail size-thumbnail wp-image-8249\" srcset=\"https:\/\/www.anae.archi\/fr\/wp-content\/uploads\/2026\/02\/chailly_-19-150x150.jpg 150w, https:\/\/www.anae.archi\/fr\/wp-content\/uploads\/2026\/02\/chailly_-19-300x300.jpg 300w, https:\/\/www.anae.archi\/fr\/wp-content\/uploads\/2026\/02\/chailly_-19-1024x1024.jpg 1024w, https:\/\/www.anae.archi\/fr\/wp-content\/uploads\/2026\/02\/chailly_-19-768x768.jpg 768w, https:\/\/www.anae.archi\/fr\/wp-content\/uploads\/2026\/02\/chailly_-19.jpg 1536w\" sizes=\"(max-width: 150px) 100vw, 150px\" \/><\/div>\n\t\t\t\t\t\t<div class=\"be-desc\">\n\t\t\t\t\t\t\t<h3 class=\"be-title\">30.01.2026<\/h3>\t\t\t\t\t\t\t<div class=\"be-content\"><p><em>Publication sur nos r\u00e9seaux<\/em><\/p><div class=\"xdj266r x14z9mp xat24cr x1lziwak x1vvkbs x126k92a\"><div dir=\"auto\">Les finitions sont termin\u00e9e \u00e0 Chailly !<\/div><\/div><div class=\"x14z9mp xat24cr x1lziwak x1vvkbs xtlvy1s x126k92a\"><div dir=\"auto\">Voici les chambres dont les peintures ont \u00e9t\u00e9 refaites ainsi qu'un nouveau parquet pos\u00e9. Un papier peint en t\u00eate de lit \u00e0 venir compl\u00e8te la chambre parentale.<\/div><\/div><p><a href=\"https:\/\/www.instagram.com\/anae.archi\/\" target=\"_blank\" rel=\"noopener\">Voir sur instagram-&gt;&gt;<\/a><\/p><p><img loading=\"lazy\" decoding=\"async\" class=\"alignnone size-thumbnail wp-image-8250\" src=\"https:\/\/www.anae.archi\/fr\/wp-content\/uploads\/2026\/02\/chailly_-20-150x150.jpg\" alt=\"\" width=\"150\" height=\"150\" srcset=\"https:\/\/www.anae.archi\/fr\/wp-content\/uploads\/2026\/02\/chailly_-20-150x150.jpg 150w, https:\/\/www.anae.archi\/fr\/wp-content\/uploads\/2026\/02\/chailly_-20-300x300.jpg 300w, https:\/\/www.anae.archi\/fr\/wp-content\/uploads\/2026\/02\/chailly_-20-1024x1024.jpg 1024w, https:\/\/www.anae.archi\/fr\/wp-content\/uploads\/2026\/02\/chailly_-20-768x768.jpg 768w, https:\/\/www.anae.archi\/fr\/wp-content\/uploads\/2026\/02\/chailly_-20.jpg 1536w\" sizes=\"(max-width: 150px) 100vw, 150px\" \/><\/p><\/div>\t\t\t\t\t\t<\/div>\n\n\t\t\t\t\t\n\t\t\t\t<\/div>\n\n\t\t\t<\/div>\n\t\t<\/div>\n\t\t\t<\/li>\n\t\t\t<li class=\"timeline-inverted\"> \n\t\t\t<div class=\"tl-circ\"><\/div>\n\t\t <div class=\"timeline-panel\">\n\t\t   <div class=\"tl-heading\">\n\t\t\t <div class=\"tl-content\">\n\n\t\t\t    \n\t\t\t\t\t\t<div class=\"timeline_pic pull-left\"><img loading=\"lazy\" decoding=\"async\" width=\"150\" height=\"150\" src=\"https:\/\/www.anae.archi\/fr\/wp-content\/uploads\/2026\/02\/chailly_-17-150x150.jpg\" class=\"attachment-thumbnail size-thumbnail wp-image-8247\" \/><\/div>\n\t\t\t\t\t\t<div class=\"be-desc\">\n\t\t\t\t\t\t\t<h3 class=\"be-title\">29.01.2026<\/h3>\t\t\t\t\t\t\t<div class=\"be-content\"><p><em>Publication sur nos r\u00e9seaux<\/em><\/p><div class=\"xdj266r x14z9mp xat24cr x1lziwak x1vvkbs x126k92a\"><div dir=\"auto\">Les finitions sont termin\u00e9es \u00e0 Chailly!<\/div><\/div><div class=\"x14z9mp xat24cr x1lziwak x1vvkbs xtlvy1s x126k92a\"><div dir=\"auto\">Le parquet existant a \u00e9t\u00e9 ponc\u00e9 et verni. Un nouveau parquet a \u00e9t\u00e9 pos\u00e9 dans l'entr\u00e9e et les chambres.<\/div><\/div><p><a href=\"https:\/\/www.instagram.com\/anae.archi\/\" target=\"_blank\" rel=\"noopener\">Voir sur instagram &gt;&gt;<\/a><\/p><p><img loading=\"lazy\" decoding=\"async\" class=\"alignnone size-thumbnail wp-image-8248\" src=\"https:\/\/www.anae.archi\/fr\/wp-content\/uploads\/2026\/02\/chailly_-18-150x150.jpg\" alt=\"\" width=\"150\" height=\"150\" \/><\/p><\/div>\t\t\t\t\t\t<\/div>\n\n\t\t\t\t\t\n\t\t\t\t<\/div>\n\n\t\t\t<\/div>\n\t\t<\/div>\n\t\t\t<\/li>\n\t\t\t<li class=\"timeline-right\"> \n\t\t\t<div class=\"tl-circ\"><\/div>\n\t\t <div class=\"timeline-panel\">\n\t\t   <div class=\"tl-heading\">\n\t\t\t <div class=\"tl-content\">\n\n\t\t\t    \n\t\t\t\t\t\t<div class=\"timeline_pic pull-left\"><img loading=\"lazy\" decoding=\"async\" width=\"150\" height=\"150\" src=\"https:\/\/www.anae.archi\/fr\/wp-content\/uploads\/2026\/02\/chailly_-14-150x150.jpg\" class=\"attachment-thumbnail size-thumbnail wp-image-8244\" \/><\/div>\n\t\t\t\t\t\t<div class=\"be-desc\">\n\t\t\t\t\t\t\t<h3 class=\"be-title\">28.01.2026<\/h3>\t\t\t\t\t\t\t<div class=\"be-content\"><p><em>Publication sur nos r\u00e9seaux<\/em><\/p><div class=\"xdj266r x14z9mp xat24cr x1lziwak x1vvkbs x126k92a\"><div dir=\"auto\">Les finitions sont termin\u00e9es \u00e0 Chailly!<\/div><\/div><div class=\"x14z9mp xat24cr x1lziwak x1vvkbs xtlvy1s x126k92a\"><div dir=\"auto\">Voici l'\u00e9tag\u00e8re de la cuisine compos\u00e9e de verticales et d'horizontales plac\u00e9es avec un rythme r\u00e9gulier. Elle est compl\u00e9t\u00e9e par des boites en bambou et des portes en moucharabiehs m\u00e9talliques. Le tout est peint en vert jonc pour une harmonie avec la cuisine \u00e0 d\u00e9couvrir dans un prochain post...!<\/div><\/div><p><a href=\"https:\/\/www.instagram.com\/anae.archi\/\" target=\"_blank\" rel=\"noopener\">Voir sur instagram &gt;&gt;<\/a><\/p><p><img loading=\"lazy\" decoding=\"async\" class=\"alignnone size-thumbnail wp-image-8245\" src=\"https:\/\/www.anae.archi\/fr\/wp-content\/uploads\/2026\/02\/chailly_-15-150x150.jpg\" alt=\"\" width=\"150\" height=\"150\" \/><\/p><p><img loading=\"lazy\" decoding=\"async\" class=\"alignnone size-thumbnail wp-image-8246\" src=\"https:\/\/www.anae.archi\/fr\/wp-content\/uploads\/2026\/02\/chailly_-16-150x150.jpg\" alt=\"\" width=\"150\" height=\"150\" \/><\/p><\/div>\t\t\t\t\t\t<\/div>\n\n\t\t\t\t\t\n\t\t\t\t<\/div>\n\n\t\t\t<\/div>\n\t\t<\/div>\n\t\t\t<\/li>\n\t\t\t<li class=\"timeline-inverted\"> \n\t\t\t<div class=\"tl-circ\"><\/div>\n\t\t <div class=\"timeline-panel\">\n\t\t   <div class=\"tl-heading\">\n\t\t\t <div class=\"tl-content\">\n\n\t\t\t    \n\t\t\t\t\t\t<div class=\"timeline_pic pull-left\"><img loading=\"lazy\" decoding=\"async\" width=\"150\" height=\"150\" src=\"https:\/\/www.anae.archi\/fr\/wp-content\/uploads\/2026\/02\/chailly_-12-150x150.jpg\" class=\"attachment-thumbnail size-thumbnail wp-image-8242\" \/><\/div>\n\t\t\t\t\t\t<div class=\"be-desc\">\n\t\t\t\t\t\t\t<h3 class=\"be-title\">27.01.2026<\/h3>\t\t\t\t\t\t\t<div class=\"be-content\"><p><em>Publication sur nos r\u00e9seaux<\/em><\/p><div class=\"xdj266r x14z9mp xat24cr x1lziwak x1vvkbs x126k92a\"><div dir=\"auto\">Les finitions sont termin\u00e9es \u00e0 Chailly!<br \/>Voici la cuisine compos\u00e9e de plusieurs \u00e9l\u00e9ments : une partie frigo et rangement \u00e0 c\u00f4t\u00e9 de la gaine technique verticale et la partie cuisine avec meubles hauts et bas en U de l'autre c\u00f4t\u00e9. La couleur verte fonc\u00e9e et la pr\u00e9sence du bois dans les rangement se marient bien avec l'\u00e9tag\u00e8re sur mesure.<\/div><\/div><p><a href=\"https:\/\/www.instagram.com\/anae.archi\/\" target=\"_blank\" rel=\"noopener\">Voir sur instagram &gt;&gt;<\/a><\/p><p><img loading=\"lazy\" decoding=\"async\" class=\"alignnone size-thumbnail wp-image-8243\" src=\"https:\/\/www.anae.archi\/fr\/wp-content\/uploads\/2026\/02\/chailly_-13-150x150.jpg\" alt=\"\" width=\"150\" height=\"150\" \/><\/p><\/div>\t\t\t\t\t\t<\/div>\n\n\t\t\t\t\t\n\t\t\t\t<\/div>\n\n\t\t\t<\/div>\n\t\t<\/div>\n\t\t\t<\/li>\n\t\t\t<li class=\"timeline-right\"> \n\t\t\t<div class=\"tl-circ\"><\/div>\n\t\t <div class=\"timeline-panel\">\n\t\t   <div class=\"tl-heading\">\n\t\t\t <div class=\"tl-content\">\n\n\t\t\t    \n\t\t\t\t\t\t<div class=\"timeline_pic pull-left\"><img loading=\"lazy\" decoding=\"async\" width=\"150\" height=\"150\" src=\"https:\/\/www.anae.archi\/fr\/wp-content\/uploads\/2026\/02\/chailly_-10-150x150.jpg\" class=\"attachment-thumbnail size-thumbnail wp-image-8240\" srcset=\"https:\/\/www.anae.archi\/fr\/wp-content\/uploads\/2026\/02\/chailly_-10-150x150.jpg 150w, https:\/\/www.anae.archi\/fr\/wp-content\/uploads\/2026\/02\/chailly_-10-300x300.jpg 300w, https:\/\/www.anae.archi\/fr\/wp-content\/uploads\/2026\/02\/chailly_-10-1024x1024.jpg 1024w, https:\/\/www.anae.archi\/fr\/wp-content\/uploads\/2026\/02\/chailly_-10-768x768.jpg 768w, https:\/\/www.anae.archi\/fr\/wp-content\/uploads\/2026\/02\/chailly_-10.jpg 1536w\" sizes=\"(max-width: 150px) 100vw, 150px\" \/><\/div>\n\t\t\t\t\t\t<div class=\"be-desc\">\n\t\t\t\t\t\t\t<h3 class=\"be-title\">26.01.2026<\/h3>\t\t\t\t\t\t\t<div class=\"be-content\"><p><em>Publication sur nos r\u00e9seaux<\/em><\/p><div class=\"xdj266r x14z9mp xat24cr x1lziwak x1vvkbs x126k92a\"><div dir=\"auto\">Les finitions sont termin\u00e9s \u00e0 Chailly !<\/div><\/div><div class=\"x14z9mp xat24cr x1lziwak x1vvkbs xtlvy1s x126k92a\"><div dir=\"auto\">Voici le bureau, face \u00e0 la vue (par beau temps on y voit le lac sur 180\u00b0\ud83d\ude09).<\/div><\/div><div class=\"x14z9mp xat24cr x1lziwak x1vvkbs xtlvy1s x126k92a\"><div dir=\"auto\">Un plateau en bambou avec un \u00e9l\u00e9ment de rangement \u00e0 tiroirs et porte en partie basse et une \u00e9tag\u00e8re arrondie en partie haute.<\/div><\/div><div class=\"x14z9mp xat24cr x1lziwak x1vvkbs xtlvy1s x126k92a\"><div dir=\"auto\">On travaille dans une boite de couleur aubergine, le bois est laiss\u00e9 \u00e9videment brut !<\/div><div dir=\"auto\"><a href=\"https:\/\/www.instagram.com\/anae.archi\/\" target=\"_blank\" rel=\"noopener\">Voir sur instagram &gt;&gt;<\/a><\/div><div dir=\"auto\"><img loading=\"lazy\" decoding=\"async\" class=\"alignnone size-thumbnail wp-image-8241\" src=\"https:\/\/www.anae.archi\/fr\/wp-content\/uploads\/2026\/02\/chailly_-11-150x150.jpg\" alt=\"\" width=\"150\" height=\"150\" srcset=\"https:\/\/www.anae.archi\/fr\/wp-content\/uploads\/2026\/02\/chailly_-11-150x150.jpg 150w, https:\/\/www.anae.archi\/fr\/wp-content\/uploads\/2026\/02\/chailly_-11-300x300.jpg 300w, https:\/\/www.anae.archi\/fr\/wp-content\/uploads\/2026\/02\/chailly_-11-1024x1024.jpg 1024w, https:\/\/www.anae.archi\/fr\/wp-content\/uploads\/2026\/02\/chailly_-11-768x768.jpg 768w, https:\/\/www.anae.archi\/fr\/wp-content\/uploads\/2026\/02\/chailly_-11.jpg 1536w\" sizes=\"(max-width: 150px) 100vw, 150px\" \/><\/div><\/div><\/div>\t\t\t\t\t\t<\/div>\n\n\t\t\t\t\t\n\t\t\t\t<\/div>\n\n\t\t\t<\/div>\n\t\t<\/div>\n\t\t\t<\/li>\n\t\t\t<li class=\"timeline-inverted\"> \n\t\t\t<div class=\"tl-circ\"><\/div>\n\t\t <div class=\"timeline-panel\">\n\t\t   <div class=\"tl-heading\">\n\t\t\t <div class=\"tl-content\">\n\n\t\t\t    \n\t\t\t\t\t\t<div class=\"timeline_pic pull-left\"><img loading=\"lazy\" decoding=\"async\" width=\"150\" height=\"150\" src=\"https:\/\/www.anae.archi\/fr\/wp-content\/uploads\/2026\/02\/chailly_-7-150x150.jpg\" class=\"attachment-thumbnail size-thumbnail wp-image-8237\" \/><\/div>\n\t\t\t\t\t\t<div class=\"be-desc\">\n\t\t\t\t\t\t\t<h3 class=\"be-title\">23.01.2026<\/h3>\t\t\t\t\t\t\t<div class=\"be-content\"><p><em>Publication sur nos r\u00e9seaux<\/em><\/p><div class=\"xdj266r x14z9mp xat24cr x1lziwak x1vvkbs x126k92a\"><div dir=\"auto\"><p>Les finitions sont termin\u00e9es \u00e0 Chailly!<\/p><p>Voici le meuble TV avec armoire \u00e0 gauche, \u00e9tag\u00e8res ouvertes, espaces de rangements ferm\u00e9s par porte en haut ainsi que des tiroirs en partie basse. Le meuble est compl\u00e9t\u00e9 par une \u00e9tag\u00e8re arrondie \u00e0 droite qui ouvre sur l'espace cuisine.<\/p><\/div><\/div><div class=\"x14z9mp xat24cr x1lziwak x1vvkbs xtlvy1s x126k92a\"><div dir=\"auto\">Un espace modulaire qui permet de ranger ce qui ne doit pas \u00eatre vu et d'exposer ce qui doit l'\u00eatre.<\/div><div dir=\"auto\"><a href=\"https:\/\/www.instagram.com\/anae.archi\/\" target=\"_blank\" rel=\"noopener\">Voir sur instagram &gt;&gt;<\/a><\/div><div dir=\"auto\"><img loading=\"lazy\" decoding=\"async\" class=\"alignnone size-thumbnail wp-image-8238\" src=\"https:\/\/www.anae.archi\/fr\/wp-content\/uploads\/2026\/02\/chailly_-8-150x150.jpg\" alt=\"\" width=\"150\" height=\"150\" srcset=\"https:\/\/www.anae.archi\/fr\/wp-content\/uploads\/2026\/02\/chailly_-8-150x150.jpg 150w, https:\/\/www.anae.archi\/fr\/wp-content\/uploads\/2026\/02\/chailly_-8-300x300.jpg 300w, https:\/\/www.anae.archi\/fr\/wp-content\/uploads\/2026\/02\/chailly_-8-1024x1024.jpg 1024w, https:\/\/www.anae.archi\/fr\/wp-content\/uploads\/2026\/02\/chailly_-8-768x768.jpg 768w, https:\/\/www.anae.archi\/fr\/wp-content\/uploads\/2026\/02\/chailly_-8.jpg 1536w\" sizes=\"(max-width: 150px) 100vw, 150px\" \/><\/div><div dir=\"auto\">\u00a0<\/div><div dir=\"auto\"><img loading=\"lazy\" decoding=\"async\" class=\"alignnone size-thumbnail wp-image-8239\" src=\"https:\/\/www.anae.archi\/fr\/wp-content\/uploads\/2026\/02\/chailly_-9-150x150.jpg\" alt=\"\" width=\"150\" height=\"150\" srcset=\"https:\/\/www.anae.archi\/fr\/wp-content\/uploads\/2026\/02\/chailly_-9-150x150.jpg 150w, https:\/\/www.anae.archi\/fr\/wp-content\/uploads\/2026\/02\/chailly_-9-300x300.jpg 300w, https:\/\/www.anae.archi\/fr\/wp-content\/uploads\/2026\/02\/chailly_-9-1024x1024.jpg 1024w, https:\/\/www.anae.archi\/fr\/wp-content\/uploads\/2026\/02\/chailly_-9-768x768.jpg 768w, https:\/\/www.anae.archi\/fr\/wp-content\/uploads\/2026\/02\/chailly_-9.jpg 1536w\" sizes=\"(max-width: 150px) 100vw, 150px\" \/><\/div><\/div><\/div>\t\t\t\t\t\t<\/div>\n\n\t\t\t\t\t\n\t\t\t\t<\/div>\n\n\t\t\t<\/div>\n\t\t<\/div>\n\t\t\t<\/li>\n\t\t\t \n      <\/ul>\n\n\t\t\t\t\t<\/div>\n\t\t\t\t<\/div>\n\t\t\t\t<div class=\"elementor-element elementor-element-03e01ff elementor-widget elementor-widget-heading\" data-id=\"03e01ff\" data-element_type=\"widget\" data-e-type=\"widget\" id=\"year2025\" data-widget_type=\"heading.default\">\n\t\t\t\t<div class=\"elementor-widget-container\">\n\t\t\t\t\t<h2 class=\"elementor-heading-title elementor-size-default\">2025<\/h2>\t\t\t\t<\/div>\n\t\t\t\t<\/div>\n\t\t\t\t<div class=\"elementor-element elementor-element-617853d elementor-widget elementor-widget-be-timeline\" data-id=\"617853d\" data-element_type=\"widget\" data-e-type=\"widget\" data-widget_type=\"be-timeline.default\">\n\t\t\t\t<div class=\"elementor-widget-container\">\n\t\t\t\t\t<ul class=\"be-pack timeline \"><li class=\"timeline-right\"> \n\t\t\t<div class=\"tl-circ\"><\/div>\n\t\t <div class=\"timeline-panel\">\n\t\t   <div class=\"tl-heading\">\n\t\t\t <div class=\"tl-content\">\n\n\t\t\t    \n\t\t\t\t\t\t<div class=\"timeline_pic pull-left\"><img loading=\"lazy\" decoding=\"async\" width=\"150\" height=\"150\" src=\"https:\/\/www.anae.archi\/fr\/wp-content\/uploads\/2026\/01\/chailly_-5-150x150.jpg\" class=\"attachment-thumbnail size-thumbnail wp-image-8209\" srcset=\"https:\/\/www.anae.archi\/fr\/wp-content\/uploads\/2026\/01\/chailly_-5-150x150.jpg 150w, https:\/\/www.anae.archi\/fr\/wp-content\/uploads\/2026\/01\/chailly_-5-300x300.jpg 300w, https:\/\/www.anae.archi\/fr\/wp-content\/uploads\/2026\/01\/chailly_-5-1024x1024.jpg 1024w, https:\/\/www.anae.archi\/fr\/wp-content\/uploads\/2026\/01\/chailly_-5-768x768.jpg 768w, https:\/\/www.anae.archi\/fr\/wp-content\/uploads\/2026\/01\/chailly_-5.jpg 1440w\" sizes=\"(max-width: 150px) 100vw, 150px\" \/><\/div>\n\t\t\t\t\t\t<div class=\"be-desc\">\n\t\t\t\t\t\t\t<h3 class=\"be-title\">19.12.2025<\/h3>\t\t\t\t\t\t\t<div class=\"be-content\"><div class=\"\" data-block=\"true\" data-editor=\"9fvn7\" data-offset-key=\"e4l31-0-0\"><div class=\"_1mf _1mj\" data-offset-key=\"e4l31-0-0\"><em>Publications sur nos r\u00e9seaux <\/em><\/div><div class=\"_1mf _1mj\" data-offset-key=\"e4l31-0-0\"><div class=\"\" data-block=\"true\" data-editor=\"5hdhn\" data-offset-key=\"86res-0-0\"><div class=\"_1mf _1mj\" data-offset-key=\"86res-0-0\"><span data-offset-key=\"86res-0-0\">Transformation d\u2019un appartement \u00e0 Chailly (Lausanne).<\/span>\u00a0<\/div><\/div><div class=\"\" data-block=\"true\" data-editor=\"5hdhn\" data-offset-key=\"raq4-0-0\"><div class=\"_1mf _1mj\" data-offset-key=\"raq4-0-0\"><span data-offset-key=\"raq4-0-0\">Entr\u00e9e peinte en bleu Klein avec int\u00e9gration d\u2019une armoire d\u2019entr\u00e9e.<\/span><\/div><\/div><\/div><div class=\"_1mf _1mj\" data-offset-key=\"e4l31-0-0\"><a href=\"https:\/\/www.instagram.com\/anae.archi\/\" target=\"_blank\" rel=\"noopener\">Voir sur instagram &gt;&gt;<\/a><\/div><div data-offset-key=\"e4l31-0-0\"><img loading=\"lazy\" decoding=\"async\" class=\"alignnone size-thumbnail wp-image-8210\" src=\"https:\/\/www.anae.archi\/fr\/wp-content\/uploads\/2026\/01\/chailly_-6-150x150.jpg\" alt=\"\" width=\"150\" height=\"150\" srcset=\"https:\/\/www.anae.archi\/fr\/wp-content\/uploads\/2026\/01\/chailly_-6-150x150.jpg 150w, https:\/\/www.anae.archi\/fr\/wp-content\/uploads\/2026\/01\/chailly_-6-300x300.jpg 300w, https:\/\/www.anae.archi\/fr\/wp-content\/uploads\/2026\/01\/chailly_-6-1024x1024.jpg 1024w, https:\/\/www.anae.archi\/fr\/wp-content\/uploads\/2026\/01\/chailly_-6-768x768.jpg 768w, https:\/\/www.anae.archi\/fr\/wp-content\/uploads\/2026\/01\/chailly_-6.jpg 1440w\" sizes=\"(max-width: 150px) 100vw, 150px\" \/><\/div><\/div><\/div>\t\t\t\t\t\t<\/div>\n\n\t\t\t\t\t\n\t\t\t\t<\/div>\n\n\t\t\t<\/div>\n\t\t<\/div>\n\t\t\t<\/li>\n\t\t\t<li class=\"timeline-inverted\"> \n\t\t\t<div class=\"tl-circ\"><\/div>\n\t\t <div class=\"timeline-panel\">\n\t\t   <div class=\"tl-heading\">\n\t\t\t <div class=\"tl-content\">\n\n\t\t\t    \n\t\t\t\t\t\t<div class=\"timeline_pic pull-left\"><img loading=\"lazy\" decoding=\"async\" width=\"150\" height=\"150\" src=\"https:\/\/www.anae.archi\/fr\/wp-content\/uploads\/2026\/01\/chailly_-4-150x150.jpeg\" class=\"attachment-thumbnail size-thumbnail wp-image-8207\" srcset=\"https:\/\/www.anae.archi\/fr\/wp-content\/uploads\/2026\/01\/chailly_-4-150x150.jpeg 150w, https:\/\/www.anae.archi\/fr\/wp-content\/uploads\/2026\/01\/chailly_-4-300x300.jpeg 300w, https:\/\/www.anae.archi\/fr\/wp-content\/uploads\/2026\/01\/chailly_-4-1024x1024.jpeg 1024w, https:\/\/www.anae.archi\/fr\/wp-content\/uploads\/2026\/01\/chailly_-4-768x768.jpeg 768w, https:\/\/www.anae.archi\/fr\/wp-content\/uploads\/2026\/01\/chailly_-4-1536x1536.jpeg 1536w, https:\/\/www.anae.archi\/fr\/wp-content\/uploads\/2026\/01\/chailly_-4-2048x2048.jpeg 2048w\" sizes=\"(max-width: 150px) 100vw, 150px\" \/><\/div>\n\t\t\t\t\t\t<div class=\"be-desc\">\n\t\t\t\t\t\t\t<h3 class=\"be-title\">18.12.2025<\/h3>\t\t\t\t\t\t\t<div class=\"be-content\"><div class=\"\" data-block=\"true\" data-editor=\"9fvn7\" data-offset-key=\"e4l31-0-0\"><div class=\"_1mf _1mj\" data-offset-key=\"e4l31-0-0\"><em>Publications sur nos r\u00e9seaux <\/em><\/div><div class=\"_1mf _1mj\" data-offset-key=\"e4l31-0-0\"><div class=\"\" data-block=\"true\" data-editor=\"5hdhn\" data-offset-key=\"86res-0-0\"><div class=\"_1mf _1mj\" data-offset-key=\"86res-0-0\"><span data-offset-key=\"86res-0-0\">Transformation d\u2019un appartement \u00e0 Chailly (Lausanne).<\/span>\u00a0<\/div><\/div><div class=\"\" data-block=\"true\" data-editor=\"5hdhn\" data-offset-key=\"raq4-0-0\"><div class=\"_1mf _1mj\" data-offset-key=\"raq4-0-0\"><div class=\"\" data-block=\"true\" data-editor=\"fvfpa\" data-offset-key=\"8ep0o-0-0\"><div class=\"_1mf _1mj\" data-offset-key=\"8ep0o-0-0\"><span data-offset-key=\"8ep0o-0-0\">Premier meuble termin\u00e9 \u00e0 chailly - certains attendent le retour de janvier pour les finitions.<\/span><\/div><\/div><div class=\"\" data-block=\"true\" data-editor=\"fvfpa\" data-offset-key=\"574gl-0-0\"><div class=\"_1mf _1mj\" data-offset-key=\"574gl-0-0\"><span data-offset-key=\"574gl-0-0\">Armoire \u00e0 portes battantes avec des \u00e9l\u00e9ments arrondis et une niche ouverte laiss\u00e9e en bois brut. <\/span><\/div><\/div><\/div><\/div><\/div><div class=\"_1mf _1mj\" data-offset-key=\"e4l31-0-0\"><a href=\"https:\/\/www.instagram.com\/anae.archi\/\" target=\"_blank\" rel=\"noopener\">Voir sur instagram &gt;&gt;<\/a><\/div><\/div><\/div>\t\t\t\t\t\t<\/div>\n\n\t\t\t\t\t\n\t\t\t\t<\/div>\n\n\t\t\t<\/div>\n\t\t<\/div>\n\t\t\t<\/li>\n\t\t\t<li class=\"timeline-right\"> \n\t\t\t<div class=\"tl-circ\"><\/div>\n\t\t <div class=\"timeline-panel\">\n\t\t   <div class=\"tl-heading\">\n\t\t\t <div class=\"tl-content\">\n\n\t\t\t    \n\t\t\t\t\t\t<div class=\"timeline_pic pull-left\"><img loading=\"lazy\" decoding=\"async\" width=\"150\" height=\"150\" src=\"https:\/\/www.anae.archi\/fr\/wp-content\/uploads\/2025\/11\/chailly_-3-150x150.jpg\" class=\"attachment-thumbnail size-thumbnail wp-image-7911\" srcset=\"https:\/\/www.anae.archi\/fr\/wp-content\/uploads\/2025\/11\/chailly_-3-150x150.jpg 150w, https:\/\/www.anae.archi\/fr\/wp-content\/uploads\/2025\/11\/chailly_-3-300x300.jpg 300w, https:\/\/www.anae.archi\/fr\/wp-content\/uploads\/2025\/11\/chailly_-3-1024x1024.jpg 1024w, https:\/\/www.anae.archi\/fr\/wp-content\/uploads\/2025\/11\/chailly_-3-768x768.jpg 768w, https:\/\/www.anae.archi\/fr\/wp-content\/uploads\/2025\/11\/chailly_-3.jpg 1536w\" sizes=\"(max-width: 150px) 100vw, 150px\" \/><\/div>\n\t\t\t\t\t\t<div class=\"be-desc\">\n\t\t\t\t\t\t\t<h3 class=\"be-title\">07.11.2025<\/h3>\t\t\t\t\t\t\t<div class=\"be-content\"><div class=\"\" data-block=\"true\" data-editor=\"9fvn7\" data-offset-key=\"e4l31-0-0\"><div class=\"_1mf _1mj\" data-offset-key=\"e4l31-0-0\"><em>Publications sur nos r\u00e9seaux <\/em><\/div><div class=\"_1mf _1mj\" data-offset-key=\"e4l31-0-0\">Le<span data-offset-key=\"e4l31-0-0\"> chantier de Chailly continue ! \u00a0<\/span><\/div><div class=\"_1mf _1mj\" data-offset-key=\"e4l31-0-0\">Pr\u00e9paration \u00e0 la pose de la cuisine : les murs sont renforc\u00e9s et enduits, le sol en parquet est r\u00e9par\u00e9 et le nouveau carrelage est pos\u00e9. La suite une fois la pose de la cuisine effectu\u00e9e \ud83d\ude06<\/div><div class=\"_1mf _1mj\" data-offset-key=\"e4l31-0-0\">Bient\u00f4t les photos de la salle de bain \ud83d\ude09<\/div><div class=\"_1mf _1mj\" data-offset-key=\"e4l31-0-0\">Les meubles sont en cours de fabrication \ud83d\udcaa<\/div><div class=\"_1mf _1mj\" data-offset-key=\"e4l31-0-0\"><a href=\"https:\/\/www.instagram.com\/anae.archi\/\" target=\"_blank\" rel=\"noopener\">Voir sur instagram &gt;&gt;<\/a><\/div><\/div><\/div>\t\t\t\t\t\t<\/div>\n\n\t\t\t\t\t\n\t\t\t\t<\/div>\n\n\t\t\t<\/div>\n\t\t<\/div>\n\t\t\t<\/li>\n\t\t\t<li class=\"timeline-inverted\"> \n\t\t\t<div class=\"tl-circ\"><\/div>\n\t\t <div class=\"timeline-panel\">\n\t\t   <div class=\"tl-heading\">\n\t\t\t <div class=\"tl-content\">\n\n\t\t\t    \n\t\t\t\t\t\t\n\t\t\t\t\t\t<div class=\"be-desc\">\n\t\t\t\t\t\t\t<h3 class=\"be-title\">21.10.2025<\/h3>\t\t\t\t\t\t\t<div class=\"be-content\"><p>Un nouveau permis de construire vient de parvenir au bureau !!<\/p><p>A Crissier on va faire quelques transformations int\u00e9rieures, modifier la mani\u00e8re d'entrer dans la maison, puis construire une extension et isoler la maison.<\/p><p>Un joli projet \u00e0 venir dont la premi\u00e8re \u00e9tape d\u00e9butera tout bient\u00f4t \ud83e\udd29<\/p><\/div>\t\t\t\t\t\t<\/div>\n\n\t\t\t\t\t\n\t\t\t\t<\/div>\n\n\t\t\t<\/div>\n\t\t<\/div>\n\t\t\t<\/li>\n\t\t\t<li class=\"timeline-right\"> \n\t\t\t<div class=\"tl-circ\"><\/div>\n\t\t <div class=\"timeline-panel\">\n\t\t   <div class=\"tl-heading\">\n\t\t\t <div class=\"tl-content\">\n\n\t\t\t    \n\t\t\t\t\t\t<div class=\"timeline_pic pull-left\"><img loading=\"lazy\" decoding=\"async\" width=\"150\" height=\"150\" src=\"https:\/\/www.anae.archi\/fr\/wp-content\/uploads\/2025\/10\/chailly_-2-150x150.jpeg\" class=\"attachment-thumbnail size-thumbnail wp-image-7898\" srcset=\"https:\/\/www.anae.archi\/fr\/wp-content\/uploads\/2025\/10\/chailly_-2-150x150.jpeg 150w, https:\/\/www.anae.archi\/fr\/wp-content\/uploads\/2025\/10\/chailly_-2-300x300.jpeg 300w, https:\/\/www.anae.archi\/fr\/wp-content\/uploads\/2025\/10\/chailly_-2-1024x1024.jpeg 1024w, https:\/\/www.anae.archi\/fr\/wp-content\/uploads\/2025\/10\/chailly_-2-768x768.jpeg 768w, https:\/\/www.anae.archi\/fr\/wp-content\/uploads\/2025\/10\/chailly_-2-1536x1536.jpeg 1536w, https:\/\/www.anae.archi\/fr\/wp-content\/uploads\/2025\/10\/chailly_-2-2048x2048.jpeg 2048w\" sizes=\"(max-width: 150px) 100vw, 150px\" \/><\/div>\n\t\t\t\t\t\t<div class=\"be-desc\">\n\t\t\t\t\t\t\t<h3 class=\"be-title\">26.09.2025<\/h3>\t\t\t\t\t\t\t<div class=\"be-content\"><p><em>Publication sur nos r\u00e9seaux<\/em><\/p><p>Chantier en cours !!<\/p><p>\u00e7a avance gentiment mais surement...!! \ud83d\ude09<\/p><p><a href=\"https:\/\/www.instagram.com\/anae.archi\/\" target=\"_blank\" rel=\"noopener\">Voir sur instagram-&gt;&gt;<\/a><\/p><\/div>\t\t\t\t\t\t<\/div>\n\n\t\t\t\t\t\n\t\t\t\t<\/div>\n\n\t\t\t<\/div>\n\t\t<\/div>\n\t\t\t<\/li>\n\t\t\t<li class=\"timeline-inverted\"> \n\t\t\t<div class=\"tl-circ\"><\/div>\n\t\t <div class=\"timeline-panel\">\n\t\t   <div class=\"tl-heading\">\n\t\t\t <div class=\"tl-content\">\n\n\t\t\t    \n\t\t\t\t\t\t<div class=\"timeline_pic pull-left\"><img loading=\"lazy\" decoding=\"async\" width=\"150\" height=\"150\" src=\"https:\/\/www.anae.archi\/fr\/wp-content\/uploads\/2025\/08\/chailly_-1-150x150.jpeg\" class=\"attachment-thumbnail size-thumbnail wp-image-7793\" srcset=\"https:\/\/www.anae.archi\/fr\/wp-content\/uploads\/2025\/08\/chailly_-1-150x150.jpeg 150w, https:\/\/www.anae.archi\/fr\/wp-content\/uploads\/2025\/08\/chailly_-1-300x300.jpeg 300w, https:\/\/www.anae.archi\/fr\/wp-content\/uploads\/2025\/08\/chailly_-1-1021x1024.jpeg 1021w, https:\/\/www.anae.archi\/fr\/wp-content\/uploads\/2025\/08\/chailly_-1-768x770.jpeg 768w, https:\/\/www.anae.archi\/fr\/wp-content\/uploads\/2025\/08\/chailly_-1-1532x1536.jpeg 1532w, https:\/\/www.anae.archi\/fr\/wp-content\/uploads\/2025\/08\/chailly_-1-2043x2048.jpeg 2043w\" sizes=\"(max-width: 150px) 100vw, 150px\" \/><\/div>\n\t\t\t\t\t\t<div class=\"be-desc\">\n\t\t\t\t\t\t\t<h3 class=\"be-title\">18.07.2025<\/h3>\t\t\t\t\t\t\t<div class=\"be-content\"><p><em>Publication sur nos r\u00e9seaux<\/em><\/p><p>C'est le retour du chantier...!!!\u00a0<\/p><p>ENFIN !<\/p><p>Je revis, je crois \ud83e\udd29<\/p><p>Parce que je vis pour ces moments o\u00f9 on casse tout ! \u00c7a fait du bruit, de la poussi\u00e8re, c'est pas toujours joli-joli et on d\u00e9couvre toujours un p'tit truc qui nous met au d\u00e9fi. C'est pas toujours facile mais c'est tellement bon !<\/p><p>Tout \u00e7a pour recr\u00e9er un lieu de vie, nouveau, mais avec la m\u00eame base..! En se mettant constamment au d\u00e9fi face aux inconnues immanquables d'un chantier !<\/p><p>Une \u00e9ternelle r\u00e9invention...! \ud83d\udcab<\/p><p>Comme une petite m\u00e9taphore de la vie en somme...! \ud83d\ude09<\/p><p><a href=\"https:\/\/www.instagram.com\/anae.archi\/\" target=\"_blank\" rel=\"noopener\">Voir sur instagram &gt;&gt;<\/a><\/p><\/div>\t\t\t\t\t\t<\/div>\n\n\t\t\t\t\t\n\t\t\t\t<\/div>\n\n\t\t\t<\/div>\n\t\t<\/div>\n\t\t\t<\/li>\n\t\t\t<li class=\"timeline-right\"> \n\t\t\t<div class=\"tl-circ\"><\/div>\n\t\t <div class=\"timeline-panel\">\n\t\t   <div class=\"tl-heading\">\n\t\t\t <div class=\"tl-content\">\n\n\t\t\t    \n\t\t\t\t\t\t<div class=\"timeline_pic pull-left\"><img loading=\"lazy\" decoding=\"async\" width=\"150\" height=\"150\" src=\"https:\/\/www.anae.archi\/fr\/wp-content\/uploads\/2025\/08\/yadlo_2025-150x150.jpg\" class=\"attachment-thumbnail size-thumbnail wp-image-7791\" srcset=\"https:\/\/www.anae.archi\/fr\/wp-content\/uploads\/2025\/08\/yadlo_2025-150x150.jpg 150w, https:\/\/www.anae.archi\/fr\/wp-content\/uploads\/2025\/08\/yadlo_2025-300x300.jpg 300w, https:\/\/www.anae.archi\/fr\/wp-content\/uploads\/2025\/08\/yadlo_2025-1024x1024.jpg 1024w, https:\/\/www.anae.archi\/fr\/wp-content\/uploads\/2025\/08\/yadlo_2025-768x768.jpg 768w, https:\/\/www.anae.archi\/fr\/wp-content\/uploads\/2025\/08\/yadlo_2025-1536x1536.jpg 1536w, https:\/\/www.anae.archi\/fr\/wp-content\/uploads\/2025\/08\/yadlo_2025-2048x2048.jpg 2048w\" sizes=\"(max-width: 150px) 100vw, 150px\" \/><\/div>\n\t\t\t\t\t\t<div class=\"be-desc\">\n\t\t\t\t\t\t\t<h3 class=\"be-title\">04.07.2025<\/h3>\t\t\t\t\t\t\t<div class=\"be-content\"><p><em>Publication sur nos r\u00e9seaux<\/em><\/p><p>Bienvenue \u00e0 Yadlo ! Festival au bord et dans l'eau \u00e0 Pr\u00e9verenges...! Concerts, nourritures et animations au programme tout le week-end !<\/p><p>Pour la seconde ann\u00e9e et pour mon plus grand bonheur, anae sponsorise le festival !<\/p><p>Venez nous faire un coucou !<\/p><p><a href=\"https:\/\/www.instagram.com\/anae.archi\/\" target=\"_blank\" rel=\"noopener\">Voir sur instagram &gt;&gt;<\/a><\/p><\/div>\t\t\t\t\t\t<\/div>\n\n\t\t\t\t\t\n\t\t\t\t<\/div>\n\n\t\t\t<\/div>\n\t\t<\/div>\n\t\t\t<\/li>\n\t\t\t<li class=\"timeline-inverted\"> \n\t\t\t<div class=\"tl-circ\"><\/div>\n\t\t <div class=\"timeline-panel\">\n\t\t   <div class=\"tl-heading\">\n\t\t\t <div class=\"tl-content\">\n\n\t\t\t    \n\t\t\t\t\t\t\n\t\t\t\t\t\t<div class=\"be-desc\">\n\t\t\t\t\t\t\t<h3 class=\"be-title\">04.04.2025<\/h3>\t\t\t\t\t\t\t<div class=\"be-content\"><p><em>Publication sur nos r\u00e9seaux<\/em><\/p><p>\ud83c\udf89\ud83c\udf82\ud83c\udf88<\/p><p>Il y a 13 ans je cr\u00e9ais ma boite ! Le but \u00e9tait de me lever le matin en faisant quelque chose qui a du sens. Force est de constater que \u00e7a a march\u00e9 !!!<\/p><p>13 ans apr\u00e8s je me l\u00e8ve toujours le matin en faisant quelque chose qui a du sens et qui importe pour d'autres !<\/p><p>Et plus important encore : ma boite m'en apprend sur moi tous les jours. C'est une le\u00e7on de vie au quotidien !<\/p><p>On croise les doigts pour continuer pendant de longues ann\u00e9es encore !<\/p><p><a href=\"https:\/\/www.instagram.com\/anae.archi\/\" target=\"_blank\" rel=\"noopener\">Voir sur instagram &gt;&gt;<\/a><\/p><\/div>\t\t\t\t\t\t<\/div>\n\n\t\t\t\t\t\n\t\t\t\t<\/div>\n\n\t\t\t<\/div>\n\t\t<\/div>\n\t\t\t<\/li>\n\t\t\t<li class=\"timeline-right\"> \n\t\t\t<div class=\"tl-circ\"><\/div>\n\t\t <div class=\"timeline-panel\">\n\t\t   <div class=\"tl-heading\">\n\t\t\t <div class=\"tl-content\">\n\n\t\t\t    \n\t\t\t\t\t\t\n\t\t\t\t\t\t<div class=\"be-desc\">\n\t\t\t\t\t\t\t<h3 class=\"be-title\">21.02.2025<\/h3>\t\t\t\t\t\t\t<div class=\"be-content\"><p><em>Publication sur nos r\u00e9seaux<\/em><\/p><p>\ud83c\udf88News \ud83c\udf89<\/p><p>On y travaille depuis des semaines et des mois, le voici tout nouveau, tout chaud et surtout tout beau, le nouveau site internet du bureau anae !!!<\/p><p>Elabor\u00e9 avec Unyque, qui a su r\u00e9pondre \u00e0 toutes mes attentes et surtout entendu et compris ce que je voulais sans m\u00eame avoir \u00e0 le demander ! MERCI<\/p><p>Allez y jeter un oeil ! Vous ne serez pas d\u00e9\u00e7u \ud83d\ude09 J'\u00e9coute volontiers vos retours !<\/p><\/div>\t\t\t\t\t\t<\/div>\n\n\t\t\t\t\t\n\t\t\t\t<\/div>\n\n\t\t\t<\/div>\n\t\t<\/div>\n\t\t\t<\/li>\n\t\t\t<li class=\"timeline-inverted\"> \n\t\t\t<div class=\"tl-circ\"><\/div>\n\t\t <div class=\"timeline-panel\">\n\t\t   <div class=\"tl-heading\">\n\t\t\t <div class=\"tl-content\">\n\n\t\t\t    \n\t\t\t\t\t\t<div class=\"timeline_pic pull-left\"><img loading=\"lazy\" decoding=\"async\" width=\"150\" height=\"150\" src=\"https:\/\/www.anae.archi\/fr\/wp-content\/uploads\/2025\/01\/ependes-29-150x150.jpg\" class=\"attachment-thumbnail size-thumbnail wp-image-7335\" srcset=\"https:\/\/www.anae.archi\/fr\/wp-content\/uploads\/2025\/01\/ependes-29-150x150.jpg 150w, https:\/\/www.anae.archi\/fr\/wp-content\/uploads\/2025\/01\/ependes-29-300x300.jpg 300w, https:\/\/www.anae.archi\/fr\/wp-content\/uploads\/2025\/01\/ependes-29-1024x1024.jpg 1024w, https:\/\/www.anae.archi\/fr\/wp-content\/uploads\/2025\/01\/ependes-29-768x768.jpg 768w, https:\/\/www.anae.archi\/fr\/wp-content\/uploads\/2025\/01\/ependes-29.jpg 1536w\" sizes=\"(max-width: 150px) 100vw, 150px\" \/><\/div>\n\t\t\t\t\t\t<div class=\"be-desc\">\n\t\t\t\t\t\t\t<h3 class=\"be-title\">17.01.2025<\/h3>\t\t\t\t\t\t\t<div class=\"be-content\"><p><em>Publication sur nos r\u00e9seaux<\/em><br \/>Le chantier d'Ependes est termin\u00e9 !<\/p><p>On a termin\u00e9 les finitions avant Noel. Les \u00e9chafaudages sont d\u00e9pos\u00e9s, les am\u00e9nagement ext\u00e9rieurs sont effectu\u00e9s et la terrasse est pos\u00e9e.<\/p><p>Les photos de d'int\u00e9rieur termin\u00e9s seront effectu\u00e9es plus tard, le temps de laisser la petite famille qui s'est agrandie profiter de l'espace et se l'approprier ! Une petite maison mais de grosses transformations, en bref, une jolie r\u00e9novation !\u00a0<\/p><p><a href=\"https:\/\/www.instagram.com\/anae.archi\/\" target=\"_blank\" rel=\"noopener\">Voir sur instagram &gt;&gt;<\/a><\/p><\/div>\t\t\t\t\t\t<\/div>\n\n\t\t\t\t\t\n\t\t\t\t<\/div>\n\n\t\t\t<\/div>\n\t\t<\/div>\n\t\t\t<\/li>\n\t\t\t \n      <\/ul>\n\n\t\t\t\t\t<\/div>\n\t\t\t\t<\/div>\n\t\t\t\t<div class=\"elementor-element elementor-element-1a5c9bc elementor-widget elementor-widget-heading\" data-id=\"1a5c9bc\" data-element_type=\"widget\" data-e-type=\"widget\" id=\"year2024\" data-widget_type=\"heading.default\">\n\t\t\t\t<div class=\"elementor-widget-container\">\n\t\t\t\t\t<h2 class=\"elementor-heading-title elementor-size-default\">2024<\/h2>\t\t\t\t<\/div>\n\t\t\t\t<\/div>\n\t\t\t\t<div class=\"elementor-element elementor-element-d760156 elementor-fixed elementor-widget elementor-widget-text-editor\" data-id=\"d760156\" data-element_type=\"widget\" data-e-type=\"widget\" data-settings=\"{&quot;_position&quot;:&quot;fixed&quot;}\" data-widget_type=\"text-editor.default\">\n\t\t\t\t<div class=\"elementor-widget-container\">\n\t\t\t\t\t\t\t\t\t<p><a class=\"year-link\" href=\"#year2026\">2026<\/a><\/p><p><a class=\"year-link\" href=\"#year2025\">2025<\/a><\/p><p><a class=\"year-link\" href=\"#year2024\">2024<\/a><\/p><p><a class=\"year-link\" href=\"#year2023\">2023<\/a><\/p><p><a class=\"year-link\" href=\"#year2022\">2022<\/a><\/p><p><a class=\"year-link\" href=\"#year2021\">2021<\/a><\/p><p><a class=\"year-link\" href=\"#year2020\">2020<\/a><\/p><p><a class=\"year-link\" href=\"#year2019\">2019<\/a><\/p><p><a class=\"year-link\" href=\"#year2018\">2018<\/a><\/p><p><a class=\"year-link\" href=\"#year2017\">2017<\/a><\/p><p><a class=\"year-link\" href=\"#year2016\">2016<\/a><\/p><p><a class=\"year-link\" href=\"#year2015\">2015<\/a><\/p><p><a class=\"year-link\" href=\"#year2014\">2014<\/a><\/p><p><a class=\"year-link\" href=\"#year2013\">2013<\/a><\/p><p><a class=\"year-link\" href=\"#year2012\">2012<\/a><\/p>\t\t\t\t\t\t\t\t<\/div>\n\t\t\t\t<\/div>\n\t\t\t\t<div class=\"elementor-element elementor-element-9e813c4 elementor-widget elementor-widget-be-timeline\" data-id=\"9e813c4\" data-element_type=\"widget\" data-e-type=\"widget\" data-widget_type=\"be-timeline.default\">\n\t\t\t\t<div class=\"elementor-widget-container\">\n\t\t\t\t\t<ul class=\"be-pack timeline \"><li class=\"timeline-right\"> \n\t\t\t<div class=\"tl-circ\"><\/div>\n\t\t <div class=\"timeline-panel\">\n\t\t   <div class=\"tl-heading\">\n\t\t\t <div class=\"tl-content\">\n\n\t\t\t    \n\t\t\t\t\t\t<div class=\"timeline_pic pull-left\"><img loading=\"lazy\" decoding=\"async\" width=\"150\" height=\"150\" src=\"https:\/\/www.anae.archi\/fr\/wp-content\/uploads\/2024\/12\/ependes-27-150x150.jpeg\" class=\"attachment-thumbnail size-thumbnail wp-image-7311\" srcset=\"https:\/\/www.anae.archi\/fr\/wp-content\/uploads\/2024\/12\/ependes-27-150x150.jpeg 150w, https:\/\/www.anae.archi\/fr\/wp-content\/uploads\/2024\/12\/ependes-27-300x300.jpeg 300w, https:\/\/www.anae.archi\/fr\/wp-content\/uploads\/2024\/12\/ependes-27-1024x1024.jpeg 1024w, https:\/\/www.anae.archi\/fr\/wp-content\/uploads\/2024\/12\/ependes-27-768x768.jpeg 768w, https:\/\/www.anae.archi\/fr\/wp-content\/uploads\/2024\/12\/ependes-27.jpeg 1440w\" sizes=\"(max-width: 150px) 100vw, 150px\" \/><\/div>\n\t\t\t\t\t\t<div class=\"be-desc\">\n\t\t\t\t\t\t\t<h3 class=\"be-title\">22.11.2024<\/h3>\t\t\t\t\t\t\t<div class=\"be-content\"><p><em>Publication sur nos r\u00e9seaux<\/em><br \/>Terrasse pos\u00e9e \u00e0 Ependes !<\/p><p>Structure m\u00e9tallique thermolaqu\u00e9e dont une partie a \u00e9t\u00e9 r\u00e9employ\u00e9e. Carrelets en ch\u00eane et lames de terrasse en pin bross\u00e9. Balustrade en acier thermolaqu\u00e9.<\/p><p>\u00c7a ressemble enfin \u00e0 une fin de chantier !<\/p><p><a href=\"https:\/\/www.instagram.com\/anae.archi\/\" target=\"_blank\" rel=\"noopener\">Voir sur instagram-&gt;&gt;<\/a><\/p><p><img loading=\"lazy\" decoding=\"async\" class=\"alignnone wp-image-7312 size-thumbnail\" src=\"https:\/\/www.anae.archi\/fr\/wp-content\/uploads\/2024\/12\/ependes-28-150x150.jpeg?_t=1733924614\" alt=\"\" width=\"150\" height=\"150\" srcset=\"https:\/\/www.anae.archi\/fr\/wp-content\/uploads\/2024\/12\/ependes-28-150x150.jpeg 150w, https:\/\/www.anae.archi\/fr\/wp-content\/uploads\/2024\/12\/ependes-28-300x300.jpeg 300w, https:\/\/www.anae.archi\/fr\/wp-content\/uploads\/2024\/12\/ependes-28-1024x1024.jpeg 1024w, https:\/\/www.anae.archi\/fr\/wp-content\/uploads\/2024\/12\/ependes-28-768x767.jpeg 768w, https:\/\/www.anae.archi\/fr\/wp-content\/uploads\/2024\/12\/ependes-28.jpeg 1200w\" sizes=\"(max-width: 150px) 100vw, 150px\" \/><\/p><\/div>\t\t\t\t\t\t<\/div>\n\n\t\t\t\t\t\n\t\t\t\t<\/div>\n\n\t\t\t<\/div>\n\t\t<\/div>\n\t\t\t<\/li>\n\t\t\t<li class=\"timeline-inverted\"> \n\t\t\t<div class=\"tl-circ\"><\/div>\n\t\t <div class=\"timeline-panel\">\n\t\t   <div class=\"tl-heading\">\n\t\t\t <div class=\"tl-content\">\n\n\t\t\t    \n\t\t\t\t\t\t<div class=\"timeline_pic pull-left\"><img loading=\"lazy\" decoding=\"async\" width=\"150\" height=\"150\" src=\"https:\/\/www.anae.archi\/fr\/wp-content\/uploads\/2024\/12\/ependes-26-150x150.jpeg\" class=\"attachment-thumbnail size-thumbnail wp-image-7310\" srcset=\"https:\/\/www.anae.archi\/fr\/wp-content\/uploads\/2024\/12\/ependes-26-150x150.jpeg 150w, https:\/\/www.anae.archi\/fr\/wp-content\/uploads\/2024\/12\/ependes-26-300x300.jpeg 300w, https:\/\/www.anae.archi\/fr\/wp-content\/uploads\/2024\/12\/ependes-26-1024x1024.jpeg 1024w, https:\/\/www.anae.archi\/fr\/wp-content\/uploads\/2024\/12\/ependes-26-768x768.jpeg 768w, https:\/\/www.anae.archi\/fr\/wp-content\/uploads\/2024\/12\/ependes-26-1536x1536.jpeg 1536w, https:\/\/www.anae.archi\/fr\/wp-content\/uploads\/2024\/12\/ependes-26.jpeg 1620w\" sizes=\"(max-width: 150px) 100vw, 150px\" \/><\/div>\n\t\t\t\t\t\t<div class=\"be-desc\">\n\t\t\t\t\t\t\t<h3 class=\"be-title\">13.09.2024<\/h3>\t\t\t\t\t\t\t<div class=\"be-content\"><p><em>Publication sur nos r\u00e9seaux<\/em><br \/>Cr\u00e9pissage des fa\u00e7ades en cours \u00e0 Ependes ! On se prot\u00e8ge comme ont peu au vu de la m\u00e9t\u00e9o qui n'est vraiment pas avec nous ces jours ci \ud83e\udd76<\/p><p><a href=\"https:\/\/www.instagram.com\/anae.archi\/\" target=\"_blank\" rel=\"noopener\">Voir sur instagram-&gt;&gt;<\/a><\/p><\/div>\t\t\t\t\t\t<\/div>\n\n\t\t\t\t\t\n\t\t\t\t<\/div>\n\n\t\t\t<\/div>\n\t\t<\/div>\n\t\t\t<\/li>\n\t\t\t<li class=\"timeline-right\"> \n\t\t\t<div class=\"tl-circ\"><\/div>\n\t\t <div class=\"timeline-panel\">\n\t\t   <div class=\"tl-heading\">\n\t\t\t <div class=\"tl-content\">\n\n\t\t\t    \n\t\t\t\t\t\t<div class=\"timeline_pic pull-left\"><img loading=\"lazy\" decoding=\"async\" width=\"150\" height=\"150\" src=\"https:\/\/www.anae.archi\/fr\/wp-content\/uploads\/2024\/12\/ependes-25-150x150.jpeg\" class=\"attachment-thumbnail size-thumbnail wp-image-7309\" srcset=\"https:\/\/www.anae.archi\/fr\/wp-content\/uploads\/2024\/12\/ependes-25-150x150.jpeg 150w, https:\/\/www.anae.archi\/fr\/wp-content\/uploads\/2024\/12\/ependes-25-300x300.jpeg 300w, https:\/\/www.anae.archi\/fr\/wp-content\/uploads\/2024\/12\/ependes-25-1024x1024.jpeg 1024w, https:\/\/www.anae.archi\/fr\/wp-content\/uploads\/2024\/12\/ependes-25-768x768.jpeg 768w, https:\/\/www.anae.archi\/fr\/wp-content\/uploads\/2024\/12\/ependes-25.jpeg 1372w\" sizes=\"(max-width: 150px) 100vw, 150px\" \/><\/div>\n\t\t\t\t\t\t<div class=\"be-desc\">\n\t\t\t\t\t\t\t<h3 class=\"be-title\">30.08.2024<\/h3>\t\t\t\t\t\t\t<div class=\"be-content\"><p><em>Publication sur nos r\u00e9seaux<\/em><br \/>Pose de la structure de la terrasse en cours ! On a r\u00e9utilis\u00e9 la structure existante pour la traiter anti rouille et la thermolaquer. Quelques \u00e9l\u00e9ments ont \u00e9t\u00e9 ajout\u00e9s pour modifier la terrasse. Bient\u00f4t un rev\u00eatement en bois va venir prendre place sur la structure m\u00e9tallique.\u00a0<\/p><p>Les fa\u00e7ades avancent bien \u00e9galement. On arrive gentiment au bout de ce chantier<\/p><p><a href=\"https:\/\/www.instagram.com\/anae.archi\/\" target=\"_blank\" rel=\"noopener\">Voir sur instagram-&gt;&gt;<\/a><\/p><\/div>\t\t\t\t\t\t<\/div>\n\n\t\t\t\t\t\n\t\t\t\t<\/div>\n\n\t\t\t<\/div>\n\t\t<\/div>\n\t\t\t<\/li>\n\t\t\t<li class=\"timeline-inverted\"> \n\t\t\t<div class=\"tl-circ\"><\/div>\n\t\t <div class=\"timeline-panel\">\n\t\t   <div class=\"tl-heading\">\n\t\t\t <div class=\"tl-content\">\n\n\t\t\t    \n\t\t\t\t\t\t\n\t\t\t\t\t\t<div class=\"be-desc\">\n\t\t\t\t\t\t\t<h3 class=\"be-title\">12.07.2024<\/h3>\t\t\t\t\t\t\t<div class=\"be-content\"><p>anae s'arr\u00eate une petite semaine, histoire de recharger les batteries jusqu'\u00e0 l'automne !<\/p><\/div>\t\t\t\t\t\t<\/div>\n\n\t\t\t\t\t\n\t\t\t\t<\/div>\n\n\t\t\t<\/div>\n\t\t<\/div>\n\t\t\t<\/li>\n\t\t\t<li class=\"timeline-right\"> \n\t\t\t<div class=\"tl-circ\"><\/div>\n\t\t <div class=\"timeline-panel\">\n\t\t   <div class=\"tl-heading\">\n\t\t\t <div class=\"tl-content\">\n\n\t\t\t    \n\t\t\t\t\t\t<div class=\"timeline_pic pull-left\"><img loading=\"lazy\" decoding=\"async\" width=\"150\" height=\"150\" src=\"https:\/\/www.anae.archi\/fr\/wp-content\/uploads\/2024\/08\/yverdon-1-1-150x150.jpg\" class=\"attachment-thumbnail size-thumbnail wp-image-1155\" srcset=\"https:\/\/www.anae.archi\/fr\/wp-content\/uploads\/2024\/08\/yverdon-1-1-150x150.jpg 150w, https:\/\/www.anae.archi\/fr\/wp-content\/uploads\/2024\/08\/yverdon-1-1-300x300.jpg 300w, https:\/\/www.anae.archi\/fr\/wp-content\/uploads\/2024\/08\/yverdon-1-1-1024x1024.jpg 1024w, https:\/\/www.anae.archi\/fr\/wp-content\/uploads\/2024\/08\/yverdon-1-1-768x768.jpg 768w, https:\/\/www.anae.archi\/fr\/wp-content\/uploads\/2024\/08\/yverdon-1-1-1536x1536.jpg 1536w, https:\/\/www.anae.archi\/fr\/wp-content\/uploads\/2024\/08\/yverdon-1-1.jpg 1620w\" sizes=\"(max-width: 150px) 100vw, 150px\" \/><\/div>\n\t\t\t\t\t\t<div class=\"be-desc\">\n\t\t\t\t\t\t\t<h3 class=\"be-title\">12.07.2024<\/h3>\t\t\t\t\t\t\t<div class=\"be-content\"><p><em>Publication sur nos r\u00e9seaux<\/em><br \/>Chantier avec vue \u00e0 Yverdon !<br \/>Pose de 62 panneaux solaires photovolta\u00efques, modification de la ventilation actuelle des 83 studios en vue de r\u00e9cup\u00e9rer la chaleur de cette ventilation et de pr\u00e9chauffer l'eau chaude sanitaires avec une PAC.\u00a0<\/p><p><a href=\"https:\/\/www.instagram.com\/anae.archi\/\" target=\"_blank\" rel=\"noopener\">Voir sur instagram-&gt;&gt;<\/a><\/p><\/div>\t\t\t\t\t\t<\/div>\n\n\t\t\t\t\t\n\t\t\t\t<\/div>\n\n\t\t\t<\/div>\n\t\t<\/div>\n\t\t\t<\/li>\n\t\t\t<li class=\"timeline-inverted\"> \n\t\t\t<div class=\"tl-circ\"><\/div>\n\t\t <div class=\"timeline-panel\">\n\t\t   <div class=\"tl-heading\">\n\t\t\t <div class=\"tl-content\">\n\n\t\t\t    \n\t\t\t\t\t\t<div class=\"timeline_pic pull-left\"><img loading=\"lazy\" decoding=\"async\" width=\"150\" height=\"150\" src=\"https:\/\/www.anae.archi\/fr\/wp-content\/uploads\/2024\/08\/yadlo-1-150x150.jpg\" class=\"attachment-thumbnail size-thumbnail wp-image-1156\" srcset=\"https:\/\/www.anae.archi\/fr\/wp-content\/uploads\/2024\/08\/yadlo-1-150x150.jpg 150w, https:\/\/www.anae.archi\/fr\/wp-content\/uploads\/2024\/08\/yadlo-1-300x300.jpg 300w, https:\/\/www.anae.archi\/fr\/wp-content\/uploads\/2024\/08\/yadlo-1-1024x1024.jpg 1024w, https:\/\/www.anae.archi\/fr\/wp-content\/uploads\/2024\/08\/yadlo-1-768x768.jpg 768w, https:\/\/www.anae.archi\/fr\/wp-content\/uploads\/2024\/08\/yadlo-1-1536x1536.jpg 1536w, https:\/\/www.anae.archi\/fr\/wp-content\/uploads\/2024\/08\/yadlo-1-2048x2048.jpg 2048w\" sizes=\"(max-width: 150px) 100vw, 150px\" \/><\/div>\n\t\t\t\t\t\t<div class=\"be-desc\">\n\t\t\t\t\t\t\t<h3 class=\"be-title\">06-08.07.2024<\/h3>\t\t\t\t\t\t\t<div class=\"be-content\"><p>anae sponsorise <span style=\"text-decoration: underline\"><a class=\"text-primary\" href=\"https:\/\/www.yadlo.ch\/\" target=\"_blank\" rel=\"noopener\">Yadlo<\/a><\/span>\u00a0!<br \/>Le festival \u00e0 la plage de Pr\u00e9verenges est sponsoris\u00e9 pour la premi\u00e8re fois par anae. Ici, on travaille en local et parfois, pour revenir plein de nouvelles id\u00e9es, on d\u00e9connecte et on fait la f\u00eate !<\/p><\/div>\t\t\t\t\t\t<\/div>\n\n\t\t\t\t\t\n\t\t\t\t<\/div>\n\n\t\t\t<\/div>\n\t\t<\/div>\n\t\t\t<\/li>\n\t\t\t<li class=\"timeline-right\"> \n\t\t\t<div class=\"tl-circ\"><\/div>\n\t\t <div class=\"timeline-panel\">\n\t\t   <div class=\"tl-heading\">\n\t\t\t <div class=\"tl-content\">\n\n\t\t\t    \n\t\t\t\t\t\t<div class=\"timeline_pic pull-left\"><img loading=\"lazy\" decoding=\"async\" width=\"150\" height=\"150\" src=\"https:\/\/www.anae.archi\/fr\/wp-content\/uploads\/2024\/08\/ependes-24-150x150.jpg\" class=\"attachment-thumbnail size-thumbnail wp-image-1159\" srcset=\"https:\/\/www.anae.archi\/fr\/wp-content\/uploads\/2024\/08\/ependes-24-150x150.jpg 150w, https:\/\/www.anae.archi\/fr\/wp-content\/uploads\/2024\/08\/ependes-24-300x300.jpg 300w, https:\/\/www.anae.archi\/fr\/wp-content\/uploads\/2024\/08\/ependes-24-1024x1024.jpg 1024w, https:\/\/www.anae.archi\/fr\/wp-content\/uploads\/2024\/08\/ependes-24-768x768.jpg 768w, https:\/\/www.anae.archi\/fr\/wp-content\/uploads\/2024\/08\/ependes-24.jpg 1440w\" sizes=\"(max-width: 150px) 100vw, 150px\" \/><\/div>\n\t\t\t\t\t\t<div class=\"be-desc\">\n\t\t\t\t\t\t\t<h3 class=\"be-title\">21.06.2024<\/h3>\t\t\t\t\t\t\t<div class=\"be-content\"><p><em>Publication sur nos r\u00e9seaux<\/em><br \/>Isolation en cours de pose \u00e0 Ependes !<\/p><p><a href=\"https:\/\/www.instagram.com\/anae.archi\/\" target=\"_blank\" rel=\"noopener\">Voir sur instagram-&gt;&gt;<\/a><\/p><p>\u00a0 \u00a0 \u00a0 \u00a0 \u00a0 \u00a0\u00a0 \u00a0\u00a0 \u00a0 \u00a0<img loading=\"lazy\" decoding=\"async\" class=\"alignnone wp-image-5049 size-thumbnail\" src=\"https:\/\/www.anae.archi\/fr\/wp-content\/uploads\/2024\/10\/ependes-23-1-150x150.jpeg\" alt=\"\" width=\"150\" height=\"150\" srcset=\"https:\/\/www.anae.archi\/fr\/wp-content\/uploads\/2024\/10\/ependes-23-1-150x150.jpeg 150w, https:\/\/www.anae.archi\/fr\/wp-content\/uploads\/2024\/10\/ependes-23-1-300x300.jpeg 300w, https:\/\/www.anae.archi\/fr\/wp-content\/uploads\/2024\/10\/ependes-23-1-1024x1024.jpeg 1024w, https:\/\/www.anae.archi\/fr\/wp-content\/uploads\/2024\/10\/ependes-23-1-768x768.jpeg 768w, https:\/\/www.anae.archi\/fr\/wp-content\/uploads\/2024\/10\/ependes-23-1.jpeg 1440w\" sizes=\"(max-width: 150px) 100vw, 150px\" \/><\/p><\/div>\t\t\t\t\t\t<\/div>\n\n\t\t\t\t\t\n\t\t\t\t<\/div>\n\n\t\t\t<\/div>\n\t\t<\/div>\n\t\t\t<\/li>\n\t\t\t<li class=\"timeline-inverted\"> \n\t\t\t<div class=\"tl-circ\"><\/div>\n\t\t <div class=\"timeline-panel\">\n\t\t   <div class=\"tl-heading\">\n\t\t\t <div class=\"tl-content\">\n\n\t\t\t    \n\t\t\t\t\t\t<div class=\"timeline_pic pull-left\"><img loading=\"lazy\" decoding=\"async\" width=\"150\" height=\"150\" src=\"https:\/\/www.anae.archi\/fr\/wp-content\/uploads\/2024\/08\/ependes-22-150x150.jpg\" class=\"attachment-thumbnail size-thumbnail wp-image-1160\" srcset=\"https:\/\/www.anae.archi\/fr\/wp-content\/uploads\/2024\/08\/ependes-22-150x150.jpg 150w, https:\/\/www.anae.archi\/fr\/wp-content\/uploads\/2024\/08\/ependes-22-300x300.jpg 300w, https:\/\/www.anae.archi\/fr\/wp-content\/uploads\/2024\/08\/ependes-22-1024x1024.jpg 1024w, https:\/\/www.anae.archi\/fr\/wp-content\/uploads\/2024\/08\/ependes-22-768x768.jpg 768w, https:\/\/www.anae.archi\/fr\/wp-content\/uploads\/2024\/08\/ependes-22.jpg 1491w\" sizes=\"(max-width: 150px) 100vw, 150px\" \/><\/div>\n\t\t\t\t\t\t<div class=\"be-desc\">\n\t\t\t\t\t\t\t<h3 class=\"be-title\">21.06.2024<\/h3>\t\t\t\t\t\t\t<div class=\"be-content\"><p><em>Publication sur nos r\u00e9seaux<\/em><br \/>Escalier pos\u00e9 \u00e0 Ependes !<\/p><p><a href=\"https:\/\/www.instagram.com\/anae.archi\/\" target=\"_blank\" rel=\"noopener\">Voir sur instagram-&gt;&gt;<\/a><\/p><\/div>\t\t\t\t\t\t<\/div>\n\n\t\t\t\t\t\n\t\t\t\t<\/div>\n\n\t\t\t<\/div>\n\t\t<\/div>\n\t\t\t<\/li>\n\t\t\t<li class=\"timeline-right\"> \n\t\t\t<div class=\"tl-circ\"><\/div>\n\t\t <div class=\"timeline-panel\">\n\t\t   <div class=\"tl-heading\">\n\t\t\t <div class=\"tl-content\">\n\n\t\t\t    \n\t\t\t\t\t\t<div class=\"timeline_pic pull-left\"><img loading=\"lazy\" decoding=\"async\" width=\"150\" height=\"150\" src=\"https:\/\/www.anae.archi\/fr\/wp-content\/uploads\/2024\/10\/ependes-19-1-150x150.jpeg\" class=\"attachment-thumbnail size-thumbnail wp-image-5054\" srcset=\"https:\/\/www.anae.archi\/fr\/wp-content\/uploads\/2024\/10\/ependes-19-1-150x150.jpeg 150w, https:\/\/www.anae.archi\/fr\/wp-content\/uploads\/2024\/10\/ependes-19-1-300x300.jpeg 300w, https:\/\/www.anae.archi\/fr\/wp-content\/uploads\/2024\/10\/ependes-19-1-1024x1024.jpeg 1024w, https:\/\/www.anae.archi\/fr\/wp-content\/uploads\/2024\/10\/ependes-19-1-768x768.jpeg 768w, https:\/\/www.anae.archi\/fr\/wp-content\/uploads\/2024\/10\/ependes-19-1.jpeg 1440w\" sizes=\"(max-width: 150px) 100vw, 150px\" \/><\/div>\n\t\t\t\t\t\t<div class=\"be-desc\">\n\t\t\t\t\t\t\t<h3 class=\"be-title\">26.04.2024<\/h3>\t\t\t\t\t\t\t<div class=\"be-content\"><p><em>Publication sur nos r\u00e9seaux<\/em><br \/>Enduits \u00e0 la chaux en cours \u00e0 Ependes !<br \/>Il est fini au 1er \u00e9tage (1e image) mais fini de s\u00e9cher. Au rez, on voit la premi\u00e8re couche en cours d'ex\u00e9cution.<\/p><p><a href=\"https:\/\/www.instagram.com\/anae.archi\/\" target=\"_blank\" rel=\"noopener\">Voir sur instagram-&gt;&gt;<\/a><\/p><p><img loading=\"lazy\" decoding=\"async\" class=\"alignnone wp-image-5052 size-thumbnail\" src=\"https:\/\/www.anae.archi\/fr\/wp-content\/uploads\/2024\/10\/ependes-20-1-150x150.jpeg?_t=1733924792\" alt=\"\" width=\"150\" height=\"150\" srcset=\"https:\/\/www.anae.archi\/fr\/wp-content\/uploads\/2024\/10\/ependes-20-1-150x150.jpeg 150w, https:\/\/www.anae.archi\/fr\/wp-content\/uploads\/2024\/10\/ependes-20-1-300x300.jpeg 300w, https:\/\/www.anae.archi\/fr\/wp-content\/uploads\/2024\/10\/ependes-20-1-1024x1024.jpeg 1024w, https:\/\/www.anae.archi\/fr\/wp-content\/uploads\/2024\/10\/ependes-20-1-768x768.jpeg 768w, https:\/\/www.anae.archi\/fr\/wp-content\/uploads\/2024\/10\/ependes-20-1.jpeg 1440w\" sizes=\"(max-width: 150px) 100vw, 150px\" \/><img loading=\"lazy\" decoding=\"async\" class=\"alignnone wp-image-5050 size-thumbnail\" src=\"https:\/\/www.anae.archi\/fr\/wp-content\/uploads\/2024\/10\/ependes-21-1-150x150.jpeg?_t=1733924802\" alt=\"\" width=\"150\" height=\"150\" srcset=\"https:\/\/www.anae.archi\/fr\/wp-content\/uploads\/2024\/10\/ependes-21-1-150x150.jpeg 150w, https:\/\/www.anae.archi\/fr\/wp-content\/uploads\/2024\/10\/ependes-21-1-300x300.jpeg 300w, https:\/\/www.anae.archi\/fr\/wp-content\/uploads\/2024\/10\/ependes-21-1-1024x1024.jpeg 1024w, https:\/\/www.anae.archi\/fr\/wp-content\/uploads\/2024\/10\/ependes-21-1-768x767.jpeg 768w, https:\/\/www.anae.archi\/fr\/wp-content\/uploads\/2024\/10\/ependes-21-1.jpeg 1440w\" sizes=\"(max-width: 150px) 100vw, 150px\" \/><\/p><\/div>\t\t\t\t\t\t<\/div>\n\n\t\t\t\t\t\n\t\t\t\t<\/div>\n\n\t\t\t<\/div>\n\t\t<\/div>\n\t\t\t<\/li>\n\t\t\t<li class=\"timeline-inverted\"> \n\t\t\t<div class=\"tl-circ\"><\/div>\n\t\t <div class=\"timeline-panel\">\n\t\t   <div class=\"tl-heading\">\n\t\t\t <div class=\"tl-content\">\n\n\t\t\t    \n\t\t\t\t\t\t<div class=\"timeline_pic pull-left\"><img loading=\"lazy\" decoding=\"async\" width=\"150\" height=\"150\" src=\"https:\/\/www.anae.archi\/fr\/wp-content\/uploads\/2024\/10\/ependes-15-150x150.jpeg\" class=\"attachment-thumbnail size-thumbnail wp-image-5022\" srcset=\"https:\/\/www.anae.archi\/fr\/wp-content\/uploads\/2024\/10\/ependes-15-150x150.jpeg 150w, https:\/\/www.anae.archi\/fr\/wp-content\/uploads\/2024\/10\/ependes-15-300x300.jpeg 300w, https:\/\/www.anae.archi\/fr\/wp-content\/uploads\/2024\/10\/ependes-15-1024x1024.jpeg 1024w, https:\/\/www.anae.archi\/fr\/wp-content\/uploads\/2024\/10\/ependes-15-768x767.jpeg 768w, https:\/\/www.anae.archi\/fr\/wp-content\/uploads\/2024\/10\/ependes-15.jpeg 1440w\" sizes=\"(max-width: 150px) 100vw, 150px\" \/><\/div>\n\t\t\t\t\t\t<div class=\"be-desc\">\n\t\t\t\t\t\t\t<h3 class=\"be-title\">19.04.2024<\/h3>\t\t\t\t\t\t\t<div class=\"be-content\"><p><em>Publication sur nos r\u00e9seaux<\/em><br \/>Pose des plafonds \u00e0 Ependes !<br \/>Isolation en laine de mouton (tr\u00e8s bon isolant phonique) et pose de placo entre poutres. C'est du boulot et le rendu une fois peint sera magnifique.<\/p><p><a href=\"https:\/\/www.instagram.com\/anae.archi\/\" target=\"_blank\" rel=\"noopener\">Voir sur instagram-&gt;&gt;<\/a><\/p><p><img loading=\"lazy\" decoding=\"async\" class=\"alignnone wp-image-5055 size-thumbnail\" src=\"https:\/\/www.anae.archi\/fr\/wp-content\/uploads\/2024\/10\/ependes-16-1-150x150.jpeg?_t=1733924817\" alt=\"\" width=\"150\" height=\"150\" srcset=\"https:\/\/www.anae.archi\/fr\/wp-content\/uploads\/2024\/10\/ependes-16-1-150x150.jpeg 150w, https:\/\/www.anae.archi\/fr\/wp-content\/uploads\/2024\/10\/ependes-16-1-300x300.jpeg 300w, https:\/\/www.anae.archi\/fr\/wp-content\/uploads\/2024\/10\/ependes-16-1-1024x1024.jpeg 1024w, https:\/\/www.anae.archi\/fr\/wp-content\/uploads\/2024\/10\/ependes-16-1-768x768.jpeg 768w, https:\/\/www.anae.archi\/fr\/wp-content\/uploads\/2024\/10\/ependes-16-1.jpeg 1440w\" sizes=\"(max-width: 150px) 100vw, 150px\" \/><img loading=\"lazy\" decoding=\"async\" class=\"alignnone wp-image-5056 size-thumbnail\" src=\"https:\/\/www.anae.archi\/fr\/wp-content\/uploads\/2024\/10\/ependes-17-1-150x150.jpeg?_t=1733924828\" alt=\"\" width=\"150\" height=\"150\" srcset=\"https:\/\/www.anae.archi\/fr\/wp-content\/uploads\/2024\/10\/ependes-17-1-150x150.jpeg 150w, https:\/\/www.anae.archi\/fr\/wp-content\/uploads\/2024\/10\/ependes-17-1-300x300.jpeg 300w, https:\/\/www.anae.archi\/fr\/wp-content\/uploads\/2024\/10\/ependes-17-1-1024x1024.jpeg 1024w, https:\/\/www.anae.archi\/fr\/wp-content\/uploads\/2024\/10\/ependes-17-1-768x768.jpeg 768w, https:\/\/www.anae.archi\/fr\/wp-content\/uploads\/2024\/10\/ependes-17-1.jpeg 1440w\" sizes=\"(max-width: 150px) 100vw, 150px\" \/><img loading=\"lazy\" decoding=\"async\" class=\"alignnone wp-image-5053 size-thumbnail\" src=\"https:\/\/www.anae.archi\/fr\/wp-content\/uploads\/2024\/10\/ependes-18-1-150x150.jpeg?_t=1733924837\" alt=\"\" width=\"150\" height=\"150\" srcset=\"https:\/\/www.anae.archi\/fr\/wp-content\/uploads\/2024\/10\/ependes-18-1-150x150.jpeg 150w, https:\/\/www.anae.archi\/fr\/wp-content\/uploads\/2024\/10\/ependes-18-1-300x300.jpeg 300w, https:\/\/www.anae.archi\/fr\/wp-content\/uploads\/2024\/10\/ependes-18-1-1024x1024.jpeg 1024w, https:\/\/www.anae.archi\/fr\/wp-content\/uploads\/2024\/10\/ependes-18-1-768x768.jpeg 768w, https:\/\/www.anae.archi\/fr\/wp-content\/uploads\/2024\/10\/ependes-18-1.jpeg 1440w\" sizes=\"(max-width: 150px) 100vw, 150px\" \/><\/p><\/div>\t\t\t\t\t\t<\/div>\n\n\t\t\t\t\t\n\t\t\t\t<\/div>\n\n\t\t\t<\/div>\n\t\t<\/div>\n\t\t\t<\/li>\n\t\t\t<li class=\"timeline-right\"> \n\t\t\t<div class=\"tl-circ\"><\/div>\n\t\t <div class=\"timeline-panel\">\n\t\t   <div class=\"tl-heading\">\n\t\t\t <div class=\"tl-content\">\n\n\t\t\t    \n\t\t\t\t\t\t<div class=\"timeline_pic pull-left\"><img loading=\"lazy\" decoding=\"async\" width=\"150\" height=\"150\" src=\"https:\/\/www.anae.archi\/fr\/wp-content\/uploads\/2024\/08\/12ans-150x150.png\" class=\"attachment-thumbnail size-thumbnail wp-image-1163\" \/><\/div>\n\t\t\t\t\t\t<div class=\"be-desc\">\n\t\t\t\t\t\t\t<h3 class=\"be-title\">04.04.2024<\/h3>\t\t\t\t\t\t\t<div class=\"be-content\"><p>Aujourd'hui est une date importante pour moi...!! L'occasion de faire un retour sur 12 ans de projets !\u00a0<br \/>lien vers la vid\u00e9o c\u00e9l\u00e9brant les 12 ans de mon entreprise\u00a0<span style=\"text-decoration: underline\"><a class=\"text-primary\" href=\"https:\/\/www.instagram.com\/reel\/C5VgWQfIj_p\/?utm_source=ig_web_copy_link&amp;igsh=MzRlODBiNWFlZA==\" target=\"_blank\" rel=\"noopener\">ici<\/a><\/span>\u00a0!<\/p><\/div>\t\t\t\t\t\t<\/div>\n\n\t\t\t\t\t\n\t\t\t\t<\/div>\n\n\t\t\t<\/div>\n\t\t<\/div>\n\t\t\t<\/li>\n\t\t\t<li class=\"timeline-inverted\"> \n\t\t\t<div class=\"tl-circ\"><\/div>\n\t\t <div class=\"timeline-panel\">\n\t\t   <div class=\"tl-heading\">\n\t\t\t <div class=\"tl-content\">\n\n\t\t\t    \n\t\t\t\t\t\t<div class=\"timeline_pic pull-left\"><img loading=\"lazy\" decoding=\"async\" width=\"150\" height=\"150\" src=\"https:\/\/www.anae.archi\/fr\/wp-content\/uploads\/2024\/08\/ependes-13-150x150.jpg\" class=\"attachment-thumbnail size-thumbnail wp-image-1168\" srcset=\"https:\/\/www.anae.archi\/fr\/wp-content\/uploads\/2024\/08\/ependes-13-150x150.jpg 150w, https:\/\/www.anae.archi\/fr\/wp-content\/uploads\/2024\/08\/ependes-13-300x300.jpg 300w, https:\/\/www.anae.archi\/fr\/wp-content\/uploads\/2024\/08\/ependes-13-1024x1024.jpg 1024w, https:\/\/www.anae.archi\/fr\/wp-content\/uploads\/2024\/08\/ependes-13-768x768.jpg 768w, https:\/\/www.anae.archi\/fr\/wp-content\/uploads\/2024\/08\/ependes-13.jpg 1440w\" sizes=\"(max-width: 150px) 100vw, 150px\" \/><\/div>\n\t\t\t\t\t\t<div class=\"be-desc\">\n\t\t\t\t\t\t\t<h3 class=\"be-title\">28.03.2024<\/h3>\t\t\t\t\t\t\t<div class=\"be-content\"><p><em>Publication sur nos r\u00e9seaux<\/em>\u00a0<br \/>Fen\u00eatres pos\u00e9es \u00e0 Ependes ! On voit de plus en plus clair dans cet espace \ud83d\ude09\u00a0<\/p><p><a href=\"https:\/\/www.instagram.com\/anae.archi\/\" target=\"_blank\" rel=\"noopener\">Voir sur instagram-&gt;&gt;<\/a><\/p><p><img loading=\"lazy\" decoding=\"async\" class=\"alignnone wp-image-5057 size-thumbnail\" src=\"https:\/\/www.anae.archi\/fr\/wp-content\/uploads\/2024\/10\/ependes-14-1-150x150.jpeg?_t=1733924857\" alt=\"\" width=\"150\" height=\"150\" srcset=\"https:\/\/www.anae.archi\/fr\/wp-content\/uploads\/2024\/10\/ependes-14-1-150x150.jpeg 150w, https:\/\/www.anae.archi\/fr\/wp-content\/uploads\/2024\/10\/ependes-14-1-300x300.jpeg 300w, https:\/\/www.anae.archi\/fr\/wp-content\/uploads\/2024\/10\/ependes-14-1-1024x1024.jpeg 1024w, https:\/\/www.anae.archi\/fr\/wp-content\/uploads\/2024\/10\/ependes-14-1-768x768.jpeg 768w, https:\/\/www.anae.archi\/fr\/wp-content\/uploads\/2024\/10\/ependes-14-1.jpeg 1440w\" sizes=\"(max-width: 150px) 100vw, 150px\" \/><\/p><\/div>\t\t\t\t\t\t<\/div>\n\n\t\t\t\t\t\n\t\t\t\t<\/div>\n\n\t\t\t<\/div>\n\t\t<\/div>\n\t\t\t<\/li>\n\t\t\t<li class=\"timeline-right\"> \n\t\t\t<div class=\"tl-circ\"><\/div>\n\t\t <div class=\"timeline-panel\">\n\t\t   <div class=\"tl-heading\">\n\t\t\t <div class=\"tl-content\">\n\n\t\t\t    \n\t\t\t\t\t\t<div class=\"timeline_pic pull-left\"><img loading=\"lazy\" decoding=\"async\" width=\"150\" height=\"150\" src=\"https:\/\/www.anae.archi\/fr\/wp-content\/uploads\/2024\/10\/ependes-8-1-150x150.jpg\" class=\"attachment-thumbnail size-thumbnail wp-image-5065\" srcset=\"https:\/\/www.anae.archi\/fr\/wp-content\/uploads\/2024\/10\/ependes-8-1-150x150.jpg 150w, https:\/\/www.anae.archi\/fr\/wp-content\/uploads\/2024\/10\/ependes-8-1-300x300.jpg 300w, https:\/\/www.anae.archi\/fr\/wp-content\/uploads\/2024\/10\/ependes-8-1-1024x1024.jpg 1024w, https:\/\/www.anae.archi\/fr\/wp-content\/uploads\/2024\/10\/ependes-8-1-768x768.jpg 768w, https:\/\/www.anae.archi\/fr\/wp-content\/uploads\/2024\/10\/ependes-8-1.jpg 1440w\" sizes=\"(max-width: 150px) 100vw, 150px\" \/><\/div>\n\t\t\t\t\t\t<div class=\"be-desc\">\n\t\t\t\t\t\t\t<h3 class=\"be-title\">22.03.2024<\/h3>\t\t\t\t\t\t\t<div class=\"be-content\"><p><em>Publication sur nos r\u00e9seaux\u00a0<\/em><br \/>Ex\u00e9cution de la chape s\u00e8che \u00e0 Ependes!<br \/>Granul\u00e9s de compensation, plaques de Fermacell, isolation en fibre de bois dense, plaques de Fermacell, pose des plaques Therm25, pose des serpentins de chauffage dans les plaques et enfin plaques de Fermacell de finition.<br \/>Une alternative \u00e9cologique aux chapes ciment si r\u00e9pandue habituellement !<\/p><p><a href=\"https:\/\/www.instagram.com\/anae.archi\/\" target=\"_blank\" rel=\"noopener\">Voir sur instagram-&gt;&gt;<\/a><\/p><p><img loading=\"lazy\" decoding=\"async\" class=\"alignnone wp-image-5016 size-thumbnail\" src=\"https:\/\/www.anae.archi\/fr\/wp-content\/uploads\/2024\/10\/ependes-9-150x150.jpg?_t=1733924875\" alt=\"\" width=\"150\" height=\"150\" srcset=\"https:\/\/www.anae.archi\/fr\/wp-content\/uploads\/2024\/10\/ependes-9-150x150.jpg 150w, https:\/\/www.anae.archi\/fr\/wp-content\/uploads\/2024\/10\/ependes-9-300x300.jpg 300w, https:\/\/www.anae.archi\/fr\/wp-content\/uploads\/2024\/10\/ependes-9-1024x1024.jpg 1024w, https:\/\/www.anae.archi\/fr\/wp-content\/uploads\/2024\/10\/ependes-9-768x768.jpg 768w, https:\/\/www.anae.archi\/fr\/wp-content\/uploads\/2024\/10\/ependes-9.jpg 1440w\" sizes=\"(max-width: 150px) 100vw, 150px\" \/><img loading=\"lazy\" decoding=\"async\" class=\"alignnone wp-image-5017 size-thumbnail\" src=\"https:\/\/www.anae.archi\/fr\/wp-content\/uploads\/2024\/10\/ependes-10-150x150.jpg?_t=1733924882\" alt=\"\" width=\"150\" height=\"150\" srcset=\"https:\/\/www.anae.archi\/fr\/wp-content\/uploads\/2024\/10\/ependes-10-150x150.jpg 150w, https:\/\/www.anae.archi\/fr\/wp-content\/uploads\/2024\/10\/ependes-10-300x300.jpg 300w, https:\/\/www.anae.archi\/fr\/wp-content\/uploads\/2024\/10\/ependes-10-1024x1024.jpg 1024w, https:\/\/www.anae.archi\/fr\/wp-content\/uploads\/2024\/10\/ependes-10-768x768.jpg 768w, https:\/\/www.anae.archi\/fr\/wp-content\/uploads\/2024\/10\/ependes-10.jpg 1440w\" sizes=\"(max-width: 150px) 100vw, 150px\" \/><img loading=\"lazy\" decoding=\"async\" class=\"alignnone wp-image-5018 size-thumbnail\" src=\"https:\/\/www.anae.archi\/fr\/wp-content\/uploads\/2024\/10\/ependes-11-150x150.jpg?_t=1733924892\" alt=\"\" width=\"150\" height=\"150\" srcset=\"https:\/\/www.anae.archi\/fr\/wp-content\/uploads\/2024\/10\/ependes-11-150x150.jpg 150w, https:\/\/www.anae.archi\/fr\/wp-content\/uploads\/2024\/10\/ependes-11-300x300.jpg 300w, https:\/\/www.anae.archi\/fr\/wp-content\/uploads\/2024\/10\/ependes-11-1024x1024.jpg 1024w, https:\/\/www.anae.archi\/fr\/wp-content\/uploads\/2024\/10\/ependes-11-768x768.jpg 768w, https:\/\/www.anae.archi\/fr\/wp-content\/uploads\/2024\/10\/ependes-11.jpg 1440w\" sizes=\"(max-width: 150px) 100vw, 150px\" \/><img loading=\"lazy\" decoding=\"async\" class=\"alignnone wp-image-5019 size-thumbnail\" src=\"https:\/\/www.anae.archi\/fr\/wp-content\/uploads\/2024\/10\/ependes-12-150x150.jpg?_t=1733924903\" alt=\"\" width=\"150\" height=\"150\" srcset=\"https:\/\/www.anae.archi\/fr\/wp-content\/uploads\/2024\/10\/ependes-12-150x150.jpg 150w, https:\/\/www.anae.archi\/fr\/wp-content\/uploads\/2024\/10\/ependes-12-300x300.jpg 300w, https:\/\/www.anae.archi\/fr\/wp-content\/uploads\/2024\/10\/ependes-12-1024x1024.jpg 1024w, https:\/\/www.anae.archi\/fr\/wp-content\/uploads\/2024\/10\/ependes-12-768x768.jpg 768w, https:\/\/www.anae.archi\/fr\/wp-content\/uploads\/2024\/10\/ependes-12.jpg 1440w\" sizes=\"(max-width: 150px) 100vw, 150px\" \/><\/p><\/div>\t\t\t\t\t\t<\/div>\n\n\t\t\t\t\t\n\t\t\t\t<\/div>\n\n\t\t\t<\/div>\n\t\t<\/div>\n\t\t\t<\/li>\n\t\t\t<li class=\"timeline-inverted\"> \n\t\t\t<div class=\"tl-circ\"><\/div>\n\t\t <div class=\"timeline-panel\">\n\t\t   <div class=\"tl-heading\">\n\t\t\t <div class=\"tl-content\">\n\n\t\t\t    \n\t\t\t\t\t\t<div class=\"timeline_pic pull-left\"><img loading=\"lazy\" decoding=\"async\" width=\"150\" height=\"150\" src=\"https:\/\/www.anae.archi\/fr\/wp-content\/uploads\/2024\/10\/ependes-6-150x150.jpeg\" class=\"attachment-thumbnail size-thumbnail wp-image-5013\" srcset=\"https:\/\/www.anae.archi\/fr\/wp-content\/uploads\/2024\/10\/ependes-6-150x150.jpeg 150w, https:\/\/www.anae.archi\/fr\/wp-content\/uploads\/2024\/10\/ependes-6-300x300.jpeg 300w, https:\/\/www.anae.archi\/fr\/wp-content\/uploads\/2024\/10\/ependes-6-1024x1024.jpeg 1024w, https:\/\/www.anae.archi\/fr\/wp-content\/uploads\/2024\/10\/ependes-6-768x768.jpeg 768w, https:\/\/www.anae.archi\/fr\/wp-content\/uploads\/2024\/10\/ependes-6.jpeg 1440w\" sizes=\"(max-width: 150px) 100vw, 150px\" \/><\/div>\n\t\t\t\t\t\t<div class=\"be-desc\">\n\t\t\t\t\t\t\t<h3 class=\"be-title\">20.02.2024<\/h3>\t\t\t\t\t\t\t<div class=\"be-content\"><p><em>Publication sur nos r\u00e9seaux<\/em>\u00a0<br \/>Structure en bois \u00e0 Ependes<br \/>Avant ici il y avait un escalier en pierre avec des murs de chaque c\u00f4t\u00e9 juste en face de la porte d\u2019entr\u00e9e\u2026 On tournait autour.<br \/>On a tout cass\u00e9! Et poser une belle structure en bois qui permet de respirer. Et d\u2019entrer ailleurs bient\u00f4t \ud83d\ude09<\/p><p><a href=\"https:\/\/www.instagram.com\/anae.archi\/\" target=\"_blank\" rel=\"noopener\">Voir sur instagram-&gt;&gt;<\/a><\/p><p><img loading=\"lazy\" decoding=\"async\" class=\"alignnone wp-image-5014 size-thumbnail\" src=\"https:\/\/www.anae.archi\/fr\/wp-content\/uploads\/2024\/10\/ependes-7-150x150.jpeg?_t=1733924919\" alt=\"\" width=\"150\" height=\"150\" srcset=\"https:\/\/www.anae.archi\/fr\/wp-content\/uploads\/2024\/10\/ependes-7-150x150.jpeg 150w, https:\/\/www.anae.archi\/fr\/wp-content\/uploads\/2024\/10\/ependes-7-300x300.jpeg 300w, https:\/\/www.anae.archi\/fr\/wp-content\/uploads\/2024\/10\/ependes-7-1024x1024.jpeg 1024w, https:\/\/www.anae.archi\/fr\/wp-content\/uploads\/2024\/10\/ependes-7-768x768.jpeg 768w, https:\/\/www.anae.archi\/fr\/wp-content\/uploads\/2024\/10\/ependes-7.jpeg 1440w\" sizes=\"(max-width: 150px) 100vw, 150px\" \/><\/p><\/div>\t\t\t\t\t\t<\/div>\n\n\t\t\t\t\t\n\t\t\t\t<\/div>\n\n\t\t\t<\/div>\n\t\t<\/div>\n\t\t\t<\/li>\n\t\t\t<li class=\"timeline-right\"> \n\t\t\t<div class=\"tl-circ\"><\/div>\n\t\t <div class=\"timeline-panel\">\n\t\t   <div class=\"tl-heading\">\n\t\t\t <div class=\"tl-content\">\n\n\t\t\t    \n\t\t\t\t\t\t<div class=\"timeline_pic pull-left\"><img loading=\"lazy\" decoding=\"async\" width=\"150\" height=\"150\" src=\"https:\/\/www.anae.archi\/fr\/wp-content\/uploads\/2024\/08\/ependes-5-150x150.jpg\" class=\"attachment-thumbnail size-thumbnail wp-image-1170\" srcset=\"https:\/\/www.anae.archi\/fr\/wp-content\/uploads\/2024\/08\/ependes-5-150x150.jpg 150w, https:\/\/www.anae.archi\/fr\/wp-content\/uploads\/2024\/08\/ependes-5-300x300.jpg 300w, https:\/\/www.anae.archi\/fr\/wp-content\/uploads\/2024\/08\/ependes-5-1024x1024.jpg 1024w, https:\/\/www.anae.archi\/fr\/wp-content\/uploads\/2024\/08\/ependes-5-768x768.jpg 768w, https:\/\/www.anae.archi\/fr\/wp-content\/uploads\/2024\/08\/ependes-5-1536x1536.jpg 1536w, https:\/\/www.anae.archi\/fr\/wp-content\/uploads\/2024\/08\/ependes-5-2048x2048.jpg 2048w\" sizes=\"(max-width: 150px) 100vw, 150px\" \/><\/div>\n\t\t\t\t\t\t<div class=\"be-desc\">\n\t\t\t\t\t\t\t<h3 class=\"be-title\">06.02.2024<\/h3>\t\t\t\t\t\t\t<div class=\"be-content\"><section id=\"content06-195\" class=\"header2 cid-u7W5876qAz\"><div class=\"container\"><div class=\"mbr-row mbr-jc-c mbr-black\"><div class=\"title-wrap mbr-m-auto mbr-col-md-12 mbr-col-sm-12 mbr-col-lg-9 align-left mbr-flex\"><div class=\"title-block\"><p class=\"mbr-text mbr-fonts-style mbr-gray display-5\"><em>Publication sur nos r\u00e9seaux\u00a0<\/em><br \/>Isolation de la toiture \u00e0 Ependes !<br \/>Fibre de bois entre chevrons et sous chevrons, pare-vapeur, lambourdage, tubes \u00e9lectriques et Fermacell : tout le processus est visible sur une seule photo !!<\/p><p><a href=\"https:\/\/www.instagram.com\/anae.archi\/\" target=\"_blank\" rel=\"noopener\">Voir sur instagram-&gt;&gt;<\/a><\/p><\/div><\/div><\/div><\/div><\/section><section id=\"ampTestimonials32-196\" class=\"ampTestimonials32 cid-u7W59NSczK\"><div class=\"container\"><div class=\"mbr-row mbr-jc-c\"><div class=\"card mbr-col-sm-12 mbr-col-md-4 mbr-col-lg-4 last-child\"><div class=\"card-wrapper\"><div class=\"card-img\">\u00a0<\/div><\/div><\/div><\/div><\/div><\/section><\/div>\t\t\t\t\t\t<\/div>\n\n\t\t\t\t\t\n\t\t\t\t<\/div>\n\n\t\t\t<\/div>\n\t\t<\/div>\n\t\t\t<\/li>\n\t\t\t<li class=\"timeline-inverted\"> \n\t\t\t<div class=\"tl-circ\"><\/div>\n\t\t <div class=\"timeline-panel\">\n\t\t   <div class=\"tl-heading\">\n\t\t\t <div class=\"tl-content\">\n\n\t\t\t    \n\t\t\t\t\t\t<div class=\"timeline_pic pull-left\"><img loading=\"lazy\" decoding=\"async\" width=\"150\" height=\"150\" src=\"https:\/\/www.anae.archi\/fr\/wp-content\/uploads\/2024\/12\/ependes-3-150x150.jpeg\" class=\"attachment-thumbnail size-thumbnail wp-image-7291\" srcset=\"https:\/\/www.anae.archi\/fr\/wp-content\/uploads\/2024\/12\/ependes-3-150x150.jpeg 150w, https:\/\/www.anae.archi\/fr\/wp-content\/uploads\/2024\/12\/ependes-3-300x300.jpeg 300w, https:\/\/www.anae.archi\/fr\/wp-content\/uploads\/2024\/12\/ependes-3-1024x1024.jpeg 1024w, https:\/\/www.anae.archi\/fr\/wp-content\/uploads\/2024\/12\/ependes-3-768x768.jpeg 768w, https:\/\/www.anae.archi\/fr\/wp-content\/uploads\/2024\/12\/ependes-3.jpeg 1440w\" sizes=\"(max-width: 150px) 100vw, 150px\" \/><\/div>\n\t\t\t\t\t\t<div class=\"be-desc\">\n\t\t\t\t\t\t\t<h3 class=\"be-title\">19.01.2024<\/h3>\t\t\t\t\t\t\t<div class=\"be-content\"><section id=\"content06-195\" class=\"header2 cid-u7W5876qAz\"><div class=\"container\"><div class=\"mbr-row mbr-jc-c mbr-black\"><div class=\"title-wrap mbr-m-auto mbr-col-md-12 mbr-col-sm-12 mbr-col-lg-9 align-left mbr-flex\"><div class=\"title-block\"><p class=\"mbr-text mbr-fonts-style mbr-gray display-5\"><em>Publication sur nos r\u00e9seaux\u00a0<\/em><br \/>Du neuf, du vieux, du bois, des veilles pierres, du pon\u00e7age \u00e0 la main par les propri\u00e9taires, des cloisons en cours de pose ! De la poussi\u00e8re partout... \u00e7a c'est de la r\u00e9novation !!<br \/>Et une toilette qui tr\u00f4ne au milieu du chantier \ud83d\ude42<\/p><p class=\"mbr-text mbr-fonts-style mbr-gray display-5\"><a href=\"https:\/\/www.instagram.com\/anae.archi\/\" target=\"_blank\" rel=\"noopener\">Voir sur instagram-&gt;&gt;<\/a><img loading=\"lazy\" decoding=\"async\" class=\"alignnone wp-image-7293 size-thumbnail\" src=\"https:\/\/www.anae.archi\/fr\/wp-content\/uploads\/2024\/12\/ependes-4-150x150.jpeg?_t=1733915268\" alt=\"\" width=\"150\" height=\"150\" srcset=\"https:\/\/www.anae.archi\/fr\/wp-content\/uploads\/2024\/12\/ependes-4-150x150.jpeg 150w, https:\/\/www.anae.archi\/fr\/wp-content\/uploads\/2024\/12\/ependes-4-300x300.jpeg 300w, https:\/\/www.anae.archi\/fr\/wp-content\/uploads\/2024\/12\/ependes-4-1024x1024.jpeg 1024w, https:\/\/www.anae.archi\/fr\/wp-content\/uploads\/2024\/12\/ependes-4-768x768.jpeg 768w, https:\/\/www.anae.archi\/fr\/wp-content\/uploads\/2024\/12\/ependes-4.jpeg 1440w\" sizes=\"(max-width: 150px) 100vw, 150px\" \/><\/p><\/div><\/div><\/div><\/div><\/section><\/div>\t\t\t\t\t\t<\/div>\n\n\t\t\t\t\t\n\t\t\t\t<\/div>\n\n\t\t\t<\/div>\n\t\t<\/div>\n\t\t\t<\/li>\n\t\t\t<li class=\"timeline-right\"> \n\t\t\t<div class=\"tl-circ\"><\/div>\n\t\t <div class=\"timeline-panel\">\n\t\t   <div class=\"tl-heading\">\n\t\t\t <div class=\"tl-content\">\n\n\t\t\t    \n\t\t\t\t\t\t<div class=\"timeline_pic pull-left\"><img loading=\"lazy\" decoding=\"async\" width=\"150\" height=\"150\" src=\"https:\/\/www.anae.archi\/fr\/wp-content\/uploads\/2024\/08\/chigny-toiture-6-150x150.jpg\" class=\"attachment-thumbnail size-thumbnail wp-image-1172\" srcset=\"https:\/\/www.anae.archi\/fr\/wp-content\/uploads\/2024\/08\/chigny-toiture-6-150x150.jpg 150w, https:\/\/www.anae.archi\/fr\/wp-content\/uploads\/2024\/08\/chigny-toiture-6-300x300.jpg 300w, https:\/\/www.anae.archi\/fr\/wp-content\/uploads\/2024\/08\/chigny-toiture-6-1024x1024.jpg 1024w, https:\/\/www.anae.archi\/fr\/wp-content\/uploads\/2024\/08\/chigny-toiture-6-768x768.jpg 768w, https:\/\/www.anae.archi\/fr\/wp-content\/uploads\/2024\/08\/chigny-toiture-6-1536x1536.jpg 1536w, https:\/\/www.anae.archi\/fr\/wp-content\/uploads\/2024\/08\/chigny-toiture-6-2048x2048.jpg 2048w\" sizes=\"(max-width: 150px) 100vw, 150px\" \/><\/div>\n\t\t\t\t\t\t<div class=\"be-desc\">\n\t\t\t\t\t\t\t<h3 class=\"be-title\">12.01.2024<\/h3>\t\t\t\t\t\t\t<div class=\"be-content\"><section id=\"content06-195\" class=\"header2 cid-u7W5876qAz\"><div class=\"container\"><div class=\"mbr-row mbr-jc-c mbr-black\"><div class=\"title-wrap mbr-m-auto mbr-col-md-12 mbr-col-sm-12 mbr-col-lg-9 align-left mbr-flex\"><div class=\"title-block\"><p class=\"mbr-text mbr-fonts-style mbr-gray display-5\"><em>Publication sur nos r\u00e9seaux\u00a0<\/em><br \/>On a quand m\u00eame 4 panneaux solaires sur un pan et 18 de l'autre !<br \/>Vivement que l'on isole ces fa\u00e7ades et que l'on change le syst\u00e8me de chauffage !<\/p><p class=\"mbr-text mbr-fonts-style mbr-gray display-5\"><a href=\"https:\/\/www.instagram.com\/anae.archi\/\" target=\"_blank\" rel=\"noopener\">Voir sur instagram-&gt;&gt;<\/a><\/p><\/div><\/div><\/div><\/div><\/section><\/div>\t\t\t\t\t\t<\/div>\n\n\t\t\t\t\t\n\t\t\t\t<\/div>\n\n\t\t\t<\/div>\n\t\t<\/div>\n\t\t\t<\/li>\n\t\t\t<li class=\"timeline-inverted\"> \n\t\t\t<div class=\"tl-circ\"><\/div>\n\t\t <div class=\"timeline-panel\">\n\t\t   <div class=\"tl-heading\">\n\t\t\t <div class=\"tl-content\">\n\n\t\t\t    \n\t\t\t\t\t\t<div class=\"timeline_pic pull-left\"><img loading=\"lazy\" decoding=\"async\" width=\"150\" height=\"150\" src=\"https:\/\/www.anae.archi\/fr\/wp-content\/uploads\/2024\/08\/chigny-toiture-5-150x150.jpg\" class=\"attachment-thumbnail size-thumbnail wp-image-1173\" \/><\/div>\n\t\t\t\t\t\t<div class=\"be-desc\">\n\t\t\t\t\t\t\t<h3 class=\"be-title\">12.01.2024<\/h3>\t\t\t\t\t\t\t<div class=\"be-content\"><section id=\"content06-195\" class=\"header2 cid-u7W5876qAz\"><div class=\"container\"><div class=\"mbr-row mbr-jc-c mbr-black\"><div class=\"title-wrap mbr-m-auto mbr-col-md-12 mbr-col-sm-12 mbr-col-lg-9 align-left mbr-flex\"><div class=\"title-block\"><p class=\"mbr-text mbr-fonts-style mbr-gray display-5\"><em>Publication sur nos r\u00e9seaux\u00a0<\/em><br \/>Un joli espace de jeu pour les animaux du coin ! et malgr\u00e9 le temps couvert, on produit de l'\u00e9lectricit\u00e9 pour les besoins de la maison.<br \/>Fin des travaux sur la toiture \u00e0 Chigny. La suite de la r\u00e9novation \u00e0 suivre dans le courant de l'ann\u00e9e !<\/p><p class=\"mbr-text mbr-fonts-style mbr-gray display-5\"><a href=\"https:\/\/www.instagram.com\/anae.archi\/\" target=\"_blank\" rel=\"noopener\">Voir sur instagram-&gt;&gt;<\/a><br \/><img loading=\"lazy\" decoding=\"async\" class=\"wp-image-7294 size-thumbnail alignnone\" src=\"https:\/\/www.anae.archi\/fr\/wp-content\/uploads\/2024\/12\/chigny_toiture_4-150x150.jpeg?_t=1733915419\" alt=\"\" width=\"150\" height=\"150\" \/><\/p><\/div><\/div><\/div><\/div><\/section><\/div>\t\t\t\t\t\t<\/div>\n\n\t\t\t\t\t\n\t\t\t\t<\/div>\n\n\t\t\t<\/div>\n\t\t<\/div>\n\t\t\t<\/li>\n\t\t\t<li class=\"timeline-right\"> \n\t\t\t<div class=\"tl-circ\"><\/div>\n\t\t <div class=\"timeline-panel\">\n\t\t   <div class=\"tl-heading\">\n\t\t\t <div class=\"tl-content\">\n\n\t\t\t    \n\t\t\t\t\t\t\n\t\t\t\t\t\t<div class=\"be-desc\">\n\t\t\t\t\t\t\t<h3 class=\"be-title\">08.01.2024<\/h3>\t\t\t\t\t\t\t<div class=\"be-content\"><section id=\"content06-195\" class=\"header2 cid-u7W5876qAz\"><div class=\"container\"><div class=\"mbr-row mbr-jc-c mbr-black\"><div class=\"title-wrap mbr-m-auto mbr-col-md-12 mbr-col-sm-12 mbr-col-lg-9 align-left mbr-flex\"><div class=\"title-block\"><p class=\"mbr-text mbr-fonts-style mbr-gray display-5\">anae vous souhaite une toute belle nouvelle ann\u00e9e, quelle soit propice aux changements, aux d\u00e9couvertes et \u00e0 de jolis moments !<br \/>De retour au bureau pour de belles et nouvelles aventures ! Restez connect\u00e9 et vous d\u00e9couvrirez toutes les actualit\u00e9s du bureau.\u00a0<\/p><\/div><\/div><\/div><\/div><\/section><\/div>\t\t\t\t\t\t<\/div>\n\n\t\t\t\t\t\n\t\t\t\t<\/div>\n\n\t\t\t<\/div>\n\t\t<\/div>\n\t\t\t<\/li>\n\t\t\t \n      <\/ul>\n\n\t\t\t\t\t<\/div>\n\t\t\t\t<\/div>\n\t\t\t\t<div class=\"elementor-element elementor-element-1ab38c9 elementor-widget elementor-widget-heading\" data-id=\"1ab38c9\" data-element_type=\"widget\" data-e-type=\"widget\" id=\"year2023\" data-widget_type=\"heading.default\">\n\t\t\t\t<div class=\"elementor-widget-container\">\n\t\t\t\t\t<h2 class=\"elementor-heading-title elementor-size-default\">2023<\/h2>\t\t\t\t<\/div>\n\t\t\t\t<\/div>\n\t\t\t\t<div class=\"elementor-element elementor-element-272cfe3 elementor-widget elementor-widget-be-timeline\" data-id=\"272cfe3\" data-element_type=\"widget\" data-e-type=\"widget\" data-widget_type=\"be-timeline.default\">\n\t\t\t\t<div class=\"elementor-widget-container\">\n\t\t\t\t\t<ul class=\"be-pack timeline \"><li class=\"timeline-inverted\"> \n\t\t\t<div class=\"tl-circ\"><\/div>\n\t\t <div class=\"timeline-panel\">\n\t\t   <div class=\"tl-heading\">\n\t\t\t <div class=\"tl-content\">\n\n\t\t\t    \n\t\t\t\t\t\t<div class=\"timeline_pic pull-left\"><img loading=\"lazy\" decoding=\"async\" width=\"150\" height=\"150\" src=\"https:\/\/www.anae.archi\/fr\/wp-content\/uploads\/2024\/10\/ependes-1-1-150x150.jpeg\" class=\"attachment-thumbnail size-thumbnail wp-image-3859\" srcset=\"https:\/\/www.anae.archi\/fr\/wp-content\/uploads\/2024\/10\/ependes-1-1-150x150.jpeg 150w, https:\/\/www.anae.archi\/fr\/wp-content\/uploads\/2024\/10\/ependes-1-1-300x300.jpeg 300w, https:\/\/www.anae.archi\/fr\/wp-content\/uploads\/2024\/10\/ependes-1-1-1024x1024.jpeg 1024w, https:\/\/www.anae.archi\/fr\/wp-content\/uploads\/2024\/10\/ependes-1-1-768x767.jpeg 768w, https:\/\/www.anae.archi\/fr\/wp-content\/uploads\/2024\/10\/ependes-1-1.jpeg 1440w\" sizes=\"(max-width: 150px) 100vw, 150px\" \/><\/div>\n\t\t\t\t\t\t<div class=\"be-desc\">\n\t\t\t\t\t\t\t<h3 class=\"be-title\">20.10.2023<\/h3>\t\t\t\t\t\t\t<div class=\"be-content\"><section id=\"content06-195\" class=\"header2 cid-u7W5876qAz\"><div class=\"container\"><div class=\"mbr-row mbr-jc-c mbr-black\"><div class=\"title-wrap mbr-m-auto mbr-col-md-12 mbr-col-sm-12 mbr-col-lg-9 align-left mbr-flex\"><div class=\"title-block\"><p class=\"mbr-text mbr-fonts-style mbr-gray display-5\">Publication sur nos r\u00e9seaux\u00a0<br \/>D\u00e9molition en cours \u00e0 Ependes !! On casse de tous les c\u00f4t\u00e9s. Et on cr\u00e9e de l'espace!!<br \/>On respire dans ce rez-de-chauss\u00e9e enti\u00e8rement lib\u00e9r\u00e9 de ses cloisons et d'un escalier en b\u00e9ton en plein milieu.\u00a0<\/p><p class=\"mbr-text mbr-fonts-style mbr-gray display-5\"><a href=\"https:\/\/www.instagram.com\/anae.archi\/\" target=\"_blank\" rel=\"noopener\">Voir sur instagram-&gt;&gt;<\/a><\/p><p><img loading=\"lazy\" decoding=\"async\" class=\"alignnone wp-image-7299 size-thumbnail\" src=\"https:\/\/www.anae.archi\/fr\/wp-content\/uploads\/2024\/12\/ependes-2-150x150.jpeg?_t=1733918896\" alt=\"\" width=\"150\" height=\"150\" srcset=\"https:\/\/www.anae.archi\/fr\/wp-content\/uploads\/2024\/12\/ependes-2-150x150.jpeg 150w, https:\/\/www.anae.archi\/fr\/wp-content\/uploads\/2024\/12\/ependes-2-300x300.jpeg 300w, https:\/\/www.anae.archi\/fr\/wp-content\/uploads\/2024\/12\/ependes-2-1024x1024.jpeg 1024w, https:\/\/www.anae.archi\/fr\/wp-content\/uploads\/2024\/12\/ependes-2-768x768.jpeg 768w, https:\/\/www.anae.archi\/fr\/wp-content\/uploads\/2024\/12\/ependes-2.jpeg 1440w\" sizes=\"(max-width: 150px) 100vw, 150px\" \/><\/p><\/div><\/div><\/div><\/div><\/section><\/div>\t\t\t\t\t\t<\/div>\n\n\t\t\t\t\t\n\t\t\t\t<\/div>\n\n\t\t\t<\/div>\n\t\t<\/div>\n\t\t\t<\/li>\n\t\t\t<li class=\"timeline-right\"> \n\t\t\t<div class=\"tl-circ\"><\/div>\n\t\t <div class=\"timeline-panel\">\n\t\t   <div class=\"tl-heading\">\n\t\t\t <div class=\"tl-content\">\n\n\t\t\t    \n\t\t\t\t\t\t<div class=\"timeline_pic pull-left\"><img loading=\"lazy\" decoding=\"async\" width=\"150\" height=\"150\" src=\"https:\/\/www.anae.archi\/fr\/wp-content\/uploads\/2024\/10\/chigny-toiture-1-1-150x150.jpeg\" class=\"attachment-thumbnail size-thumbnail wp-image-3873\" srcset=\"https:\/\/www.anae.archi\/fr\/wp-content\/uploads\/2024\/10\/chigny-toiture-1-1-150x150.jpeg 150w, https:\/\/www.anae.archi\/fr\/wp-content\/uploads\/2024\/10\/chigny-toiture-1-1-300x300.jpeg 300w, https:\/\/www.anae.archi\/fr\/wp-content\/uploads\/2024\/10\/chigny-toiture-1-1-1024x1024.jpeg 1024w, https:\/\/www.anae.archi\/fr\/wp-content\/uploads\/2024\/10\/chigny-toiture-1-1-768x768.jpeg 768w, https:\/\/www.anae.archi\/fr\/wp-content\/uploads\/2024\/10\/chigny-toiture-1-1.jpeg 1440w\" sizes=\"(max-width: 150px) 100vw, 150px\" \/><\/div>\n\t\t\t\t\t\t<div class=\"be-desc\">\n\t\t\t\t\t\t\t<h3 class=\"be-title\">14.09.2023<\/h3>\t\t\t\t\t\t\t<div class=\"be-content\"><section id=\"content06-195\" class=\"header2 cid-u7W5876qAz\"><div class=\"container\"><div class=\"mbr-row mbr-jc-c mbr-black\"><div class=\"title-wrap mbr-m-auto mbr-col-md-12 mbr-col-sm-12 mbr-col-lg-9 align-left mbr-flex\"><div class=\"title-block\"><p class=\"mbr-text mbr-fonts-style mbr-gray display-5\">Publication sur nos r\u00e9seaux\u00a0<br \/>Nouveau chantier en cours! Et sous le soleil s\u2019il vous pla\u00eet!<\/p><p class=\"mbr-text mbr-fonts-style mbr-gray display-5\">Isolation de la toiture apr\u00e8s avoir d\u00e9pos\u00e9 la couverture amiant\u00e9e. Un chantier qui se passe hyper bien, des entreprises au top et une archi et ses clients tout contents!<\/p><p class=\"mbr-text mbr-fonts-style mbr-gray display-5\"><a href=\"https:\/\/www.instagram.com\/anae.archi\/\" target=\"_blank\" rel=\"noopener\">Voir sur instagram-&gt;&gt;<\/a><\/p><p><img loading=\"lazy\" decoding=\"async\" class=\"alignnone wp-image-7300 size-thumbnail\" src=\"https:\/\/www.anae.archi\/fr\/wp-content\/uploads\/2024\/12\/chigny_toiture_2-150x150.jpeg?_t=1733919062\" alt=\"\" width=\"150\" height=\"150\" srcset=\"https:\/\/www.anae.archi\/fr\/wp-content\/uploads\/2024\/12\/chigny_toiture_2-150x150.jpeg 150w, https:\/\/www.anae.archi\/fr\/wp-content\/uploads\/2024\/12\/chigny_toiture_2-300x300.jpeg 300w, https:\/\/www.anae.archi\/fr\/wp-content\/uploads\/2024\/12\/chigny_toiture_2-1024x1024.jpeg 1024w, https:\/\/www.anae.archi\/fr\/wp-content\/uploads\/2024\/12\/chigny_toiture_2-768x768.jpeg 768w, https:\/\/www.anae.archi\/fr\/wp-content\/uploads\/2024\/12\/chigny_toiture_2.jpeg 1440w\" sizes=\"(max-width: 150px) 100vw, 150px\" \/><img loading=\"lazy\" decoding=\"async\" class=\"alignnone wp-image-7301 size-thumbnail\" src=\"https:\/\/www.anae.archi\/fr\/wp-content\/uploads\/2024\/12\/chigny_toiture_3-150x150.jpeg?_t=1733919107\" alt=\"\" width=\"150\" height=\"150\" srcset=\"https:\/\/www.anae.archi\/fr\/wp-content\/uploads\/2024\/12\/chigny_toiture_3-150x150.jpeg 150w, https:\/\/www.anae.archi\/fr\/wp-content\/uploads\/2024\/12\/chigny_toiture_3-300x300.jpeg 300w, https:\/\/www.anae.archi\/fr\/wp-content\/uploads\/2024\/12\/chigny_toiture_3-1024x1024.jpeg 1024w, https:\/\/www.anae.archi\/fr\/wp-content\/uploads\/2024\/12\/chigny_toiture_3-768x768.jpeg 768w, https:\/\/www.anae.archi\/fr\/wp-content\/uploads\/2024\/12\/chigny_toiture_3.jpeg 1440w\" sizes=\"(max-width: 150px) 100vw, 150px\" \/><\/p><\/div><\/div><\/div><\/div><\/section><\/div>\t\t\t\t\t\t<\/div>\n\n\t\t\t\t\t\n\t\t\t\t<\/div>\n\n\t\t\t<\/div>\n\t\t<\/div>\n\t\t\t<\/li>\n\t\t\t<li class=\"timeline-inverted\"> \n\t\t\t<div class=\"tl-circ\"><\/div>\n\t\t <div class=\"timeline-panel\">\n\t\t   <div class=\"tl-heading\">\n\t\t\t <div class=\"tl-content\">\n\n\t\t\t    \n\t\t\t\t\t\t\n\t\t\t\t\t\t<div class=\"be-desc\">\n\t\t\t\t\t\t\t<h3 class=\"be-title\">28.07.2023<\/h3>\t\t\t\t\t\t\t<div class=\"be-content\"><section id=\"content06-195\" class=\"header2 cid-u7W5876qAz\"><div class=\"container\"><div class=\"mbr-row mbr-jc-c mbr-black\"><div class=\"title-wrap mbr-m-auto mbr-col-md-12 mbr-col-sm-12 mbr-col-lg-9 align-left mbr-flex\"><div class=\"title-block\"><p class=\"mbr-text mbr-fonts-style mbr-gray display-5\">Encore une mise \u00e0 l'enqu\u00eate soumise aux autorit\u00e9s ! Cette fois c'est l'immeuble \u00e0 Yverdon qui fait l'objet d'une demande de changement du syst\u00e8me de chauffage. On posera une chaudi\u00e8re \u00e0 pellets de pas moins de 110 kW, il faut bien \u00e7a pour chauffer un immeuble de 7 \u00e9tages !<\/p><\/div><\/div><\/div><\/div><\/section><\/div>\t\t\t\t\t\t<\/div>\n\n\t\t\t\t\t\n\t\t\t\t<\/div>\n\n\t\t\t<\/div>\n\t\t<\/div>\n\t\t\t<\/li>\n\t\t\t<li class=\"timeline-right\"> \n\t\t\t<div class=\"tl-circ\"><\/div>\n\t\t <div class=\"timeline-panel\">\n\t\t   <div class=\"tl-heading\">\n\t\t\t <div class=\"tl-content\">\n\n\t\t\t    \n\t\t\t\t\t\t\n\t\t\t\t\t\t<div class=\"be-desc\">\n\t\t\t\t\t\t\t<h3 class=\"be-title\">30.06.2023<\/h3>\t\t\t\t\t\t\t<div class=\"be-content\"><section id=\"content06-195\" class=\"header2 cid-u7W5876qAz\"><div class=\"container\"><div class=\"mbr-row mbr-jc-c mbr-black\"><div class=\"title-wrap mbr-m-auto mbr-col-md-12 mbr-col-sm-12 mbr-col-lg-9 align-left mbr-flex\"><div class=\"title-block\"><p class=\"mbr-text mbr-fonts-style mbr-gray display-5\">Le permis de Chigny est octroy\u00e9 ! Le chantier est en cours de planification, la premi\u00e8re \u00e9tape d\u00e9butera \u00e0 la fin de l'\u00e9t\u00e9.<br \/><br \/><\/p><\/div><\/div><\/div><\/div><\/section><\/div>\t\t\t\t\t\t<\/div>\n\n\t\t\t\t\t\n\t\t\t\t<\/div>\n\n\t\t\t<\/div>\n\t\t<\/div>\n\t\t\t<\/li>\n\t\t\t<li class=\"timeline-inverted\"> \n\t\t\t<div class=\"tl-circ\"><\/div>\n\t\t <div class=\"timeline-panel\">\n\t\t   <div class=\"tl-heading\">\n\t\t\t <div class=\"tl-content\">\n\n\t\t\t    \n\t\t\t\t\t\t\n\t\t\t\t\t\t<div class=\"be-desc\">\n\t\t\t\t\t\t\t<h3 class=\"be-title\">13.06.2023<\/h3>\t\t\t\t\t\t\t<div class=\"be-content\"><section id=\"content06-195\" class=\"header2 cid-u7W5876qAz\"><div class=\"container\"><div class=\"mbr-row mbr-jc-c mbr-black\"><div class=\"title-wrap mbr-m-auto mbr-col-md-12 mbr-col-sm-12 mbr-col-lg-9 align-left mbr-flex\"><div class=\"title-block\"><p class=\"mbr-text mbr-fonts-style mbr-gray display-5\">Une nouvelle enqu\u00eate publique est publi\u00e9e. Cette fois il s'agit du projet d'Ependes !\u00a0<br \/>Nous allons isoler la maison (toiture, fa\u00e7ades et plafond de la cave), changer les fen\u00eatres, changer le syst\u00e8me de chauffage par une PAC et effectuer des transformations int\u00e9rieures permettant aux nouveaux propri\u00e9taires de se sentir chez eux !<\/p><\/div><\/div><\/div><\/div><\/section><\/div>\t\t\t\t\t\t<\/div>\n\n\t\t\t\t\t\n\t\t\t\t<\/div>\n\n\t\t\t<\/div>\n\t\t<\/div>\n\t\t\t<\/li>\n\t\t\t<li class=\"timeline-right\"> \n\t\t\t<div class=\"tl-circ\"><\/div>\n\t\t <div class=\"timeline-panel\">\n\t\t   <div class=\"tl-heading\">\n\t\t\t <div class=\"tl-content\">\n\n\t\t\t    \n\t\t\t\t\t\t\n\t\t\t\t\t\t<div class=\"be-desc\">\n\t\t\t\t\t\t\t<h3 class=\"be-title\">12.05.2023<\/h3>\t\t\t\t\t\t\t<div class=\"be-content\"><section id=\"content06-195\" class=\"header2 cid-u7W5876qAz\"><div class=\"container\"><div class=\"mbr-row mbr-jc-c mbr-black\"><div class=\"title-wrap mbr-m-auto mbr-col-md-12 mbr-col-sm-12 mbr-col-lg-9 align-left mbr-flex\"><div class=\"title-block\"><p class=\"mbr-text mbr-fonts-style mbr-gray display-5\">Deux mises \u00e0 l'enqu\u00eate publi\u00e9es simultan\u00e9ment ! Le projet de Chigny et celui de Bussigny sont soumis aux autorit\u00e9s. On croise les doigts...!!<br \/>Il s'agit pour Chigny d'isoler une maison individuelle en toiture et fa\u00e7ade ainsi que de changer le syst\u00e8me de chauffage pour une PAC. Les travaux se d\u00e9rouleront en \u00e9tapes.<br \/>A bussigny, nous allons isoler la toiture et les fa\u00e7ades par l'int\u00e9rieur, la maison contig\u00fce \u00e9tant not\u00e9e au monuments historiques. Des panneaux solaires seront \u00e9galement pos\u00e9s.\u00a0<\/p><\/div><\/div><\/div><\/div><\/section><\/div>\t\t\t\t\t\t<\/div>\n\n\t\t\t\t\t\n\t\t\t\t<\/div>\n\n\t\t\t<\/div>\n\t\t<\/div>\n\t\t\t<\/li>\n\t\t\t<li class=\"timeline-inverted\"> \n\t\t\t<div class=\"tl-circ\"><\/div>\n\t\t <div class=\"timeline-panel\">\n\t\t   <div class=\"tl-heading\">\n\t\t\t <div class=\"tl-content\">\n\n\t\t\t    \n\t\t\t\t\t\t\n\t\t\t\t\t\t<div class=\"be-desc\">\n\t\t\t\t\t\t\t<h3 class=\"be-title\">05.05.2023<\/h3>\t\t\t\t\t\t\t<div class=\"be-content\"><section id=\"content06-195\" class=\"header2 cid-u7W5876qAz\"><div class=\"container\"><div class=\"mbr-row mbr-jc-c mbr-black\"><div class=\"title-wrap mbr-m-auto mbr-col-md-12 mbr-col-sm-12 mbr-col-lg-9 align-left mbr-flex\"><div class=\"title-block\"><p class=\"mbr-text mbr-fonts-style mbr-gray display-5\">Journ\u00e9es SIA<br \/>Du 2 au 4 juin prochain, auront lieu les journ\u00e9es SIA, l'occasion de visiter des r\u00e9alisations r\u00e9centes des ing\u00e9nieurs et architectes membres de l'association. Dans ce cadre, aura lieu la visite de l'extension r\u00e9alis\u00e9e \u00e0 Saubraz ! Une extension en bois avec pergola en panneaux photovolta\u00efques semi-transparents. Des briques de terre crue et plein d'autres mat\u00e9riaux bio sourc\u00e9s sont pr\u00e9sents dans cette r\u00e9alisation. De quoi s'inspirer pour de futurs travaux ou tout simplement d\u00e9couvrir ou red\u00e9couvrir la construction naturelle et durable.<br \/>Les portes seront ouvertes le samedi 3 juin de 14h \u00e0 17h.<\/p><p>Plus d'infos\u00a0<span style=\"text-decoration: underline\"><a href=\"https:\/\/www.journees-sia.ch\/objet\/extension-en-bois-dune-maison-individuelle-a-saubraz-utilisation-de-materiaux-naturels\/\" target=\"_blank\" rel=\"noopener\">ici<\/a><\/span>\u00a0!<\/p><\/div><\/div><\/div><\/div><\/section><\/div>\t\t\t\t\t\t<\/div>\n\n\t\t\t\t\t\n\t\t\t\t<\/div>\n\n\t\t\t<\/div>\n\t\t<\/div>\n\t\t\t<\/li>\n\t\t\t<li class=\"timeline-right\"> \n\t\t\t<div class=\"tl-circ\"><\/div>\n\t\t <div class=\"timeline-panel\">\n\t\t   <div class=\"tl-heading\">\n\t\t\t <div class=\"tl-content\">\n\n\t\t\t    \n\t\t\t\t\t\t\n\t\t\t\t\t\t<div class=\"be-desc\">\n\t\t\t\t\t\t\t<h3 class=\"be-title\">17.03.2023<\/h3>\t\t\t\t\t\t\t<div class=\"be-content\"><section id=\"content06-195\" class=\"header2 cid-u7W5876qAz\"><div class=\"container\"><div class=\"mbr-row mbr-jc-c mbr-black\"><div class=\"title-wrap mbr-m-auto mbr-col-md-12 mbr-col-sm-12 mbr-col-lg-9 align-left mbr-flex\"><div class=\"title-block\"><p class=\"mbr-text mbr-fonts-style mbr-gray display-5\">Le chantier de Rueyres a d\u00e9but\u00e9. On a mis en service la nouvelle chaufferie. Pose d'un po\u00eale \u00e0 pellets, d'un accumulateur de chaleur et d'un boiler-PAC. Les panneaux solaires thermiques et photovolta\u00efques seront pos\u00e9s tout bient\u00f4t ! Les travaux int\u00e9rieurs suivent leur cours. Des photos seront bient\u00f4t publi\u00e9es sur nos r\u00e9seaux.<\/p><\/div><\/div><\/div><\/div><\/section><\/div>\t\t\t\t\t\t<\/div>\n\n\t\t\t\t\t\n\t\t\t\t<\/div>\n\n\t\t\t<\/div>\n\t\t<\/div>\n\t\t\t<\/li>\n\t\t\t<li class=\"timeline-inverted\"> \n\t\t\t<div class=\"tl-circ\"><\/div>\n\t\t <div class=\"timeline-panel\">\n\t\t   <div class=\"tl-heading\">\n\t\t\t <div class=\"tl-content\">\n\n\t\t\t    \n\t\t\t\t\t\t<div class=\"timeline_pic pull-left\"><img loading=\"lazy\" decoding=\"async\" width=\"150\" height=\"150\" src=\"https:\/\/www.anae.archi\/fr\/wp-content\/uploads\/2024\/12\/chigny_2-150x150.jpg\" class=\"attachment-thumbnail size-thumbnail wp-image-7302\" srcset=\"https:\/\/www.anae.archi\/fr\/wp-content\/uploads\/2024\/12\/chigny_2-150x150.jpg 150w, https:\/\/www.anae.archi\/fr\/wp-content\/uploads\/2024\/12\/chigny_2-300x300.jpg 300w, https:\/\/www.anae.archi\/fr\/wp-content\/uploads\/2024\/12\/chigny_2-1024x1024.jpg 1024w, https:\/\/www.anae.archi\/fr\/wp-content\/uploads\/2024\/12\/chigny_2-768x768.jpg 768w, https:\/\/www.anae.archi\/fr\/wp-content\/uploads\/2024\/12\/chigny_2.jpg 1440w\" sizes=\"(max-width: 150px) 100vw, 150px\" \/><\/div>\n\t\t\t\t\t\t<div class=\"be-desc\">\n\t\t\t\t\t\t\t<h3 class=\"be-title\">17.03.2023<\/h3>\t\t\t\t\t\t\t<div class=\"be-content\"><section id=\"content06-195\" class=\"header2 cid-u7W5876qAz\"><div class=\"container\"><div class=\"mbr-row mbr-jc-c mbr-black\"><div class=\"title-wrap mbr-m-auto mbr-col-md-12 mbr-col-sm-12 mbr-col-lg-9 align-left mbr-flex\"><div class=\"title-block\"><p class=\"mbr-text mbr-fonts-style mbr-gray display-5\"><em>Publication sur nos r\u00e9seaux<\/em><br \/>L'\u00e9t\u00e9 dernier, on a cr\u00e9\u00e9 une salle de bain \u00e0 la place d'un dressing ! Le r\u00e9sultat final est plut\u00f4t pas mal non ?<br \/>Avec le petit d\u00e9tail de la niche int\u00e9gr\u00e9e dans le mur pour poser les savons et shampooings solides. On a pens\u00e9 \u00e0 tout !<\/p><p>Choix de carrelage effectu\u00e9 chez Id\u00e9alC\u00e9ramique<br \/>Choix sanitaire effectu\u00e9 chez Saneo<\/p><p class=\"mbr-text mbr-fonts-style mbr-gray display-5\"><a href=\"https:\/\/www.instagram.com\/anae.archi\/\" target=\"_blank\" rel=\"noopener\">Voir sur instagram-&gt;&gt;<\/a><\/p><p><img loading=\"lazy\" decoding=\"async\" class=\"alignnone wp-image-7303 size-thumbnail\" src=\"https:\/\/www.anae.archi\/fr\/wp-content\/uploads\/2024\/12\/chigny_3-150x150.jpg?_t=1733919611\" alt=\"\" width=\"150\" height=\"150\" srcset=\"https:\/\/www.anae.archi\/fr\/wp-content\/uploads\/2024\/12\/chigny_3-150x150.jpg 150w, https:\/\/www.anae.archi\/fr\/wp-content\/uploads\/2024\/12\/chigny_3-300x300.jpg 300w, https:\/\/www.anae.archi\/fr\/wp-content\/uploads\/2024\/12\/chigny_3-1024x1024.jpg 1024w, https:\/\/www.anae.archi\/fr\/wp-content\/uploads\/2024\/12\/chigny_3-768x768.jpg 768w, https:\/\/www.anae.archi\/fr\/wp-content\/uploads\/2024\/12\/chigny_3.jpg 1440w\" sizes=\"(max-width: 150px) 100vw, 150px\" \/><img loading=\"lazy\" decoding=\"async\" class=\"alignnone wp-image-7304 size-thumbnail\" src=\"https:\/\/www.anae.archi\/fr\/wp-content\/uploads\/2024\/12\/chigny_4-150x150.jpg?_t=1733919611\" alt=\"\" width=\"150\" height=\"150\" srcset=\"https:\/\/www.anae.archi\/fr\/wp-content\/uploads\/2024\/12\/chigny_4-150x150.jpg 150w, https:\/\/www.anae.archi\/fr\/wp-content\/uploads\/2024\/12\/chigny_4-300x300.jpg 300w, https:\/\/www.anae.archi\/fr\/wp-content\/uploads\/2024\/12\/chigny_4-1024x1024.jpg 1024w, https:\/\/www.anae.archi\/fr\/wp-content\/uploads\/2024\/12\/chigny_4-768x768.jpg 768w, https:\/\/www.anae.archi\/fr\/wp-content\/uploads\/2024\/12\/chigny_4.jpg 1440w\" sizes=\"(max-width: 150px) 100vw, 150px\" \/><\/p><\/div><\/div><\/div><\/div><\/section><\/div>\t\t\t\t\t\t<\/div>\n\n\t\t\t\t\t\n\t\t\t\t<\/div>\n\n\t\t\t<\/div>\n\t\t<\/div>\n\t\t\t<\/li>\n\t\t\t<li class=\"timeline-right\"> \n\t\t\t<div class=\"tl-circ\"><\/div>\n\t\t <div class=\"timeline-panel\">\n\t\t   <div class=\"tl-heading\">\n\t\t\t <div class=\"tl-content\">\n\n\t\t\t    \n\t\t\t\t\t\t\n\t\t\t\t\t\t<div class=\"be-desc\">\n\t\t\t\t\t\t\t<h3 class=\"be-title\">20.01.2023<\/h3>\t\t\t\t\t\t\t<div class=\"be-content\"><section id=\"content06-195\" class=\"header2 cid-u7W5876qAz\"><div class=\"container\"><div class=\"mbr-row mbr-jc-c mbr-black\"><div class=\"title-wrap mbr-m-auto mbr-col-md-12 mbr-col-sm-12 mbr-col-lg-9 align-left mbr-flex\"><div class=\"title-block\"><p class=\"mbr-text mbr-fonts-style mbr-gray display-5\">De retour au bureau apr\u00e8s un repos bien m\u00e9rit\u00e9, on bosse depuis deux semaines sur les nouveaux projets qui vont nous occuper tout au long de l'ann\u00e9e !<\/p><\/div><\/div><\/div><\/div><\/section><\/div>\t\t\t\t\t\t<\/div>\n\n\t\t\t\t\t\n\t\t\t\t<\/div>\n\n\t\t\t<\/div>\n\t\t<\/div>\n\t\t\t<\/li>\n\t\t\t \n      <\/ul>\n\n\t\t\t\t\t<\/div>\n\t\t\t\t<\/div>\n\t\t\t\t<div class=\"elementor-element elementor-element-7a8d3c6 elementor-widget elementor-widget-heading\" data-id=\"7a8d3c6\" data-element_type=\"widget\" data-e-type=\"widget\" id=\"year2022\" data-widget_type=\"heading.default\">\n\t\t\t\t<div class=\"elementor-widget-container\">\n\t\t\t\t\t<h2 class=\"elementor-heading-title elementor-size-default\">2022<\/h2>\t\t\t\t<\/div>\n\t\t\t\t<\/div>\n\t\t\t\t<div class=\"elementor-element elementor-element-7ac9a7b elementor-widget elementor-widget-be-timeline\" data-id=\"7ac9a7b\" data-element_type=\"widget\" data-e-type=\"widget\" data-widget_type=\"be-timeline.default\">\n\t\t\t\t<div class=\"elementor-widget-container\">\n\t\t\t\t\t<ul class=\"be-pack timeline \"><li class=\"timeline-inverted\"> \n\t\t\t<div class=\"tl-circ\"><\/div>\n\t\t <div class=\"timeline-panel\">\n\t\t   <div class=\"tl-heading\">\n\t\t\t <div class=\"tl-content\">\n\n\t\t\t    \n\t\t\t\t\t\t\n\t\t\t\t\t\t<div class=\"be-desc\">\n\t\t\t\t\t\t\t<h3 class=\"be-title\">23.12.2022<\/h3>\t\t\t\t\t\t\t<div class=\"be-content\"><section id=\"content06-195\" class=\"header2 cid-u7W5876qAz\"><div class=\"container\"><div class=\"mbr-row mbr-jc-c mbr-black\"><div class=\"title-wrap mbr-m-auto mbr-col-md-12 mbr-col-sm-12 mbr-col-lg-9 align-left mbr-flex\"><div class=\"title-block\"><p class=\"mbr-text mbr-fonts-style mbr-gray display-5\">Je vous souhaite de passer un joyeux Noel et de toutes belles f\u00eates de fin d'ann\u00e9e ! Apr\u00e8s un repos bien m\u00e9rit\u00e9, je reviens d\u00e8s le 9 janvier avec pleins de nouveaux projets \u00e9co, naturels et renouvelables ! Profitez bien et tous mes voeux de sant\u00e9 et de bonheur \ud83d\ude09<\/p><\/div><\/div><\/div><\/div><\/section><\/div>\t\t\t\t\t\t<\/div>\n\n\t\t\t\t\t\n\t\t\t\t<\/div>\n\n\t\t\t<\/div>\n\t\t<\/div>\n\t\t\t<\/li>\n\t\t\t<li class=\"timeline-right\"> \n\t\t\t<div class=\"tl-circ\"><\/div>\n\t\t <div class=\"timeline-panel\">\n\t\t   <div class=\"tl-heading\">\n\t\t\t <div class=\"tl-content\">\n\n\t\t\t    \n\t\t\t\t\t\t<div class=\"timeline_pic pull-left\"><img loading=\"lazy\" decoding=\"async\" width=\"150\" height=\"150\" src=\"https:\/\/www.anae.archi\/fr\/wp-content\/uploads\/2024\/10\/nathalie-portrait-150x150.jpg\" class=\"attachment-thumbnail size-thumbnail wp-image-3957\" srcset=\"https:\/\/www.anae.archi\/fr\/wp-content\/uploads\/2024\/10\/nathalie-portrait-150x150.jpg 150w, https:\/\/www.anae.archi\/fr\/wp-content\/uploads\/2024\/10\/nathalie-portrait-300x300.jpg 300w, https:\/\/www.anae.archi\/fr\/wp-content\/uploads\/2024\/10\/nathalie-portrait-768x768.jpg 768w, https:\/\/www.anae.archi\/fr\/wp-content\/uploads\/2024\/10\/nathalie-portrait.jpg 900w\" sizes=\"(max-width: 150px) 100vw, 150px\" \/><\/div>\n\t\t\t\t\t\t<div class=\"be-desc\">\n\t\t\t\t\t\t\t<h3 class=\"be-title\">07.12.2022<\/h3>\t\t\t\t\t\t\t<div class=\"be-content\"><section id=\"content06-195\" class=\"header2 cid-u7W5876qAz\"><div class=\"container\"><div class=\"mbr-row mbr-jc-c mbr-black\"><div class=\"title-wrap mbr-m-auto mbr-col-md-12 mbr-col-sm-12 mbr-col-lg-9 align-left mbr-flex\"><div class=\"title-block\"><p class=\"mbr-text mbr-fonts-style mbr-gray display-5\"><em>Publication sur nos r\u00e9seaux<\/em>\u00a0<br \/>Retrouvez le portrait de l'artisan du mois sur le site de l'association\u00a0la maison Nature. Le site vient d'\u00eatre revu et corrig\u00e9! Profitez-en pour aller vous y balader, vous y trouverez toutes les infos sur l'habitat \u00e9cologique et le jardin naturel\u00a0\ud83d\ude09<br \/><span style=\"text-decoration: underline\"><a href=\"https:\/\/lamaisonnature.ch\/trouver-un-professionnel\/nathalie-roy\/\" target=\"_blank\" rel=\"noopener\">portrait - l'artisan du mois\u00a0<\/a><\/span><\/p><\/div><\/div><\/div><\/div><\/section><\/div>\t\t\t\t\t\t<\/div>\n\n\t\t\t\t\t\n\t\t\t\t<\/div>\n\n\t\t\t<\/div>\n\t\t<\/div>\n\t\t\t<\/li>\n\t\t\t<li class=\"timeline-inverted\"> \n\t\t\t<div class=\"tl-circ\"><\/div>\n\t\t <div class=\"timeline-panel\">\n\t\t   <div class=\"tl-heading\">\n\t\t\t <div class=\"tl-content\">\n\n\t\t\t    \n\t\t\t\t\t\t<div class=\"timeline_pic pull-left\"><img loading=\"lazy\" decoding=\"async\" width=\"150\" height=\"150\" src=\"https:\/\/www.anae.archi\/fr\/wp-content\/uploads\/2024\/10\/carrouge-3-150x150.jpg\" class=\"attachment-thumbnail size-thumbnail wp-image-3961\" srcset=\"https:\/\/www.anae.archi\/fr\/wp-content\/uploads\/2024\/10\/carrouge-3-150x150.jpg 150w, https:\/\/www.anae.archi\/fr\/wp-content\/uploads\/2024\/10\/carrouge-3-300x300.jpg 300w, https:\/\/www.anae.archi\/fr\/wp-content\/uploads\/2024\/10\/carrouge-3-1024x1024.jpg 1024w, https:\/\/www.anae.archi\/fr\/wp-content\/uploads\/2024\/10\/carrouge-3-768x768.jpg 768w, https:\/\/www.anae.archi\/fr\/wp-content\/uploads\/2024\/10\/carrouge-3-1536x1536.jpg 1536w, https:\/\/www.anae.archi\/fr\/wp-content\/uploads\/2024\/10\/carrouge-3-2048x2048.jpg 2048w\" sizes=\"(max-width: 150px) 100vw, 150px\" \/><\/div>\n\t\t\t\t\t\t<div class=\"be-desc\">\n\t\t\t\t\t\t\t<h3 class=\"be-title\">23.11.2022<\/h3>\t\t\t\t\t\t\t<div class=\"be-content\"><section id=\"content06-195\" class=\"header2 cid-u7W5876qAz\"><div class=\"container\"><div class=\"mbr-row mbr-jc-c mbr-black\"><div class=\"title-wrap mbr-m-auto mbr-col-md-12 mbr-col-sm-12 mbr-col-lg-9 align-left mbr-flex\"><div class=\"title-block\"><em>Publication sur nos r\u00e9seaux\u00a0<\/em><br \/>Juste avant la d\u00e9pose des \u00e9chafaudages et juste apr\u00e8s les premi\u00e8res neiges, des panneaux solaires thermiques qui fonctionnent et permettent le chauffage de l'eau chaude et des radiateurs en attendant la livraison de la chaudi\u00e8re \u00e0 pellets pour faire l'appoint !<\/div><div class=\"title-block\"><a href=\"https:\/\/www.instagram.com\/anae.archi\/\" target=\"_blank\" rel=\"noopener\">Voir sur instagram-&gt;&gt;<\/a><\/div><\/div><\/div><\/div><\/section><\/div>\t\t\t\t\t\t<\/div>\n\n\t\t\t\t\t\n\t\t\t\t<\/div>\n\n\t\t\t<\/div>\n\t\t<\/div>\n\t\t\t<\/li>\n\t\t\t<li class=\"timeline-right\"> \n\t\t\t<div class=\"tl-circ\"><\/div>\n\t\t <div class=\"timeline-panel\">\n\t\t   <div class=\"tl-heading\">\n\t\t\t <div class=\"tl-content\">\n\n\t\t\t    \n\t\t\t\t\t\t<div class=\"timeline_pic pull-left\"><img loading=\"lazy\" decoding=\"async\" width=\"150\" height=\"150\" src=\"https:\/\/www.anae.archi\/fr\/wp-content\/uploads\/2024\/10\/aigle-6-150x150.jpg\" class=\"attachment-thumbnail size-thumbnail wp-image-3971\" \/><\/div>\n\t\t\t\t\t\t<div class=\"be-desc\">\n\t\t\t\t\t\t\t<h3 class=\"be-title\">08.11.2022<\/h3>\t\t\t\t\t\t\t<div class=\"be-content\"><p><em>Publication sur nos r\u00e9seaux<\/em>\u00a0<br \/>Cr\u00e9ation d'une ouverture dans un mur en moellons \u00e0 Aigle. Quelques d\u00e9fis \u00e0 relever entre l'\u00e9paisseur du mur et l'ouverture \u00e0 l'\u00e9tage inf\u00e9rieur \u00e0 cr\u00e9er \u00e9galement !<br \/>Le r\u00e9sultat ? Plus de lumi\u00e8re et de fluidit\u00e9 !<\/p><p><a href=\"https:\/\/www.instagram.com\/anae.archi\/\" target=\"_blank\" rel=\"noopener\">Voir sur instagram-&gt;&gt;<\/a><\/p><p><img loading=\"lazy\" decoding=\"async\" class=\"alignnone wp-image-7305 size-thumbnail\" src=\"https:\/\/www.anae.archi\/fr\/wp-content\/uploads\/2024\/12\/aigle_7-150x150.jpg?_t=1733919841\" alt=\"\" width=\"150\" height=\"150\" \/><\/p><\/div>\t\t\t\t\t\t<\/div>\n\n\t\t\t\t\t\n\t\t\t\t<\/div>\n\n\t\t\t<\/div>\n\t\t<\/div>\n\t\t\t<\/li>\n\t\t\t<li class=\"timeline-inverted\"> \n\t\t\t<div class=\"tl-circ\"><\/div>\n\t\t <div class=\"timeline-panel\">\n\t\t   <div class=\"tl-heading\">\n\t\t\t <div class=\"tl-content\">\n\n\t\t\t    \n\t\t\t\t\t\t<div class=\"timeline_pic pull-left\"><img loading=\"lazy\" decoding=\"async\" width=\"150\" height=\"150\" src=\"https:\/\/www.anae.archi\/fr\/wp-content\/uploads\/2024\/12\/aigle_3-150x150.jpg\" class=\"attachment-thumbnail size-thumbnail wp-image-7306\" \/><\/div>\n\t\t\t\t\t\t<div class=\"be-desc\">\n\t\t\t\t\t\t\t<h3 class=\"be-title\">08.11.2022<\/h3>\t\t\t\t\t\t\t<div class=\"be-content\"><p><em>Publication sur nos r\u00e9seaux<\/em>\u00a0<br \/>Fin de chantier \u00e0 Aigle !\u00a0<br \/>Agrandissement d'ouverture au rez et cr\u00e9ation d'une ouverture \u00e0 l'\u00e9tage dans des murs \u00e9pais en moellons. Quelques sacr\u00e9s d\u00e9fis \u00e0 relever en ouvrant successivement \u00e0 l'\u00e9tage puis au rez dans des murs qui s'effritaient. Le r\u00e9sultat ? Plus de lumi\u00e8re et de fluidit\u00e9 dans les espaces permettant de se les approprier tout \u00e0 fait diff\u00e9remment.<\/p><p><a href=\"https:\/\/www.instagram.com\/anae.archi\/\" target=\"_blank\" rel=\"noopener\">Voir sur instagram-&gt;&gt;<\/a><\/p><p><img loading=\"lazy\" decoding=\"async\" class=\"alignnone wp-image-7307 size-thumbnail\" src=\"https:\/\/www.anae.archi\/fr\/wp-content\/uploads\/2024\/12\/aigle_4-150x150.jpg?_t=1733920084\" alt=\"\" width=\"150\" height=\"150\" \/><img loading=\"lazy\" decoding=\"async\" class=\"alignnone wp-image-7308 size-thumbnail\" src=\"https:\/\/www.anae.archi\/fr\/wp-content\/uploads\/2024\/12\/aigle_5-150x150.jpg?_t=1733920109\" alt=\"\" width=\"150\" height=\"150\" \/><\/p><\/div>\t\t\t\t\t\t<\/div>\n\n\t\t\t\t\t\n\t\t\t\t<\/div>\n\n\t\t\t<\/div>\n\t\t<\/div>\n\t\t\t<\/li>\n\t\t\t<li class=\"timeline-right\"> \n\t\t\t<div class=\"tl-circ\"><\/div>\n\t\t <div class=\"timeline-panel\">\n\t\t   <div class=\"tl-heading\">\n\t\t\t <div class=\"tl-content\">\n\n\t\t\t    \n\t\t\t\t\t\t<div class=\"timeline_pic pull-left\"><img loading=\"lazy\" decoding=\"async\" width=\"150\" height=\"150\" src=\"https:\/\/www.anae.archi\/fr\/wp-content\/uploads\/2024\/10\/aigle_1-150x150.jpg\" class=\"attachment-thumbnail size-thumbnail wp-image-5088\" srcset=\"https:\/\/www.anae.archi\/fr\/wp-content\/uploads\/2024\/10\/aigle_1-150x150.jpg 150w, https:\/\/www.anae.archi\/fr\/wp-content\/uploads\/2024\/10\/aigle_1-300x300.jpg 300w, https:\/\/www.anae.archi\/fr\/wp-content\/uploads\/2024\/10\/aigle_1-1024x1024.jpg 1024w, https:\/\/www.anae.archi\/fr\/wp-content\/uploads\/2024\/10\/aigle_1-768x768.jpg 768w, https:\/\/www.anae.archi\/fr\/wp-content\/uploads\/2024\/10\/aigle_1.jpg 1440w\" sizes=\"(max-width: 150px) 100vw, 150px\" \/><\/div>\n\t\t\t\t\t\t<div class=\"be-desc\">\n\t\t\t\t\t\t\t<h3 class=\"be-title\">15.09.2022<\/h3>\t\t\t\t\t\t\t<div class=\"be-content\"><p><em>Publication sur nos r\u00e9seaux\u00a0<\/em><br \/>Avant d'effectuer des travaux d'isolation, pose de panneaux solaires thermiques et chauffage \u00e0 bois l'ann\u00e9e prochaine, on travaille \u00e0 l'int\u00e9rieur de la maison \u00e0 Aigle.<br \/>Ouverture d'un mur de 50 cm \u00e0 l'\u00e9tage, agrandissement d'une ouverture en cours au rez-de-chauss\u00e9e. On agrandit l'espace et on permet \u00e0 la lumi\u00e8re de p\u00e9n\u00e9trer plus loin dans la maison !<\/p><p><a href=\"https:\/\/www.instagram.com\/anae.archi\/\" target=\"_blank\" rel=\"noopener\">Voir sur instagram-&gt;&gt;<\/a><\/p><p><img loading=\"lazy\" decoding=\"async\" class=\"alignnone wp-image-5087 size-thumbnail\" src=\"https:\/\/www.anae.archi\/fr\/wp-content\/uploads\/2024\/10\/aigle_2-150x150.jpg?_t=1733924958\" alt=\"\" width=\"150\" height=\"150\" srcset=\"https:\/\/www.anae.archi\/fr\/wp-content\/uploads\/2024\/10\/aigle_2-150x150.jpg 150w, https:\/\/www.anae.archi\/fr\/wp-content\/uploads\/2024\/10\/aigle_2-300x300.jpg 300w, https:\/\/www.anae.archi\/fr\/wp-content\/uploads\/2024\/10\/aigle_2-1024x1024.jpg 1024w, https:\/\/www.anae.archi\/fr\/wp-content\/uploads\/2024\/10\/aigle_2-768x767.jpg 768w, https:\/\/www.anae.archi\/fr\/wp-content\/uploads\/2024\/10\/aigle_2.jpg 1440w\" sizes=\"(max-width: 150px) 100vw, 150px\" \/><\/p><\/div>\t\t\t\t\t\t<\/div>\n\n\t\t\t\t\t\n\t\t\t\t<\/div>\n\n\t\t\t<\/div>\n\t\t<\/div>\n\t\t\t<\/li>\n\t\t\t<li class=\"timeline-inverted\"> \n\t\t\t<div class=\"tl-circ\"><\/div>\n\t\t <div class=\"timeline-panel\">\n\t\t   <div class=\"tl-heading\">\n\t\t\t <div class=\"tl-content\">\n\n\t\t\t    \n\t\t\t\t\t\t<div class=\"timeline_pic pull-left\"><img loading=\"lazy\" decoding=\"async\" width=\"150\" height=\"150\" src=\"https:\/\/www.anae.archi\/fr\/wp-content\/uploads\/2024\/10\/carrouge-1-150x150.jpg\" class=\"attachment-thumbnail size-thumbnail wp-image-3985\" srcset=\"https:\/\/www.anae.archi\/fr\/wp-content\/uploads\/2024\/10\/carrouge-1-150x150.jpg 150w, https:\/\/www.anae.archi\/fr\/wp-content\/uploads\/2024\/10\/carrouge-1-300x300.jpg 300w, https:\/\/www.anae.archi\/fr\/wp-content\/uploads\/2024\/10\/carrouge-1-1024x1024.jpg 1024w, https:\/\/www.anae.archi\/fr\/wp-content\/uploads\/2024\/10\/carrouge-1-768x768.jpg 768w, https:\/\/www.anae.archi\/fr\/wp-content\/uploads\/2024\/10\/carrouge-1.jpg 1440w\" sizes=\"(max-width: 150px) 100vw, 150px\" \/><\/div>\n\t\t\t\t\t\t<div class=\"be-desc\">\n\t\t\t\t\t\t\t<h3 class=\"be-title\">13.09.2022<\/h3>\t\t\t\t\t\t\t<div class=\"be-content\"><p><em>Publication sur nos r\u00e9seaux\u00a0<\/em><br \/>A Carrouge, pose d'une isolation en fibre de bois en fa\u00e7ade. Pose de panneaux solaires thermiques en toiture et bient\u00f4t une chaudi\u00e8re \u00e0 pellets dans le sous-sol ! <br \/>\u00c7a c'est de la r\u00e9novation \u00e9nerg\u00e9tique \ud83d\ude09<\/p><p><a href=\"https:\/\/www.instagram.com\/anae.archi\/\" target=\"_blank\" rel=\"noopener\">Voir sur instagram-&gt;&gt;<\/a><\/p><p><img loading=\"lazy\" decoding=\"async\" class=\"alignnone wp-image-5101 size-thumbnail\" src=\"https:\/\/www.anae.archi\/fr\/wp-content\/uploads\/2024\/10\/carrouge_2-150x150.jpg?_t=1733924970\" alt=\"\" width=\"150\" height=\"150\" srcset=\"https:\/\/www.anae.archi\/fr\/wp-content\/uploads\/2024\/10\/carrouge_2-150x150.jpg 150w, https:\/\/www.anae.archi\/fr\/wp-content\/uploads\/2024\/10\/carrouge_2-300x300.jpg 300w, https:\/\/www.anae.archi\/fr\/wp-content\/uploads\/2024\/10\/carrouge_2-1024x1024.jpg 1024w, https:\/\/www.anae.archi\/fr\/wp-content\/uploads\/2024\/10\/carrouge_2-768x768.jpg 768w, https:\/\/www.anae.archi\/fr\/wp-content\/uploads\/2024\/10\/carrouge_2.jpg 1440w\" sizes=\"(max-width: 150px) 100vw, 150px\" \/><\/p><\/div>\t\t\t\t\t\t<\/div>\n\n\t\t\t\t\t\n\t\t\t\t<\/div>\n\n\t\t\t<\/div>\n\t\t<\/div>\n\t\t\t<\/li>\n\t\t\t<li class=\"timeline-right\"> \n\t\t\t<div class=\"tl-circ\"><\/div>\n\t\t <div class=\"timeline-panel\">\n\t\t   <div class=\"tl-heading\">\n\t\t\t <div class=\"tl-content\">\n\n\t\t\t    \n\t\t\t\t\t\t<div class=\"timeline_pic pull-left\"><img loading=\"lazy\" decoding=\"async\" width=\"150\" height=\"150\" src=\"https:\/\/www.anae.archi\/fr\/wp-content\/uploads\/2024\/12\/IMG_3004-150x150.jpg\" class=\"attachment-thumbnail size-thumbnail wp-image-7316\" \/><\/div>\n\t\t\t\t\t\t<div class=\"be-desc\">\n\t\t\t\t\t\t\t<h3 class=\"be-title\">29.07.2022<\/h3>\t\t\t\t\t\t\t<div class=\"be-content\"><p><em>Publication sur nos r\u00e9seaux<br \/><\/em>Tranquillement pos\u00e9 sur une belle isolation en lin et chanvre, on va faire comme le chat mais \u00e0 la plage et \u00e0 la montagne. Passez de belles vacances ! De mon c\u00f4t\u00e9, elles seront bien m\u00e9rit\u00e9es.<\/p><p>Je reviens dans deux semaines, l'esprit repos\u00e9 et pr\u00eate \u00e0 vous faire suivre les nouveaux projets du bureau, et il y en a pleins !! On fera aussi le tour de ceux qui sont termin\u00e9s (pas le temps de poster, \u00e7a bosse trop dur et on fait des choix).<\/p><p>Bel \u00e9t\u00e9 \u00e0 tous \u2600\ufe0f\ud83d\ude4f<\/p><\/div>\t\t\t\t\t\t<\/div>\n\n\t\t\t\t\t\n\t\t\t\t<\/div>\n\n\t\t\t<\/div>\n\t\t<\/div>\n\t\t\t<\/li>\n\t\t\t<li class=\"timeline-inverted\"> \n\t\t\t<div class=\"tl-circ\"><\/div>\n\t\t <div class=\"timeline-panel\">\n\t\t   <div class=\"tl-heading\">\n\t\t\t <div class=\"tl-content\">\n\n\t\t\t    \n\t\t\t\t\t\t<div class=\"timeline_pic pull-left\"><img loading=\"lazy\" decoding=\"async\" width=\"150\" height=\"150\" src=\"https:\/\/www.anae.archi\/fr\/wp-content\/uploads\/2024\/10\/vufflens-3-150x150.jpg\" class=\"attachment-thumbnail size-thumbnail wp-image-3989\" srcset=\"https:\/\/www.anae.archi\/fr\/wp-content\/uploads\/2024\/10\/vufflens-3-150x150.jpg 150w, https:\/\/www.anae.archi\/fr\/wp-content\/uploads\/2024\/10\/vufflens-3-300x300.jpg 300w, https:\/\/www.anae.archi\/fr\/wp-content\/uploads\/2024\/10\/vufflens-3-1024x1024.jpg 1024w, https:\/\/www.anae.archi\/fr\/wp-content\/uploads\/2024\/10\/vufflens-3-768x768.jpg 768w, https:\/\/www.anae.archi\/fr\/wp-content\/uploads\/2024\/10\/vufflens-3-1536x1536.jpg 1536w, https:\/\/www.anae.archi\/fr\/wp-content\/uploads\/2024\/10\/vufflens-3-2048x2048.jpg 2048w\" sizes=\"(max-width: 150px) 100vw, 150px\" \/><\/div>\n\t\t\t\t\t\t<div class=\"be-desc\">\n\t\t\t\t\t\t\t<h3 class=\"be-title\">25.07.2022<\/h3>\t\t\t\t\t\t\t<div class=\"be-content\"><p><em>Publication sur nos r\u00e9seaux\u00a0<\/em><br \/>En chantier \u00e0 Vufflens !<br \/>\u00c7a sent la fin quand m\u00eame \ud83d\ude09<\/p><p><a href=\"https:\/\/www.instagram.com\/anae.archi\/\" target=\"_blank\" rel=\"noopener\">Voir sur instagram-&gt;&gt;<\/a><\/p><\/div>\t\t\t\t\t\t<\/div>\n\n\t\t\t\t\t\n\t\t\t\t<\/div>\n\n\t\t\t<\/div>\n\t\t<\/div>\n\t\t\t<\/li>\n\t\t\t<li class=\"timeline-right\"> \n\t\t\t<div class=\"tl-circ\"><\/div>\n\t\t <div class=\"timeline-panel\">\n\t\t   <div class=\"tl-heading\">\n\t\t\t <div class=\"tl-content\">\n\n\t\t\t    \n\t\t\t\t\t\t<div class=\"timeline_pic pull-left\"><img loading=\"lazy\" decoding=\"async\" width=\"150\" height=\"150\" src=\"https:\/\/www.anae.archi\/fr\/wp-content\/uploads\/2024\/10\/insta-chavannes-11-150x150.jpg\" class=\"attachment-thumbnail size-thumbnail wp-image-3993\" srcset=\"https:\/\/www.anae.archi\/fr\/wp-content\/uploads\/2024\/10\/insta-chavannes-11-150x150.jpg 150w, https:\/\/www.anae.archi\/fr\/wp-content\/uploads\/2024\/10\/insta-chavannes-11-300x300.jpg 300w, https:\/\/www.anae.archi\/fr\/wp-content\/uploads\/2024\/10\/insta-chavannes-11-1024x1024.jpg 1024w, https:\/\/www.anae.archi\/fr\/wp-content\/uploads\/2024\/10\/insta-chavannes-11-768x768.jpg 768w, https:\/\/www.anae.archi\/fr\/wp-content\/uploads\/2024\/10\/insta-chavannes-11.jpg 1440w\" sizes=\"(max-width: 150px) 100vw, 150px\" \/><\/div>\n\t\t\t\t\t\t<div class=\"be-desc\">\n\t\t\t\t\t\t\t<h3 class=\"be-title\">08.07.2022<\/h3>\t\t\t\t\t\t\t<div class=\"be-content\"><p><em>Publication sur nos r\u00e9seaux\u00a0<\/em><br \/>Fin de chantier int\u00e9rieur \u00e0 Chavannes-le-Veyron !\u00a0<br \/>On a cass\u00e9 des murs en pierre et ouvert l'espace, cr\u00e9\u00e9 une nouvelle cuisine, une terrasse et un bel espace \u00e0 vivre.<\/p><p><a href=\"https:\/\/www.instagram.com\/anae.archi\/\" target=\"_blank\" rel=\"noopener\">Voir sur instagram-&gt;&gt;<\/a><\/p><p><img loading=\"lazy\" decoding=\"async\" class=\"alignnone wp-image-5113 size-thumbnail\" src=\"https:\/\/www.anae.archi\/fr\/wp-content\/uploads\/2024\/10\/insta_chavannes_12-150x150.jpg?_t=1733924986\" alt=\"\" width=\"150\" height=\"150\" srcset=\"https:\/\/www.anae.archi\/fr\/wp-content\/uploads\/2024\/10\/insta_chavannes_12-150x150.jpg 150w, https:\/\/www.anae.archi\/fr\/wp-content\/uploads\/2024\/10\/insta_chavannes_12-300x300.jpg 300w, https:\/\/www.anae.archi\/fr\/wp-content\/uploads\/2024\/10\/insta_chavannes_12-1024x1024.jpg 1024w, https:\/\/www.anae.archi\/fr\/wp-content\/uploads\/2024\/10\/insta_chavannes_12-768x768.jpg 768w, https:\/\/www.anae.archi\/fr\/wp-content\/uploads\/2024\/10\/insta_chavannes_12.jpg 1440w\" sizes=\"(max-width: 150px) 100vw, 150px\" \/><img loading=\"lazy\" decoding=\"async\" class=\"alignnone wp-image-5110 size-thumbnail\" src=\"https:\/\/www.anae.archi\/fr\/wp-content\/uploads\/2024\/10\/insta_chavannes_13-150x150.jpg?_t=1733924992\" alt=\"\" width=\"150\" height=\"150\" srcset=\"https:\/\/www.anae.archi\/fr\/wp-content\/uploads\/2024\/10\/insta_chavannes_13-150x150.jpg 150w, https:\/\/www.anae.archi\/fr\/wp-content\/uploads\/2024\/10\/insta_chavannes_13-300x300.jpg 300w, https:\/\/www.anae.archi\/fr\/wp-content\/uploads\/2024\/10\/insta_chavannes_13-1024x1024.jpg 1024w, https:\/\/www.anae.archi\/fr\/wp-content\/uploads\/2024\/10\/insta_chavannes_13-768x768.jpg 768w, https:\/\/www.anae.archi\/fr\/wp-content\/uploads\/2024\/10\/insta_chavannes_13.jpg 1440w\" sizes=\"(max-width: 150px) 100vw, 150px\" \/><img loading=\"lazy\" decoding=\"async\" class=\"alignnone wp-image-5111 size-thumbnail\" src=\"https:\/\/www.anae.archi\/fr\/wp-content\/uploads\/2024\/10\/insta_chavannes_14-150x150.jpg?_t=1733925000\" alt=\"\" width=\"150\" height=\"150\" srcset=\"https:\/\/www.anae.archi\/fr\/wp-content\/uploads\/2024\/10\/insta_chavannes_14-150x150.jpg 150w, https:\/\/www.anae.archi\/fr\/wp-content\/uploads\/2024\/10\/insta_chavannes_14-300x300.jpg 300w, https:\/\/www.anae.archi\/fr\/wp-content\/uploads\/2024\/10\/insta_chavannes_14-1024x1024.jpg 1024w, https:\/\/www.anae.archi\/fr\/wp-content\/uploads\/2024\/10\/insta_chavannes_14-768x768.jpg 768w, https:\/\/www.anae.archi\/fr\/wp-content\/uploads\/2024\/10\/insta_chavannes_14.jpg 1440w\" sizes=\"(max-width: 150px) 100vw, 150px\" \/><a href=\"https:\/\/www.anae.archi\/fr\/wp-content\/uploads\/2024\/10\/insta_chavannes_15.jpg\"><img loading=\"lazy\" decoding=\"async\" class=\"alignnone wp-image-5109 size-thumbnail\" src=\"https:\/\/www.anae.archi\/fr\/wp-content\/uploads\/2024\/10\/insta_chavannes_15-150x150.jpg?_t=1733925009\" alt=\"\" width=\"150\" height=\"150\" srcset=\"https:\/\/www.anae.archi\/fr\/wp-content\/uploads\/2024\/10\/insta_chavannes_15-150x150.jpg 150w, https:\/\/www.anae.archi\/fr\/wp-content\/uploads\/2024\/10\/insta_chavannes_15-300x300.jpg 300w, https:\/\/www.anae.archi\/fr\/wp-content\/uploads\/2024\/10\/insta_chavannes_15-1024x1024.jpg 1024w, https:\/\/www.anae.archi\/fr\/wp-content\/uploads\/2024\/10\/insta_chavannes_15-768x768.jpg 768w, https:\/\/www.anae.archi\/fr\/wp-content\/uploads\/2024\/10\/insta_chavannes_15.jpg 1440w\" sizes=\"(max-width: 150px) 100vw, 150px\" \/><\/a><\/p><\/div>\t\t\t\t\t\t<\/div>\n\n\t\t\t\t\t\n\t\t\t\t<\/div>\n\n\t\t\t<\/div>\n\t\t<\/div>\n\t\t\t<\/li>\n\t\t\t<li class=\"timeline-inverted\"> \n\t\t\t<div class=\"tl-circ\"><\/div>\n\t\t <div class=\"timeline-panel\">\n\t\t   <div class=\"tl-heading\">\n\t\t\t <div class=\"tl-content\">\n\n\t\t\t    \n\t\t\t\t\t\t<div class=\"timeline_pic pull-left\"><img loading=\"lazy\" decoding=\"async\" width=\"150\" height=\"150\" src=\"https:\/\/www.anae.archi\/fr\/wp-content\/uploads\/2024\/10\/chigny-1-1-150x150.jpg\" class=\"attachment-thumbnail size-thumbnail wp-image-4000\" srcset=\"https:\/\/www.anae.archi\/fr\/wp-content\/uploads\/2024\/10\/chigny-1-1-150x150.jpg 150w, https:\/\/www.anae.archi\/fr\/wp-content\/uploads\/2024\/10\/chigny-1-1-300x300.jpg 300w, https:\/\/www.anae.archi\/fr\/wp-content\/uploads\/2024\/10\/chigny-1-1-1024x1024.jpg 1024w, https:\/\/www.anae.archi\/fr\/wp-content\/uploads\/2024\/10\/chigny-1-1-768x768.jpg 768w, https:\/\/www.anae.archi\/fr\/wp-content\/uploads\/2024\/10\/chigny-1-1.jpg 1440w\" sizes=\"(max-width: 150px) 100vw, 150px\" \/><\/div>\n\t\t\t\t\t\t<div class=\"be-desc\">\n\t\t\t\t\t\t\t<h3 class=\"be-title\">07.07.2022<\/h3>\t\t\t\t\t\t\t<div class=\"be-content\"><p><em>Publication sur nos r\u00e9seaux\u00a0<\/em><br \/>Travaux de transformation int\u00e9rieure \u00e0 Chigny. Avant-apr\u00e8s. Ou plut\u00f4t apr\u00e8s-avant \ud83d\ude09<\/p><p><a href=\"https:\/\/www.instagram.com\/anae.archi\/\" target=\"_blank\" rel=\"noopener\">Voir sur instagram-&gt;&gt;<\/a><\/p><\/div>\t\t\t\t\t\t<\/div>\n\n\t\t\t\t\t\n\t\t\t\t<\/div>\n\n\t\t\t<\/div>\n\t\t<\/div>\n\t\t\t<\/li>\n\t\t\t<li class=\"timeline-right\"> \n\t\t\t<div class=\"tl-circ\"><\/div>\n\t\t <div class=\"timeline-panel\">\n\t\t   <div class=\"tl-heading\">\n\t\t\t <div class=\"tl-content\">\n\n\t\t\t    \n\t\t\t\t\t\t\n\t\t\t\t\t\t<div class=\"be-desc\">\n\t\t\t\t\t\t\t<h3 class=\"be-title\">27.06.2022<\/h3>\t\t\t\t\t\t\t<div class=\"be-content\"><p>Un nouveau projet est autoris\u00e9 ! Il s'agit de la r\u00e9novation d'une maison individuelle \u00e0 Carrouge<br \/>Les travaux consisteront \u00e0 isoler la maison avec de la fibre de bois, ainsi qu'\u00e0 la pose d'un nouveau syst\u00e8me de chauffage \u00e0 pellets et des panneaux solaires thermiques.<\/p><\/div>\t\t\t\t\t\t<\/div>\n\n\t\t\t\t\t\n\t\t\t\t<\/div>\n\n\t\t\t<\/div>\n\t\t<\/div>\n\t\t\t<\/li>\n\t\t\t<li class=\"timeline-inverted\"> \n\t\t\t<div class=\"tl-circ\"><\/div>\n\t\t <div class=\"timeline-panel\">\n\t\t   <div class=\"tl-heading\">\n\t\t\t <div class=\"tl-content\">\n\n\t\t\t    \n\t\t\t\t\t\t<div class=\"timeline_pic pull-left\"><img loading=\"lazy\" decoding=\"async\" width=\"150\" height=\"150\" src=\"https:\/\/www.anae.archi\/fr\/wp-content\/uploads\/2024\/10\/insta-chavannes-9-150x150.jpg\" class=\"attachment-thumbnail size-thumbnail wp-image-4007\" srcset=\"https:\/\/www.anae.archi\/fr\/wp-content\/uploads\/2024\/10\/insta-chavannes-9-150x150.jpg 150w, https:\/\/www.anae.archi\/fr\/wp-content\/uploads\/2024\/10\/insta-chavannes-9-300x300.jpg 300w, https:\/\/www.anae.archi\/fr\/wp-content\/uploads\/2024\/10\/insta-chavannes-9-1024x1024.jpg 1024w, https:\/\/www.anae.archi\/fr\/wp-content\/uploads\/2024\/10\/insta-chavannes-9-768x768.jpg 768w, https:\/\/www.anae.archi\/fr\/wp-content\/uploads\/2024\/10\/insta-chavannes-9-1536x1536.jpg 1536w, https:\/\/www.anae.archi\/fr\/wp-content\/uploads\/2024\/10\/insta-chavannes-9-2048x2048.jpg 2048w\" sizes=\"(max-width: 150px) 100vw, 150px\" \/><\/div>\n\t\t\t\t\t\t<div class=\"be-desc\">\n\t\t\t\t\t\t\t<h3 class=\"be-title\">23.06.2022<\/h3>\t\t\t\t\t\t\t<div class=\"be-content\"><p><em>Publication sur nos r\u00e9seaux<\/em>\u00a0<br \/>Balustrade pos\u00e9e, ferblanterie effectu\u00e9e, terrasse pos\u00e9e, \u00e9chafaudage d\u00e9pos\u00e9 ! L'extension \u00e0 Chavannes-le-Veyron se d\u00e9voile !<\/p><p><a href=\"https:\/\/www.instagram.com\/anae.archi\/\" target=\"_blank\" rel=\"noopener\">Voir sur instagram-&gt;&gt;<\/a><\/p><p><img loading=\"lazy\" decoding=\"async\" class=\"alignnone wp-image-5116 size-thumbnail\" src=\"https:\/\/www.anae.archi\/fr\/wp-content\/uploads\/2024\/10\/insta_chavannes_8-150x150.jpg?_t=1733921759\" alt=\"\" width=\"150\" height=\"150\" srcset=\"https:\/\/www.anae.archi\/fr\/wp-content\/uploads\/2024\/10\/insta_chavannes_8-150x150.jpg 150w, https:\/\/www.anae.archi\/fr\/wp-content\/uploads\/2024\/10\/insta_chavannes_8-300x300.jpg 300w, https:\/\/www.anae.archi\/fr\/wp-content\/uploads\/2024\/10\/insta_chavannes_8-1024x1024.jpg 1024w, https:\/\/www.anae.archi\/fr\/wp-content\/uploads\/2024\/10\/insta_chavannes_8-768x768.jpg 768w, https:\/\/www.anae.archi\/fr\/wp-content\/uploads\/2024\/10\/insta_chavannes_8-1536x1536.jpg 1536w, https:\/\/www.anae.archi\/fr\/wp-content\/uploads\/2024\/10\/insta_chavannes_8-2048x2048.jpg 2048w\" sizes=\"(max-width: 150px) 100vw, 150px\" \/><img loading=\"lazy\" decoding=\"async\" class=\"alignnone wp-image-5114 size-thumbnail\" src=\"https:\/\/www.anae.archi\/fr\/wp-content\/uploads\/2024\/10\/insta_chavannes_10-150x150.jpg?_t=1733921814\" alt=\"\" width=\"150\" height=\"150\" srcset=\"https:\/\/www.anae.archi\/fr\/wp-content\/uploads\/2024\/10\/insta_chavannes_10-150x150.jpg 150w, https:\/\/www.anae.archi\/fr\/wp-content\/uploads\/2024\/10\/insta_chavannes_10-300x300.jpg 300w, https:\/\/www.anae.archi\/fr\/wp-content\/uploads\/2024\/10\/insta_chavannes_10-1024x1024.jpg 1024w, https:\/\/www.anae.archi\/fr\/wp-content\/uploads\/2024\/10\/insta_chavannes_10-768x768.jpg 768w, https:\/\/www.anae.archi\/fr\/wp-content\/uploads\/2024\/10\/insta_chavannes_10-1536x1536.jpg 1536w, https:\/\/www.anae.archi\/fr\/wp-content\/uploads\/2024\/10\/insta_chavannes_10-2048x2048.jpg 2048w\" sizes=\"(max-width: 150px) 100vw, 150px\" \/><\/p><\/div>\t\t\t\t\t\t<\/div>\n\n\t\t\t\t\t\n\t\t\t\t<\/div>\n\n\t\t\t<\/div>\n\t\t<\/div>\n\t\t\t<\/li>\n\t\t\t<li class=\"timeline-right\"> \n\t\t\t<div class=\"tl-circ\"><\/div>\n\t\t <div class=\"timeline-panel\">\n\t\t   <div class=\"tl-heading\">\n\t\t\t <div class=\"tl-content\">\n\n\t\t\t    \n\t\t\t\t\t\t<div class=\"timeline_pic pull-left\"><img loading=\"lazy\" decoding=\"async\" width=\"150\" height=\"150\" src=\"https:\/\/www.anae.archi\/fr\/wp-content\/uploads\/2024\/10\/vufflens-2-150x150.jpg\" class=\"attachment-thumbnail size-thumbnail wp-image-4014\" srcset=\"https:\/\/www.anae.archi\/fr\/wp-content\/uploads\/2024\/10\/vufflens-2-150x150.jpg 150w, https:\/\/www.anae.archi\/fr\/wp-content\/uploads\/2024\/10\/vufflens-2-300x300.jpg 300w, https:\/\/www.anae.archi\/fr\/wp-content\/uploads\/2024\/10\/vufflens-2-1024x1024.jpg 1024w, https:\/\/www.anae.archi\/fr\/wp-content\/uploads\/2024\/10\/vufflens-2-768x768.jpg 768w, https:\/\/www.anae.archi\/fr\/wp-content\/uploads\/2024\/10\/vufflens-2-1536x1536.jpg 1536w, https:\/\/www.anae.archi\/fr\/wp-content\/uploads\/2024\/10\/vufflens-2-2048x2048.jpg 2048w\" sizes=\"(max-width: 150px) 100vw, 150px\" \/><\/div>\n\t\t\t\t\t\t<div class=\"be-desc\">\n\t\t\t\t\t\t\t<h3 class=\"be-title\">10.06.2022<\/h3>\t\t\t\t\t\t\t<div class=\"be-content\"><p><em>Publication sur nos r\u00e9seaux\u00a0<\/em><br \/>Le chantier de Vufflens-la-Ville se poursuit !<\/p><p><a href=\"https:\/\/www.instagram.com\/anae.archi\/\" target=\"_blank\" rel=\"noopener\">Voir sur instagram-&gt;&gt;<\/a><\/p><\/div>\t\t\t\t\t\t<\/div>\n\n\t\t\t\t\t\n\t\t\t\t<\/div>\n\n\t\t\t<\/div>\n\t\t<\/div>\n\t\t\t<\/li>\n\t\t\t<li class=\"timeline-inverted\"> \n\t\t\t<div class=\"tl-circ\"><\/div>\n\t\t <div class=\"timeline-panel\">\n\t\t   <div class=\"tl-heading\">\n\t\t\t <div class=\"tl-content\">\n\n\t\t\t    \n\t\t\t\t\t\t<div class=\"timeline_pic pull-left\"><img loading=\"lazy\" decoding=\"async\" width=\"150\" height=\"150\" src=\"https:\/\/www.anae.archi\/fr\/wp-content\/uploads\/2024\/10\/insta-chavannes-6-150x150.jpg\" class=\"attachment-thumbnail size-thumbnail wp-image-4018\" \/><\/div>\n\t\t\t\t\t\t<div class=\"be-desc\">\n\t\t\t\t\t\t\t<h3 class=\"be-title\">31.05.2022<\/h3>\t\t\t\t\t\t\t<div class=\"be-content\"><p><em>Publication sur nos r\u00e9seaux<\/em>\u00a0<br \/>Le chantier de Chavannes-le-Veyron se poursuit par la pose de la balustrade et les finitions de peinture int\u00e9rieure.<\/p><p><a href=\"https:\/\/www.instagram.com\/anae.archi\/\" target=\"_blank\" rel=\"noopener\">Voir sur instagram-&gt;&gt;<\/a><\/p><p><img loading=\"lazy\" decoding=\"async\" class=\"alignnone wp-image-5118 size-thumbnail\" src=\"https:\/\/www.anae.archi\/fr\/wp-content\/uploads\/2024\/10\/insta_chavannes_7-150x150.jpg?_t=1733922015\" alt=\"\" width=\"150\" height=\"150\" \/><\/p><\/div>\t\t\t\t\t\t<\/div>\n\n\t\t\t\t\t\n\t\t\t\t<\/div>\n\n\t\t\t<\/div>\n\t\t<\/div>\n\t\t\t<\/li>\n\t\t\t<li class=\"timeline-right\"> \n\t\t\t<div class=\"tl-circ\"><\/div>\n\t\t <div class=\"timeline-panel\">\n\t\t   <div class=\"tl-heading\">\n\t\t\t <div class=\"tl-content\">\n\n\t\t\t    \n\t\t\t\t\t\t<div class=\"timeline_pic pull-left\"><img loading=\"lazy\" decoding=\"async\" width=\"150\" height=\"150\" src=\"https:\/\/www.anae.archi\/fr\/wp-content\/uploads\/2024\/10\/insta-chavannes-5-150x150.jpg\" class=\"attachment-thumbnail size-thumbnail wp-image-4025\" \/><\/div>\n\t\t\t\t\t\t<div class=\"be-desc\">\n\t\t\t\t\t\t\t<h3 class=\"be-title\">20.05.2022<\/h3>\t\t\t\t\t\t\t<div class=\"be-content\"><p><em>Publication sur nos r\u00e9seaux\u00a0<\/em><br \/>Le chantier de Chavannes-le-Veyron se poursuit, les travaux int\u00e9rieurs avancent bien\u00a0<\/p><\/div>\t\t\t\t\t\t<\/div>\n\n\t\t\t\t\t\n\t\t\t\t<\/div>\n\n\t\t\t<\/div>\n\t\t<\/div>\n\t\t\t<\/li>\n\t\t\t<li class=\"timeline-inverted\"> \n\t\t\t<div class=\"tl-circ\"><\/div>\n\t\t <div class=\"timeline-panel\">\n\t\t   <div class=\"tl-heading\">\n\t\t\t <div class=\"tl-content\">\n\n\t\t\t    \n\t\t\t\t\t\t<div class=\"timeline_pic pull-left\"><img loading=\"lazy\" decoding=\"async\" width=\"150\" height=\"150\" src=\"https:\/\/www.anae.archi\/fr\/wp-content\/uploads\/2024\/10\/vufflens-1-150x150.jpeg\" class=\"attachment-thumbnail size-thumbnail wp-image-4029\" srcset=\"https:\/\/www.anae.archi\/fr\/wp-content\/uploads\/2024\/10\/vufflens-1-150x150.jpeg 150w, https:\/\/www.anae.archi\/fr\/wp-content\/uploads\/2024\/10\/vufflens-1-300x300.jpeg 300w, https:\/\/www.anae.archi\/fr\/wp-content\/uploads\/2024\/10\/vufflens-1-1024x1024.jpeg 1024w, https:\/\/www.anae.archi\/fr\/wp-content\/uploads\/2024\/10\/vufflens-1-768x768.jpeg 768w, https:\/\/www.anae.archi\/fr\/wp-content\/uploads\/2024\/10\/vufflens-1-1536x1536.jpeg 1536w, https:\/\/www.anae.archi\/fr\/wp-content\/uploads\/2024\/10\/vufflens-1-2048x2048.jpeg 2048w\" sizes=\"(max-width: 150px) 100vw, 150px\" \/><\/div>\n\t\t\t\t\t\t<div class=\"be-desc\">\n\t\t\t\t\t\t\t<h3 class=\"be-title\">26.04.2022<\/h3>\t\t\t\t\t\t\t<div class=\"be-content\"><p><em>Publication sur nos r\u00e9seaux\u00a0<\/em><br \/>D\u00e9but de chantier \u00e0\u00a0Vufflens-la-Ville !<\/p><\/div>\t\t\t\t\t\t<\/div>\n\n\t\t\t\t\t\n\t\t\t\t<\/div>\n\n\t\t\t<\/div>\n\t\t<\/div>\n\t\t\t<\/li>\n\t\t\t<li class=\"timeline-right\"> \n\t\t\t<div class=\"tl-circ\"><\/div>\n\t\t <div class=\"timeline-panel\">\n\t\t   <div class=\"tl-heading\">\n\t\t\t <div class=\"tl-content\">\n\n\t\t\t    \n\t\t\t\t\t\t<div class=\"timeline_pic pull-left\"><img loading=\"lazy\" decoding=\"async\" width=\"150\" height=\"150\" src=\"https:\/\/www.anae.archi\/fr\/wp-content\/uploads\/2024\/10\/10ans-150x150.jpg\" class=\"attachment-thumbnail size-thumbnail wp-image-4030\" srcset=\"https:\/\/www.anae.archi\/fr\/wp-content\/uploads\/2024\/10\/10ans-150x150.jpg 150w, https:\/\/www.anae.archi\/fr\/wp-content\/uploads\/2024\/10\/10ans-300x300.jpg 300w, https:\/\/www.anae.archi\/fr\/wp-content\/uploads\/2024\/10\/10ans.jpg 361w\" sizes=\"(max-width: 150px) 100vw, 150px\" \/><\/div>\n\t\t\t\t\t\t<div class=\"be-desc\">\n\t\t\t\t\t\t\t<h3 class=\"be-title\">04.04.2022<\/h3>\t\t\t\t\t\t\t<div class=\"be-content\"><p><em>Publication sur nos r\u00e9seaux\u00a0<\/em><br \/>Aujourd\u2019hui est une date importante pour moi. Cela fait 10 ans que j\u2019ai officiellement chang\u00e9 de vie et cr\u00e9\u00e9 mon entreprise!<br \/>10 ans c\u2019est court et c\u2019est long \u00e0 la fois. De quoi changer de nom, de lieux, de voir des projets se faire et se d\u00e9faire.<br \/>Mais surtout d\u2019affirmer au quotidien des valeurs d\u2019\u00e9cologie dans la construction, d\u2019utilisation de mat\u00e9riaux naturels, de travail avec des artisans locaux, d\u2019\u00e9conomie d\u2019\u00e9nergie, d\u2019humanit\u00e9 et de nature dans un monde pas toujours si ouvert d\u2019esprit. C\u2019est parfois un combat mais c\u2019est surtout beaucoup de petites et de grandes victoires.<br \/>Et apr\u00e8s 10 ans la fiert\u00e9 de voir tout ce qui a \u00e9t\u00e9 accompli et de se r\u00e9jouir de tout ce qui reste encore \u00e0 concevoir!<br \/>Y a pas \u00e0 dire aujourd\u2019hui est un grand jour !!<\/p><\/div>\t\t\t\t\t\t<\/div>\n\n\t\t\t\t\t\n\t\t\t\t<\/div>\n\n\t\t\t<\/div>\n\t\t<\/div>\n\t\t\t<\/li>\n\t\t\t<li class=\"timeline-inverted\"> \n\t\t\t<div class=\"tl-circ\"><\/div>\n\t\t <div class=\"timeline-panel\">\n\t\t   <div class=\"tl-heading\">\n\t\t\t <div class=\"tl-content\">\n\n\t\t\t    \n\t\t\t\t\t\t<div class=\"timeline_pic pull-left\"><img loading=\"lazy\" decoding=\"async\" width=\"150\" height=\"150\" src=\"https:\/\/www.anae.archi\/fr\/wp-content\/uploads\/2024\/10\/insta-chavannes-1-150x150.jpg\" class=\"attachment-thumbnail size-thumbnail wp-image-4034\" srcset=\"https:\/\/www.anae.archi\/fr\/wp-content\/uploads\/2024\/10\/insta-chavannes-1-150x150.jpg 150w, https:\/\/www.anae.archi\/fr\/wp-content\/uploads\/2024\/10\/insta-chavannes-1-300x300.jpg 300w, https:\/\/www.anae.archi\/fr\/wp-content\/uploads\/2024\/10\/insta-chavannes-1-1024x1024.jpg 1024w, https:\/\/www.anae.archi\/fr\/wp-content\/uploads\/2024\/10\/insta-chavannes-1-768x768.jpg 768w, https:\/\/www.anae.archi\/fr\/wp-content\/uploads\/2024\/10\/insta-chavannes-1-1536x1536.jpg 1536w, https:\/\/www.anae.archi\/fr\/wp-content\/uploads\/2024\/10\/insta-chavannes-1-2048x2048.jpg 2048w\" sizes=\"(max-width: 150px) 100vw, 150px\" \/><\/div>\n\t\t\t\t\t\t<div class=\"be-desc\">\n\t\t\t\t\t\t\t<h3 class=\"be-title\">23.02.2022<\/h3>\t\t\t\t\t\t\t<div class=\"be-content\"><p><em>Publication sur nos r\u00e9seaux\u00a0<\/em><br \/>Ouverture avec vue \ud83d\ude09<br \/>Le chantier de Chavannes-le-Veyron a d\u00e9but\u00e9!<br \/>\u00c7a c'est du caillou !! Quand on dit que les murs de l'\u00e9poque \u00e9taient fabriqu\u00e9s avec les cailloux qu'on trouvait sur place c'est pas pour rire ! Impossible \u00e0 scier ou couper, ils seront \u00e9vacu\u00e9s \u00e0 la force du poignet !\u00a0<\/p><p><a href=\"https:\/\/www.instagram.com\/anae.archi\/\" target=\"_blank\" rel=\"noopener\">Voir sur instagram-&gt;&gt;<\/a><\/p><p><img loading=\"lazy\" decoding=\"async\" class=\"alignnone wp-image-5108 size-thumbnail\" src=\"https:\/\/www.anae.archi\/fr\/wp-content\/uploads\/2024\/10\/insta_chavannes_2-150x150.jpg?_t=1733922258\" alt=\"\" width=\"150\" height=\"150\" \/><img loading=\"lazy\" decoding=\"async\" class=\"alignnone wp-image-5106 size-thumbnail\" src=\"https:\/\/www.anae.archi\/fr\/wp-content\/uploads\/2024\/10\/insta_chavannes_3-150x150.jpg?_t=1733922258\" alt=\"\" width=\"150\" height=\"150\" \/><\/p><\/div>\t\t\t\t\t\t<\/div>\n\n\t\t\t\t\t\n\t\t\t\t<\/div>\n\n\t\t\t<\/div>\n\t\t<\/div>\n\t\t\t<\/li>\n\t\t\t<li class=\"timeline-right\"> \n\t\t\t<div class=\"tl-circ\"><\/div>\n\t\t <div class=\"timeline-panel\">\n\t\t   <div class=\"tl-heading\">\n\t\t\t <div class=\"tl-content\">\n\n\t\t\t    \n\t\t\t\t\t\t\n\t\t\t\t\t\t<div class=\"be-desc\">\n\t\t\t\t\t\t\t<h3 class=\"be-title\">08.02.2022<\/h3>\t\t\t\t\t\t\t<div class=\"be-content\"><p>Je suis officiellement inscrite au registre des architectes REG A!<br \/>Cela me permettra de continuer \u00e0 mettre \u00e0 l'enqu\u00eate des projets d'architecture.<\/p><\/div>\t\t\t\t\t\t<\/div>\n\n\t\t\t\t\t\n\t\t\t\t<\/div>\n\n\t\t\t<\/div>\n\t\t<\/div>\n\t\t\t<\/li>\n\t\t\t \n      <\/ul>\n\n\t\t\t\t\t<\/div>\n\t\t\t\t<\/div>\n\t\t\t\t<div class=\"elementor-element elementor-element-b97643d elementor-widget elementor-widget-heading\" data-id=\"b97643d\" data-element_type=\"widget\" data-e-type=\"widget\" id=\"year2021\" data-widget_type=\"heading.default\">\n\t\t\t\t<div class=\"elementor-widget-container\">\n\t\t\t\t\t<h2 class=\"elementor-heading-title elementor-size-default\">2021<\/h2>\t\t\t\t<\/div>\n\t\t\t\t<\/div>\n\t\t\t\t<div class=\"elementor-element elementor-element-9081cee elementor-widget elementor-widget-be-timeline\" data-id=\"9081cee\" data-element_type=\"widget\" data-e-type=\"widget\" data-widget_type=\"be-timeline.default\">\n\t\t\t\t<div class=\"elementor-widget-container\">\n\t\t\t\t\t<ul class=\"be-pack timeline \"><li class=\"timeline-inverted\"> \n\t\t\t<div class=\"tl-circ\"><\/div>\n\t\t <div class=\"timeline-panel\">\n\t\t   <div class=\"tl-heading\">\n\t\t\t <div class=\"tl-content\">\n\n\t\t\t    \n\t\t\t\t\t\t\n\t\t\t\t\t\t<div class=\"be-desc\">\n\t\t\t\t\t\t\t<h3 class=\"be-title\">23.12.2021<\/h3>\t\t\t\t\t\t\t<div class=\"be-content\"><section id=\"content06-195\" class=\"header2 cid-u7W5876qAz\"><div class=\"container\"><div class=\"mbr-row mbr-jc-c mbr-black\"><div class=\"title-wrap mbr-m-auto mbr-col-md-12 mbr-col-sm-12 mbr-col-lg-9 align-left mbr-flex\"><div class=\"title-block\"><p class=\"mbr-text mbr-fonts-style mbr-gray display-5\">En ce dernier jour avant un repos bien m\u00e9rit\u00e9, je vous souhaite de passer de belles f\u00eates de fin d'ann\u00e9e ! On esp\u00e8re tous d\u00e9couvrir une ann\u00e9e 2022 plus agr\u00e9able. De mon c\u00f4t\u00e9, pleins de beaux projets en pr\u00e9paration \u00e0 vous monter et des chantiers \u00e0 venir. Une belle ann\u00e9e en perspective !<\/p><\/div><\/div><\/div><\/div><\/section><\/div>\t\t\t\t\t\t<\/div>\n\n\t\t\t\t\t\n\t\t\t\t<\/div>\n\n\t\t\t<\/div>\n\t\t<\/div>\n\t\t\t<\/li>\n\t\t\t<li class=\"timeline-right\"> \n\t\t\t<div class=\"tl-circ\"><\/div>\n\t\t <div class=\"timeline-panel\">\n\t\t   <div class=\"tl-heading\">\n\t\t\t <div class=\"tl-content\">\n\n\t\t\t    \n\t\t\t\t\t\t<div class=\"timeline_pic pull-left\"><img loading=\"lazy\" decoding=\"async\" width=\"150\" height=\"150\" src=\"https:\/\/www.anae.archi\/fr\/wp-content\/uploads\/2024\/10\/monnaz-6-150x150.jpg\" class=\"attachment-thumbnail size-thumbnail wp-image-4053\" srcset=\"https:\/\/www.anae.archi\/fr\/wp-content\/uploads\/2024\/10\/monnaz-6-150x150.jpg 150w, https:\/\/www.anae.archi\/fr\/wp-content\/uploads\/2024\/10\/monnaz-6-300x300.jpg 300w, https:\/\/www.anae.archi\/fr\/wp-content\/uploads\/2024\/10\/monnaz-6-1024x1024.jpg 1024w, https:\/\/www.anae.archi\/fr\/wp-content\/uploads\/2024\/10\/monnaz-6-768x768.jpg 768w, https:\/\/www.anae.archi\/fr\/wp-content\/uploads\/2024\/10\/monnaz-6-1536x1536.jpg 1536w, https:\/\/www.anae.archi\/fr\/wp-content\/uploads\/2024\/10\/monnaz-6-2048x2048.jpg 2048w\" sizes=\"(max-width: 150px) 100vw, 150px\" \/><\/div>\n\t\t\t\t\t\t<div class=\"be-desc\">\n\t\t\t\t\t\t\t<h3 class=\"be-title\">04.12.2021<\/h3>\t\t\t\t\t\t\t<div class=\"be-content\"><p>Publication sur nos r\u00e9seaux\u00a0<br \/>Fin de chantier \u00e0 Monnaz ! Bient\u00f4t toutes les photos seront publi\u00e9es sur nos r\u00e9seaux et ici.<\/p><\/div>\t\t\t\t\t\t<\/div>\n\n\t\t\t\t\t\n\t\t\t\t<\/div>\n\n\t\t\t<\/div>\n\t\t<\/div>\n\t\t\t<\/li>\n\t\t\t<li class=\"timeline-inverted\"> \n\t\t\t<div class=\"tl-circ\"><\/div>\n\t\t <div class=\"timeline-panel\">\n\t\t   <div class=\"tl-heading\">\n\t\t\t <div class=\"tl-content\">\n\n\t\t\t    \n\t\t\t\t\t\t<div class=\"timeline_pic pull-left\"><img loading=\"lazy\" decoding=\"async\" width=\"150\" height=\"150\" src=\"https:\/\/www.anae.archi\/fr\/wp-content\/uploads\/2024\/10\/monnaz-5-150x150.jpg\" class=\"attachment-thumbnail size-thumbnail wp-image-4054\" srcset=\"https:\/\/www.anae.archi\/fr\/wp-content\/uploads\/2024\/10\/monnaz-5-150x150.jpg 150w, https:\/\/www.anae.archi\/fr\/wp-content\/uploads\/2024\/10\/monnaz-5-300x300.jpg 300w, https:\/\/www.anae.archi\/fr\/wp-content\/uploads\/2024\/10\/monnaz-5-1024x1024.jpg 1024w, https:\/\/www.anae.archi\/fr\/wp-content\/uploads\/2024\/10\/monnaz-5-768x768.jpg 768w, https:\/\/www.anae.archi\/fr\/wp-content\/uploads\/2024\/10\/monnaz-5-1536x1536.jpg 1536w, https:\/\/www.anae.archi\/fr\/wp-content\/uploads\/2024\/10\/monnaz-5-2048x2048.jpg 2048w\" sizes=\"(max-width: 150px) 100vw, 150px\" \/><\/div>\n\t\t\t\t\t\t<div class=\"be-desc\">\n\t\t\t\t\t\t\t<h3 class=\"be-title\">18.11.2021<\/h3>\t\t\t\t\t\t\t<div class=\"be-content\"><p>Publication sur nos r\u00e9seaux\u00a0<br \/>Pignons pos\u00e9s ! En attente des finitions ext\u00e9rieures pour plus de jolies images<\/p><\/div>\t\t\t\t\t\t<\/div>\n\n\t\t\t\t\t\n\t\t\t\t<\/div>\n\n\t\t\t<\/div>\n\t\t<\/div>\n\t\t\t<\/li>\n\t\t\t<li class=\"timeline-right\"> \n\t\t\t<div class=\"tl-circ\"><\/div>\n\t\t <div class=\"timeline-panel\">\n\t\t   <div class=\"tl-heading\">\n\t\t\t <div class=\"tl-content\">\n\n\t\t\t    \n\t\t\t\t\t\t<div class=\"timeline_pic pull-left\"><img loading=\"lazy\" decoding=\"async\" width=\"150\" height=\"150\" src=\"https:\/\/www.anae.archi\/fr\/wp-content\/uploads\/2024\/10\/monnaz-4-150x150.jpg\" class=\"attachment-thumbnail size-thumbnail wp-image-4058\" srcset=\"https:\/\/www.anae.archi\/fr\/wp-content\/uploads\/2024\/10\/monnaz-4-150x150.jpg 150w, https:\/\/www.anae.archi\/fr\/wp-content\/uploads\/2024\/10\/monnaz-4-300x300.jpg 300w, https:\/\/www.anae.archi\/fr\/wp-content\/uploads\/2024\/10\/monnaz-4-1024x1024.jpg 1024w, https:\/\/www.anae.archi\/fr\/wp-content\/uploads\/2024\/10\/monnaz-4-768x768.jpg 768w, https:\/\/www.anae.archi\/fr\/wp-content\/uploads\/2024\/10\/monnaz-4-1536x1536.jpg 1536w, https:\/\/www.anae.archi\/fr\/wp-content\/uploads\/2024\/10\/monnaz-4-2048x2048.jpg 2048w\" sizes=\"(max-width: 150px) 100vw, 150px\" \/><\/div>\n\t\t\t\t\t\t<div class=\"be-desc\">\n\t\t\t\t\t\t\t<h3 class=\"be-title\">05.11.2021<\/h3>\t\t\t\t\t\t\t<div class=\"be-content\"><p>Publication sur nos r\u00e9seaux\u00a0<br \/>Y a pire comme vue pour un chantier !\u00a0<\/p><\/div>\t\t\t\t\t\t<\/div>\n\n\t\t\t\t\t\n\t\t\t\t<\/div>\n\n\t\t\t<\/div>\n\t\t<\/div>\n\t\t\t<\/li>\n\t\t\t<li class=\"timeline-inverted\"> \n\t\t\t<div class=\"tl-circ\"><\/div>\n\t\t <div class=\"timeline-panel\">\n\t\t   <div class=\"tl-heading\">\n\t\t\t <div class=\"tl-content\">\n\n\t\t\t    \n\t\t\t\t\t\t\n\t\t\t\t\t\t<div class=\"be-desc\">\n\t\t\t\t\t\t\t<h3 class=\"be-title\">03.11.2021<\/h3>\t\t\t\t\t\t\t<div class=\"be-content\"><p>D\u00e8s aujourd'hui, retrouvez-nous \u00e0 Lonay. En effet, le bureau d\u00e9m\u00e9nage en raison de l'agrandissement de ses voisins. Un nouveau d\u00e9part apr\u00e8s une ann\u00e9e d\u00e9j\u00e0 forte en changements.<br \/>Nouvelle adresse : Route de Denges 28G, 1027 Lonay<\/p><\/div>\t\t\t\t\t\t<\/div>\n\n\t\t\t\t\t\n\t\t\t\t<\/div>\n\n\t\t\t<\/div>\n\t\t<\/div>\n\t\t\t<\/li>\n\t\t\t<li class=\"timeline-right\"> \n\t\t\t<div class=\"tl-circ\"><\/div>\n\t\t <div class=\"timeline-panel\">\n\t\t   <div class=\"tl-heading\">\n\t\t\t <div class=\"tl-content\">\n\n\t\t\t    \n\t\t\t\t\t\t<div class=\"timeline_pic pull-left\"><img loading=\"lazy\" decoding=\"async\" width=\"150\" height=\"150\" src=\"https:\/\/www.anae.archi\/fr\/wp-content\/uploads\/2024\/10\/monnaz-2-150x150.jpeg\" class=\"attachment-thumbnail size-thumbnail wp-image-4062\" srcset=\"https:\/\/www.anae.archi\/fr\/wp-content\/uploads\/2024\/10\/monnaz-2-150x150.jpeg 150w, https:\/\/www.anae.archi\/fr\/wp-content\/uploads\/2024\/10\/monnaz-2-300x300.jpeg 300w, https:\/\/www.anae.archi\/fr\/wp-content\/uploads\/2024\/10\/monnaz-2-1024x1024.jpeg 1024w, https:\/\/www.anae.archi\/fr\/wp-content\/uploads\/2024\/10\/monnaz-2-768x768.jpeg 768w, https:\/\/www.anae.archi\/fr\/wp-content\/uploads\/2024\/10\/monnaz-2-1536x1536.jpeg 1536w, https:\/\/www.anae.archi\/fr\/wp-content\/uploads\/2024\/10\/monnaz-2-2048x2048.jpeg 2048w\" sizes=\"(max-width: 150px) 100vw, 150px\" \/><\/div>\n\t\t\t\t\t\t<div class=\"be-desc\">\n\t\t\t\t\t\t\t<h3 class=\"be-title\">27.08.2021<\/h3>\t\t\t\t\t\t\t<div class=\"be-content\"><p>Publication sur nos r\u00e9seaux<br \/>Le chantier de Monnaz se poursuit. L'isolation p\u00e9riph\u00e9rique en fibre de bois de cette villa en zone agricole est en cours de cr\u00e9pissage.<\/p><\/div>\t\t\t\t\t\t<\/div>\n\n\t\t\t\t\t\n\t\t\t\t<\/div>\n\n\t\t\t<\/div>\n\t\t<\/div>\n\t\t\t<\/li>\n\t\t\t<li class=\"timeline-inverted\"> \n\t\t\t<div class=\"tl-circ\"><\/div>\n\t\t <div class=\"timeline-panel\">\n\t\t   <div class=\"tl-heading\">\n\t\t\t <div class=\"tl-content\">\n\n\t\t\t    \n\t\t\t\t\t\t<div class=\"timeline_pic pull-left\"><img loading=\"lazy\" decoding=\"async\" width=\"150\" height=\"150\" src=\"https:\/\/www.anae.archi\/fr\/wp-content\/uploads\/2024\/10\/saubraz-5-1-150x150.jpg\" class=\"attachment-thumbnail size-thumbnail wp-image-4066\" srcset=\"https:\/\/www.anae.archi\/fr\/wp-content\/uploads\/2024\/10\/saubraz-5-1-150x150.jpg 150w, https:\/\/www.anae.archi\/fr\/wp-content\/uploads\/2024\/10\/saubraz-5-1-300x300.jpg 300w, https:\/\/www.anae.archi\/fr\/wp-content\/uploads\/2024\/10\/saubraz-5-1-1024x1024.jpg 1024w, https:\/\/www.anae.archi\/fr\/wp-content\/uploads\/2024\/10\/saubraz-5-1-768x768.jpg 768w, https:\/\/www.anae.archi\/fr\/wp-content\/uploads\/2024\/10\/saubraz-5-1-1536x1536.jpg 1536w, https:\/\/www.anae.archi\/fr\/wp-content\/uploads\/2024\/10\/saubraz-5-1-2048x2048.jpg 2048w\" sizes=\"(max-width: 150px) 100vw, 150px\" \/><\/div>\n\t\t\t\t\t\t<div class=\"be-desc\">\n\t\t\t\t\t\t\t<h3 class=\"be-title\">16.08.2021<\/h3>\t\t\t\t\t\t\t<div class=\"be-content\"><p>Publication sur nos r\u00e9seaux\u00a0<br \/>Le chantier de Saubraz est termin\u00e9 !!<br \/>Extension en bois, pergolas et couvert \u00e0 voiture, panneaux solaires semi transparents et opaques, terrasse en bois, mur en briques de terre crue. Tout un floril\u00e8ge de mat\u00e9riaux sains, naturels et biosourc\u00e9s.<\/p><\/div>\t\t\t\t\t\t<\/div>\n\n\t\t\t\t\t\n\t\t\t\t<\/div>\n\n\t\t\t<\/div>\n\t\t<\/div>\n\t\t\t<\/li>\n\t\t\t<li class=\"timeline-right\"> \n\t\t\t<div class=\"tl-circ\"><\/div>\n\t\t <div class=\"timeline-panel\">\n\t\t   <div class=\"tl-heading\">\n\t\t\t <div class=\"tl-content\">\n\n\t\t\t    \n\t\t\t\t\t\t<div class=\"timeline_pic pull-left\"><img loading=\"lazy\" decoding=\"async\" width=\"150\" height=\"150\" src=\"https:\/\/www.anae.archi\/fr\/wp-content\/uploads\/2024\/10\/monnaz-3-150x150.jpg\" class=\"attachment-thumbnail size-thumbnail wp-image-4067\" srcset=\"https:\/\/www.anae.archi\/fr\/wp-content\/uploads\/2024\/10\/monnaz-3-150x150.jpg 150w, https:\/\/www.anae.archi\/fr\/wp-content\/uploads\/2024\/10\/monnaz-3-300x300.jpg 300w, https:\/\/www.anae.archi\/fr\/wp-content\/uploads\/2024\/10\/monnaz-3.jpg 526w\" sizes=\"(max-width: 150px) 100vw, 150px\" \/><\/div>\n\t\t\t\t\t\t<div class=\"be-desc\">\n\t\t\t\t\t\t\t<h3 class=\"be-title\">16.06.2021<\/h3>\t\t\t\t\t\t\t<div class=\"be-content\"><p>Publication sur nos r\u00e9seaux\u00a0<br \/>L'isolation des fa\u00e7ade en fibre de bois est en cours de pose \u00e0 Monnaz !\u00a0<\/p><\/div>\t\t\t\t\t\t<\/div>\n\n\t\t\t\t\t\n\t\t\t\t<\/div>\n\n\t\t\t<\/div>\n\t\t<\/div>\n\t\t\t<\/li>\n\t\t\t<li class=\"timeline-inverted\"> \n\t\t\t<div class=\"tl-circ\"><\/div>\n\t\t <div class=\"timeline-panel\">\n\t\t   <div class=\"tl-heading\">\n\t\t\t <div class=\"tl-content\">\n\n\t\t\t    \n\t\t\t\t\t\t\n\t\t\t\t\t\t<div class=\"be-desc\">\n\t\t\t\t\t\t\t<h3 class=\"be-title\">30.04.2021<\/h3>\t\t\t\t\t\t\t<div class=\"be-content\"><p>Une nouvelle mise \u00e0 l'enqu\u00eate pour le bureau ! Nous allons construire une extension en bois \u00e0 Chavannes-le-Veyron. Des transformations int\u00e9rieures pour diviser le logement actuel en deux appartements seront \u00e9galement effectu\u00e9s.<\/p><\/div>\t\t\t\t\t\t<\/div>\n\n\t\t\t\t\t\n\t\t\t\t<\/div>\n\n\t\t\t<\/div>\n\t\t<\/div>\n\t\t\t<\/li>\n\t\t\t<li class=\"timeline-right\"> \n\t\t\t<div class=\"tl-circ\"><\/div>\n\t\t <div class=\"timeline-panel\">\n\t\t   <div class=\"tl-heading\">\n\t\t\t <div class=\"tl-content\">\n\n\t\t\t    \n\t\t\t\t\t\t<div class=\"timeline_pic pull-left\"><img loading=\"lazy\" decoding=\"async\" width=\"150\" height=\"150\" src=\"https:\/\/www.anae.archi\/fr\/wp-content\/uploads\/2024\/10\/saubraz-insta-4-150x150.jpeg\" class=\"attachment-thumbnail size-thumbnail wp-image-4077\" srcset=\"https:\/\/www.anae.archi\/fr\/wp-content\/uploads\/2024\/10\/saubraz-insta-4-150x150.jpeg 150w, https:\/\/www.anae.archi\/fr\/wp-content\/uploads\/2024\/10\/saubraz-insta-4-300x300.jpeg 300w, https:\/\/www.anae.archi\/fr\/wp-content\/uploads\/2024\/10\/saubraz-insta-4-1024x1024.jpeg 1024w, https:\/\/www.anae.archi\/fr\/wp-content\/uploads\/2024\/10\/saubraz-insta-4-768x768.jpeg 768w, https:\/\/www.anae.archi\/fr\/wp-content\/uploads\/2024\/10\/saubraz-insta-4.jpeg 1244w\" sizes=\"(max-width: 150px) 100vw, 150px\" \/><\/div>\n\t\t\t\t\t\t<div class=\"be-desc\">\n\t\t\t\t\t\t\t<h3 class=\"be-title\">22.04.2021<\/h3>\t\t\t\t\t\t\t<div class=\"be-content\"><p>Publication sur nos r\u00e9seaux:<br \/>Mur en brique de terre crue, isolation sous chape en li\u00e8ge, construction en bois et isolation en fibre de bois. Voil\u00e0 une extension naturelle et durable !<\/p><\/div>\t\t\t\t\t\t<\/div>\n\n\t\t\t\t\t\n\t\t\t\t<\/div>\n\n\t\t\t<\/div>\n\t\t<\/div>\n\t\t\t<\/li>\n\t\t\t<li class=\"timeline-inverted\"> \n\t\t\t<div class=\"tl-circ\"><\/div>\n\t\t <div class=\"timeline-panel\">\n\t\t   <div class=\"tl-heading\">\n\t\t\t <div class=\"tl-content\">\n\n\t\t\t    \n\t\t\t\t\t\t<div class=\"timeline_pic pull-left\"><img loading=\"lazy\" decoding=\"async\" width=\"150\" height=\"150\" src=\"https:\/\/www.anae.archi\/fr\/wp-content\/uploads\/2024\/10\/monnaz-insta-1-150x150.jpg\" class=\"attachment-thumbnail size-thumbnail wp-image-4078\" srcset=\"https:\/\/www.anae.archi\/fr\/wp-content\/uploads\/2024\/10\/monnaz-insta-1-150x150.jpg 150w, https:\/\/www.anae.archi\/fr\/wp-content\/uploads\/2024\/10\/monnaz-insta-1-300x300.jpg 300w, https:\/\/www.anae.archi\/fr\/wp-content\/uploads\/2024\/10\/monnaz-insta-1-1024x1024.jpg 1024w, https:\/\/www.anae.archi\/fr\/wp-content\/uploads\/2024\/10\/monnaz-insta-1-768x768.jpg 768w, https:\/\/www.anae.archi\/fr\/wp-content\/uploads\/2024\/10\/monnaz-insta-1.jpg 1080w\" sizes=\"(max-width: 150px) 100vw, 150px\" \/><\/div>\n\t\t\t\t\t\t<div class=\"be-desc\">\n\t\t\t\t\t\t\t<h3 class=\"be-title\">31.03.2021<\/h3>\t\t\t\t\t\t\t<div class=\"be-content\"><p>Publication sur nos r\u00e9seaux\u00a0<br \/>La toiture \u00e0 Monnaz est en cours d'isolation! <br \/>Vive le printemps \u2600\ufe0f\u00a0<\/p><\/div>\t\t\t\t\t\t<\/div>\n\n\t\t\t\t\t\n\t\t\t\t<\/div>\n\n\t\t\t<\/div>\n\t\t<\/div>\n\t\t\t<\/li>\n\t\t\t<li class=\"timeline-right\"> \n\t\t\t<div class=\"tl-circ\"><\/div>\n\t\t <div class=\"timeline-panel\">\n\t\t   <div class=\"tl-heading\">\n\t\t\t <div class=\"tl-content\">\n\n\t\t\t    \n\t\t\t\t\t\t<div class=\"timeline_pic pull-left\"><img loading=\"lazy\" decoding=\"async\" width=\"150\" height=\"150\" src=\"https:\/\/www.anae.archi\/fr\/wp-content\/uploads\/2024\/10\/saubraz-insta-3-150x150.jpg\" class=\"attachment-thumbnail size-thumbnail wp-image-4079\" srcset=\"https:\/\/www.anae.archi\/fr\/wp-content\/uploads\/2024\/10\/saubraz-insta-3-150x150.jpg 150w, https:\/\/www.anae.archi\/fr\/wp-content\/uploads\/2024\/10\/saubraz-insta-3-300x300.jpg 300w, https:\/\/www.anae.archi\/fr\/wp-content\/uploads\/2024\/10\/saubraz-insta-3-1024x1024.jpg 1024w, https:\/\/www.anae.archi\/fr\/wp-content\/uploads\/2024\/10\/saubraz-insta-3-768x768.jpg 768w, https:\/\/www.anae.archi\/fr\/wp-content\/uploads\/2024\/10\/saubraz-insta-3.jpg 1080w\" sizes=\"(max-width: 150px) 100vw, 150px\" \/><\/div>\n\t\t\t\t\t\t<div class=\"be-desc\">\n\t\t\t\t\t\t\t<h3 class=\"be-title\">03.03.2021<\/h3>\t\t\t\t\t\t\t<div class=\"be-content\"><p>Publication sur nos r\u00e9seaux<br \/>Ouverture sur la nature...<br \/>L\u2019extension se construit et e\u0301volue tous les jours \u00e0 Saubraz \ud83d\ude09<\/p><\/div>\t\t\t\t\t\t<\/div>\n\n\t\t\t\t\t\n\t\t\t\t<\/div>\n\n\t\t\t<\/div>\n\t\t<\/div>\n\t\t\t<\/li>\n\t\t\t<li class=\"timeline-inverted\"> \n\t\t\t<div class=\"tl-circ\"><\/div>\n\t\t <div class=\"timeline-panel\">\n\t\t   <div class=\"tl-heading\">\n\t\t\t <div class=\"tl-content\">\n\n\t\t\t    \n\t\t\t\t\t\t<div class=\"timeline_pic pull-left\"><img loading=\"lazy\" decoding=\"async\" width=\"150\" height=\"150\" src=\"https:\/\/www.anae.archi\/fr\/wp-content\/uploads\/2024\/10\/saubraz-insta-2-150x150.jpg\" class=\"attachment-thumbnail size-thumbnail wp-image-4083\" srcset=\"https:\/\/www.anae.archi\/fr\/wp-content\/uploads\/2024\/10\/saubraz-insta-2-150x150.jpg 150w, https:\/\/www.anae.archi\/fr\/wp-content\/uploads\/2024\/10\/saubraz-insta-2-300x300.jpg 300w, https:\/\/www.anae.archi\/fr\/wp-content\/uploads\/2024\/10\/saubraz-insta-2-1024x1024.jpg 1024w, https:\/\/www.anae.archi\/fr\/wp-content\/uploads\/2024\/10\/saubraz-insta-2-768x768.jpg 768w, https:\/\/www.anae.archi\/fr\/wp-content\/uploads\/2024\/10\/saubraz-insta-2.jpg 1080w\" sizes=\"(max-width: 150px) 100vw, 150px\" \/><\/div>\n\t\t\t\t\t\t<div class=\"be-desc\">\n\t\t\t\t\t\t\t<h3 class=\"be-title\">17.02.2021<\/h3>\t\t\t\t\t\t\t<div class=\"be-content\"><p>Publication sur nos r\u00e9seaux:<br \/>Pose de la structure en bois de l\u2019extension en cours \u00e0 Saubraz.<\/p><\/div>\t\t\t\t\t\t<\/div>\n\n\t\t\t\t\t\n\t\t\t\t<\/div>\n\n\t\t\t<\/div>\n\t\t<\/div>\n\t\t\t<\/li>\n\t\t\t<li class=\"timeline-right\"> \n\t\t\t<div class=\"tl-circ\"><\/div>\n\t\t <div class=\"timeline-panel\">\n\t\t   <div class=\"tl-heading\">\n\t\t\t <div class=\"tl-content\">\n\n\t\t\t    \n\t\t\t\t\t\t\n\t\t\t\t\t\t<div class=\"be-desc\">\n\t\t\t\t\t\t\t<h3 class=\"be-title\">11.01.2021<\/h3>\t\t\t\t\t\t\t<div class=\"be-content\"><p>L'ann\u00e9e commence par un nouveau chantier ! La creuse a d\u00e9but\u00e9 \u00e0\u00a0Monnaz.\u00a0<\/p><\/div>\t\t\t\t\t\t<\/div>\n\n\t\t\t\t\t\n\t\t\t\t<\/div>\n\n\t\t\t<\/div>\n\t\t<\/div>\n\t\t\t<\/li>\n\t\t\t<li class=\"timeline-inverted\"> \n\t\t\t<div class=\"tl-circ\"><\/div>\n\t\t <div class=\"timeline-panel\">\n\t\t   <div class=\"tl-heading\">\n\t\t\t <div class=\"tl-content\">\n\n\t\t\t    \n\t\t\t\t\t\t\n\t\t\t\t\t\t<div class=\"be-desc\">\n\t\t\t\t\t\t\t<h3 class=\"be-title\">04.01.2021<\/h3>\t\t\t\t\t\t\t<div class=\"be-content\"><p>Je vous souhaite une toute belle ann\u00e9e 2021 pleine de s\u00e9r\u00e9nit\u00e9, de partages et d'\u00e9changes d\u00e8s que nous pourrons tous nous retrouver ! D'ici l\u00e0 prenez soin de vous et de vos proches.\u00a0\u00a0<\/p><\/div>\t\t\t\t\t\t<\/div>\n\n\t\t\t\t\t\n\t\t\t\t<\/div>\n\n\t\t\t<\/div>\n\t\t<\/div>\n\t\t\t<\/li>\n\t\t\t \n      <\/ul>\n\n\t\t\t\t\t<\/div>\n\t\t\t\t<\/div>\n\t\t\t\t<div class=\"elementor-element elementor-element-90efc44 elementor-widget elementor-widget-heading\" data-id=\"90efc44\" data-element_type=\"widget\" data-e-type=\"widget\" id=\"year2020\" data-widget_type=\"heading.default\">\n\t\t\t\t<div class=\"elementor-widget-container\">\n\t\t\t\t\t<h2 class=\"elementor-heading-title elementor-size-default\">2020<\/h2>\t\t\t\t<\/div>\n\t\t\t\t<\/div>\n\t\t\t\t<div class=\"elementor-element elementor-element-4ce411a elementor-widget elementor-widget-be-timeline\" data-id=\"4ce411a\" data-element_type=\"widget\" data-e-type=\"widget\" data-widget_type=\"be-timeline.default\">\n\t\t\t\t<div class=\"elementor-widget-container\">\n\t\t\t\t\t<ul class=\"be-pack timeline \"><li class=\"timeline-right\"> \n\t\t\t<div class=\"tl-circ\"><\/div>\n\t\t <div class=\"timeline-panel\">\n\t\t   <div class=\"tl-heading\">\n\t\t\t <div class=\"tl-content\">\n\n\t\t\t    \n\t\t\t\t\t\t\n\t\t\t\t\t\t<div class=\"be-desc\">\n\t\t\t\t\t\t\t<h3 class=\"be-title\">23.11.2020<\/h3>\t\t\t\t\t\t\t<div class=\"be-content\"><section id=\"content06-195\" class=\"header2 cid-u7W5876qAz\"><div class=\"container\"><div class=\"mbr-row mbr-jc-c mbr-black\"><div class=\"title-wrap mbr-m-auto mbr-col-md-12 mbr-col-sm-12 mbr-col-lg-9 align-left mbr-flex\"><div class=\"title-block\"><p class=\"mbr-text mbr-fonts-style mbr-gray display-5\">Le chantier d\u00e9bute \u00e0 Saubraz ! On commence par creuser l'extension cette ann\u00e9e, la pose de la structure bois se fera l'ann\u00e9e prochaine.\u00a0\u00a0<\/p><\/div><\/div><\/div><\/div><\/section><\/div>\t\t\t\t\t\t<\/div>\n\n\t\t\t\t\t\n\t\t\t\t<\/div>\n\n\t\t\t<\/div>\n\t\t<\/div>\n\t\t\t<\/li>\n\t\t\t<li class=\"timeline-inverted\"> \n\t\t\t<div class=\"tl-circ\"><\/div>\n\t\t <div class=\"timeline-panel\">\n\t\t   <div class=\"tl-heading\">\n\t\t\t <div class=\"tl-content\">\n\n\t\t\t    \n\t\t\t\t\t\t\n\t\t\t\t\t\t<div class=\"be-desc\">\n\t\t\t\t\t\t\t<h3 class=\"be-title\">16.11.2020<\/h3>\t\t\t\t\t\t\t<div class=\"be-content\"><p>Le chantier du Mont est termin\u00e9 ! Les \u00e9l\u00e9ments qui n'avaient pas pu \u00eatre pos\u00e9s dans les temps ont finalement pu l'\u00eatre. Que d'al\u00e9as \u00e0 g\u00e9rer sur ce projet, mais le r\u00e9sultat final est plut\u00f4t convainquant. \u00a0<\/p><\/div>\t\t\t\t\t\t<\/div>\n\n\t\t\t\t\t\n\t\t\t\t<\/div>\n\n\t\t\t<\/div>\n\t\t<\/div>\n\t\t\t<\/li>\n\t\t\t<li class=\"timeline-right\"> \n\t\t\t<div class=\"tl-circ\"><\/div>\n\t\t <div class=\"timeline-panel\">\n\t\t   <div class=\"tl-heading\">\n\t\t\t <div class=\"tl-content\">\n\n\t\t\t    \n\t\t\t\t\t\t\n\t\t\t\t\t\t<div class=\"be-desc\">\n\t\t\t\t\t\t\t<h3 class=\"be-title\">28.08.2020<\/h3>\t\t\t\t\t\t\t<div class=\"be-content\"><p>Et une nouvelle mise \u00e0 l'enqu\u00eate publi\u00e9e ! D\u00e9cid\u00e9ment tout se pr\u00e9cipite apr\u00e8s avoir pris un peu de temps. Cette fois il s'agit de l'extension en bois d'une maison \u00e0 Saubraz. L\u00e0 aussi on esp\u00e8re commencer les travaux cette ann\u00e9e.<\/p><\/div>\t\t\t\t\t\t<\/div>\n\n\t\t\t\t\t\n\t\t\t\t<\/div>\n\n\t\t\t<\/div>\n\t\t<\/div>\n\t\t\t<\/li>\n\t\t\t<li class=\"timeline-inverted\"> \n\t\t\t<div class=\"tl-circ\"><\/div>\n\t\t <div class=\"timeline-panel\">\n\t\t   <div class=\"tl-heading\">\n\t\t\t <div class=\"tl-content\">\n\n\t\t\t    \n\t\t\t\t\t\t\n\t\t\t\t\t\t<div class=\"be-desc\">\n\t\t\t\t\t\t\t<h3 class=\"be-title\">14.08.2020<\/h3>\t\t\t\t\t\t\t<div class=\"be-content\"><p>Une nouvelle mise \u00e0 l'enqu\u00eate vient d'\u00eatre publi\u00e9e ! L'isolation d'une maison individuelle en zone agricole \u00e0 Monnaz. On esp\u00e8re commencer les travaux cette ann\u00e9e encore.<\/p><\/div>\t\t\t\t\t\t<\/div>\n\n\t\t\t\t\t\n\t\t\t\t<\/div>\n\n\t\t\t<\/div>\n\t\t<\/div>\n\t\t\t<\/li>\n\t\t\t<li class=\"timeline-right\"> \n\t\t\t<div class=\"tl-circ\"><\/div>\n\t\t <div class=\"timeline-panel\">\n\t\t   <div class=\"tl-heading\">\n\t\t\t <div class=\"tl-content\">\n\n\t\t\t    \n\t\t\t\t\t\t\n\t\t\t\t\t\t<div class=\"be-desc\">\n\t\t\t\t\t\t\t<h3 class=\"be-title\">30.09.2020<\/h3>\t\t\t\t\t\t\t<div class=\"be-content\"><p>Le chantier du Mont-sur-Lausanne est en phase de finition. Apr\u00e8s avoir subi le Covid et les retards en lien avec la pand\u00e9mie, on est en train de finaliser certains d\u00e9tails.<\/p><\/div>\t\t\t\t\t\t<\/div>\n\n\t\t\t\t\t\n\t\t\t\t<\/div>\n\n\t\t\t<\/div>\n\t\t<\/div>\n\t\t\t<\/li>\n\t\t\t<li class=\"timeline-inverted\"> \n\t\t\t<div class=\"tl-circ\"><\/div>\n\t\t <div class=\"timeline-panel\">\n\t\t   <div class=\"tl-heading\">\n\t\t\t <div class=\"tl-content\">\n\n\t\t\t    \n\t\t\t\t\t\t\n\t\t\t\t\t\t<div class=\"be-desc\">\n\t\t\t\t\t\t\t<h3 class=\"be-title\">11.02.2020<\/h3>\t\t\t\t\t\t\t<div class=\"be-content\"><p>Je travaille sur de nouveau projets depuis quelques semaines. L'ann\u00e9e commence sous les meilleures auspices ! Plus d'informations \u00e0 suivre... \u00a0\u00a0<\/p><\/div>\t\t\t\t\t\t<\/div>\n\n\t\t\t\t\t\n\t\t\t\t<\/div>\n\n\t\t\t<\/div>\n\t\t<\/div>\n\t\t\t<\/li>\n\t\t\t<li class=\"timeline-right\"> \n\t\t\t<div class=\"tl-circ\"><\/div>\n\t\t <div class=\"timeline-panel\">\n\t\t   <div class=\"tl-heading\">\n\t\t\t <div class=\"tl-content\">\n\n\t\t\t    \n\t\t\t\t\t\t\n\t\t\t\t\t\t<div class=\"be-desc\">\n\t\t\t\t\t\t\t<h3 class=\"be-title\">12.01.2020<\/h3>\t\t\t\t\t\t\t<div class=\"be-content\"><p>Je vous souhaite une toute belle ann\u00e9e 2020 !! A la vie, \u00e0 l'amour et \u00e0 l'esp\u00e9rance...!<\/p><\/div>\t\t\t\t\t\t<\/div>\n\n\t\t\t\t\t\n\t\t\t\t<\/div>\n\n\t\t\t<\/div>\n\t\t<\/div>\n\t\t\t<\/li>\n\t\t\t \n      <\/ul>\n\n\t\t\t\t\t<\/div>\n\t\t\t\t<\/div>\n\t\t\t\t<div class=\"elementor-element elementor-element-8fa84f0 elementor-widget elementor-widget-heading\" data-id=\"8fa84f0\" data-element_type=\"widget\" data-e-type=\"widget\" id=\"year2019\" data-widget_type=\"heading.default\">\n\t\t\t\t<div class=\"elementor-widget-container\">\n\t\t\t\t\t<h2 class=\"elementor-heading-title elementor-size-default\">2019<\/h2>\t\t\t\t<\/div>\n\t\t\t\t<\/div>\n\t\t\t\t<div class=\"elementor-element elementor-element-7a620e2 elementor-widget elementor-widget-be-timeline\" data-id=\"7a620e2\" data-element_type=\"widget\" data-e-type=\"widget\" data-widget_type=\"be-timeline.default\">\n\t\t\t\t<div class=\"elementor-widget-container\">\n\t\t\t\t\t<ul class=\"be-pack timeline \"><li class=\"timeline-inverted\"> \n\t\t\t<div class=\"tl-circ\"><\/div>\n\t\t <div class=\"timeline-panel\">\n\t\t   <div class=\"tl-heading\">\n\t\t\t <div class=\"tl-content\">\n\n\t\t\t    \n\t\t\t\t\t\t\n\t\t\t\t\t\t<div class=\"be-desc\">\n\t\t\t\t\t\t\t<h3 class=\"be-title\">07.10.2019<\/h3>\t\t\t\t\t\t\t<div class=\"be-content\"><section id=\"content06-195\" class=\"header2 cid-u7W5876qAz\"><div class=\"container\"><div class=\"mbr-row mbr-jc-c mbr-black\"><div class=\"title-wrap mbr-m-auto mbr-col-md-12 mbr-col-sm-12 mbr-col-lg-9 align-left mbr-flex\"><div class=\"title-block\"><p class=\"mbr-text mbr-fonts-style mbr-gray display-5\">Le chantier du Mont-sur-Lausanne d\u00e9bute aujourd'hui.\u00a0<\/p><\/div><\/div><\/div><\/div><\/section><\/div>\t\t\t\t\t\t<\/div>\n\n\t\t\t\t\t\n\t\t\t\t<\/div>\n\n\t\t\t<\/div>\n\t\t<\/div>\n\t\t\t<\/li>\n\t\t\t<li class=\"timeline-right\"> \n\t\t\t<div class=\"tl-circ\"><\/div>\n\t\t <div class=\"timeline-panel\">\n\t\t   <div class=\"tl-heading\">\n\t\t\t <div class=\"tl-content\">\n\n\t\t\t    \n\t\t\t\t\t\t\n\t\t\t\t\t\t<div class=\"be-desc\">\n\t\t\t\t\t\t\t<h3 class=\"be-title\">02.10.2019<\/h3>\t\t\t\t\t\t\t<div class=\"be-content\"><p>Le chantier de Tolochenaz est termin\u00e9 ! Quelques images sont visibles sur Facebook et Instagram. La page consacr\u00e9e \u00e0 ce projet sur le site est en cours d'\u00e9laboration.<\/p><\/div>\t\t\t\t\t\t<\/div>\n\n\t\t\t\t\t\n\t\t\t\t<\/div>\n\n\t\t\t<\/div>\n\t\t<\/div>\n\t\t\t<\/li>\n\t\t\t<li class=\"timeline-inverted\"> \n\t\t\t<div class=\"tl-circ\"><\/div>\n\t\t <div class=\"timeline-panel\">\n\t\t   <div class=\"tl-heading\">\n\t\t\t <div class=\"tl-content\">\n\n\t\t\t    \n\t\t\t\t\t\t\n\t\t\t\t\t\t<div class=\"be-desc\">\n\t\t\t\t\t\t\t<h3 class=\"be-title\">23.09.2019<\/h3>\t\t\t\t\t\t\t<div class=\"be-content\"><p>Le permis de construire du Mont-sur-Lausanne a \u00e9t\u00e9 octroy\u00e9 ! Les travaux d\u00e9butent tout bient\u00f4t.<\/p><\/div>\t\t\t\t\t\t<\/div>\n\n\t\t\t\t\t\n\t\t\t\t<\/div>\n\n\t\t\t<\/div>\n\t\t<\/div>\n\t\t\t<\/li>\n\t\t\t<li class=\"timeline-right\"> \n\t\t\t<div class=\"tl-circ\"><\/div>\n\t\t <div class=\"timeline-panel\">\n\t\t   <div class=\"tl-heading\">\n\t\t\t <div class=\"tl-content\">\n\n\t\t\t    \n\t\t\t\t\t\t\n\t\t\t\t\t\t<div class=\"be-desc\">\n\t\t\t\t\t\t\t<h3 class=\"be-title\">19.07.2019<\/h3>\t\t\t\t\t\t\t<div class=\"be-content\"><p>Une nouvelle mise \u00e0 l'enqu\u00eate publi\u00e9e. Des travaux de r\u00e9novation se profilent au Mont-sur-Lausanne.\u00a0<\/p><\/div>\t\t\t\t\t\t<\/div>\n\n\t\t\t\t\t\n\t\t\t\t<\/div>\n\n\t\t\t<\/div>\n\t\t<\/div>\n\t\t\t<\/li>\n\t\t\t<li class=\"timeline-inverted\"> \n\t\t\t<div class=\"tl-circ\"><\/div>\n\t\t <div class=\"timeline-panel\">\n\t\t   <div class=\"tl-heading\">\n\t\t\t <div class=\"tl-content\">\n\n\t\t\t    \n\t\t\t\t\t\t\n\t\t\t\t\t\t<div class=\"be-desc\">\n\t\t\t\t\t\t\t<h3 class=\"be-title\">10.04.2019<\/h3>\t\t\t\t\t\t\t<div class=\"be-content\"><p>Le chantier commence \u00e0 Tolochenaz ! Il durera jusqu'\u00e0 la fin juillet. Quelques images seront publi\u00e9es bient\u00f4t<\/p><\/div>\t\t\t\t\t\t<\/div>\n\n\t\t\t\t\t\n\t\t\t\t<\/div>\n\n\t\t\t<\/div>\n\t\t<\/div>\n\t\t\t<\/li>\n\t\t\t<li class=\"timeline-right\"> \n\t\t\t<div class=\"tl-circ\"><\/div>\n\t\t <div class=\"timeline-panel\">\n\t\t   <div class=\"tl-heading\">\n\t\t\t <div class=\"tl-content\">\n\n\t\t\t    \n\t\t\t\t\t\t\n\t\t\t\t\t\t<div class=\"be-desc\">\n\t\t\t\t\t\t\t<h3 class=\"be-title\">19.02.2019<\/h3>\t\t\t\t\t\t\t<div class=\"be-content\"><p>Le permis de construire a \u00e9t\u00e9 octroy\u00e9 \u00e0 Tolochenaz !<\/p><\/div>\t\t\t\t\t\t<\/div>\n\n\t\t\t\t\t\n\t\t\t\t<\/div>\n\n\t\t\t<\/div>\n\t\t<\/div>\n\t\t\t<\/li>\n\t\t\t<li class=\"timeline-inverted\"> \n\t\t\t<div class=\"tl-circ\"><\/div>\n\t\t <div class=\"timeline-panel\">\n\t\t   <div class=\"tl-heading\">\n\t\t\t <div class=\"tl-content\">\n\n\t\t\t    \n\t\t\t\t\t\t\n\t\t\t\t\t\t<div class=\"be-desc\">\n\t\t\t\t\t\t\t<h3 class=\"be-title\">11.01.2019<\/h3>\t\t\t\t\t\t\t<div class=\"be-content\"><p>Une nouvelle mise \u00e0 l'enqu\u00eate vient d'\u00eatre publi\u00e9e ! Il s'agit de la cr\u00e9ation d'une v\u00e9randa non chauff\u00e9e, de l'isolation du toit, de la pose de panneaux solaires photovolta\u00efques et de la cr\u00e9ation de velux dans une maison \u00e0 Tolochenaz. Quoi de mieux pour bien commencer l'ann\u00e9e ?!\u00a0<\/p><\/div>\t\t\t\t\t\t<\/div>\n\n\t\t\t\t\t\n\t\t\t\t<\/div>\n\n\t\t\t<\/div>\n\t\t<\/div>\n\t\t\t<\/li>\n\t\t\t<li class=\"timeline-right\"> \n\t\t\t<div class=\"tl-circ\"><\/div>\n\t\t <div class=\"timeline-panel\">\n\t\t   <div class=\"tl-heading\">\n\t\t\t <div class=\"tl-content\">\n\n\t\t\t    \n\t\t\t\t\t\t\n\t\t\t\t\t\t<div class=\"be-desc\">\n\t\t\t\t\t\t\t<h3 class=\"be-title\">07.01.2019<\/h3>\t\t\t\t\t\t\t<div class=\"be-content\"><p>neoarchitecture vous souhaite une toute belle ann\u00e9e 2019 sous le signe de la durabilit\u00e9 ! Que tous vos voeux se r\u00e9alisent surtout les plus fous \ud83d\ude09\u00a0<\/p><\/div>\t\t\t\t\t\t<\/div>\n\n\t\t\t\t\t\n\t\t\t\t<\/div>\n\n\t\t\t<\/div>\n\t\t<\/div>\n\t\t\t<\/li>\n\t\t\t \n      <\/ul>\n\n\t\t\t\t\t<\/div>\n\t\t\t\t<\/div>\n\t\t\t\t<div class=\"elementor-element elementor-element-5d0def6 elementor-widget elementor-widget-heading\" data-id=\"5d0def6\" data-element_type=\"widget\" data-e-type=\"widget\" id=\"year2018\" data-widget_type=\"heading.default\">\n\t\t\t\t<div class=\"elementor-widget-container\">\n\t\t\t\t\t<h2 class=\"elementor-heading-title elementor-size-default\">2018<\/h2>\t\t\t\t<\/div>\n\t\t\t\t<\/div>\n\t\t\t\t<div class=\"elementor-element elementor-element-25d1885 elementor-widget elementor-widget-be-timeline\" data-id=\"25d1885\" data-element_type=\"widget\" data-e-type=\"widget\" data-widget_type=\"be-timeline.default\">\n\t\t\t\t<div class=\"elementor-widget-container\">\n\t\t\t\t\t<ul class=\"be-pack timeline \"><li class=\"timeline-inverted\"> \n\t\t\t<div class=\"tl-circ\"><\/div>\n\t\t <div class=\"timeline-panel\">\n\t\t   <div class=\"tl-heading\">\n\t\t\t <div class=\"tl-content\">\n\n\t\t\t    \n\t\t\t\t\t\t\n\t\t\t\t\t\t<div class=\"be-desc\">\n\t\t\t\t\t\t\t<h3 class=\"be-title\">09.10.2018<\/h3>\t\t\t\t\t\t\t<div class=\"be-content\"><section id=\"content06-195\" class=\"header2 cid-u7W5876qAz\"><div class=\"container\"><div class=\"mbr-row mbr-jc-c mbr-black\"><div class=\"title-wrap mbr-m-auto mbr-col-md-12 mbr-col-sm-12 mbr-col-lg-9 align-left mbr-flex\"><div class=\"title-block\"><p class=\"mbr-text mbr-fonts-style mbr-gray display-5\">Le projet de Lully est autoris\u00e9 !! Il s'agit de la transformation du rez-de-chauss\u00e9e d'une maison individuelle et de l'ouverture de la fa\u00e7ade pour la cr\u00e9ation d'une large baie vitr\u00e9e. Le chantier s'ouvrira bient\u00f4t \ud83d\ude09\u00a0<\/p><\/div><\/div><\/div><\/div><\/section><\/div>\t\t\t\t\t\t<\/div>\n\n\t\t\t\t\t\n\t\t\t\t<\/div>\n\n\t\t\t<\/div>\n\t\t<\/div>\n\t\t\t<\/li>\n\t\t\t<li class=\"timeline-right\"> \n\t\t\t<div class=\"tl-circ\"><\/div>\n\t\t <div class=\"timeline-panel\">\n\t\t   <div class=\"tl-heading\">\n\t\t\t <div class=\"tl-content\">\n\n\t\t\t    \n\t\t\t\t\t\t\n\t\t\t\t\t\t<div class=\"be-desc\">\n\t\t\t\t\t\t\t<h3 class=\"be-title\">20.09.2018<\/h3>\t\t\t\t\t\t\t<div class=\"be-content\"><p>neoarchitecture d\u00e9m\u00e9nage ! Afin d'\u00eatre plus coh\u00e9rents avec nos valeurs \u00e9cologiques, nous nous rapprochons de la campagne...! Retrouvez-nous donc \u00e0 Grand Vigne 7, 1302 Vufflens-la-Ville d\u00e8s le 1er octobre.<\/p><\/div>\t\t\t\t\t\t<\/div>\n\n\t\t\t\t\t\n\t\t\t\t<\/div>\n\n\t\t\t<\/div>\n\t\t<\/div>\n\t\t\t<\/li>\n\t\t\t<li class=\"timeline-inverted\"> \n\t\t\t<div class=\"tl-circ\"><\/div>\n\t\t <div class=\"timeline-panel\">\n\t\t   <div class=\"tl-heading\">\n\t\t\t <div class=\"tl-content\">\n\n\t\t\t    \n\t\t\t\t\t\t\n\t\t\t\t\t\t<div class=\"be-desc\">\n\t\t\t\t\t\t\t<h3 class=\"be-title\">09.08.2018<\/h3>\t\t\t\t\t\t\t<div class=\"be-content\"><p>neoarchitecture est partenaire sp\u00e9cialiste MINERGIE depuis novembre dernier ! C'est dor\u00e9navant officiel aussi sur le site internet...!.\u00a0<\/p><\/div>\t\t\t\t\t\t<\/div>\n\n\t\t\t\t\t\n\t\t\t\t<\/div>\n\n\t\t\t<\/div>\n\t\t<\/div>\n\t\t\t<\/li>\n\t\t\t<li class=\"timeline-right\"> \n\t\t\t<div class=\"tl-circ\"><\/div>\n\t\t <div class=\"timeline-panel\">\n\t\t   <div class=\"tl-heading\">\n\t\t\t <div class=\"tl-content\">\n\n\t\t\t    \n\t\t\t\t\t\t\n\t\t\t\t\t\t<div class=\"be-desc\">\n\t\t\t\t\t\t\t<h3 class=\"be-title\">29.06.2018<\/h3>\t\t\t\t\t\t\t<div class=\"be-content\"><p>Le bureau travaille sur plusieurs projets qui seront en chantier d\u00e8s cet automne ! Plus d'infos tout bient\u00f4t...\u00a0<\/p><\/div>\t\t\t\t\t\t<\/div>\n\n\t\t\t\t\t\n\t\t\t\t<\/div>\n\n\t\t\t<\/div>\n\t\t<\/div>\n\t\t\t<\/li>\n\t\t\t<li class=\"timeline-inverted\"> \n\t\t\t<div class=\"tl-circ\"><\/div>\n\t\t <div class=\"timeline-panel\">\n\t\t   <div class=\"tl-heading\">\n\t\t\t <div class=\"tl-content\">\n\n\t\t\t    \n\t\t\t\t\t\t\n\t\t\t\t\t\t<div class=\"be-desc\">\n\t\t\t\t\t\t\t<h3 class=\"be-title\">18.06.2018<\/h3>\t\t\t\t\t\t\t<div class=\"be-content\"><p>Le projet de Chavornay est autoris\u00e9 !\u00a0<\/p><\/div>\t\t\t\t\t\t<\/div>\n\n\t\t\t\t\t\n\t\t\t\t<\/div>\n\n\t\t\t<\/div>\n\t\t<\/div>\n\t\t\t<\/li>\n\t\t\t<li class=\"timeline-right\"> \n\t\t\t<div class=\"tl-circ\"><\/div>\n\t\t <div class=\"timeline-panel\">\n\t\t   <div class=\"tl-heading\">\n\t\t\t <div class=\"tl-content\">\n\n\t\t\t    \n\t\t\t\t\t\t\n\t\t\t\t\t\t<div class=\"be-desc\">\n\t\t\t\t\t\t\t<h3 class=\"be-title\">27.04.2018<\/h3>\t\t\t\t\t\t\t<div class=\"be-content\"><p>Une nouvelle mise \u00e0 l'enqu\u00eate pour le bureau : des transformations int\u00e9rieures et la cr\u00e9ation d'une v\u00e9randa dans une maison individuelle \u00e0 Chavornay.\u00a0<\/p><\/div>\t\t\t\t\t\t<\/div>\n\n\t\t\t\t\t\n\t\t\t\t<\/div>\n\n\t\t\t<\/div>\n\t\t<\/div>\n\t\t\t<\/li>\n\t\t\t<li class=\"timeline-inverted\"> \n\t\t\t<div class=\"tl-circ\"><\/div>\n\t\t <div class=\"timeline-panel\">\n\t\t   <div class=\"tl-heading\">\n\t\t\t <div class=\"tl-content\">\n\n\t\t\t    \n\t\t\t\t\t\t\n\t\t\t\t\t\t<div class=\"be-desc\">\n\t\t\t\t\t\t\t<h3 class=\"be-title\">06.02.2018<\/h3>\t\t\t\t\t\t\t<div class=\"be-content\"><p>Le permis de construire du projet de r\u00e9am\u00e9nagement d'un caf\u00e9-restaurant \u00e0 Renens est autoris\u00e9 !\u00a0<\/p><\/div>\t\t\t\t\t\t<\/div>\n\n\t\t\t\t\t\n\t\t\t\t<\/div>\n\n\t\t\t<\/div>\n\t\t<\/div>\n\t\t\t<\/li>\n\t\t\t \n      <\/ul>\n\n\t\t\t\t\t<\/div>\n\t\t\t\t<\/div>\n\t\t\t\t<div class=\"elementor-element elementor-element-a5158ec elementor-widget elementor-widget-heading\" data-id=\"a5158ec\" data-element_type=\"widget\" data-e-type=\"widget\" id=\"year2017\" data-widget_type=\"heading.default\">\n\t\t\t\t<div class=\"elementor-widget-container\">\n\t\t\t\t\t<h2 class=\"elementor-heading-title elementor-size-default\">2017<\/h2>\t\t\t\t<\/div>\n\t\t\t\t<\/div>\n\t\t\t\t<div class=\"elementor-element elementor-element-ac3b55a elementor-widget elementor-widget-be-timeline\" data-id=\"ac3b55a\" data-element_type=\"widget\" data-e-type=\"widget\" data-widget_type=\"be-timeline.default\">\n\t\t\t\t<div class=\"elementor-widget-container\">\n\t\t\t\t\t<ul class=\"be-pack timeline \"><li class=\"timeline-right\"> \n\t\t\t<div class=\"tl-circ\"><\/div>\n\t\t <div class=\"timeline-panel\">\n\t\t   <div class=\"tl-heading\">\n\t\t\t <div class=\"tl-content\">\n\n\t\t\t    \n\t\t\t\t\t\t\n\t\t\t\t\t\t<div class=\"be-desc\">\n\t\t\t\t\t\t\t<h3 class=\"be-title\">17.11.2017<\/h3>\t\t\t\t\t\t\t<div class=\"be-content\"><section id=\"content06-195\" class=\"header2 cid-u7W5876qAz\"><div class=\"container\"><div class=\"mbr-row mbr-jc-c mbr-black\"><div class=\"title-wrap mbr-m-auto mbr-col-md-12 mbr-col-sm-12 mbr-col-lg-9 align-left mbr-flex\"><div class=\"title-block\"><p class=\"mbr-text mbr-fonts-style mbr-gray display-5\">Nous sommes officiellement partenaire sp\u00e9cialiste Minergie !\u00a0<\/p><\/div><\/div><\/div><\/div><\/section><\/div>\t\t\t\t\t\t<\/div>\n\n\t\t\t\t\t\n\t\t\t\t<\/div>\n\n\t\t\t<\/div>\n\t\t<\/div>\n\t\t\t<\/li>\n\t\t\t<li class=\"timeline-inverted\"> \n\t\t\t<div class=\"tl-circ\"><\/div>\n\t\t <div class=\"timeline-panel\">\n\t\t   <div class=\"tl-heading\">\n\t\t\t <div class=\"tl-content\">\n\n\t\t\t    \n\t\t\t\t\t\t\n\t\t\t\t\t\t<div class=\"be-desc\">\n\t\t\t\t\t\t\t<h3 class=\"be-title\">31.10.2017<\/h3>\t\t\t\t\t\t\t<div class=\"be-content\"><p>Les travaux \u00e0 Orbe sont termin\u00e9s !<\/p><\/div>\t\t\t\t\t\t<\/div>\n\n\t\t\t\t\t\n\t\t\t\t<\/div>\n\n\t\t\t<\/div>\n\t\t<\/div>\n\t\t\t<\/li>\n\t\t\t<li class=\"timeline-right\"> \n\t\t\t<div class=\"tl-circ\"><\/div>\n\t\t <div class=\"timeline-panel\">\n\t\t   <div class=\"tl-heading\">\n\t\t\t <div class=\"tl-content\">\n\n\t\t\t    \n\t\t\t\t\t\t\n\t\t\t\t\t\t<div class=\"be-desc\">\n\t\t\t\t\t\t\t<h3 class=\"be-title\">20.10.2017<\/h3>\t\t\t\t\t\t\t<div class=\"be-content\"><p>La mise \u00e0 l'enqu\u00eate du projet de mise en conformit\u00e9 et du r\u00e9am\u00e9nagement int\u00e9rieur d'un caf\u00e9-restaurant \u00e0 Renens d\u00e9bute aujourd'hui.<\/p><\/div>\t\t\t\t\t\t<\/div>\n\n\t\t\t\t\t\n\t\t\t\t<\/div>\n\n\t\t\t<\/div>\n\t\t<\/div>\n\t\t\t<\/li>\n\t\t\t<li class=\"timeline-inverted\"> \n\t\t\t<div class=\"tl-circ\"><\/div>\n\t\t <div class=\"timeline-panel\">\n\t\t   <div class=\"tl-heading\">\n\t\t\t <div class=\"tl-content\">\n\n\t\t\t    \n\t\t\t\t\t\t\n\t\t\t\t\t\t<div class=\"be-desc\">\n\t\t\t\t\t\t\t<h3 class=\"be-title\">14.08.2017<\/h3>\t\t\t\t\t\t\t<div class=\"be-content\"><p>Le bureau travaillera ces prochains mois pour le projet de r\u00e9am\u00e9nagement de combles \u00e0 Orbe. C'est un projet o\u00f9 neoarchitecture est mandat\u00e9e en free lance pour seconder dans la direction de travaux le bureau qui a mis le projet \u00e0 l'enqu\u00eate.<\/p><\/div>\t\t\t\t\t\t<\/div>\n\n\t\t\t\t\t\n\t\t\t\t<\/div>\n\n\t\t\t<\/div>\n\t\t<\/div>\n\t\t\t<\/li>\n\t\t\t<li class=\"timeline-right\"> \n\t\t\t<div class=\"tl-circ\"><\/div>\n\t\t <div class=\"timeline-panel\">\n\t\t   <div class=\"tl-heading\">\n\t\t\t <div class=\"tl-content\">\n\n\t\t\t    \n\t\t\t\t\t\t\n\t\t\t\t\t\t<div class=\"be-desc\">\n\t\t\t\t\t\t\t<h3 class=\"be-title\">04.07.2017<\/h3>\t\t\t\t\t\t\t<div class=\"be-content\"><p>Le permis de construire de d'extension en bois au Mont-sur-Lausanne a \u00e9t\u00e9 octroy\u00e9 ! Les propri\u00e9taires peuvent commenc\u00e9 leurs travaux en grande partie en auto-construction.\u00a0<\/p><\/div>\t\t\t\t\t\t<\/div>\n\n\t\t\t\t\t\n\t\t\t\t<\/div>\n\n\t\t\t<\/div>\n\t\t<\/div>\n\t\t\t<\/li>\n\t\t\t<li class=\"timeline-inverted\"> \n\t\t\t<div class=\"tl-circ\"><\/div>\n\t\t <div class=\"timeline-panel\">\n\t\t   <div class=\"tl-heading\">\n\t\t\t <div class=\"tl-content\">\n\n\t\t\t    \n\t\t\t\t\t\t\n\t\t\t\t\t\t<div class=\"be-desc\">\n\t\t\t\t\t\t\t<h3 class=\"be-title\">30.05.2017<\/h3>\t\t\t\t\t\t\t<div class=\"be-content\"><p>neohabitat sera pr\u00e9sente au Festival de la Terre sur l'Esplanade de Montbenon \u00e0 Lausanne du 9 au 11 juin prochain.<br \/>Cette ann\u00e9e, le th\u00e8me est le retour aux sources ! Quoi de mieux que ce th\u00e8me-ci pour vous parler de construction et de d\u00e9coration naturelle et durable avec des mat\u00e9riaux biosourc\u00e9s...!\u00a0<\/p><\/div>\t\t\t\t\t\t<\/div>\n\n\t\t\t\t\t\n\t\t\t\t<\/div>\n\n\t\t\t<\/div>\n\t\t<\/div>\n\t\t\t<\/li>\n\t\t\t<li class=\"timeline-right\"> \n\t\t\t<div class=\"tl-circ\"><\/div>\n\t\t <div class=\"timeline-panel\">\n\t\t   <div class=\"tl-heading\">\n\t\t\t <div class=\"tl-content\">\n\n\t\t\t    \n\t\t\t\t\t\t\n\t\t\t\t\t\t<div class=\"be-desc\">\n\t\t\t\t\t\t\t<h3 class=\"be-title\">12.05.2017<\/h3>\t\t\t\t\t\t\t<div class=\"be-content\"><p>La mise \u00e0 l'enqu\u00eate du projet d'extension en bois au Mont-sur-Lausanne d\u00e9bute aujourd'hui !<\/p><\/div>\t\t\t\t\t\t<\/div>\n\n\t\t\t\t\t\n\t\t\t\t<\/div>\n\n\t\t\t<\/div>\n\t\t<\/div>\n\t\t\t<\/li>\n\t\t\t<li class=\"timeline-inverted\"> \n\t\t\t<div class=\"tl-circ\"><\/div>\n\t\t <div class=\"timeline-panel\">\n\t\t   <div class=\"tl-heading\">\n\t\t\t <div class=\"tl-content\">\n\n\t\t\t    \n\t\t\t\t\t\t\n\t\t\t\t\t\t<div class=\"be-desc\">\n\t\t\t\t\t\t\t<h3 class=\"be-title\">01.03.2017<\/h3>\t\t\t\t\t\t\t<div class=\"be-content\"><p>L'association la maison nature, dont le bureau fait partie, est en train de monter un stand au salon Habitat et Jardins \u00e0 Lausanne.<br \/>Nous y pr\u00e9senterons des produits de construction naturels ainsi que des \u00e9l\u00e9ments de jardin naturel sur 50 m2 d'une \"maison\" qui repr\u00e9sente tout ce que neoarchitecture et neohabitat promeuvent depuis leurs ouvertures. C'est d'ailleurs neoarchitecture qui a con\u00e7u ce lieu en collaboration avec de nombreux artisans de l'association.<br \/>Le stand est situ\u00e9 \u00e0 l'ext\u00e9rieur, du c\u00f4t\u00e9 droit des escaliers menant \u00e0 l'int\u00e9rieur du palais de Beaulieu, vous ne pourrez pas le manquer!<br \/>Venez donc nous rendre visite et vous faire une id\u00e9e plus pr\u00e9cise de ce que l'on vous conseills de poser chez vous en venant le voir et le toucher...! Nous vous attendons\u00a0du 4 au 12 mars...!\u00a0<\/p><\/div>\t\t\t\t\t\t<\/div>\n\n\t\t\t\t\t\n\t\t\t\t<\/div>\n\n\t\t\t<\/div>\n\t\t<\/div>\n\t\t\t<\/li>\n\t\t\t<li class=\"timeline-right\"> \n\t\t\t<div class=\"tl-circ\"><\/div>\n\t\t <div class=\"timeline-panel\">\n\t\t   <div class=\"tl-heading\">\n\t\t\t <div class=\"tl-content\">\n\n\t\t\t    \n\t\t\t\t\t\t\n\t\t\t\t\t\t<div class=\"be-desc\">\n\t\t\t\t\t\t\t<h3 class=\"be-title\">20.01.2017<\/h3>\t\t\t\t\t\t\t<div class=\"be-content\"><p>neoarchitecture travaille depuis plusieurs mois sur le projet de r\u00e9novation d'une villa individuelle \u00e0 Villars-le-Terroir selon le label Minergie-P. La mise \u00e0 l'enqu\u00eate d\u00e9bute aujourd'hui !<br \/>Il s'agit d'isoler la maison, de changer les fen\u00eatres ainsi que le syst\u00e8me de chauffage pour le rendre renouvelable. On cr\u00e9era \u00e9galement une v\u00e9randa chauff\u00e9e \u00e0 toit plat et on en profitera pour remanier quelque peu l'int\u00e9rieur, mettre un coup de pinceau et changer la cuisine et les sanitaires...!<br \/>Un tr\u00e8s beau projet vous l'aurez compris !\u00a0<\/p><\/div>\t\t\t\t\t\t<\/div>\n\n\t\t\t\t\t\n\t\t\t\t<\/div>\n\n\t\t\t<\/div>\n\t\t<\/div>\n\t\t\t<\/li>\n\t\t\t \n      <\/ul>\n\n\t\t\t\t\t<\/div>\n\t\t\t\t<\/div>\n\t\t\t\t<div class=\"elementor-element elementor-element-926cfd2 elementor-widget elementor-widget-heading\" data-id=\"926cfd2\" data-element_type=\"widget\" data-e-type=\"widget\" id=\"year2016\" data-widget_type=\"heading.default\">\n\t\t\t\t<div class=\"elementor-widget-container\">\n\t\t\t\t\t<h2 class=\"elementor-heading-title elementor-size-default\">2016<\/h2>\t\t\t\t<\/div>\n\t\t\t\t<\/div>\n\t\t\t\t<div class=\"elementor-element elementor-element-e06ec7d elementor-widget elementor-widget-be-timeline\" data-id=\"e06ec7d\" data-element_type=\"widget\" data-e-type=\"widget\" data-widget_type=\"be-timeline.default\">\n\t\t\t\t<div class=\"elementor-widget-container\">\n\t\t\t\t\t<ul class=\"be-pack timeline \"><li class=\"timeline-inverted\"> \n\t\t\t<div class=\"tl-circ\"><\/div>\n\t\t <div class=\"timeline-panel\">\n\t\t   <div class=\"tl-heading\">\n\t\t\t <div class=\"tl-content\">\n\n\t\t\t    \n\t\t\t\t\t\t\n\t\t\t\t\t\t<div class=\"be-desc\">\n\t\t\t\t\t\t\t<h3 class=\"be-title\">28.10.2016<\/h3>\t\t\t\t\t\t\t<div class=\"be-content\"><section id=\"content06-195\" class=\"header2 cid-u7W5876qAz\"><div class=\"container\"><div class=\"mbr-row mbr-jc-c mbr-black\"><div class=\"title-wrap mbr-m-auto mbr-col-md-12 mbr-col-sm-12 mbr-col-lg-9 align-left mbr-flex\"><div class=\"title-block\"><p class=\"mbr-text mbr-fonts-style mbr-gray display-5\">neoarchitecture d\u00e9m\u00e9nage... !! A partir du 1er novembre, retrouvez-nous au chemin de Mornex 3, toujours \u00e0 Lausanne!\u00a0<\/p><\/div><\/div><\/div><\/div><\/section><\/div>\t\t\t\t\t\t<\/div>\n\n\t\t\t\t\t\n\t\t\t\t<\/div>\n\n\t\t\t<\/div>\n\t\t<\/div>\n\t\t\t<\/li>\n\t\t\t<li class=\"timeline-right\"> \n\t\t\t<div class=\"tl-circ\"><\/div>\n\t\t <div class=\"timeline-panel\">\n\t\t   <div class=\"tl-heading\">\n\t\t\t <div class=\"tl-content\">\n\n\t\t\t    \n\t\t\t\t\t\t\n\t\t\t\t\t\t<div class=\"be-desc\">\n\t\t\t\t\t\t\t<h3 class=\"be-title\">14.10.2016<\/h3>\t\t\t\t\t\t\t<div class=\"be-content\"><p>Un petit chantier de r\u00e9novation int\u00e9rieure occupera le bureau durant les vacances scolaires d'octobre.<\/p><p>D\u00e9but des travaux, lundi !\u00a0<\/p><\/div>\t\t\t\t\t\t<\/div>\n\n\t\t\t\t\t\n\t\t\t\t<\/div>\n\n\t\t\t<\/div>\n\t\t<\/div>\n\t\t\t<\/li>\n\t\t\t<li class=\"timeline-inverted\"> \n\t\t\t<div class=\"tl-circ\"><\/div>\n\t\t <div class=\"timeline-panel\">\n\t\t   <div class=\"tl-heading\">\n\t\t\t <div class=\"tl-content\">\n\n\t\t\t    \n\t\t\t\t\t\t\n\t\t\t\t\t\t<div class=\"be-desc\">\n\t\t\t\t\t\t\t<h3 class=\"be-title\">20.07.2016<\/h3>\t\t\t\t\t\t\t<div class=\"be-content\"><p>La nouvelle mise \u00e0 l'enqu\u00eate \u00e0 Hermenches a \u00e9t\u00e9 autoris\u00e9e.<\/p><\/div>\t\t\t\t\t\t<\/div>\n\n\t\t\t\t\t\n\t\t\t\t<\/div>\n\n\t\t\t<\/div>\n\t\t<\/div>\n\t\t\t<\/li>\n\t\t\t<li class=\"timeline-right\"> \n\t\t\t<div class=\"tl-circ\"><\/div>\n\t\t <div class=\"timeline-panel\">\n\t\t   <div class=\"tl-heading\">\n\t\t\t <div class=\"tl-content\">\n\n\t\t\t    \n\t\t\t\t\t\t\n\t\t\t\t\t\t<div class=\"be-desc\">\n\t\t\t\t\t\t\t<h3 class=\"be-title\">17.06.2016<\/h3>\t\t\t\t\t\t\t<div class=\"be-content\"><p>Une nouvelles mise \u00e0 l\u2019enqu\u00eate \u00e0 Hermenches d\u00e9bute officiellement aujourd\u2019hui !<\/p><\/div>\t\t\t\t\t\t<\/div>\n\n\t\t\t\t\t\n\t\t\t\t<\/div>\n\n\t\t\t<\/div>\n\t\t<\/div>\n\t\t\t<\/li>\n\t\t\t<li class=\"timeline-inverted\"> \n\t\t\t<div class=\"tl-circ\"><\/div>\n\t\t <div class=\"timeline-panel\">\n\t\t   <div class=\"tl-heading\">\n\t\t\t <div class=\"tl-content\">\n\n\t\t\t    \n\t\t\t\t\t\t\n\t\t\t\t\t\t<div class=\"be-desc\">\n\t\t\t\t\t\t\t<h3 class=\"be-title\">18.04.2016<\/h3>\t\t\t\t\t\t\t<div class=\"be-content\"><p>La mise \u00e0 l\u2019enqu\u00eate d\u2019Hermenches est autoris\u00e9e !<\/p><\/div>\t\t\t\t\t\t<\/div>\n\n\t\t\t\t\t\n\t\t\t\t<\/div>\n\n\t\t\t<\/div>\n\t\t<\/div>\n\t\t\t<\/li>\n\t\t\t<li class=\"timeline-right\"> \n\t\t\t<div class=\"tl-circ\"><\/div>\n\t\t <div class=\"timeline-panel\">\n\t\t   <div class=\"tl-heading\">\n\t\t\t <div class=\"tl-content\">\n\n\t\t\t    \n\t\t\t\t\t\t\n\t\t\t\t\t\t<div class=\"be-desc\">\n\t\t\t\t\t\t\t<h3 class=\"be-title\">15.03.2016<\/h3>\t\t\t\t\t\t\t<div class=\"be-content\"><p>Une nouvelle mise \u00e0 l\u2019enqu\u00eate officiellement d\u00e9pos\u00e9e \u00e0 Hermenches !\u00a0<\/p><\/div>\t\t\t\t\t\t<\/div>\n\n\t\t\t\t\t\n\t\t\t\t<\/div>\n\n\t\t\t<\/div>\n\t\t<\/div>\n\t\t\t<\/li>\n\t\t\t<li class=\"timeline-inverted\"> \n\t\t\t<div class=\"tl-circ\"><\/div>\n\t\t <div class=\"timeline-panel\">\n\t\t   <div class=\"tl-heading\">\n\t\t\t <div class=\"tl-content\">\n\n\t\t\t    \n\t\t\t\t\t\t\n\t\t\t\t\t\t<div class=\"be-desc\">\n\t\t\t\t\t\t\t<h3 class=\"be-title\">04.02.2016<\/h3>\t\t\t\t\t\t\t<div class=\"be-content\"><p>De nouvelles cartes de visite au look revisit\u00e9 font leur apparition afin de lier les deux entit\u00e9s de l\u2019entreprise soit le conseil et coaching en \u00e9co-construction (neohabitat) et l\u2019architecture (neoarchitecture)... Tout le graphisme est en cours de renouvellement, le site sera donc bient\u00f4t \u00e9galement modifi\u00e9.<\/p><\/div>\t\t\t\t\t\t<\/div>\n\n\t\t\t\t\t\n\t\t\t\t<\/div>\n\n\t\t\t<\/div>\n\t\t<\/div>\n\t\t\t<\/li>\n\t\t\t \n      <\/ul>\n\n\t\t\t\t\t<\/div>\n\t\t\t\t<\/div>\n\t\t\t\t<div class=\"elementor-element elementor-element-86dbba8 elementor-widget elementor-widget-heading\" data-id=\"86dbba8\" data-element_type=\"widget\" data-e-type=\"widget\" id=\"year2015\" data-widget_type=\"heading.default\">\n\t\t\t\t<div class=\"elementor-widget-container\">\n\t\t\t\t\t<h2 class=\"elementor-heading-title elementor-size-default\">2015<\/h2>\t\t\t\t<\/div>\n\t\t\t\t<\/div>\n\t\t\t\t<div class=\"elementor-element elementor-element-e6f33f3 elementor-widget elementor-widget-be-timeline\" data-id=\"e6f33f3\" data-element_type=\"widget\" data-e-type=\"widget\" data-widget_type=\"be-timeline.default\">\n\t\t\t\t<div class=\"elementor-widget-container\">\n\t\t\t\t\t<ul class=\"be-pack timeline \"><li class=\"timeline-right\"> \n\t\t\t<div class=\"tl-circ\"><\/div>\n\t\t <div class=\"timeline-panel\">\n\t\t   <div class=\"tl-heading\">\n\t\t\t <div class=\"tl-content\">\n\n\t\t\t    \n\t\t\t\t\t\t\n\t\t\t\t\t\t<div class=\"be-desc\">\n\t\t\t\t\t\t\t<h3 class=\"be-title\">19.12.2015<\/h3>\t\t\t\t\t\t\t<div class=\"be-content\"><section id=\"content06-195\" class=\"header2 cid-u7W5876qAz\"><div class=\"container\"><div class=\"mbr-row mbr-jc-c mbr-black\"><div class=\"title-wrap mbr-m-auto mbr-col-md-12 mbr-col-sm-12 mbr-col-lg-9 align-left mbr-flex\"><div class=\"title-block\"><p class=\"mbr-text mbr-fonts-style mbr-gray display-5\">Un nouveau projet de mise \u00e0 l\u2019enqu\u00eate arrive au bureau pour f\u00eater Noel ! Il s\u2019agit d\u2019un projet de transformations d\u2019une ferme \u00e0 Penth\u00e9r\u00e9az.\u00a0<\/p><\/div><\/div><\/div><\/div><\/section><\/div>\t\t\t\t\t\t<\/div>\n\n\t\t\t\t\t\n\t\t\t\t<\/div>\n\n\t\t\t<\/div>\n\t\t<\/div>\n\t\t\t<\/li>\n\t\t\t<li class=\"timeline-inverted\"> \n\t\t\t<div class=\"tl-circ\"><\/div>\n\t\t <div class=\"timeline-panel\">\n\t\t   <div class=\"tl-heading\">\n\t\t\t <div class=\"tl-content\">\n\n\t\t\t    \n\t\t\t\t\t\t\n\t\t\t\t\t\t<div class=\"be-desc\">\n\t\t\t\t\t\t\t<h3 class=\"be-title\">\u00e9t\u00e9 2015<\/h3>\t\t\t\t\t\t\t<div class=\"be-content\"><p>Dans le cadre de r\u00e9flexions au sein de neoarchitecture pour faire avancer l\u2019\u00e9cologie dans la construction au travers d\u2019un coaching en construction durable... neohabitat est cr\u00e9\u00e9, elle sera\u00a0la nouvelle plateforme li\u00e9e \u00e0 neoarchitecture mais ind\u00e9pendante.\u00a0<br \/>neohabitat est un bureau de conseil et de coaching en construction et d\u00e9coration naturelle et durable<\/p><\/div>\t\t\t\t\t\t<\/div>\n\n\t\t\t\t\t\n\t\t\t\t<\/div>\n\n\t\t\t<\/div>\n\t\t<\/div>\n\t\t\t<\/li>\n\t\t\t<li class=\"timeline-right\"> \n\t\t\t<div class=\"tl-circ\"><\/div>\n\t\t <div class=\"timeline-panel\">\n\t\t   <div class=\"tl-heading\">\n\t\t\t <div class=\"tl-content\">\n\n\t\t\t    \n\t\t\t\t\t\t\n\t\t\t\t\t\t<div class=\"be-desc\">\n\t\t\t\t\t\t\t<h3 class=\"be-title\">06.07.2015<\/h3>\t\t\t\t\t\t\t<div class=\"be-content\"><p>Le chantier de transformations int\u00e9rieures \u00e0 Lausanne commence aujourd\u2019hui ! Un mois de travaux \u00e0 pr\u00e9voir.<\/p><\/div>\t\t\t\t\t\t<\/div>\n\n\t\t\t\t\t\n\t\t\t\t<\/div>\n\n\t\t\t<\/div>\n\t\t<\/div>\n\t\t\t<\/li>\n\t\t\t<li class=\"timeline-inverted\"> \n\t\t\t<div class=\"tl-circ\"><\/div>\n\t\t <div class=\"timeline-panel\">\n\t\t   <div class=\"tl-heading\">\n\t\t\t <div class=\"tl-content\">\n\n\t\t\t    \n\t\t\t\t\t\t\n\t\t\t\t\t\t<div class=\"be-desc\">\n\t\t\t\t\t\t\t<h3 class=\"be-title\">mars 2015<\/h3>\t\t\t\t\t\t\t<div class=\"be-content\"><p>neoarchitecture \u00e9paule un couple, dans la phase de mise \u00e0 l\u2019enqu\u00eate, d\u2019un projet de construction d\u2019une maison autonome \u00e0 Ch\u00e2tillon. C\u2019est un projet porteur de solutions d\u2019avenir !!\u00a0<\/p><\/div>\t\t\t\t\t\t<\/div>\n\n\t\t\t\t\t\n\t\t\t\t<\/div>\n\n\t\t\t<\/div>\n\t\t<\/div>\n\t\t\t<\/li>\n\t\t\t<li class=\"timeline-right\"> \n\t\t\t<div class=\"tl-circ\"><\/div>\n\t\t <div class=\"timeline-panel\">\n\t\t   <div class=\"tl-heading\">\n\t\t\t <div class=\"tl-content\">\n\n\t\t\t    \n\t\t\t\t\t\t\n\t\t\t\t\t\t<div class=\"be-desc\">\n\t\t\t\t\t\t\t<h3 class=\"be-title\">f\u00e9vrier 2015<\/h3>\t\t\t\t\t\t\t<div class=\"be-content\"><p>Un nouveau projet de transformations int\u00e9rieures \u00e0 Lausanne occupera le bureau pendant quelques mois.<\/p><\/div>\t\t\t\t\t\t<\/div>\n\n\t\t\t\t\t\n\t\t\t\t<\/div>\n\n\t\t\t<\/div>\n\t\t<\/div>\n\t\t\t<\/li>\n\t\t\t \n      <\/ul>\n\n\t\t\t\t\t<\/div>\n\t\t\t\t<\/div>\n\t\t\t\t<div class=\"elementor-element elementor-element-63b1b16 elementor-widget elementor-widget-heading\" data-id=\"63b1b16\" data-element_type=\"widget\" data-e-type=\"widget\" id=\"year2014\" data-widget_type=\"heading.default\">\n\t\t\t\t<div class=\"elementor-widget-container\">\n\t\t\t\t\t<h2 class=\"elementor-heading-title elementor-size-default\">2014<\/h2>\t\t\t\t<\/div>\n\t\t\t\t<\/div>\n\t\t\t\t<div class=\"elementor-element elementor-element-da16b89 elementor-widget elementor-widget-be-timeline\" data-id=\"da16b89\" data-element_type=\"widget\" data-e-type=\"widget\" data-widget_type=\"be-timeline.default\">\n\t\t\t\t<div class=\"elementor-widget-container\">\n\t\t\t\t\t<ul class=\"be-pack timeline \"><li class=\"timeline-inverted\"> \n\t\t\t<div class=\"tl-circ\"><\/div>\n\t\t <div class=\"timeline-panel\">\n\t\t   <div class=\"tl-heading\">\n\t\t\t <div class=\"tl-content\">\n\n\t\t\t    \n\t\t\t\t\t\t\n\t\t\t\t\t\t<div class=\"be-desc\">\n\t\t\t\t\t\t\t<h3 class=\"be-title\">19.12.2014<\/h3>\t\t\t\t\t\t\t<div class=\"be-content\"><section id=\"content06-195\" class=\"header2 cid-u7W5876qAz\"><div class=\"container\"><div class=\"mbr-row mbr-jc-c mbr-black\"><div class=\"title-wrap mbr-m-auto mbr-col-md-12 mbr-col-sm-12 mbr-col-lg-9 align-left mbr-flex\"><div class=\"title-block\"><p class=\"mbr-text mbr-fonts-style mbr-gray display-5\">Le chantier \u00e0 Bercher est termin\u00e9 !<\/p><\/div><\/div><\/div><\/div><\/section><\/div>\t\t\t\t\t\t<\/div>\n\n\t\t\t\t\t\n\t\t\t\t<\/div>\n\n\t\t\t<\/div>\n\t\t<\/div>\n\t\t\t<\/li>\n\t\t\t<li class=\"timeline-right\"> \n\t\t\t<div class=\"tl-circ\"><\/div>\n\t\t <div class=\"timeline-panel\">\n\t\t   <div class=\"tl-heading\">\n\t\t\t <div class=\"tl-content\">\n\n\t\t\t    \n\t\t\t\t\t\t\n\t\t\t\t\t\t<div class=\"be-desc\">\n\t\t\t\t\t\t\t<h3 class=\"be-title\">septembre 2014<\/h3>\t\t\t\t\t\t\t<div class=\"be-content\"><section id=\"content06-195\" class=\"header2 cid-u7W5876qAz\"><div class=\"container\"><div class=\"mbr-row mbr-jc-c mbr-black\"><div class=\"title-wrap mbr-m-auto mbr-col-md-12 mbr-col-sm-12 mbr-col-lg-9 align-left mbr-flex\"><div class=\"title-block\"><p class=\"mbr-text mbr-fonts-style mbr-gray display-5\">Nathalie Roy est pr\u00e9sente en qualit\u00e9 de jury suppl\u00e9ante pour le concours de la nouvelle salle Pestalozzi \u00e0 Yverdon.\u00a0<\/p><\/div><\/div><\/div><\/div><\/section><\/div>\t\t\t\t\t\t<\/div>\n\n\t\t\t\t\t\n\t\t\t\t<\/div>\n\n\t\t\t<\/div>\n\t\t<\/div>\n\t\t\t<\/li>\n\t\t\t<li class=\"timeline-inverted\"> \n\t\t\t<div class=\"tl-circ\"><\/div>\n\t\t <div class=\"timeline-panel\">\n\t\t   <div class=\"tl-heading\">\n\t\t\t <div class=\"tl-content\">\n\n\t\t\t    \n\t\t\t\t\t\t\n\t\t\t\t\t\t<div class=\"be-desc\">\n\t\t\t\t\t\t\t<h3 class=\"be-title\">02.09.2014<\/h3>\t\t\t\t\t\t\t<div class=\"be-content\"><section id=\"content06-195\" class=\"header2 cid-u7W5876qAz\"><div class=\"container\"><div class=\"mbr-row mbr-jc-c mbr-black\"><div class=\"title-wrap mbr-m-auto mbr-col-md-12 mbr-col-sm-12 mbr-col-lg-9 align-left mbr-flex\"><div class=\"title-block\"><section id=\"content06-1eb\" class=\"header2 cid-u8eY4ToNlK\"><div class=\"container\"><div class=\"mbr-row mbr-jc-c mbr-black\"><div class=\"title-wrap mbr-m-auto mbr-col-md-12 mbr-col-sm-12 mbr-col-lg-9 align-left mbr-flex\"><div class=\"title-block\"><p class=\"mbr-text mbr-fonts-style mbr-gray display-5\">Les travaux int\u00e9rieurs \u00e0 Bercher d\u00e9butent !\u00a0<\/p><\/div><\/div><\/div><\/div><\/section><\/div><\/div><\/div><\/div><\/section><\/div>\t\t\t\t\t\t<\/div>\n\n\t\t\t\t\t\n\t\t\t\t<\/div>\n\n\t\t\t<\/div>\n\t\t<\/div>\n\t\t\t<\/li>\n\t\t\t<li class=\"timeline-right\"> \n\t\t\t<div class=\"tl-circ\"><\/div>\n\t\t <div class=\"timeline-panel\">\n\t\t   <div class=\"tl-heading\">\n\t\t\t <div class=\"tl-content\">\n\n\t\t\t    \n\t\t\t\t\t\t\n\t\t\t\t\t\t<div class=\"be-desc\">\n\t\t\t\t\t\t\t<h3 class=\"be-title\">04.03.2014<\/h3>\t\t\t\t\t\t\t<div class=\"be-content\"><section id=\"content06-195\" class=\"header2 cid-u7W5876qAz\"><div class=\"container\"><div class=\"mbr-row mbr-jc-c mbr-black\"><div class=\"title-wrap mbr-m-auto mbr-col-md-12 mbr-col-sm-12 mbr-col-lg-9 align-left mbr-flex\"><div class=\"title-block\"><section id=\"content06-1eb\" class=\"header2 cid-u8eY4ToNlK\"><div class=\"container\"><div class=\"mbr-row mbr-jc-c mbr-black\"><div class=\"title-wrap mbr-m-auto mbr-col-md-12 mbr-col-sm-12 mbr-col-lg-9 align-left mbr-flex\"><div class=\"title-block\"><section id=\"content06-1ec\" class=\"header2 cid-u8eY4UKMzo\"><div class=\"container\"><div class=\"mbr-row mbr-jc-c mbr-black\"><div class=\"title-wrap mbr-m-auto mbr-col-md-12 mbr-col-sm-12 mbr-col-lg-9 align-left mbr-flex\"><div class=\"title-block\"><p class=\"mbr-text mbr-fonts-style mbr-gray display-5\">Les travaux de gros-\u0153uvre du projet de Bercher d\u00e9marreront apr\u00e8s une pause pascale !<\/p><\/div><\/div><\/div><\/div><\/section><\/div><\/div><\/div><\/div><\/section><\/div><\/div><\/div><\/div><\/section><\/div>\t\t\t\t\t\t<\/div>\n\n\t\t\t\t\t\n\t\t\t\t<\/div>\n\n\t\t\t<\/div>\n\t\t<\/div>\n\t\t\t<\/li>\n\t\t\t<li class=\"timeline-inverted\"> \n\t\t\t<div class=\"tl-circ\"><\/div>\n\t\t <div class=\"timeline-panel\">\n\t\t   <div class=\"tl-heading\">\n\t\t\t <div class=\"tl-content\">\n\n\t\t\t    \n\t\t\t\t\t\t\n\t\t\t\t\t\t<div class=\"be-desc\">\n\t\t\t\t\t\t\t<h3 class=\"be-title\">25.03.2014<\/h3>\t\t\t\t\t\t\t<div class=\"be-content\"><section id=\"content06-195\" class=\"header2 cid-u7W5876qAz\"><div class=\"container\"><div class=\"mbr-row mbr-jc-c mbr-black\"><div class=\"title-wrap mbr-m-auto mbr-col-md-12 mbr-col-sm-12 mbr-col-lg-9 align-left mbr-flex\"><div class=\"title-block\"><section id=\"content06-1eb\" class=\"header2 cid-u8eY4ToNlK\"><div class=\"container\"><div class=\"mbr-row mbr-jc-c mbr-black\"><div class=\"title-wrap mbr-m-auto mbr-col-md-12 mbr-col-sm-12 mbr-col-lg-9 align-left mbr-flex\"><div class=\"title-block\"><section id=\"content06-1ec\" class=\"header2 cid-u8eY4UKMzo\"><div class=\"container\"><div class=\"mbr-row mbr-jc-c mbr-black\"><div class=\"title-wrap mbr-m-auto mbr-col-md-12 mbr-col-sm-12 mbr-col-lg-9 align-left mbr-flex\"><div class=\"title-block\"><section id=\"content06-1ed\" class=\"header2 cid-u8eY4W4o7M\"><div class=\"container\"><div class=\"mbr-row mbr-jc-c mbr-black\"><div class=\"title-wrap mbr-m-auto mbr-col-md-12 mbr-col-sm-12 mbr-col-lg-9 align-left mbr-flex\"><div class=\"title-block\"><p class=\"mbr-text mbr-fonts-style mbr-gray display-5\">Le projet Penth\u00e9r\u00e9az \u2013 Bois D\u00e9sert a \u00e9t\u00e9 autoris\u00e9.\u00a0<\/p><\/div><\/div><\/div><\/div><\/section><\/div><\/div><\/div><\/div><\/section><\/div><\/div><\/div><\/div><\/section><\/div><\/div><\/div><\/div><\/section><\/div>\t\t\t\t\t\t<\/div>\n\n\t\t\t\t\t\n\t\t\t\t<\/div>\n\n\t\t\t<\/div>\n\t\t<\/div>\n\t\t\t<\/li>\n\t\t\t<li class=\"timeline-right\"> \n\t\t\t<div class=\"tl-circ\"><\/div>\n\t\t <div class=\"timeline-panel\">\n\t\t   <div class=\"tl-heading\">\n\t\t\t <div class=\"tl-content\">\n\n\t\t\t    \n\t\t\t\t\t\t\n\t\t\t\t\t\t<div class=\"be-desc\">\n\t\t\t\t\t\t\t<h3 class=\"be-title\">20.03.2014<\/h3>\t\t\t\t\t\t\t<div class=\"be-content\"><section id=\"content06-195\" class=\"header2 cid-u7W5876qAz\"><div class=\"container\"><div class=\"mbr-row mbr-jc-c mbr-black\"><div class=\"title-wrap mbr-m-auto mbr-col-md-12 mbr-col-sm-12 mbr-col-lg-9 align-left mbr-flex\"><div class=\"title-block\"><section id=\"content06-1eb\" class=\"header2 cid-u8eY4ToNlK\"><div class=\"container\"><div class=\"mbr-row mbr-jc-c mbr-black\"><div class=\"title-wrap mbr-m-auto mbr-col-md-12 mbr-col-sm-12 mbr-col-lg-9 align-left mbr-flex\"><div class=\"title-block\"><section id=\"content06-1ec\" class=\"header2 cid-u8eY4UKMzo\"><div class=\"container\"><div class=\"mbr-row mbr-jc-c mbr-black\"><div class=\"title-wrap mbr-m-auto mbr-col-md-12 mbr-col-sm-12 mbr-col-lg-9 align-left mbr-flex\"><div class=\"title-block\"><section id=\"content06-1ed\" class=\"header2 cid-u8eY4W4o7M\"><div class=\"container\"><div class=\"mbr-row mbr-jc-c mbr-black\"><div class=\"title-wrap mbr-m-auto mbr-col-md-12 mbr-col-sm-12 mbr-col-lg-9 align-left mbr-flex\"><div class=\"title-block\"><section id=\"content06-1ee\" class=\"header2 cid-u8eY4XqGJx\"><div class=\"container\"><div class=\"mbr-row mbr-jc-c mbr-black\"><div class=\"title-wrap mbr-m-auto mbr-col-md-12 mbr-col-sm-12 mbr-col-lg-9 align-left mbr-flex\"><div class=\"title-block\"><p class=\"mbr-text mbr-fonts-style mbr-gray display-5\">Le projet \u00e0 Bercher a \u00e9t\u00e9 autoris\u00e9 ! Les travaux d\u00e9buteront d\u2019ici peu\u00a0<\/p><\/div><\/div><\/div><\/div><\/section><\/div><\/div><\/div><\/div><\/section><\/div><\/div><\/div><\/div><\/section><\/div><\/div><\/div><\/div><\/section><\/div><\/div><\/div><\/div><\/section><\/div>\t\t\t\t\t\t<\/div>\n\n\t\t\t\t\t\n\t\t\t\t<\/div>\n\n\t\t\t<\/div>\n\t\t<\/div>\n\t\t\t<\/li>\n\t\t\t<li class=\"timeline-inverted\"> \n\t\t\t<div class=\"tl-circ\"><\/div>\n\t\t <div class=\"timeline-panel\">\n\t\t   <div class=\"tl-heading\">\n\t\t\t <div class=\"tl-content\">\n\n\t\t\t    \n\t\t\t\t\t\t\n\t\t\t\t\t\t<div class=\"be-desc\">\n\t\t\t\t\t\t\t<h3 class=\"be-title\">14.01.2014<\/h3>\t\t\t\t\t\t\t<div class=\"be-content\"><section id=\"content06-195\" class=\"header2 cid-u7W5876qAz\"><div class=\"container\"><div class=\"mbr-row mbr-jc-c mbr-black\"><div class=\"title-wrap mbr-m-auto mbr-col-md-12 mbr-col-sm-12 mbr-col-lg-9 align-left mbr-flex\"><div class=\"title-block\"><section id=\"content06-1eb\" class=\"header2 cid-u8eY4ToNlK\"><div class=\"container\"><div class=\"mbr-row mbr-jc-c mbr-black\"><div class=\"title-wrap mbr-m-auto mbr-col-md-12 mbr-col-sm-12 mbr-col-lg-9 align-left mbr-flex\"><div class=\"title-block\"><section id=\"content06-1ec\" class=\"header2 cid-u8eY4UKMzo\"><div class=\"container\"><div class=\"mbr-row mbr-jc-c mbr-black\"><div class=\"title-wrap mbr-m-auto mbr-col-md-12 mbr-col-sm-12 mbr-col-lg-9 align-left mbr-flex\"><div class=\"title-block\"><section id=\"content06-1ed\" class=\"header2 cid-u8eY4W4o7M\"><div class=\"container\"><div class=\"mbr-row mbr-jc-c mbr-black\"><div class=\"title-wrap mbr-m-auto mbr-col-md-12 mbr-col-sm-12 mbr-col-lg-9 align-left mbr-flex\"><div class=\"title-block\"><section id=\"content06-1ee\" class=\"header2 cid-u8eY4XqGJx\"><div class=\"container\"><div class=\"mbr-row mbr-jc-c mbr-black\"><div class=\"title-wrap mbr-m-auto mbr-col-md-12 mbr-col-sm-12 mbr-col-lg-9 align-left mbr-flex\"><div class=\"title-block\"><section id=\"content06-1ef\" class=\"header2 cid-u8eY4YMUyy\"><div class=\"container\"><div class=\"mbr-row mbr-jc-c mbr-black\"><div class=\"title-wrap mbr-m-auto mbr-col-md-12 mbr-col-sm-12 mbr-col-lg-9 align-left mbr-flex\"><div class=\"title-block\"><p class=\"mbr-text mbr-fonts-style mbr-gray display-5\">Le projet \u00e0 Bercher subit quelques l\u00e9g\u00e8res modifications et devrait \u00eatre autoris\u00e9 sous peu.\u00a0<\/p><\/div><\/div><\/div><\/div><\/section><section id=\"content06-1eg\" class=\"header2 cid-u8eY507i0h\"><\/section><\/div><\/div><\/div><\/div><\/section><\/div><\/div><\/div><\/div><\/section><\/div><\/div><\/div><\/div><\/section><\/div><\/div><\/div><\/div><\/section><\/div><\/div><\/div><\/div><\/section><\/div>\t\t\t\t\t\t<\/div>\n\n\t\t\t\t\t\n\t\t\t\t<\/div>\n\n\t\t\t<\/div>\n\t\t<\/div>\n\t\t\t<\/li>\n\t\t\t \n      <\/ul>\n\n\t\t\t\t\t<\/div>\n\t\t\t\t<\/div>\n\t\t\t\t<div class=\"elementor-element elementor-element-d1558a2 elementor-widget elementor-widget-heading\" data-id=\"d1558a2\" data-element_type=\"widget\" data-e-type=\"widget\" id=\"year2013\" data-widget_type=\"heading.default\">\n\t\t\t\t<div class=\"elementor-widget-container\">\n\t\t\t\t\t<h2 class=\"elementor-heading-title elementor-size-default\">2013<\/h2>\t\t\t\t<\/div>\n\t\t\t\t<\/div>\n\t\t\t\t<div class=\"elementor-element elementor-element-5cba177 elementor-widget elementor-widget-be-timeline\" data-id=\"5cba177\" data-element_type=\"widget\" data-e-type=\"widget\" data-widget_type=\"be-timeline.default\">\n\t\t\t\t<div class=\"elementor-widget-container\">\n\t\t\t\t\t<ul class=\"be-pack timeline \"><li class=\"timeline-right\"> \n\t\t\t<div class=\"tl-circ\"><\/div>\n\t\t <div class=\"timeline-panel\">\n\t\t   <div class=\"tl-heading\">\n\t\t\t <div class=\"tl-content\">\n\n\t\t\t    \n\t\t\t\t\t\t\n\t\t\t\t\t\t<div class=\"be-desc\">\n\t\t\t\t\t\t\t<h3 class=\"be-title\">13.12.2013<\/h3>\t\t\t\t\t\t\t<div class=\"be-content\"><section id=\"content06-195\" class=\"header2 cid-u7W5876qAz\"><div class=\"container\"><div class=\"mbr-row mbr-jc-c mbr-black\"><div class=\"title-wrap mbr-m-auto mbr-col-md-12 mbr-col-sm-12 mbr-col-lg-9 align-left mbr-flex\"><div class=\"title-block\"><p class=\"mbr-text mbr-fonts-style mbr-gray display-5\">La r\u00e9alisation \u00e0 Yverdon est termin\u00e9e dans les d\u00e9lais ! La famille pourra f\u00eater No\u00ebl dans sa nouvelle v\u00e9randa \ud83d\ude09\u00a0<\/p><\/div><\/div><\/div><\/div><\/section><\/div>\t\t\t\t\t\t<\/div>\n\n\t\t\t\t\t\n\t\t\t\t<\/div>\n\n\t\t\t<\/div>\n\t\t<\/div>\n\t\t\t<\/li>\n\t\t\t<li class=\"timeline-inverted\"> \n\t\t\t<div class=\"tl-circ\"><\/div>\n\t\t <div class=\"timeline-panel\">\n\t\t   <div class=\"tl-heading\">\n\t\t\t <div class=\"tl-content\">\n\n\t\t\t    \n\t\t\t\t\t\t\n\t\t\t\t\t\t<div class=\"be-desc\">\n\t\t\t\t\t\t\t<h3 class=\"be-title\">09.09.2013<\/h3>\t\t\t\t\t\t\t<div class=\"be-content\"><section id=\"content06-195\" class=\"header2 cid-u7W5876qAz\"><div class=\"container\"><div class=\"mbr-row mbr-jc-c mbr-black\"><div class=\"title-wrap mbr-m-auto mbr-col-md-12 mbr-col-sm-12 mbr-col-lg-9 align-left mbr-flex\"><div class=\"title-block\"><p class=\"mbr-text mbr-fonts-style mbr-gray display-5\">Le projet \u00e0 Yverdon et celui \u00e0 Bassins ont \u00e9t\u00e9 autoris\u00e9s. Les travaux peuvent d\u00e9buter !<\/p><\/div><\/div><\/div><\/div><\/section><\/div>\t\t\t\t\t\t<\/div>\n\n\t\t\t\t\t\n\t\t\t\t<\/div>\n\n\t\t\t<\/div>\n\t\t<\/div>\n\t\t\t<\/li>\n\t\t\t<li class=\"timeline-right\"> \n\t\t\t<div class=\"tl-circ\"><\/div>\n\t\t <div class=\"timeline-panel\">\n\t\t   <div class=\"tl-heading\">\n\t\t\t <div class=\"tl-content\">\n\n\t\t\t    \n\t\t\t\t\t\t\n\t\t\t\t\t\t<div class=\"be-desc\">\n\t\t\t\t\t\t\t<h3 class=\"be-title\">16.08.2013<\/h3>\t\t\t\t\t\t\t<div class=\"be-content\"><section id=\"content06-195\" class=\"header2 cid-u7W5876qAz\"><div class=\"container\"><div class=\"mbr-row mbr-jc-c mbr-black\"><div class=\"title-wrap mbr-m-auto mbr-col-md-12 mbr-col-sm-12 mbr-col-lg-9 align-left mbr-flex\"><div class=\"title-block\"><p class=\"mbr-text mbr-fonts-style mbr-gray display-5\">La mise \u00e0 l\u2019enqu\u00eate du projet Penth\u00e9r\u00e9az \u2013 Bois D\u00e9sert a \u00e9t\u00e9 publi\u00e9e et l\u2019autorisation de construire du projet \u00e0 Valeyres vient de tomber.\u00a0<\/p><\/div><\/div><\/div><\/div><\/section><\/div>\t\t\t\t\t\t<\/div>\n\n\t\t\t\t\t\n\t\t\t\t<\/div>\n\n\t\t\t<\/div>\n\t\t<\/div>\n\t\t\t<\/li>\n\t\t\t<li class=\"timeline-inverted\"> \n\t\t\t<div class=\"tl-circ\"><\/div>\n\t\t <div class=\"timeline-panel\">\n\t\t   <div class=\"tl-heading\">\n\t\t\t <div class=\"tl-content\">\n\n\t\t\t    \n\t\t\t\t\t\t\n\t\t\t\t\t\t<div class=\"be-desc\">\n\t\t\t\t\t\t\t<h3 class=\"be-title\">28.06.2013<\/h3>\t\t\t\t\t\t\t<div class=\"be-content\"><section id=\"content06-195\" class=\"header2 cid-u7W5876qAz\"><div class=\"container\"><div class=\"mbr-row mbr-jc-c mbr-black\"><div class=\"title-wrap mbr-m-auto mbr-col-md-12 mbr-col-sm-12 mbr-col-lg-9 align-left mbr-flex\"><div class=\"title-block\"><p class=\"mbr-text mbr-fonts-style mbr-gray display-5\">Deux mise \u00e0 l\u2019enqu\u00eate ont \u00e9t\u00e9 publi\u00e9es : Yverdon et Valeyres.<br \/>Le projet dispens\u00e9 d\u2019enqu\u00eate publique \u00e0 Bassins a \u00e9t\u00e9 d\u00e9pos\u00e9.\u00a0<\/p><\/div><\/div><\/div><\/div><\/section><\/div>\t\t\t\t\t\t<\/div>\n\n\t\t\t\t\t\n\t\t\t\t<\/div>\n\n\t\t\t<\/div>\n\t\t<\/div>\n\t\t\t<\/li>\n\t\t\t<li class=\"timeline-right\"> \n\t\t\t<div class=\"tl-circ\"><\/div>\n\t\t <div class=\"timeline-panel\">\n\t\t   <div class=\"tl-heading\">\n\t\t\t <div class=\"tl-content\">\n\n\t\t\t    \n\t\t\t\t\t\t\n\t\t\t\t\t\t<div class=\"be-desc\">\n\t\t\t\t\t\t\t<h3 class=\"be-title\">19.05.2013<\/h3>\t\t\t\t\t\t\t<div class=\"be-content\"><section id=\"content06-195\" class=\"header2 cid-u7W5876qAz\"><div class=\"container\"><div class=\"mbr-row mbr-jc-c mbr-black\"><div class=\"title-wrap mbr-m-auto mbr-col-md-12 mbr-col-sm-12 mbr-col-lg-9 align-left mbr-flex\"><div class=\"title-block\"><p class=\"mbr-text mbr-fonts-style mbr-gray display-5\">Un article dans le femina a \u00e9t\u00e9 publi\u00e9 sur la fondatrice de neoarchitecture dans le cadre du prix femina de la micro entrepreneuse !<br \/>Vous pouvez le lire dans l\u2019onglet \u00ab presse \u00bb<\/p><\/div><\/div><\/div><\/div><\/section><\/div>\t\t\t\t\t\t<\/div>\n\n\t\t\t\t\t\n\t\t\t\t<\/div>\n\n\t\t\t<\/div>\n\t\t<\/div>\n\t\t\t<\/li>\n\t\t\t<li class=\"timeline-inverted\"> \n\t\t\t<div class=\"tl-circ\"><\/div>\n\t\t <div class=\"timeline-panel\">\n\t\t   <div class=\"tl-heading\">\n\t\t\t <div class=\"tl-content\">\n\n\t\t\t    \n\t\t\t\t\t\t\n\t\t\t\t\t\t<div class=\"be-desc\">\n\t\t\t\t\t\t\t<h3 class=\"be-title\">15.04.2013<\/h3>\t\t\t\t\t\t\t<div class=\"be-content\"><section id=\"content06-195\" class=\"header2 cid-u7W5876qAz\"><div class=\"container\"><div class=\"mbr-row mbr-jc-c mbr-black\"><div class=\"title-wrap mbr-m-auto mbr-col-md-12 mbr-col-sm-12 mbr-col-lg-9 align-left mbr-flex\"><div class=\"title-block\"><p class=\"mbr-text mbr-fonts-style mbr-gray display-5\">Le bureau travaille sur de petits projets qui peuvent \u00eatre dispens\u00e9s d\u2019enqu\u00eate publique.<br \/>Les travaux seront ex\u00e9cut\u00e9s par des entreprises recommand\u00e9es par neoarchitecture ou par le ma\u00eetre de l\u2019ouvrage, lui-m\u00eame entrepreneur.\u00a0<\/p><\/div><\/div><\/div><\/div><\/section><\/div>\t\t\t\t\t\t<\/div>\n\n\t\t\t\t\t\n\t\t\t\t<\/div>\n\n\t\t\t<\/div>\n\t\t<\/div>\n\t\t\t<\/li>\n\t\t\t<li class=\"timeline-right\"> \n\t\t\t<div class=\"tl-circ\"><\/div>\n\t\t <div class=\"timeline-panel\">\n\t\t   <div class=\"tl-heading\">\n\t\t\t <div class=\"tl-content\">\n\n\t\t\t    \n\t\t\t\t\t\t\n\t\t\t\t\t\t<div class=\"be-desc\">\n\t\t\t\t\t\t\t<h3 class=\"be-title\">20.02.2013<\/h3>\t\t\t\t\t\t\t<div class=\"be-content\"><section id=\"content06-195\" class=\"header2 cid-u7W5876qAz\"><div class=\"container\"><div class=\"mbr-row mbr-jc-c mbr-black\"><div class=\"title-wrap mbr-m-auto mbr-col-md-12 mbr-col-sm-12 mbr-col-lg-9 align-left mbr-flex\"><div class=\"title-block\"><p class=\"mbr-text mbr-fonts-style mbr-gray display-5\">Le projet de Cronay suit son cours. Les diverses sp\u00e9cificit\u00e9s du b\u00e2timent font prendre plus de temps que pr\u00e9vu dans l\u2019\u00e9laboration d\u2019un projet qui convient \u00e0 tous.<\/p><\/div><\/div><\/div><\/div><\/section><\/div>\t\t\t\t\t\t<\/div>\n\n\t\t\t\t\t\n\t\t\t\t<\/div>\n\n\t\t\t<\/div>\n\t\t<\/div>\n\t\t\t<\/li>\n\t\t\t \n      <\/ul>\n\n\t\t\t\t\t<\/div>\n\t\t\t\t<\/div>\n\t\t\t\t<div class=\"elementor-element elementor-element-9d6e956 elementor-widget elementor-widget-heading\" data-id=\"9d6e956\" data-element_type=\"widget\" data-e-type=\"widget\" id=\"year2012\" data-widget_type=\"heading.default\">\n\t\t\t\t<div class=\"elementor-widget-container\">\n\t\t\t\t\t<h2 class=\"elementor-heading-title elementor-size-default\">2012<\/h2>\t\t\t\t<\/div>\n\t\t\t\t<\/div>\n\t\t\t\t<div class=\"elementor-element elementor-element-075fc51 elementor-widget elementor-widget-be-timeline\" data-id=\"075fc51\" data-element_type=\"widget\" data-e-type=\"widget\" data-widget_type=\"be-timeline.default\">\n\t\t\t\t<div class=\"elementor-widget-container\">\n\t\t\t\t\t<ul class=\"be-pack timeline \"><li class=\"timeline-inverted\"> \n\t\t\t<div class=\"tl-circ\"><\/div>\n\t\t <div class=\"timeline-panel\">\n\t\t   <div class=\"tl-heading\">\n\t\t\t <div class=\"tl-content\">\n\n\t\t\t    \n\t\t\t\t\t\t\n\t\t\t\t\t\t<div class=\"be-desc\">\n\t\t\t\t\t\t\t<h3 class=\"be-title\">31.10.2012<\/h3>\t\t\t\t\t\t\t<div class=\"be-content\"><section id=\"content06-195\" class=\"header2 cid-u7W5876qAz\"><div class=\"container\"><div class=\"mbr-row mbr-jc-c mbr-black\"><div class=\"title-wrap mbr-m-auto mbr-col-md-12 mbr-col-sm-12 mbr-col-lg-9 align-left mbr-flex\"><div class=\"title-block\"><p class=\"mbr-text mbr-fonts-style mbr-gray display-5\">Le chantier de Sainte-Croix s\u2019est termin\u00e9 dans les temps et sans aucuns encombres !<br \/>D\u00e9sormais un nouveau projet occupe le bureau...<\/p><\/div><\/div><\/div><\/div><\/section><\/div>\t\t\t\t\t\t<\/div>\n\n\t\t\t\t\t\n\t\t\t\t<\/div>\n\n\t\t\t<\/div>\n\t\t<\/div>\n\t\t\t<\/li>\n\t\t\t<li class=\"timeline-right\"> \n\t\t\t<div class=\"tl-circ\"><\/div>\n\t\t <div class=\"timeline-panel\">\n\t\t   <div class=\"tl-heading\">\n\t\t\t <div class=\"tl-content\">\n\n\t\t\t    \n\t\t\t\t\t\t\n\t\t\t\t\t\t<div class=\"be-desc\">\n\t\t\t\t\t\t\t<h3 class=\"be-title\">23.08.2012<\/h3>\t\t\t\t\t\t\t<div class=\"be-content\"><section id=\"content06-195\" class=\"header2 cid-u7W5876qAz\"><div class=\"container\"><div class=\"mbr-row mbr-jc-c mbr-black\"><div class=\"title-wrap mbr-m-auto mbr-col-md-12 mbr-col-sm-12 mbr-col-lg-9 align-left mbr-flex\"><div class=\"title-block\"><section id=\"content06-1eq\" class=\"header2 cid-u8eY5dXQL4\"><div class=\"container\"><div class=\"mbr-row mbr-jc-c mbr-black\"><div class=\"title-wrap mbr-m-auto mbr-col-md-12 mbr-col-sm-12 mbr-col-lg-9 align-left mbr-flex\"><div class=\"title-block\"><p class=\"mbr-text mbr-fonts-style mbr-gray display-5\">Le permis de construire du chantier de Sainte-Croix a \u00e9t\u00e9 octroy\u00e9, le chantier peut donc d\u00e9buter !<\/p><\/div><\/div><\/div><\/div><\/section><\/div><\/div><\/div><\/div><\/section><\/div>\t\t\t\t\t\t<\/div>\n\n\t\t\t\t\t\n\t\t\t\t<\/div>\n\n\t\t\t<\/div>\n\t\t<\/div>\n\t\t\t<\/li>\n\t\t\t<li class=\"timeline-inverted\"> \n\t\t\t<div class=\"tl-circ\"><\/div>\n\t\t <div class=\"timeline-panel\">\n\t\t   <div class=\"tl-heading\">\n\t\t\t <div class=\"tl-content\">\n\n\t\t\t    \n\t\t\t\t\t\t\n\t\t\t\t\t\t<div class=\"be-desc\">\n\t\t\t\t\t\t\t<h3 class=\"be-title\">10.07.2012<\/h3>\t\t\t\t\t\t\t<div class=\"be-content\"><section id=\"content06-195\" class=\"header2 cid-u7W5876qAz\"><div class=\"container\"><div class=\"mbr-row mbr-jc-c mbr-black\"><div class=\"title-wrap mbr-m-auto mbr-col-md-12 mbr-col-sm-12 mbr-col-lg-9 align-left mbr-flex\"><div class=\"title-block\"><section id=\"content06-1eq\" class=\"header2 cid-u8eY5dXQL4\"><div class=\"container\"><div class=\"mbr-row mbr-jc-c mbr-black\"><div class=\"title-wrap mbr-m-auto mbr-col-md-12 mbr-col-sm-12 mbr-col-lg-9 align-left mbr-flex\"><div class=\"title-block\"><p class=\"mbr-text mbr-fonts-style mbr-gray display-5\">Mise \u00e0 l\u2019enqu\u00eate du projet pour la transformation d\u2019une maison d\u2019habitation \u00e0 Sainte-Croix officiellement ouverte !<\/p><\/div><\/div><\/div><\/div><\/section><\/div><\/div><\/div><\/div><\/section><\/div>\t\t\t\t\t\t<\/div>\n\n\t\t\t\t\t\n\t\t\t\t<\/div>\n\n\t\t\t<\/div>\n\t\t<\/div>\n\t\t\t<\/li>\n\t\t\t<li class=\"timeline-right\"> \n\t\t\t<div class=\"tl-circ\"><\/div>\n\t\t <div class=\"timeline-panel\">\n\t\t   <div class=\"tl-heading\">\n\t\t\t <div class=\"tl-content\">\n\n\t\t\t    \n\t\t\t\t\t\t\n\t\t\t\t\t\t<div class=\"be-desc\">\n\t\t\t\t\t\t\t<h3 class=\"be-title\">03.07.2012<\/h3>\t\t\t\t\t\t\t<div class=\"be-content\"><section id=\"content06-195\" class=\"header2 cid-u7W5876qAz\"><div class=\"container\"><div class=\"mbr-row mbr-jc-c mbr-black\"><div class=\"title-wrap mbr-m-auto mbr-col-md-12 mbr-col-sm-12 mbr-col-lg-9 align-left mbr-flex\"><div class=\"title-block\"><section id=\"content06-1eq\" class=\"header2 cid-u8eY5dXQL4\"><div class=\"container\"><div class=\"mbr-row mbr-jc-c mbr-black\"><div class=\"title-wrap mbr-m-auto mbr-col-md-12 mbr-col-sm-12 mbr-col-lg-9 align-left mbr-flex\"><div class=\"title-block\"><p class=\"mbr-text mbr-fonts-style mbr-gray display-5\">Les r\u00e9sultats du concours \u00abLes Coll\u00e8ges de Vignier\u00bb \u00e0 St-Blaise ont \u00e9t\u00e9 publi\u00e9s. Pas de prix pour le bureau mais un programme des plus int\u00e9ressants et un vainqueur convainquant !\u00a0<\/p><\/div><\/div><\/div><\/div><\/section><\/div><\/div><\/div><\/div><\/section><\/div>\t\t\t\t\t\t<\/div>\n\n\t\t\t\t\t\n\t\t\t\t<\/div>\n\n\t\t\t<\/div>\n\t\t<\/div>\n\t\t\t<\/li>\n\t\t\t<li class=\"timeline-inverted\"> \n\t\t\t<div class=\"tl-circ\"><\/div>\n\t\t <div class=\"timeline-panel\">\n\t\t   <div class=\"tl-heading\">\n\t\t\t <div class=\"tl-content\">\n\n\t\t\t    \n\t\t\t\t\t\t\n\t\t\t\t\t\t<div class=\"be-desc\">\n\t\t\t\t\t\t\t<h3 class=\"be-title\">21.04.2012<\/h3>\t\t\t\t\t\t\t<div class=\"be-content\"><section id=\"content06-195\" class=\"header2 cid-u7W5876qAz\"><div class=\"container\"><div class=\"mbr-row mbr-jc-c mbr-black\"><div class=\"title-wrap mbr-m-auto mbr-col-md-12 mbr-col-sm-12 mbr-col-lg-9 align-left mbr-flex\"><div class=\"title-block\"><section id=\"content06-1eq\" class=\"header2 cid-u8eY5dXQL4\"><div class=\"container\"><div class=\"mbr-row mbr-jc-c mbr-black\"><div class=\"title-wrap mbr-m-auto mbr-col-md-12 mbr-col-sm-12 mbr-col-lg-9 align-left mbr-flex\"><div class=\"title-block\"><p class=\"mbr-text mbr-fonts-style mbr-gray display-5\">neoarchitecture s\u2019essaie \u00e0 la pub ! Show case pour le d\u00e9fil\u00e9 de la boutique cklz au d! club \u00e0 Lausanne.<\/p><\/div><\/div><\/div><\/div><\/section><\/div><\/div><\/div><\/div><\/section><\/div>\t\t\t\t\t\t<\/div>\n\n\t\t\t\t\t\n\t\t\t\t<\/div>\n\n\t\t\t<\/div>\n\t\t<\/div>\n\t\t\t<\/li>\n\t\t\t<li class=\"timeline-right\"> \n\t\t\t<div class=\"tl-circ\"><\/div>\n\t\t <div class=\"timeline-panel\">\n\t\t   <div class=\"tl-heading\">\n\t\t\t <div class=\"tl-content\">\n\n\t\t\t    \n\t\t\t\t\t\t\n\t\t\t\t\t\t<div class=\"be-desc\">\n\t\t\t\t\t\t\t<h3 class=\"be-title\">05.04.2012<\/h3>\t\t\t\t\t\t\t<div class=\"be-content\"><section id=\"content06-195\" class=\"header2 cid-u7W5876qAz\"><div class=\"container\"><div class=\"mbr-row mbr-jc-c mbr-black\"><div class=\"title-wrap mbr-m-auto mbr-col-md-12 mbr-col-sm-12 mbr-col-lg-9 align-left mbr-flex\"><div class=\"title-block\"><section id=\"content06-1eq\" class=\"header2 cid-u8eY5dXQL4\"><div class=\"container\"><div class=\"mbr-row mbr-jc-c mbr-black\"><div class=\"title-wrap mbr-m-auto mbr-col-md-12 mbr-col-sm-12 mbr-col-lg-9 align-left mbr-flex\"><div class=\"title-block\"><p class=\"mbr-text mbr-fonts-style mbr-gray display-5\">Cr\u00e9ation du bureau neoarchitecture - nathalie roy \u00a0<\/p><\/div><\/div><\/div><\/div><\/section><\/div><\/div><\/div><\/div><\/section><\/div>\t\t\t\t\t\t<\/div>\n\n\t\t\t\t\t\n\t\t\t\t<\/div>\n\n\t\t\t<\/div>\n\t\t<\/div>\n\t\t\t<\/li>\n\t\t\t \n      <\/ul>\n\n\t\t\t\t\t<\/div>\n\t\t\t\t<\/div>\n\t\t\t\t\t<\/div>\n\t\t\t\t<\/div>\n\t\t<div class=\"elementor-element elementor-element-25393d2 e-flex e-con-boxed e-con e-parent\" data-id=\"25393d2\" data-element_type=\"container\" data-e-type=\"container\">\n\t\t\t\t\t<div class=\"e-con-inner\">\n\t\t\t\t<div class=\"elementor-element elementor-element-c61958e elementor-widget elementor-widget-html\" data-id=\"c61958e\" data-element_type=\"widget\" data-e-type=\"widget\" data-widget_type=\"html.default\">\n\t\t\t\t<div class=\"elementor-widget-container\">\n\t\t\t\t\t<script>\nwindow.addEventListener('scroll', function() {\n  const sections = document.querySelectorAll('div[id^=\"year\"]'); \/\/ S\u00e9lectionner toutes les sections avec un ID commen\u00e7ant par \"year\"\n  const menuLinks = document.querySelectorAll('.year-link');\n\n  let currentSection = '';\n\n  sections.forEach(section => {\n    const sectionTop = section.offsetTop;\n    const sectionHeight = section.clientHeight;\n    if (pageYOffset >= sectionTop - sectionHeight \/ 3) {\n      currentSection = section.getAttribute('id');\n    }\n  });\n\n  menuLinks.forEach(link => {\n    link.classList.remove('active');\n    if (link.getAttribute('href') === `#${currentSection}`) {\n      link.classList.add('active');\n    }\n  });\n});\n\n<\/script>\t\t\t\t<\/div>\n\t\t\t\t<\/div>\n\t\t\t\t\t<\/div>\n\t\t\t\t<\/div>\n\t\t\t\t<\/div>\n\t\t","protected":false},"excerpt":{"rendered":"<p>Les actus de l&rsquo;atelier 2026 &#8211; 2025- 2024\u00a0 &#8211;\u00a0 2023\u00a0 &#8211;\u00a0 2022\u00a0 &#8211;\u00a0 2021 Vous voulez suivre les actualit\u00e9s du bureau en direct, rejoignez-nous sur Instagram. Instagram Facebook 2026 24.03.2026 Le permis de construire du projet \u00e0 Dizy vient d&rsquo;\u00eatre octroy\u00e9 !! Le chantier pourra d\u00e9buter bient\u00f4t. 03.03.2026 Publication sur nos r\u00e9seaux Un nouveau meuble [&hellip;]<\/p>\n","protected":false},"author":1,"featured_media":0,"parent":0,"menu_order":0,"comment_status":"closed","ping_status":"closed","template":"","meta":{"footnotes":""},"class_list":["post-7415","page","type-page","status-publish","hentry"],"yoast_head":"<!-- This site is optimized with the Yoast SEO plugin v27.5 - https:\/\/yoast.com\/product\/yoast-seo-wordpress\/ -->\n<title>anae - actualit\u00e9s<\/title>\n<meta name=\"description\" content=\"Les derni\u00e8res actualit\u00e9s du bureau anae - atelier nature architecture environnement, issues \u00e9galement de nos r\u00e9seaux sociaux.\" \/>\n<meta name=\"robots\" content=\"index, follow, max-snippet:-1, max-image-preview:large, max-video-preview:-1\" \/>\n<link rel=\"canonical\" href=\"https:\/\/www.anae.archi\/fr\/anae-actualites\/\" \/>\n<meta property=\"og:locale\" content=\"fr_FR\" \/>\n<meta property=\"og:type\" content=\"article\" \/>\n<meta property=\"og:title\" content=\"anae - actualit\u00e9s\" \/>\n<meta property=\"og:description\" content=\"Les derni\u00e8res actualit\u00e9s du bureau anae - atelier nature architecture environnement, issues \u00e9galement de nos r\u00e9seaux sociaux.\" \/>\n<meta property=\"og:url\" content=\"https:\/\/www.anae.archi\/fr\/anae-actualites\/\" \/>\n<meta property=\"og:site_name\" content=\"Anae Architecture\" \/>\n<meta property=\"article:modified_time\" content=\"2026-04-17T13:54:35+00:00\" \/>\n<meta property=\"og:image\" content=\"https:\/\/www.anae.archi\/fr\/wp-content\/uploads\/2026\/03\/mon-repos_3.jpg\" \/>\n\t<meta property=\"og:image:width\" content=\"1536\" \/>\n\t<meta property=\"og:image:height\" content=\"1536\" \/>\n\t<meta property=\"og:image:type\" content=\"image\/jpeg\" \/>\n<meta name=\"twitter:card\" content=\"summary_large_image\" \/>\n<meta name=\"twitter:label1\" content=\"Dur\u00e9e de lecture estim\u00e9e\" \/>\n\t<meta name=\"twitter:data1\" content=\"51 minutes\" \/>\n<script type=\"application\/ld+json\" class=\"yoast-schema-graph\">{\"@context\":\"https:\\\/\\\/schema.org\",\"@graph\":[{\"@type\":\"WebPage\",\"@id\":\"https:\\\/\\\/www.anae.archi\\\/fr\\\/anae-actualites\\\/\",\"url\":\"https:\\\/\\\/www.anae.archi\\\/fr\\\/anae-actualites\\\/\",\"name\":\"anae - actualit\u00e9s\",\"isPartOf\":{\"@id\":\"https:\\\/\\\/www.anae.archi\\\/fr\\\/#website\"},\"primaryImageOfPage\":{\"@id\":\"https:\\\/\\\/www.anae.archi\\\/fr\\\/anae-actualites\\\/#primaryimage\"},\"image\":{\"@id\":\"https:\\\/\\\/www.anae.archi\\\/fr\\\/anae-actualites\\\/#primaryimage\"},\"thumbnailUrl\":\"https:\\\/\\\/www.anae.archi\\\/fr\\\/wp-content\\\/uploads\\\/2026\\\/03\\\/mon-repos_3-150x150.jpg?_t=1776434075\",\"datePublished\":\"2025-03-13T12:34:44+00:00\",\"dateModified\":\"2026-04-17T13:54:35+00:00\",\"description\":\"Les derni\u00e8res actualit\u00e9s du bureau anae - atelier nature architecture environnement, issues \u00e9galement de nos r\u00e9seaux sociaux.\",\"breadcrumb\":{\"@id\":\"https:\\\/\\\/www.anae.archi\\\/fr\\\/anae-actualites\\\/#breadcrumb\"},\"inLanguage\":\"fr-FR\",\"potentialAction\":[{\"@type\":\"ReadAction\",\"target\":[\"https:\\\/\\\/www.anae.archi\\\/fr\\\/anae-actualites\\\/\"]}]},{\"@type\":\"ImageObject\",\"inLanguage\":\"fr-FR\",\"@id\":\"https:\\\/\\\/www.anae.archi\\\/fr\\\/anae-actualites\\\/#primaryimage\",\"url\":\"https:\\\/\\\/www.anae.archi\\\/fr\\\/wp-content\\\/uploads\\\/2026\\\/03\\\/mon-repos_3.jpg\",\"contentUrl\":\"https:\\\/\\\/www.anae.archi\\\/fr\\\/wp-content\\\/uploads\\\/2026\\\/03\\\/mon-repos_3.jpg\",\"width\":1536,\"height\":1536},{\"@type\":\"BreadcrumbList\",\"@id\":\"https:\\\/\\\/www.anae.archi\\\/fr\\\/anae-actualites\\\/#breadcrumb\",\"itemListElement\":[{\"@type\":\"ListItem\",\"position\":1,\"name\":\"Accueil\",\"item\":\"https:\\\/\\\/www.anae.archi\\\/fr\\\/\"},{\"@type\":\"ListItem\",\"position\":2,\"name\":\"Actualit\u00e9s\"}]},{\"@type\":\"WebSite\",\"@id\":\"https:\\\/\\\/www.anae.archi\\\/fr\\\/#website\",\"url\":\"https:\\\/\\\/www.anae.archi\\\/fr\\\/\",\"name\":\"Anae Architecture\",\"description\":\"Bureau d&#039;architecture sp\u00e9cialis\u00e9 dans l&#039;\u00e9cologie\",\"potentialAction\":[{\"@type\":\"SearchAction\",\"target\":{\"@type\":\"EntryPoint\",\"urlTemplate\":\"https:\\\/\\\/www.anae.archi\\\/fr\\\/?s={search_term_string}\"},\"query-input\":{\"@type\":\"PropertyValueSpecification\",\"valueRequired\":true,\"valueName\":\"search_term_string\"}}],\"inLanguage\":\"fr-FR\"}]}<\/script>\n<!-- \/ Yoast SEO plugin. -->","yoast_head_json":{"title":"anae - actualit\u00e9s","description":"Les derni\u00e8res actualit\u00e9s du bureau anae - atelier nature architecture environnement, issues \u00e9galement de nos r\u00e9seaux sociaux.","robots":{"index":"index","follow":"follow","max-snippet":"max-snippet:-1","max-image-preview":"max-image-preview:large","max-video-preview":"max-video-preview:-1"},"canonical":"https:\/\/www.anae.archi\/fr\/anae-actualites\/","og_locale":"fr_FR","og_type":"article","og_title":"anae - actualit\u00e9s","og_description":"Les derni\u00e8res actualit\u00e9s du bureau anae - atelier nature architecture environnement, issues \u00e9galement de nos r\u00e9seaux sociaux.","og_url":"https:\/\/www.anae.archi\/fr\/anae-actualites\/","og_site_name":"Anae Architecture","article_modified_time":"2026-04-17T13:54:35+00:00","og_image":[{"width":1536,"height":1536,"url":"https:\/\/www.anae.archi\/fr\/wp-content\/uploads\/2026\/03\/mon-repos_3.jpg","type":"image\/jpeg"}],"twitter_card":"summary_large_image","twitter_misc":{"Dur\u00e9e de lecture estim\u00e9e":"51 minutes"},"schema":{"@context":"https:\/\/schema.org","@graph":[{"@type":"WebPage","@id":"https:\/\/www.anae.archi\/fr\/anae-actualites\/","url":"https:\/\/www.anae.archi\/fr\/anae-actualites\/","name":"anae - actualit\u00e9s","isPartOf":{"@id":"https:\/\/www.anae.archi\/fr\/#website"},"primaryImageOfPage":{"@id":"https:\/\/www.anae.archi\/fr\/anae-actualites\/#primaryimage"},"image":{"@id":"https:\/\/www.anae.archi\/fr\/anae-actualites\/#primaryimage"},"thumbnailUrl":"https:\/\/www.anae.archi\/fr\/wp-content\/uploads\/2026\/03\/mon-repos_3-150x150.jpg?_t=1776434075","datePublished":"2025-03-13T12:34:44+00:00","dateModified":"2026-04-17T13:54:35+00:00","description":"Les derni\u00e8res actualit\u00e9s du bureau anae - atelier nature architecture environnement, issues \u00e9galement de nos r\u00e9seaux sociaux.","breadcrumb":{"@id":"https:\/\/www.anae.archi\/fr\/anae-actualites\/#breadcrumb"},"inLanguage":"fr-FR","potentialAction":[{"@type":"ReadAction","target":["https:\/\/www.anae.archi\/fr\/anae-actualites\/"]}]},{"@type":"ImageObject","inLanguage":"fr-FR","@id":"https:\/\/www.anae.archi\/fr\/anae-actualites\/#primaryimage","url":"https:\/\/www.anae.archi\/fr\/wp-content\/uploads\/2026\/03\/mon-repos_3.jpg","contentUrl":"https:\/\/www.anae.archi\/fr\/wp-content\/uploads\/2026\/03\/mon-repos_3.jpg","width":1536,"height":1536},{"@type":"BreadcrumbList","@id":"https:\/\/www.anae.archi\/fr\/anae-actualites\/#breadcrumb","itemListElement":[{"@type":"ListItem","position":1,"name":"Accueil","item":"https:\/\/www.anae.archi\/fr\/"},{"@type":"ListItem","position":2,"name":"Actualit\u00e9s"}]},{"@type":"WebSite","@id":"https:\/\/www.anae.archi\/fr\/#website","url":"https:\/\/www.anae.archi\/fr\/","name":"Anae Architecture","description":"Bureau d&#039;architecture sp\u00e9cialis\u00e9 dans l&#039;\u00e9cologie","potentialAction":[{"@type":"SearchAction","target":{"@type":"EntryPoint","urlTemplate":"https:\/\/www.anae.archi\/fr\/?s={search_term_string}"},"query-input":{"@type":"PropertyValueSpecification","valueRequired":true,"valueName":"search_term_string"}}],"inLanguage":"fr-FR"}]}},"_links":{"self":[{"href":"https:\/\/www.anae.archi\/fr\/wp-json\/wp\/v2\/pages\/7415","targetHints":{"allow":["GET"]}}],"collection":[{"href":"https:\/\/www.anae.archi\/fr\/wp-json\/wp\/v2\/pages"}],"about":[{"href":"https:\/\/www.anae.archi\/fr\/wp-json\/wp\/v2\/types\/page"}],"author":[{"embeddable":true,"href":"https:\/\/www.anae.archi\/fr\/wp-json\/wp\/v2\/users\/1"}],"replies":[{"embeddable":true,"href":"https:\/\/www.anae.archi\/fr\/wp-json\/wp\/v2\/comments?post=7415"}],"version-history":[{"count":67,"href":"https:\/\/www.anae.archi\/fr\/wp-json\/wp\/v2\/pages\/7415\/revisions"}],"predecessor-version":[{"id":8517,"href":"https:\/\/www.anae.archi\/fr\/wp-json\/wp\/v2\/pages\/7415\/revisions\/8517"}],"wp:attachment":[{"href":"https:\/\/www.anae.archi\/fr\/wp-json\/wp\/v2\/media?parent=7415"}],"curies":[{"name":"wp","href":"https:\/\/api.w.org\/{rel}","templated":true}]}}