{"id":704,"date":"2024-08-14T14:24:48","date_gmt":"2024-08-14T12:24:48","guid":{"rendered":"https:\/\/www.anae.archi\/fr\/?page_id=704"},"modified":"2026-01-09T15:50:56","modified_gmt":"2026-01-09T14:50:56","slug":"construction-et-renovation-ecologique","status":"publish","type":"page","link":"https:\/\/www.anae.archi\/fr\/construction-et-renovation-ecologique\/","title":{"rendered":"Construction et r\u00e9novation \u00e9cologique"},"content":{"rendered":"\t\t<div data-elementor-type=\"wp-page\" data-elementor-id=\"704\" class=\"elementor elementor-704\" data-elementor-post-type=\"page\">\n\t\t\t\t<div class=\"elementor-element elementor-element-5429159 e-con-full e-flex e-con e-parent\" data-id=\"5429159\" data-element_type=\"container\" data-e-type=\"container\" data-settings=\"{&quot;background_background&quot;:&quot;classic&quot;}\">\n\t\t<div class=\"elementor-element elementor-element-1d7d3ad e-con-full e-flex e-con e-child\" data-id=\"1d7d3ad\" data-element_type=\"container\" data-e-type=\"container\" data-settings=\"{&quot;background_background&quot;:&quot;classic&quot;}\">\n\t\t\t\t<\/div>\n\t\t<div class=\"elementor-element elementor-element-2b4014c e-con-full e-flex e-con e-child\" data-id=\"2b4014c\" data-element_type=\"container\" data-e-type=\"container\" data-settings=\"{&quot;background_background&quot;:&quot;classic&quot;}\">\n\t\t<div class=\"elementor-element elementor-element-1ce4de5 e-flex e-con-boxed e-con e-child\" data-id=\"1ce4de5\" data-element_type=\"container\" data-e-type=\"container\">\n\t\t\t\t\t<div class=\"e-con-inner\">\n\t\t\t\t<div class=\"elementor-element elementor-element-d78c2fc elementor-hidden-mobile elementor-widget elementor-widget-heading\" data-id=\"d78c2fc\" data-element_type=\"widget\" data-e-type=\"widget\" data-widget_type=\"heading.default\">\n\t\t\t\t<div class=\"elementor-widget-container\">\n\t\t\t\t\t<h1 class=\"elementor-heading-title elementor-size-default\">Construction et r\u00e9novation \u00e9cologique<\/h1>\t\t\t\t<\/div>\n\t\t\t\t<\/div>\n\t\t\t\t<div class=\"elementor-element elementor-element-9e6f08b elementor-hidden-desktop elementor-hidden-tablet elementor-widget elementor-widget-heading\" data-id=\"9e6f08b\" data-element_type=\"widget\" data-e-type=\"widget\" data-widget_type=\"heading.default\">\n\t\t\t\t<div class=\"elementor-widget-container\">\n\t\t\t\t\t<h1 class=\"elementor-heading-title elementor-size-default\">Construction <br>et r\u00e9novation \u00e9cologique<\/h1>\t\t\t\t<\/div>\n\t\t\t\t<\/div>\n\t\t\t\t<div class=\"elementor-element elementor-element-5a0e012 elementor-widget elementor-widget-text-editor\" data-id=\"5a0e012\" data-element_type=\"widget\" data-e-type=\"widget\" data-widget_type=\"text-editor.default\">\n\t\t\t\t<div class=\"elementor-widget-container\">\n\t\t\t\t\t\t\t\t\t<p>Je g\u00e8re tous les aspects pour les projets de petites et moyennes envergures dans la <b>r\u00e9novation<\/b>, la <b>transformation<\/b>, l\u2019<b>extension<\/b> ou lors de <b>nouvelle construction<\/b>. De l\u2019avant-projet \u00e0 la remise des cl\u00e9s, en passant par les demandes d\u2019autorisation et subsides, les appels d\u2019offres et le suivi de chantier : je suis votre unique personne de contact.<\/p>\t\t\t\t\t\t\t\t<\/div>\n\t\t\t\t<\/div>\n\t\t\t\t<div class=\"elementor-element elementor-element-41107ef elementor-widget elementor-widget-text-editor\" data-id=\"41107ef\" data-element_type=\"widget\" data-e-type=\"widget\" data-widget_type=\"text-editor.default\">\n\t\t\t\t<div class=\"elementor-widget-container\">\n\t\t\t\t\t\t\t\t\t<div>Contactez-moi\u00a0\u00e0 votre convenance et parlons de vos besoins !\u00a0<\/div>\t\t\t\t\t\t\t\t<\/div>\n\t\t\t\t<\/div>\n\t\t\t\t<div class=\"elementor-element elementor-element-66d3fdf elementor-mobile-align-center elementor-align-left elementor-widget elementor-widget-button\" data-id=\"66d3fdf\" data-element_type=\"widget\" data-e-type=\"widget\" data-widget_type=\"button.default\">\n\t\t\t\t<div class=\"elementor-widget-container\">\n\t\t\t\t\t\t\t\t\t<div class=\"elementor-button-wrapper\">\n\t\t\t\t\t<a class=\"elementor-button elementor-button-link elementor-size-sm\" href=\"https:\/\/www.anae.archi\/fr\/contact\/\">\n\t\t\t\t\t\t<span class=\"elementor-button-content-wrapper\">\n\t\t\t\t\t\t\t\t\t<span class=\"elementor-button-text\">Contact<\/span>\n\t\t\t\t\t<\/span>\n\t\t\t\t\t<\/a>\n\t\t\t\t<\/div>\n\t\t\t\t\t\t\t\t<\/div>\n\t\t\t\t<\/div>\n\t\t\t\t\t<\/div>\n\t\t\t\t<\/div>\n\t\t\t\t<\/div>\n\t\t\t\t<\/div>\n\t\t<div class=\"elementor-element elementor-element-29fa372 e-flex e-con-boxed e-con e-parent\" data-id=\"29fa372\" data-element_type=\"container\" data-e-type=\"container\" data-settings=\"{&quot;background_background&quot;:&quot;classic&quot;}\">\n\t\t\t\t\t<div class=\"e-con-inner\">\n\t\t\t\t<div class=\"elementor-element elementor-element-de875eb elementor-widget elementor-widget-heading\" data-id=\"de875eb\" data-element_type=\"widget\" data-e-type=\"widget\" data-widget_type=\"heading.default\">\n\t\t\t\t<div class=\"elementor-widget-container\">\n\t\t\t\t\t<h2 class=\"elementor-heading-title elementor-size-default\">Mes prestations<\/h2>\t\t\t\t<\/div>\n\t\t\t\t<\/div>\n\t\t<div class=\"elementor-element elementor-element-adf8bb8 e-con-full e-flex e-con e-child\" data-id=\"adf8bb8\" data-element_type=\"container\" data-e-type=\"container\">\n\t\t<div class=\"elementor-element elementor-element-e2831dd e-con-full e-flex e-con e-child\" data-id=\"e2831dd\" data-element_type=\"container\" data-e-type=\"container\">\n\t\t\t\t<div class=\"elementor-element elementor-element-06b84f0 elementor-widget elementor-widget-text-editor\" data-id=\"06b84f0\" data-element_type=\"widget\" data-e-type=\"widget\" data-widget_type=\"text-editor.default\">\n\t\t\t\t<div class=\"elementor-widget-container\">\n\t\t\t\t\t\t\t\t\t<p>Mon travail commence en amont en tenant compte de vos <b>besoins<\/b>, de vos <b>envies<\/b> et de vos <b>\u00e9motions<\/b>. Vous \u00eates unique et votre projet l\u2019est aussi ! Dans cette phase, mon \u00e9coute et ma compr\u00e9hension de vos d\u00e9sirs feront \u00e9merger un projet qui sera le plus \u00e0 m\u00eame de r\u00e9pondre \u00e0 vos ressentis et \u00e0 vos besoins et qui fera que vous vous sentirez vraiment bien chez vous !<\/p>\t\t\t\t\t\t\t\t<\/div>\n\t\t\t\t<\/div>\n\t\t\t\t<\/div>\n\t\t<div class=\"elementor-element elementor-element-36d3e7a e-con-full e-flex e-con e-child\" data-id=\"36d3e7a\" data-element_type=\"container\" data-e-type=\"container\">\n\t\t\t\t<div class=\"elementor-element elementor-element-b19a230 elementor-widget elementor-widget-text-editor\" data-id=\"b19a230\" data-element_type=\"widget\" data-e-type=\"widget\" data-widget_type=\"text-editor.default\">\n\t\t\t\t<div class=\"elementor-widget-container\">\n\t\t\t\t\t\t\t\t\t<p>Je travaille dans un souci de <b>durabilit\u00e9<\/b> dans chacun de mes projets. Je refuse donc, par exemple, de travailler avec des mat\u00e9riaux auxquels je ne crois pas et qui sont contraires \u00e0 mes valeurs. Un exemple : je ne pose donc plus de polystyr\u00e8nes sur des fa\u00e7ades. Si vous voulez utiliser ce mat\u00e9riau ou d\u2019autres qui sont \u00e0 mes yeux artificiels, je vous orienterai vers d\u2019autres architectes.<\/p>\t\t\t\t\t\t\t\t<\/div>\n\t\t\t\t<\/div>\n\t\t\t\t<\/div>\n\t\t\t\t<\/div>\n\t\t\t\t\t<\/div>\n\t\t\t\t<\/div>\n\t\t<div class=\"elementor-element elementor-element-a9d53ab e-flex e-con-boxed e-con e-parent\" data-id=\"a9d53ab\" data-element_type=\"container\" data-e-type=\"container\" data-settings=\"{&quot;background_background&quot;:&quot;classic&quot;}\">\n\t\t\t\t\t<div class=\"e-con-inner\">\n\t\t\t\t<div class=\"elementor-element elementor-element-1b5c8a1 elementor-widget elementor-widget-heading\" data-id=\"1b5c8a1\" data-element_type=\"widget\" data-e-type=\"widget\" data-widget_type=\"heading.default\">\n\t\t\t\t<div class=\"elementor-widget-container\">\n\t\t\t\t\t<h2 class=\"elementor-heading-title elementor-size-default\">Vos avantages<\/h2>\t\t\t\t<\/div>\n\t\t\t\t<\/div>\n\t\t\t\t<div class=\"elementor-element elementor-element-0f36f1d elementor-widget elementor-widget-text-editor\" data-id=\"0f36f1d\" data-element_type=\"widget\" data-e-type=\"widget\" data-widget_type=\"text-editor.default\">\n\t\t\t\t<div class=\"elementor-widget-container\">\n\t\t\t\t\t\t\t\t\t<ul>\n<li>Je travaille sur votre projet depuis son \u00e9laboration jusqu\u2019\u00e0 la remise des cl\u00e9s en fin de travaux.<br><\/li>\n<li>Je prends toute la gestion du chantier en charge personnellement.<br><\/li>\n<li>Je suis votre unique personne de contact pour votre r\u00e9alisation qui peut durer de quelques semaines \u00e0 18 mois ; mon travail permet de vous tranquilliser, de vous faire gagner du temps, de l\u2019argent et de l\u2019\u00e9nergie.<\/li>\n<\/ul>\t\t\t\t\t\t\t\t<\/div>\n\t\t\t\t<\/div>\n\t\t\t\t\t<\/div>\n\t\t\t\t<\/div>\n\t\t<div class=\"elementor-element elementor-element-d200936 e-flex e-con-boxed e-con e-parent\" data-id=\"d200936\" data-element_type=\"container\" data-e-type=\"container\" data-settings=\"{&quot;background_background&quot;:&quot;classic&quot;}\">\n\t\t\t\t\t<div class=\"e-con-inner\">\n\t\t\t\t<div class=\"elementor-element elementor-element-4799002 elementor-widget elementor-widget-heading\" data-id=\"4799002\" data-element_type=\"widget\" data-e-type=\"widget\" data-widget_type=\"heading.default\">\n\t\t\t\t<div class=\"elementor-widget-container\">\n\t\t\t\t\t<h2 class=\"elementor-heading-title elementor-size-default\">Quelle est la valeur ajout\u00e9e de travailler avec un architecte ?<\/h2>\t\t\t\t<\/div>\n\t\t\t\t<\/div>\n\t\t<div class=\"elementor-element elementor-element-f582acc e-con-full e-flex e-con e-child\" data-id=\"f582acc\" data-element_type=\"container\" data-e-type=\"container\">\n\t\t<div class=\"elementor-element elementor-element-1734cf4 e-con-full e-flex e-con e-child\" data-id=\"1734cf4\" data-element_type=\"container\" data-e-type=\"container\">\n\t\t\t\t<div class=\"elementor-element elementor-element-7af700c elementor-widget elementor-widget-text-editor\" data-id=\"7af700c\" data-element_type=\"widget\" data-e-type=\"widget\" data-widget_type=\"text-editor.default\">\n\t\t\t\t<div class=\"elementor-widget-container\">\n\t\t\t\t\t\t\t\t\t<p>Le travail avec un architecte permet une approche globale du projet, de sa technique, de son co\u00fbt et du temps \u00e0 y consacrer. Il permet \u00e9galement de v\u00e9rifier vos id\u00e9es, de les confronter \u00e0 la r\u00e9alit\u00e9 et de les mettre en ad\u00e9quation avec les normes et les lois \u00e0 appliquer.<\/p>\t\t\t\t\t\t\t\t<\/div>\n\t\t\t\t<\/div>\n\t\t\t\t<\/div>\n\t\t<div class=\"elementor-element elementor-element-a9dcd43 e-con-full e-flex e-con e-child\" data-id=\"a9dcd43\" data-element_type=\"container\" data-e-type=\"container\">\n\t\t\t\t<div class=\"elementor-element elementor-element-87963c1 elementor-widget elementor-widget-text-editor\" data-id=\"87963c1\" data-element_type=\"widget\" data-e-type=\"widget\" data-widget_type=\"text-editor.default\">\n\t\t\t\t<div class=\"elementor-widget-container\">\n\t\t\t\t\t\t\t\t\t<p class=\"mbr-section-subtitle mbr-fonts-style mbr-gray mbr-pt-2 display-7\" style=\"text-align: left;\">Je suis \u00e9galement partenaire <br \/>sp\u00e9cialiste Minergie.\u00a0<\/p><p><img decoding=\"async\" class=\"alignnone wp-image-720\" src=\"https:\/\/www.anae.archi\/fr\/wp-content\/uploads\/2024\/08\/logo-minergie-partenaires-specialistes-rgb-300x95.png\" alt=\"\" width=\"194\" height=\"62\" srcset=\"https:\/\/www.anae.archi\/fr\/wp-content\/uploads\/2024\/08\/logo-minergie-partenaires-specialistes-rgb-300x95.png 300w, https:\/\/www.anae.archi\/fr\/wp-content\/uploads\/2024\/08\/logo-minergie-partenaires-specialistes-rgb-1024x324.png 1024w, https:\/\/www.anae.archi\/fr\/wp-content\/uploads\/2024\/08\/logo-minergie-partenaires-specialistes-rgb-768x243.png 768w, https:\/\/www.anae.archi\/fr\/wp-content\/uploads\/2024\/08\/logo-minergie-partenaires-specialistes-rgb-1536x486.png 1536w, https:\/\/www.anae.archi\/fr\/wp-content\/uploads\/2024\/08\/logo-minergie-partenaires-specialistes-rgb-2048x648.png 2048w\" sizes=\"(max-width: 194px) 100vw, 194px\" \/><\/p>\t\t\t\t\t\t\t\t<\/div>\n\t\t\t\t<\/div>\n\t\t\t\t<\/div>\n\t\t\t\t<\/div>\n\t\t\t\t<div class=\"elementor-element elementor-element-781b0cb elementor-hidden-desktop elementor-hidden-tablet elementor-hidden-mobile elementor-widget elementor-widget-text-editor\" data-id=\"781b0cb\" data-element_type=\"widget\" data-e-type=\"widget\" data-widget_type=\"text-editor.default\">\n\t\t\t\t<div class=\"elementor-widget-container\">\n\t\t\t\t\t\t\t\t\t<div>\u00a0<\/div><div>\u00a0<\/div><div style=\"text-align: center;\"><strong>Contactez-moi\u00a0\u00e0 votre convenance et parlons de vos besoins !\u00a0<\/strong><\/div>\t\t\t\t\t\t\t\t<\/div>\n\t\t\t\t<\/div>\n\t\t\t\t<div class=\"elementor-element elementor-element-33c34b3 elementor-mobile-align-center elementor-align-center elementor-hidden-desktop elementor-hidden-tablet elementor-hidden-mobile elementor-widget elementor-widget-button\" data-id=\"33c34b3\" data-element_type=\"widget\" data-e-type=\"widget\" data-widget_type=\"button.default\">\n\t\t\t\t<div class=\"elementor-widget-container\">\n\t\t\t\t\t\t\t\t\t<div class=\"elementor-button-wrapper\">\n\t\t\t\t\t<a class=\"elementor-button elementor-button-link elementor-size-sm\" href=\"#\">\n\t\t\t\t\t\t<span class=\"elementor-button-content-wrapper\">\n\t\t\t\t\t\t\t\t\t<span class=\"elementor-button-text\">Contact<\/span>\n\t\t\t\t\t<\/span>\n\t\t\t\t\t<\/a>\n\t\t\t\t<\/div>\n\t\t\t\t\t\t\t\t<\/div>\n\t\t\t\t<\/div>\n\t\t\t\t\t<\/div>\n\t\t\t\t<\/div>\n\t\t<div class=\"elementor-element elementor-element-01eaa85 e-con-full elementor-hidden-desktop elementor-hidden-tablet elementor-hidden-mobile e-flex e-con e-parent\" data-id=\"01eaa85\" data-element_type=\"container\" data-e-type=\"container\" data-settings=\"{&quot;background_background&quot;:&quot;classic&quot;}\">\n\t\t\t\t<div class=\"elementor-element elementor-element-e20268e elementor-widget elementor-widget-text-editor\" data-id=\"e20268e\" data-element_type=\"widget\" data-e-type=\"widget\" data-widget_type=\"text-editor.default\">\n\t\t\t\t<div class=\"elementor-widget-container\">\n\t\t\t\t\t\t\t\t\t<div>\u00a0<\/div><div style=\"text-align: center;\">Contactez-moi\u00a0\u00e0 votre convenance et parlons de vos besoins !\u00a0<\/div>\t\t\t\t\t\t\t\t<\/div>\n\t\t\t\t<\/div>\n\t\t\t\t<div class=\"elementor-element elementor-element-cbd385b elementor-mobile-align-center elementor-align-center elementor-widget elementor-widget-button\" data-id=\"cbd385b\" data-element_type=\"widget\" data-e-type=\"widget\" data-widget_type=\"button.default\">\n\t\t\t\t<div class=\"elementor-widget-container\">\n\t\t\t\t\t\t\t\t\t<div class=\"elementor-button-wrapper\">\n\t\t\t\t\t<a class=\"elementor-button elementor-button-link elementor-size-sm\" href=\"#\">\n\t\t\t\t\t\t<span class=\"elementor-button-content-wrapper\">\n\t\t\t\t\t\t\t\t\t<span class=\"elementor-button-text\">Contact<\/span>\n\t\t\t\t\t<\/span>\n\t\t\t\t\t<\/a>\n\t\t\t\t<\/div>\n\t\t\t\t\t\t\t\t<\/div>\n\t\t\t\t<\/div>\n\t\t\t\t<\/div>\n\t\t\t\t<\/div>\n\t\t","protected":false},"excerpt":{"rendered":"<p>Construction et r\u00e9novation \u00e9cologique Construction et r\u00e9novation \u00e9cologique Je g\u00e8re tous les aspects pour les projets de petites et moyennes envergures dans la r\u00e9novation, la transformation, l\u2019extension ou lors de nouvelle construction. De l\u2019avant-projet \u00e0 la remise des cl\u00e9s, en passant par les demandes d\u2019autorisation et subsides, les appels d\u2019offres et le suivi de chantier [&hellip;]<\/p>\n","protected":false},"author":1,"featured_media":0,"parent":0,"menu_order":0,"comment_status":"closed","ping_status":"closed","template":"","meta":{"footnotes":""},"class_list":["post-704","page","type-page","status-publish","hentry"],"yoast_head":"<!-- This site is optimized with the Yoast SEO plugin v27.5 - https:\/\/yoast.com\/product\/yoast-seo-wordpress\/ -->\n<title>anae - construction et r\u00e9novation \u00e9cologique<\/title>\n<meta name=\"description\" content=\"Je g\u00e8re tous les aspects du projet quel que soit leur dimension tant en r\u00e9novation, transformation, extension ou lors de nouvelle construction.\" \/>\n<meta name=\"robots\" content=\"index, follow, max-snippet:-1, max-image-preview:large, max-video-preview:-1\" \/>\n<link rel=\"canonical\" href=\"https:\/\/www.anae.archi\/fr\/construction-et-renovation-ecologique\/\" \/>\n<meta property=\"og:locale\" content=\"fr_FR\" \/>\n<meta property=\"og:type\" content=\"article\" \/>\n<meta property=\"og:title\" content=\"anae - construction et r\u00e9novation \u00e9cologique\" \/>\n<meta property=\"og:description\" content=\"Je g\u00e8re tous les aspects du projet quel que soit leur dimension tant en r\u00e9novation, transformation, extension ou lors de nouvelle construction.\" \/>\n<meta property=\"og:url\" content=\"https:\/\/www.anae.archi\/fr\/construction-et-renovation-ecologique\/\" \/>\n<meta property=\"og:site_name\" content=\"Anae Architecture\" \/>\n<meta property=\"article:modified_time\" content=\"2026-01-09T14:50:56+00:00\" \/>\n<meta property=\"og:image\" content=\"https:\/\/www.anae.archi\/fr\/wp-content\/uploads\/2024\/08\/logo-minergie-partenaires-specialistes-rgb-300x95.png\" \/>\n<meta name=\"twitter:card\" content=\"summary_large_image\" \/>\n<meta name=\"twitter:label1\" content=\"Dur\u00e9e de lecture estim\u00e9e\" \/>\n\t<meta name=\"twitter:data1\" content=\"3 minutes\" \/>\n<script type=\"application\/ld+json\" class=\"yoast-schema-graph\">{\"@context\":\"https:\\\/\\\/schema.org\",\"@graph\":[{\"@type\":\"WebPage\",\"@id\":\"https:\\\/\\\/www.anae.archi\\\/fr\\\/construction-et-renovation-ecologique\\\/\",\"url\":\"https:\\\/\\\/www.anae.archi\\\/fr\\\/construction-et-renovation-ecologique\\\/\",\"name\":\"anae - construction et r\u00e9novation \u00e9cologique\",\"isPartOf\":{\"@id\":\"https:\\\/\\\/www.anae.archi\\\/fr\\\/#website\"},\"primaryImageOfPage\":{\"@id\":\"https:\\\/\\\/www.anae.archi\\\/fr\\\/construction-et-renovation-ecologique\\\/#primaryimage\"},\"image\":{\"@id\":\"https:\\\/\\\/www.anae.archi\\\/fr\\\/construction-et-renovation-ecologique\\\/#primaryimage\"},\"thumbnailUrl\":\"https:\\\/\\\/www.anae.archi\\\/fr\\\/wp-content\\\/uploads\\\/2024\\\/08\\\/logo-minergie-partenaires-specialistes-rgb-300x95.png\",\"datePublished\":\"2024-08-14T12:24:48+00:00\",\"dateModified\":\"2026-01-09T14:50:56+00:00\",\"description\":\"Je g\u00e8re tous les aspects du projet quel que soit leur dimension tant en r\u00e9novation, transformation, extension ou lors de nouvelle construction.\",\"breadcrumb\":{\"@id\":\"https:\\\/\\\/www.anae.archi\\\/fr\\\/construction-et-renovation-ecologique\\\/#breadcrumb\"},\"inLanguage\":\"fr-FR\",\"potentialAction\":[{\"@type\":\"ReadAction\",\"target\":[\"https:\\\/\\\/www.anae.archi\\\/fr\\\/construction-et-renovation-ecologique\\\/\"]}]},{\"@type\":\"ImageObject\",\"inLanguage\":\"fr-FR\",\"@id\":\"https:\\\/\\\/www.anae.archi\\\/fr\\\/construction-et-renovation-ecologique\\\/#primaryimage\",\"url\":\"https:\\\/\\\/www.anae.archi\\\/fr\\\/wp-content\\\/uploads\\\/2024\\\/08\\\/logo-minergie-partenaires-specialistes-rgb.png\",\"contentUrl\":\"https:\\\/\\\/www.anae.archi\\\/fr\\\/wp-content\\\/uploads\\\/2024\\\/08\\\/logo-minergie-partenaires-specialistes-rgb.png\",\"width\":4000,\"height\":1266},{\"@type\":\"BreadcrumbList\",\"@id\":\"https:\\\/\\\/www.anae.archi\\\/fr\\\/construction-et-renovation-ecologique\\\/#breadcrumb\",\"itemListElement\":[{\"@type\":\"ListItem\",\"position\":1,\"name\":\"Accueil\",\"item\":\"https:\\\/\\\/www.anae.archi\\\/fr\\\/\"},{\"@type\":\"ListItem\",\"position\":2,\"name\":\"Construction et r\u00e9novation \u00e9cologique\"}]},{\"@type\":\"WebSite\",\"@id\":\"https:\\\/\\\/www.anae.archi\\\/fr\\\/#website\",\"url\":\"https:\\\/\\\/www.anae.archi\\\/fr\\\/\",\"name\":\"Anae Architecture\",\"description\":\"Bureau d&#039;architecture sp\u00e9cialis\u00e9 dans l&#039;\u00e9cologie\",\"potentialAction\":[{\"@type\":\"SearchAction\",\"target\":{\"@type\":\"EntryPoint\",\"urlTemplate\":\"https:\\\/\\\/www.anae.archi\\\/fr\\\/?s={search_term_string}\"},\"query-input\":{\"@type\":\"PropertyValueSpecification\",\"valueRequired\":true,\"valueName\":\"search_term_string\"}}],\"inLanguage\":\"fr-FR\"}]}<\/script>\n<!-- \/ Yoast SEO plugin. -->","yoast_head_json":{"title":"anae - construction et r\u00e9novation \u00e9cologique","description":"Je g\u00e8re tous les aspects du projet quel que soit leur dimension tant en r\u00e9novation, transformation, extension ou lors de nouvelle construction.","robots":{"index":"index","follow":"follow","max-snippet":"max-snippet:-1","max-image-preview":"max-image-preview:large","max-video-preview":"max-video-preview:-1"},"canonical":"https:\/\/www.anae.archi\/fr\/construction-et-renovation-ecologique\/","og_locale":"fr_FR","og_type":"article","og_title":"anae - construction et r\u00e9novation \u00e9cologique","og_description":"Je g\u00e8re tous les aspects du projet quel que soit leur dimension tant en r\u00e9novation, transformation, extension ou lors de nouvelle construction.","og_url":"https:\/\/www.anae.archi\/fr\/construction-et-renovation-ecologique\/","og_site_name":"Anae Architecture","article_modified_time":"2026-01-09T14:50:56+00:00","og_image":[{"url":"https:\/\/www.anae.archi\/fr\/wp-content\/uploads\/2024\/08\/logo-minergie-partenaires-specialistes-rgb-300x95.png","type":"","width":"","height":""}],"twitter_card":"summary_large_image","twitter_misc":{"Dur\u00e9e de lecture estim\u00e9e":"3 minutes"},"schema":{"@context":"https:\/\/schema.org","@graph":[{"@type":"WebPage","@id":"https:\/\/www.anae.archi\/fr\/construction-et-renovation-ecologique\/","url":"https:\/\/www.anae.archi\/fr\/construction-et-renovation-ecologique\/","name":"anae - construction et r\u00e9novation \u00e9cologique","isPartOf":{"@id":"https:\/\/www.anae.archi\/fr\/#website"},"primaryImageOfPage":{"@id":"https:\/\/www.anae.archi\/fr\/construction-et-renovation-ecologique\/#primaryimage"},"image":{"@id":"https:\/\/www.anae.archi\/fr\/construction-et-renovation-ecologique\/#primaryimage"},"thumbnailUrl":"https:\/\/www.anae.archi\/fr\/wp-content\/uploads\/2024\/08\/logo-minergie-partenaires-specialistes-rgb-300x95.png","datePublished":"2024-08-14T12:24:48+00:00","dateModified":"2026-01-09T14:50:56+00:00","description":"Je g\u00e8re tous les aspects du projet quel que soit leur dimension tant en r\u00e9novation, transformation, extension ou lors de nouvelle construction.","breadcrumb":{"@id":"https:\/\/www.anae.archi\/fr\/construction-et-renovation-ecologique\/#breadcrumb"},"inLanguage":"fr-FR","potentialAction":[{"@type":"ReadAction","target":["https:\/\/www.anae.archi\/fr\/construction-et-renovation-ecologique\/"]}]},{"@type":"ImageObject","inLanguage":"fr-FR","@id":"https:\/\/www.anae.archi\/fr\/construction-et-renovation-ecologique\/#primaryimage","url":"https:\/\/www.anae.archi\/fr\/wp-content\/uploads\/2024\/08\/logo-minergie-partenaires-specialistes-rgb.png","contentUrl":"https:\/\/www.anae.archi\/fr\/wp-content\/uploads\/2024\/08\/logo-minergie-partenaires-specialistes-rgb.png","width":4000,"height":1266},{"@type":"BreadcrumbList","@id":"https:\/\/www.anae.archi\/fr\/construction-et-renovation-ecologique\/#breadcrumb","itemListElement":[{"@type":"ListItem","position":1,"name":"Accueil","item":"https:\/\/www.anae.archi\/fr\/"},{"@type":"ListItem","position":2,"name":"Construction et r\u00e9novation \u00e9cologique"}]},{"@type":"WebSite","@id":"https:\/\/www.anae.archi\/fr\/#website","url":"https:\/\/www.anae.archi\/fr\/","name":"Anae Architecture","description":"Bureau d&#039;architecture sp\u00e9cialis\u00e9 dans l&#039;\u00e9cologie","potentialAction":[{"@type":"SearchAction","target":{"@type":"EntryPoint","urlTemplate":"https:\/\/www.anae.archi\/fr\/?s={search_term_string}"},"query-input":{"@type":"PropertyValueSpecification","valueRequired":true,"valueName":"search_term_string"}}],"inLanguage":"fr-FR"}]}},"_links":{"self":[{"href":"https:\/\/www.anae.archi\/fr\/wp-json\/wp\/v2\/pages\/704","targetHints":{"allow":["GET"]}}],"collection":[{"href":"https:\/\/www.anae.archi\/fr\/wp-json\/wp\/v2\/pages"}],"about":[{"href":"https:\/\/www.anae.archi\/fr\/wp-json\/wp\/v2\/types\/page"}],"author":[{"embeddable":true,"href":"https:\/\/www.anae.archi\/fr\/wp-json\/wp\/v2\/users\/1"}],"replies":[{"embeddable":true,"href":"https:\/\/www.anae.archi\/fr\/wp-json\/wp\/v2\/comments?post=704"}],"version-history":[{"count":67,"href":"https:\/\/www.anae.archi\/fr\/wp-json\/wp\/v2\/pages\/704\/revisions"}],"predecessor-version":[{"id":6592,"href":"https:\/\/www.anae.archi\/fr\/wp-json\/wp\/v2\/pages\/704\/revisions\/6592"}],"wp:attachment":[{"href":"https:\/\/www.anae.archi\/fr\/wp-json\/wp\/v2\/media?parent=704"}],"curies":[{"name":"wp","href":"https:\/\/api.w.org\/{rel}","templated":true}]}}