{"id":539,"date":"2024-07-18T22:16:22","date_gmt":"2024-07-18T20:16:22","guid":{"rendered":"https:\/\/www.anae.archi\/fr\/?page_id=539"},"modified":"2025-12-05T14:20:02","modified_gmt":"2025-12-05T13:20:02","slug":"architecture-durable","status":"publish","type":"page","link":"https:\/\/www.anae.archi\/fr\/architecture-durable\/","title":{"rendered":"Architecture durable"},"content":{"rendered":"\t\t<div data-elementor-type=\"wp-page\" data-elementor-id=\"539\" class=\"elementor elementor-539\" data-elementor-post-type=\"page\">\n\t\t\t\t<div class=\"elementor-element elementor-element-162a7ae e-con-full e-flex e-con e-parent\" data-id=\"162a7ae\" data-element_type=\"container\" data-e-type=\"container\" data-settings=\"{&quot;background_background&quot;:&quot;classic&quot;}\">\n\t\t<div class=\"elementor-element elementor-element-7367dd1 e-con-full e-flex e-con e-child\" data-id=\"7367dd1\" data-element_type=\"container\" data-e-type=\"container\" data-settings=\"{&quot;background_background&quot;:&quot;classic&quot;}\">\n\t\t\t\t<\/div>\n\t\t<div class=\"elementor-element elementor-element-b744bf0 e-con-full e-flex e-con e-child\" data-id=\"b744bf0\" data-element_type=\"container\" data-e-type=\"container\">\n\t\t<div class=\"elementor-element elementor-element-b15dda9 e-flex e-con-boxed e-con e-child\" data-id=\"b15dda9\" data-element_type=\"container\" data-e-type=\"container\">\n\t\t\t\t\t<div class=\"e-con-inner\">\n\t\t\t\t<div class=\"elementor-element elementor-element-9a67312 elementor-widget elementor-widget-heading\" data-id=\"9a67312\" data-element_type=\"widget\" data-e-type=\"widget\" data-widget_type=\"heading.default\">\n\t\t\t\t<div class=\"elementor-widget-container\">\n\t\t\t\t\t<h1 class=\"elementor-heading-title elementor-size-default\">Ma philosophie<\/h1>\t\t\t\t<\/div>\n\t\t\t\t<\/div>\n\t\t\t\t<div class=\"elementor-element elementor-element-7b3fd50 elementor-widget elementor-widget-text-editor\" data-id=\"7b3fd50\" data-element_type=\"widget\" data-e-type=\"widget\" data-widget_type=\"text-editor.default\">\n\t\t\t\t<div class=\"elementor-widget-container\">\n\t\t\t\t\t\t\t\t\t<p>Aujourd\u2019hui, l\u2019\u00e9cologie est au c\u0153ur de nos pr\u00e9occupations et il existe une multitude de mani\u00e8res (petits et grands gestes) d\u2019y contribuer de fa\u00e7on durable. En tant que propri\u00e9taires ou locataires d\u2019un bien immobilier, en tant qu\u2019architectes, ing\u00e9nieurs ou artisans, et plus largement en tant que citoyens du monde, nous avons la possibilit\u00e9 d\u2019agir concr\u00e8tement.<br \/><br \/><strong>\u00ab Dans ma pratique quotidienne d\u2019architecte, je milite pour une construction durable \u00bb<\/strong><\/p>\t\t\t\t\t\t\t\t<\/div>\n\t\t\t\t<\/div>\n\t\t\t\t\t<\/div>\n\t\t\t\t<\/div>\n\t\t\t\t<\/div>\n\t\t\t\t<\/div>\n\t\t<div class=\"elementor-element elementor-element-80119ec e-flex e-con-boxed e-con e-parent\" data-id=\"80119ec\" data-element_type=\"container\" data-e-type=\"container\" data-settings=\"{&quot;background_background&quot;:&quot;classic&quot;}\">\n\t\t\t\t\t<div class=\"e-con-inner\">\n\t\t\t\t<div class=\"elementor-element elementor-element-c75b4bc elementor-widget elementor-widget-heading\" data-id=\"c75b4bc\" data-element_type=\"widget\" data-e-type=\"widget\" data-widget_type=\"heading.default\">\n\t\t\t\t<div class=\"elementor-widget-container\">\n\t\t\t\t\t<h2 class=\"elementor-heading-title elementor-size-default\">L'architecture durable<\/h2>\t\t\t\t<\/div>\n\t\t\t\t<\/div>\n\t\t<div class=\"elementor-element elementor-element-aa6df5d e-con-full e-flex e-con e-child\" data-id=\"aa6df5d\" data-element_type=\"container\" data-e-type=\"container\">\n\t\t<div class=\"elementor-element elementor-element-df58696 e-con-full e-flex e-con e-child\" data-id=\"df58696\" data-element_type=\"container\" data-e-type=\"container\">\n\t\t\t\t<div class=\"elementor-element elementor-element-dcca4d5 elementor-widget elementor-widget-text-editor\" data-id=\"dcca4d5\" data-element_type=\"widget\" data-e-type=\"widget\" data-widget_type=\"text-editor.default\">\n\t\t\t\t<div class=\"elementor-widget-container\">\n\t\t\t\t\t\t\t\t\t<p>Le\u00a0<strong>principe de construction durable<\/strong>\u00a0se r\u00e9sume par l\u2019emploi de mat\u00e9riaux naturels, l\u2019utilisation d\u2019\u00e9nergies renouvelables et l\u2019\u00e9limination des produits chimiques dans notre habitat. On peut y ajouter le travail avec des artisans locaux.<br \/><br \/><strong>Un certain retour \u00e0 une simplicit\u00e9 perdue et \u00e0 des proc\u00e9d\u00e9s artisanaux humains<\/strong><br \/><br \/>Les\u00a0<strong>mat\u00e9riaux naturels<\/strong>\u00a0existent dans nos constructions depuis des g\u00e9n\u00e9rations, mais ont \u00e9t\u00e9 remplac\u00e9s par des mat\u00e9riaux industriels, \u00e9labor\u00e9s gr\u00e2ce aux technologies actuelles, qui sont parfois nocifs pour la sant\u00e9 et dont les ressources sont limit\u00e9es. Heureusement, aujourd\u2019hui, une prise de conscience a lieu qui permet le retour de mat\u00e9riaux tels que\u00a0<strong>la chaux, le bois, la terre<\/strong>\u00a0et d\u2019autres mat\u00e9riaux qui donnent envie de les toucher. En les m\u00e9langeant \u00e0 nos connaissances actuelles, ces mat\u00e9riaux, qui peuvent para\u00eetre tout droit sorti d\u2019imaginations baba cool ou de celles de nos grands-parents, permettent de\u00a0<strong>lier exigences accrues actuelles, sensibilit\u00e9 environnementale et durabilit\u00e9<\/strong>. Le caract\u00e8re limit\u00e9 de certaines ressources \u00e9veille l\u2019int\u00e9r\u00eat de la r\u00e9utilisation et de la revalorisation de certains mat\u00e9riaux, de leur faible impact environnemental et de leur disponibilit\u00e9 locale.<br \/><br \/><strong>Utiliser des \u00e9nergies renouvelables et des produits naturels pour un habitat sain<\/strong><\/p>\t\t\t\t\t\t\t\t<\/div>\n\t\t\t\t<\/div>\n\t\t\t\t<\/div>\n\t\t<div class=\"elementor-element elementor-element-542794a e-con-full e-flex e-con e-child\" data-id=\"542794a\" data-element_type=\"container\" data-e-type=\"container\">\n\t\t\t\t<div class=\"elementor-element elementor-element-f4c112f elementor-widget elementor-widget-text-editor\" data-id=\"f4c112f\" data-element_type=\"widget\" data-e-type=\"widget\" data-widget_type=\"text-editor.default\">\n\t\t\t\t<div class=\"elementor-widget-container\">\n\t\t\t\t\t\t\t\t\t<p>Il existe \u00e9galement des\u00a0<strong>mesures architecturales permettant d\u2019\u00e9conomiser de l\u2019\u00e9nergie<\/strong>\u00a0ou de cr\u00e9er des espaces plus sains. \u00c0 commencer par isoler sa maison et utiliser un syst\u00e8me de chauffage \u00e0 \u00e9nergie renouvelable. On peut \u00e9galement optimiser les apports solaires passifs en agrandissant ou en diminuant les ouvertures dans les fa\u00e7ades o\u00f9 cela est utile.<\/p><p>Il existe \u00e9galement\u00a0<strong>des aides financi\u00e8res permettant d\u2019isoler les b\u00e2timents<\/strong>\u00a0qui sont les plus grands consommateurs d\u2019\u00e9nergie en Suisse. L\u2019investissement que repr\u00e9sentent ces travaux est compens\u00e9 en partie par ces subsides. Cet investissement peut \u00e9galement \u00eatre ventil\u00e9 fiscalement. Changer son syst\u00e8me de chauffage et isoler sa maison permettent des \u00e9conomies d\u2019\u00e9nergie de mani\u00e8re av\u00e9r\u00e9e et repr\u00e9sente \u00e0 moyen terme des d\u00e9penses moindres au quotidien.<\/p><p>\u00c0 savoir encore que chacun peut mettre en \u0153uvre ces mat\u00e9riaux chez lui. En effet, il devient de plus en plus facile de\u00a0<strong>d\u00e9corer son int\u00e9rieur de fa\u00e7on plus durable<\/strong>\u00a0et d\u2019agir ainsi par petites touches en peignant un mur avec une peinture sans solvant ou en rempla\u00e7ant un meuble par un autre sur mesure fabriqu\u00e9 par nos soins ou penser par nous et cr\u00e9\u00e9 par un artisan durable et r\u00e9pondant ainsi \u00e0 un besoin pr\u00e9cis. Ces actes sont tout aussi importants que d\u2019isoler sa maison et permettent en outre de se sentir mieux chez soi dans un int\u00e9rieur qui nous ressemble et qui est durable.<\/p>\t\t\t\t\t\t\t\t<\/div>\n\t\t\t\t<\/div>\n\t\t\t\t<\/div>\n\t\t\t\t<\/div>\n\t\t\t\t<div class=\"elementor-element elementor-element-4946db8 elementor-widget elementor-widget-heading\" data-id=\"4946db8\" data-element_type=\"widget\" data-e-type=\"widget\" data-widget_type=\"heading.default\">\n\t\t\t\t<div class=\"elementor-widget-container\">\n\t\t\t\t\t<h2 class=\"elementor-heading-title elementor-size-default\">La prise de conscience actuelle est positive pour la plan\u00e8te.\u00a0Elle le devient \u00e9galement pour chacun d\u2019entre nous souhaitant mettre un peu plus de nature dans son habitat ou dans sa pratique professionnelle quotidienne.<\/h2>\t\t\t\t<\/div>\n\t\t\t\t<\/div>\n\t\t\t\t\t<\/div>\n\t\t\t\t<\/div>\n\t\t<div class=\"elementor-element elementor-element-512bf76 elementor-hidden-desktop elementor-hidden-tablet elementor-hidden-mobile e-flex e-con-boxed e-con e-parent\" data-id=\"512bf76\" data-element_type=\"container\" data-e-type=\"container\" data-settings=\"{&quot;background_background&quot;:&quot;classic&quot;}\">\n\t\t\t\t\t<div class=\"e-con-inner\">\n\t\t\t\t<div class=\"elementor-element elementor-element-5aa6afa elementor-widget elementor-widget-heading\" data-id=\"5aa6afa\" data-element_type=\"widget\" data-e-type=\"widget\" data-widget_type=\"heading.default\">\n\t\t\t\t<div class=\"elementor-widget-container\">\n\t\t\t\t\t<h2 class=\"elementor-heading-title elementor-size-default\">Mettre en place l'architecture durable dans votre projet<\/h2>\t\t\t\t<\/div>\n\t\t\t\t<\/div>\n\t\t\t\t\t<\/div>\n\t\t\t\t<\/div>\n\t\t<div class=\"elementor-element elementor-element-ad73abe e-con-full e-flex e-con e-parent\" data-id=\"ad73abe\" data-element_type=\"container\" data-e-type=\"container\" data-settings=\"{&quot;background_background&quot;:&quot;classic&quot;}\">\n\t\t<div class=\"elementor-element elementor-element-7d37a51 e-con-full e-flex e-con e-child\" data-id=\"7d37a51\" data-element_type=\"container\" data-e-type=\"container\">\n\t\t\t\t<div class=\"elementor-element elementor-element-7292835 elementor-widget elementor-widget-text-editor\" data-id=\"7292835\" data-element_type=\"widget\" data-e-type=\"widget\" data-widget_type=\"text-editor.default\">\n\t\t\t\t<div class=\"elementor-widget-container\">\n\t\t\t\t\t\t\t\t\t<h3>Architecture<\/h3>\n<p>Pour une architecture qui relie l&rsquo;humain et la nature. Je vous propose un projet qui soit en lien avec vous, vos \u00e9motions et vos projets de vie.<\/p>\t\t\t\t\t\t\t\t<\/div>\n\t\t\t\t<\/div>\n\t\t\t\t<div class=\"elementor-element elementor-element-b784128 elementor-mobile-align-center elementor-align-left elementor-widget elementor-widget-button\" data-id=\"b784128\" data-element_type=\"widget\" data-e-type=\"widget\" data-widget_type=\"button.default\">\n\t\t\t\t<div class=\"elementor-widget-container\">\n\t\t\t\t\t\t\t\t\t<div class=\"elementor-button-wrapper\">\n\t\t\t\t\t<a class=\"elementor-button elementor-button-link elementor-size-sm\" href=\"https:\/\/www.anae.archi\/fr\/construction-et-renovation-ecologique\/\">\n\t\t\t\t\t\t<span class=\"elementor-button-content-wrapper\">\n\t\t\t\t\t\t\t\t\t<span class=\"elementor-button-text\">En savoir plus<\/span>\n\t\t\t\t\t<\/span>\n\t\t\t\t\t<\/a>\n\t\t\t\t<\/div>\n\t\t\t\t\t\t\t\t<\/div>\n\t\t\t\t<\/div>\n\t\t\t\t<\/div>\n\t\t<div class=\"elementor-element elementor-element-af01e0f e-con-full e-flex e-con e-child\" data-id=\"af01e0f\" data-element_type=\"container\" data-e-type=\"container\">\n\t\t\t\t<div class=\"elementor-element elementor-element-da4f91a elementor-widget elementor-widget-text-editor\" data-id=\"da4f91a\" data-element_type=\"widget\" data-e-type=\"widget\" data-widget_type=\"text-editor.default\">\n\t\t\t\t<div class=\"elementor-widget-container\">\n\t\t\t\t\t\t\t\t\t<h3>Conseils<\/h3><p>Destin\u00e9 \u00e0 des personnes propri\u00e9taires d&rsquo;un bien immobilier ou locataire de leur appartement ainsi qu&rsquo;\u00e0 des ing\u00e9nieurs, architectes et artisans.<\/p>\t\t\t\t\t\t\t\t<\/div>\n\t\t\t\t<\/div>\n\t\t\t\t<div class=\"elementor-element elementor-element-d77231a elementor-mobile-align-center elementor-align-left elementor-widget elementor-widget-button\" data-id=\"d77231a\" data-element_type=\"widget\" data-e-type=\"widget\" data-widget_type=\"button.default\">\n\t\t\t\t<div class=\"elementor-widget-container\">\n\t\t\t\t\t\t\t\t\t<div class=\"elementor-button-wrapper\">\n\t\t\t\t\t<a class=\"elementor-button elementor-button-link elementor-size-sm\" href=\"https:\/\/www.anae.archi\/fr\/conseils-en-construction-durable\/\">\n\t\t\t\t\t\t<span class=\"elementor-button-content-wrapper\">\n\t\t\t\t\t\t\t\t\t<span class=\"elementor-button-text\">En savoir plus<\/span>\n\t\t\t\t\t<\/span>\n\t\t\t\t\t<\/a>\n\t\t\t\t<\/div>\n\t\t\t\t\t\t\t\t<\/div>\n\t\t\t\t<\/div>\n\t\t\t\t<\/div>\n\t\t<div class=\"elementor-element elementor-element-3213e0a e-con-full e-flex e-con e-child\" data-id=\"3213e0a\" data-element_type=\"container\" data-e-type=\"container\">\n\t\t\t\t<div class=\"elementor-element elementor-element-7580175 elementor-widget elementor-widget-text-editor\" data-id=\"7580175\" data-element_type=\"widget\" data-e-type=\"widget\" data-widget_type=\"text-editor.default\">\n\t\t\t\t<div class=\"elementor-widget-container\">\n\t\t\t\t\t\t\t\t\t<h3>Coaching<\/h3>\n<p>Dans le cadre du d\u00e9sir de changement de l&rsquo;am\u00e9nagement de son int\u00e9rieur, je vous \u00e9paule pour faire des choix en coh\u00e9rence avec vous et la nature.<\/p>\t\t\t\t\t\t\t\t<\/div>\n\t\t\t\t<\/div>\n\t\t\t\t<div class=\"elementor-element elementor-element-8301130 elementor-mobile-align-center elementor-align-left elementor-widget elementor-widget-button\" data-id=\"8301130\" data-element_type=\"widget\" data-e-type=\"widget\" data-widget_type=\"button.default\">\n\t\t\t\t<div class=\"elementor-widget-container\">\n\t\t\t\t\t\t\t\t\t<div class=\"elementor-button-wrapper\">\n\t\t\t\t\t<a class=\"elementor-button elementor-button-link elementor-size-sm\" href=\"https:\/\/www.anae.archi\/fr\/coaching-transformation-interieure\/\">\n\t\t\t\t\t\t<span class=\"elementor-button-content-wrapper\">\n\t\t\t\t\t\t\t\t\t<span class=\"elementor-button-text\">En savoir plus<\/span>\n\t\t\t\t\t<\/span>\n\t\t\t\t\t<\/a>\n\t\t\t\t<\/div>\n\t\t\t\t\t\t\t\t<\/div>\n\t\t\t\t<\/div>\n\t\t\t\t<\/div>\n\t\t<div class=\"elementor-element elementor-element-24fb77d e-con-full e-flex e-con e-child\" data-id=\"24fb77d\" data-element_type=\"container\" data-e-type=\"container\">\n\t\t\t\t<div class=\"elementor-element elementor-element-91b5061 elementor-widget elementor-widget-text-editor\" data-id=\"91b5061\" data-element_type=\"widget\" data-e-type=\"widget\" data-widget_type=\"text-editor.default\">\n\t\t\t\t<div class=\"elementor-widget-container\">\n\t\t\t\t\t\t\t\t\t<h3>Mobilier<\/h3>\n<p>Pour aller plus loin dans l&rsquo;am\u00e9nagement de son int\u00e9rieur, je vous aide \u00e0 imaginer et \u00e0 faire fabriquer vos meubles sur mesures.<\/p>\t\t\t\t\t\t\t\t<\/div>\n\t\t\t\t<\/div>\n\t\t\t\t<div class=\"elementor-element elementor-element-f3b5e87 elementor-mobile-align-center elementor-align-left elementor-widget elementor-widget-button\" data-id=\"f3b5e87\" data-element_type=\"widget\" data-e-type=\"widget\" data-widget_type=\"button.default\">\n\t\t\t\t<div class=\"elementor-widget-container\">\n\t\t\t\t\t\t\t\t\t<div class=\"elementor-button-wrapper\">\n\t\t\t\t\t<a class=\"elementor-button elementor-button-link elementor-size-sm\" href=\"https:\/\/www.anae.archi\/fr\/mobilier-sur-mesure\/\">\n\t\t\t\t\t\t<span class=\"elementor-button-content-wrapper\">\n\t\t\t\t\t\t\t\t\t<span class=\"elementor-button-text\">En savoir plus<\/span>\n\t\t\t\t\t<\/span>\n\t\t\t\t\t<\/a>\n\t\t\t\t<\/div>\n\t\t\t\t\t\t\t\t<\/div>\n\t\t\t\t<\/div>\n\t\t\t\t<\/div>\n\t\t\t\t<\/div>\n\t\t\t\t<\/div>\n\t\t","protected":false},"excerpt":{"rendered":"<p>Ma philosophie Aujourd\u2019hui, l\u2019\u00e9cologie est au c\u0153ur de nos pr\u00e9occupations et il existe une multitude de mani\u00e8res (petits et grands gestes) d\u2019y contribuer de fa\u00e7on durable. En tant que propri\u00e9taires ou locataires d\u2019un bien immobilier, en tant qu\u2019architectes, ing\u00e9nieurs ou artisans, et plus largement en tant que citoyens du monde, nous avons la possibilit\u00e9 d\u2019agir [&hellip;]<\/p>\n","protected":false},"author":1,"featured_media":0,"parent":0,"menu_order":0,"comment_status":"closed","ping_status":"closed","template":"","meta":{"footnotes":""},"class_list":["post-539","page","type-page","status-publish","hentry"],"yoast_head":"<!-- This site is optimized with the Yoast SEO plugin v27.5 - https:\/\/yoast.com\/product\/yoast-seo-wordpress\/ -->\n<title>anae - architecture durable<\/title>\n<meta name=\"description\" content=\"Ma philosophie pour plus de nature dans la maison avec la durabilit\u00e9 dans l&#039;architecture soit mat\u00e9riaux naturels et \u00e9nergies renouvelables.\" \/>\n<meta name=\"robots\" content=\"index, follow, max-snippet:-1, max-image-preview:large, max-video-preview:-1\" \/>\n<link rel=\"canonical\" href=\"https:\/\/www.anae.archi\/fr\/architecture-durable\/\" \/>\n<meta property=\"og:locale\" content=\"fr_FR\" \/>\n<meta property=\"og:type\" content=\"article\" \/>\n<meta property=\"og:title\" content=\"anae - architecture durable\" \/>\n<meta property=\"og:description\" content=\"Ma philosophie pour plus de nature dans la maison avec la durabilit\u00e9 dans l&#039;architecture soit mat\u00e9riaux naturels et \u00e9nergies renouvelables.\" \/>\n<meta property=\"og:url\" content=\"https:\/\/www.anae.archi\/fr\/architecture-durable\/\" \/>\n<meta property=\"og:site_name\" content=\"Anae Architecture\" \/>\n<meta property=\"article:modified_time\" content=\"2025-12-05T13:20:02+00:00\" \/>\n<meta name=\"twitter:card\" content=\"summary_large_image\" \/>\n<meta name=\"twitter:label1\" content=\"Dur\u00e9e de lecture estim\u00e9e\" \/>\n\t<meta name=\"twitter:data1\" content=\"4 minutes\" \/>\n<script type=\"application\/ld+json\" class=\"yoast-schema-graph\">{\"@context\":\"https:\\\/\\\/schema.org\",\"@graph\":[{\"@type\":\"WebPage\",\"@id\":\"https:\\\/\\\/www.anae.archi\\\/fr\\\/architecture-durable\\\/\",\"url\":\"https:\\\/\\\/www.anae.archi\\\/fr\\\/architecture-durable\\\/\",\"name\":\"anae - architecture durable\",\"isPartOf\":{\"@id\":\"https:\\\/\\\/www.anae.archi\\\/fr\\\/#website\"},\"datePublished\":\"2024-07-18T20:16:22+00:00\",\"dateModified\":\"2025-12-05T13:20:02+00:00\",\"description\":\"Ma philosophie pour plus de nature dans la maison avec la durabilit\u00e9 dans l'architecture soit mat\u00e9riaux naturels et \u00e9nergies renouvelables.\",\"breadcrumb\":{\"@id\":\"https:\\\/\\\/www.anae.archi\\\/fr\\\/architecture-durable\\\/#breadcrumb\"},\"inLanguage\":\"fr-FR\",\"potentialAction\":[{\"@type\":\"ReadAction\",\"target\":[\"https:\\\/\\\/www.anae.archi\\\/fr\\\/architecture-durable\\\/\"]}]},{\"@type\":\"BreadcrumbList\",\"@id\":\"https:\\\/\\\/www.anae.archi\\\/fr\\\/architecture-durable\\\/#breadcrumb\",\"itemListElement\":[{\"@type\":\"ListItem\",\"position\":1,\"name\":\"Accueil\",\"item\":\"https:\\\/\\\/www.anae.archi\\\/fr\\\/\"},{\"@type\":\"ListItem\",\"position\":2,\"name\":\"Architecture durable\"}]},{\"@type\":\"WebSite\",\"@id\":\"https:\\\/\\\/www.anae.archi\\\/fr\\\/#website\",\"url\":\"https:\\\/\\\/www.anae.archi\\\/fr\\\/\",\"name\":\"Anae Architecture\",\"description\":\"Bureau d&#039;architecture sp\u00e9cialis\u00e9 dans l&#039;\u00e9cologie\",\"potentialAction\":[{\"@type\":\"SearchAction\",\"target\":{\"@type\":\"EntryPoint\",\"urlTemplate\":\"https:\\\/\\\/www.anae.archi\\\/fr\\\/?s={search_term_string}\"},\"query-input\":{\"@type\":\"PropertyValueSpecification\",\"valueRequired\":true,\"valueName\":\"search_term_string\"}}],\"inLanguage\":\"fr-FR\"}]}<\/script>\n<!-- \/ Yoast SEO plugin. -->","yoast_head_json":{"title":"anae - architecture durable","description":"Ma philosophie pour plus de nature dans la maison avec la durabilit\u00e9 dans l'architecture soit mat\u00e9riaux naturels et \u00e9nergies renouvelables.","robots":{"index":"index","follow":"follow","max-snippet":"max-snippet:-1","max-image-preview":"max-image-preview:large","max-video-preview":"max-video-preview:-1"},"canonical":"https:\/\/www.anae.archi\/fr\/architecture-durable\/","og_locale":"fr_FR","og_type":"article","og_title":"anae - architecture durable","og_description":"Ma philosophie pour plus de nature dans la maison avec la durabilit\u00e9 dans l'architecture soit mat\u00e9riaux naturels et \u00e9nergies renouvelables.","og_url":"https:\/\/www.anae.archi\/fr\/architecture-durable\/","og_site_name":"Anae Architecture","article_modified_time":"2025-12-05T13:20:02+00:00","twitter_card":"summary_large_image","twitter_misc":{"Dur\u00e9e de lecture estim\u00e9e":"4 minutes"},"schema":{"@context":"https:\/\/schema.org","@graph":[{"@type":"WebPage","@id":"https:\/\/www.anae.archi\/fr\/architecture-durable\/","url":"https:\/\/www.anae.archi\/fr\/architecture-durable\/","name":"anae - architecture durable","isPartOf":{"@id":"https:\/\/www.anae.archi\/fr\/#website"},"datePublished":"2024-07-18T20:16:22+00:00","dateModified":"2025-12-05T13:20:02+00:00","description":"Ma philosophie pour plus de nature dans la maison avec la durabilit\u00e9 dans l'architecture soit mat\u00e9riaux naturels et \u00e9nergies renouvelables.","breadcrumb":{"@id":"https:\/\/www.anae.archi\/fr\/architecture-durable\/#breadcrumb"},"inLanguage":"fr-FR","potentialAction":[{"@type":"ReadAction","target":["https:\/\/www.anae.archi\/fr\/architecture-durable\/"]}]},{"@type":"BreadcrumbList","@id":"https:\/\/www.anae.archi\/fr\/architecture-durable\/#breadcrumb","itemListElement":[{"@type":"ListItem","position":1,"name":"Accueil","item":"https:\/\/www.anae.archi\/fr\/"},{"@type":"ListItem","position":2,"name":"Architecture durable"}]},{"@type":"WebSite","@id":"https:\/\/www.anae.archi\/fr\/#website","url":"https:\/\/www.anae.archi\/fr\/","name":"Anae Architecture","description":"Bureau d&#039;architecture sp\u00e9cialis\u00e9 dans l&#039;\u00e9cologie","potentialAction":[{"@type":"SearchAction","target":{"@type":"EntryPoint","urlTemplate":"https:\/\/www.anae.archi\/fr\/?s={search_term_string}"},"query-input":{"@type":"PropertyValueSpecification","valueRequired":true,"valueName":"search_term_string"}}],"inLanguage":"fr-FR"}]}},"_links":{"self":[{"href":"https:\/\/www.anae.archi\/fr\/wp-json\/wp\/v2\/pages\/539","targetHints":{"allow":["GET"]}}],"collection":[{"href":"https:\/\/www.anae.archi\/fr\/wp-json\/wp\/v2\/pages"}],"about":[{"href":"https:\/\/www.anae.archi\/fr\/wp-json\/wp\/v2\/types\/page"}],"author":[{"embeddable":true,"href":"https:\/\/www.anae.archi\/fr\/wp-json\/wp\/v2\/users\/1"}],"replies":[{"embeddable":true,"href":"https:\/\/www.anae.archi\/fr\/wp-json\/wp\/v2\/comments?post=539"}],"version-history":[{"count":103,"href":"https:\/\/www.anae.archi\/fr\/wp-json\/wp\/v2\/pages\/539\/revisions"}],"predecessor-version":[{"id":6561,"href":"https:\/\/www.anae.archi\/fr\/wp-json\/wp\/v2\/pages\/539\/revisions\/6561"}],"wp:attachment":[{"href":"https:\/\/www.anae.archi\/fr\/wp-json\/wp\/v2\/media?parent=539"}],"curies":[{"name":"wp","href":"https:\/\/api.w.org\/{rel}","templated":true}]}}