{"id":523,"date":"2024-07-18T21:49:55","date_gmt":"2024-07-18T19:49:55","guid":{"rendered":"https:\/\/www.anae.archi\/fr\/?page_id=523"},"modified":"2026-01-09T15:51:32","modified_gmt":"2026-01-09T14:51:32","slug":"conseils-en-construction-durable","status":"publish","type":"page","link":"https:\/\/www.anae.archi\/fr\/conseils-en-construction-durable\/","title":{"rendered":"Conseils en construction durable"},"content":{"rendered":"\t\t<div data-elementor-type=\"wp-page\" data-elementor-id=\"523\" class=\"elementor elementor-523\" data-elementor-post-type=\"page\">\n\t\t\t\t<div class=\"elementor-element elementor-element-5429159 e-con-full e-flex e-con e-parent\" data-id=\"5429159\" data-element_type=\"container\" data-e-type=\"container\" data-settings=\"{&quot;background_background&quot;:&quot;classic&quot;}\">\n\t\t<div class=\"elementor-element elementor-element-1d7d3ad e-con-full e-flex e-con e-child\" data-id=\"1d7d3ad\" data-element_type=\"container\" data-e-type=\"container\" data-settings=\"{&quot;background_background&quot;:&quot;classic&quot;}\">\n\t\t\t\t<\/div>\n\t\t<div class=\"elementor-element elementor-element-2b4014c e-con-full e-flex e-con e-child\" data-id=\"2b4014c\" data-element_type=\"container\" data-e-type=\"container\" data-settings=\"{&quot;background_background&quot;:&quot;classic&quot;}\">\n\t\t<div class=\"elementor-element elementor-element-1ce4de5 e-flex e-con-boxed e-con e-child\" data-id=\"1ce4de5\" data-element_type=\"container\" data-e-type=\"container\">\n\t\t\t\t\t<div class=\"e-con-inner\">\n\t\t\t\t<div class=\"elementor-element elementor-element-d78c2fc elementor-widget elementor-widget-heading\" data-id=\"d78c2fc\" data-element_type=\"widget\" data-e-type=\"widget\" data-widget_type=\"heading.default\">\n\t\t\t\t<div class=\"elementor-widget-container\">\n\t\t\t\t\t<h1 class=\"elementor-heading-title elementor-size-default\">Conseils en <br>construction durable <\/h1>\t\t\t\t<\/div>\n\t\t\t\t<\/div>\n\t\t\t\t<div class=\"elementor-element elementor-element-5a0e012 elementor-widget elementor-widget-text-editor\" data-id=\"5a0e012\" data-element_type=\"widget\" data-e-type=\"widget\" data-widget_type=\"text-editor.default\">\n\t\t\t\t<div class=\"elementor-widget-container\">\n\t\t\t\t\t\t\t\t\t<p>Que vous soyez propri\u00e9taires ou locataires, je vous aide \u00e0 faire un <strong>bilan de vos besoins<\/strong> pour planifier les travaux qu\u2019ils soient r\u00e9alis\u00e9s par vous-m\u00eame ou par une tierce personne. Que vous souhaitiez changer un escalier, agrandir votre cuisine, ouvrir des cloisons ou faire des transformations sur votre terrasse, vous aurez toutes les r\u00e9ponses \u00e0 vos questions sur la <strong>faisabilit\u00e9 technique<\/strong>, les <strong>co\u00fbts<\/strong>, le <strong>planning<\/strong>, les choix de <strong>mat\u00e9riaux<\/strong> et de <strong>couleurs<\/strong>, ainsi que les <strong>sp\u00e9cificit\u00e9s<\/strong> de mise en \u0153uvre.<\/p>\t\t\t\t\t\t\t\t<\/div>\n\t\t\t\t<\/div>\n\t\t\t\t<div class=\"elementor-element elementor-element-ae24a51 elementor-widget elementor-widget-text-editor\" data-id=\"ae24a51\" data-element_type=\"widget\" data-e-type=\"widget\" data-widget_type=\"text-editor.default\">\n\t\t\t\t<div class=\"elementor-widget-container\">\n\t\t\t\t\t\t\t\t\t<div>Contactez-moi\u00a0\u00e0 votre convenance et parlons de vos besoins !\u00a0<\/div>\t\t\t\t\t\t\t\t<\/div>\n\t\t\t\t<\/div>\n\t\t\t\t<div class=\"elementor-element elementor-element-67aac42 elementor-mobile-align-center elementor-align-left elementor-widget elementor-widget-button\" data-id=\"67aac42\" data-element_type=\"widget\" data-e-type=\"widget\" data-widget_type=\"button.default\">\n\t\t\t\t<div class=\"elementor-widget-container\">\n\t\t\t\t\t\t\t\t\t<div class=\"elementor-button-wrapper\">\n\t\t\t\t\t<a class=\"elementor-button elementor-button-link elementor-size-sm\" href=\"https:\/\/www.anae.archi\/fr\/contact\/\">\n\t\t\t\t\t\t<span class=\"elementor-button-content-wrapper\">\n\t\t\t\t\t\t\t\t\t<span class=\"elementor-button-text\">Contact<\/span>\n\t\t\t\t\t<\/span>\n\t\t\t\t\t<\/a>\n\t\t\t\t<\/div>\n\t\t\t\t\t\t\t\t<\/div>\n\t\t\t\t<\/div>\n\t\t\t\t\t<\/div>\n\t\t\t\t<\/div>\n\t\t\t\t<\/div>\n\t\t\t\t<\/div>\n\t\t<div class=\"elementor-element elementor-element-29fa372 e-flex e-con-boxed e-con e-parent\" data-id=\"29fa372\" data-element_type=\"container\" data-e-type=\"container\" data-settings=\"{&quot;background_background&quot;:&quot;classic&quot;}\">\n\t\t\t\t\t<div class=\"e-con-inner\">\n\t\t\t\t<div class=\"elementor-element elementor-element-de875eb elementor-widget elementor-widget-heading\" data-id=\"de875eb\" data-element_type=\"widget\" data-e-type=\"widget\" data-widget_type=\"heading.default\">\n\t\t\t\t<div class=\"elementor-widget-container\">\n\t\t\t\t\t<h2 class=\"elementor-heading-title elementor-size-default\">Mes prestations<\/h2>\t\t\t\t<\/div>\n\t\t\t\t<\/div>\n\t\t<div class=\"elementor-element elementor-element-adf8bb8 e-con-full e-flex e-con e-child\" data-id=\"adf8bb8\" data-element_type=\"container\" data-e-type=\"container\">\n\t\t<div class=\"elementor-element elementor-element-e2831dd e-con-full e-flex e-con e-child\" data-id=\"e2831dd\" data-element_type=\"container\" data-e-type=\"container\">\n\t\t\t\t<div class=\"elementor-element elementor-element-06b84f0 elementor-widget elementor-widget-text-editor\" data-id=\"06b84f0\" data-element_type=\"widget\" data-e-type=\"widget\" data-widget_type=\"text-editor.default\">\n\t\t\t\t<div class=\"elementor-widget-container\">\n\t\t\t\t\t\t\t\t\t<p>Quels que soient vos d\u00e9sirs, je vous propose une premi\u00e8re s\u00e9ance de 2 heures, chez vous, qui comprend :<\/p><ul><li>Une liste compl\u00e8te de vos envies et de vos besoins<\/li><li>Des pistes possibles pour vos r\u00e9alisations<\/li><li>Une synth\u00e8se \u00e9crite avec les informations sur le choix des mat\u00e9riaux, une s\u00e9lection de couleurs si demand\u00e9e, la faisabilit\u00e9 technique, les co\u00fbts, la dur\u00e9e des travaux et les sp\u00e9cificit\u00e9s de mise en \u0153uvre<\/li><\/ul>\t\t\t\t\t\t\t\t<\/div>\n\t\t\t\t<\/div>\n\t\t\t\t<\/div>\n\t\t<div class=\"elementor-element elementor-element-36d3e7a e-con-full e-flex e-con e-child\" data-id=\"36d3e7a\" data-element_type=\"container\" data-e-type=\"container\">\n\t\t\t\t<div class=\"elementor-element elementor-element-b19a230 elementor-widget elementor-widget-text-editor\" data-id=\"b19a230\" data-element_type=\"widget\" data-e-type=\"widget\" data-widget_type=\"text-editor.default\">\n\t\t\t\t<div class=\"elementor-widget-container\">\n\t\t\t\t\t\t\t\t\t<p>\u00c0 la fin de la s\u00e9ance, vous aurez en main, une feuille de route pour la r\u00e9alisation de vos travaux et des r\u00e9ponses compl\u00e8tes et argument\u00e9es \u00e0 vos questions. Le but principal \u00e9tant de vous permettre d\u2019\u00e9valuer la faisabilit\u00e9 de votre projet.<\/p>\n<p>Cette premi\u00e8re s\u00e9ance co\u00fbte CHF 450.- HT<br>(y compris mon d\u00e9placement dans le Canton de Vaud).<\/p>\n<p><\/p>\t\t\t\t\t\t\t\t<\/div>\n\t\t\t\t<\/div>\n\t\t\t\t<\/div>\n\t\t\t\t<\/div>\n\t\t\t\t<div class=\"elementor-element elementor-element-92bda31 elementor-widget elementor-widget-text-editor\" data-id=\"92bda31\" data-element_type=\"widget\" data-e-type=\"widget\" data-widget_type=\"text-editor.default\">\n\t\t\t\t<div class=\"elementor-widget-container\">\n\t\t\t\t\t\t\t\t\t<div>De surcro\u00eet, si au terme de cette s\u00e9ance, le projet n\u00e9cessite les comp\u00e9tences d\u2019un architecte, d\u2019un ing\u00e9nieur ou l\u2019intervention d\u2019artisans, je peux mettre mon savoir-faire \u00e0 votre service et je peux \u00e9galement coordonner les diff\u00e9rents corps de m\u00e9tier afin de mener \u00e0 bien vos envies de changement.<\/div><div style=\"text-align: center;\">\u00a0<\/div>\t\t\t\t\t\t\t\t<\/div>\n\t\t\t\t<\/div>\n\t\t\t\t\t<\/div>\n\t\t\t\t<\/div>\n\t\t\t\t<\/div>\n\t\t","protected":false},"excerpt":{"rendered":"<p>Conseils en construction durable Que vous soyez propri\u00e9taires ou locataires, je vous aide \u00e0 faire un bilan de vos besoins pour planifier les travaux qu\u2019ils soient r\u00e9alis\u00e9s par vous-m\u00eame ou par une tierce personne. Que vous souhaitiez changer un escalier, agrandir votre cuisine, ouvrir des cloisons ou faire des transformations sur votre terrasse, vous aurez [&hellip;]<\/p>\n","protected":false},"author":1,"featured_media":0,"parent":0,"menu_order":0,"comment_status":"closed","ping_status":"closed","template":"","meta":{"footnotes":""},"class_list":["post-523","page","type-page","status-publish","hentry"],"yoast_head":"<!-- This site is optimized with the Yoast SEO plugin v27.5 - https:\/\/yoast.com\/product\/yoast-seo-wordpress\/ -->\n<title>anae - conseils en construction durable<\/title>\n<meta name=\"description\" content=\"Que vous soyez propri\u00e9taires ou locataires, je vous aide \u00e0 faire un bilan de vos besoins pour planifier des travaux.\" \/>\n<meta name=\"robots\" content=\"index, follow, max-snippet:-1, max-image-preview:large, max-video-preview:-1\" \/>\n<link rel=\"canonical\" href=\"https:\/\/www.anae.archi\/fr\/conseils-en-construction-durable\/\" \/>\n<meta property=\"og:locale\" content=\"fr_FR\" \/>\n<meta property=\"og:type\" content=\"article\" \/>\n<meta property=\"og:title\" content=\"anae - conseils en construction durable\" \/>\n<meta property=\"og:description\" content=\"Que vous soyez propri\u00e9taires ou locataires, je vous aide \u00e0 faire un bilan de vos besoins pour planifier des travaux.\" \/>\n<meta property=\"og:url\" content=\"https:\/\/www.anae.archi\/fr\/conseils-en-construction-durable\/\" \/>\n<meta property=\"og:site_name\" content=\"Anae Architecture\" \/>\n<meta property=\"article:modified_time\" content=\"2026-01-09T14:51:32+00:00\" \/>\n<meta name=\"twitter:card\" content=\"summary_large_image\" \/>\n<meta name=\"twitter:label1\" content=\"Dur\u00e9e de lecture estim\u00e9e\" \/>\n\t<meta name=\"twitter:data1\" content=\"2 minutes\" \/>\n<script type=\"application\/ld+json\" class=\"yoast-schema-graph\">{\"@context\":\"https:\\\/\\\/schema.org\",\"@graph\":[{\"@type\":\"WebPage\",\"@id\":\"https:\\\/\\\/www.anae.archi\\\/fr\\\/conseils-en-construction-durable\\\/\",\"url\":\"https:\\\/\\\/www.anae.archi\\\/fr\\\/conseils-en-construction-durable\\\/\",\"name\":\"anae - conseils en construction durable\",\"isPartOf\":{\"@id\":\"https:\\\/\\\/www.anae.archi\\\/fr\\\/#website\"},\"datePublished\":\"2024-07-18T19:49:55+00:00\",\"dateModified\":\"2026-01-09T14:51:32+00:00\",\"description\":\"Que vous soyez propri\u00e9taires ou locataires, je vous aide \u00e0 faire un bilan de vos besoins pour planifier des travaux.\",\"breadcrumb\":{\"@id\":\"https:\\\/\\\/www.anae.archi\\\/fr\\\/conseils-en-construction-durable\\\/#breadcrumb\"},\"inLanguage\":\"fr-FR\",\"potentialAction\":[{\"@type\":\"ReadAction\",\"target\":[\"https:\\\/\\\/www.anae.archi\\\/fr\\\/conseils-en-construction-durable\\\/\"]}]},{\"@type\":\"BreadcrumbList\",\"@id\":\"https:\\\/\\\/www.anae.archi\\\/fr\\\/conseils-en-construction-durable\\\/#breadcrumb\",\"itemListElement\":[{\"@type\":\"ListItem\",\"position\":1,\"name\":\"Accueil\",\"item\":\"https:\\\/\\\/www.anae.archi\\\/fr\\\/\"},{\"@type\":\"ListItem\",\"position\":2,\"name\":\"Conseils en construction durable\"}]},{\"@type\":\"WebSite\",\"@id\":\"https:\\\/\\\/www.anae.archi\\\/fr\\\/#website\",\"url\":\"https:\\\/\\\/www.anae.archi\\\/fr\\\/\",\"name\":\"Anae Architecture\",\"description\":\"Bureau d&#039;architecture sp\u00e9cialis\u00e9 dans l&#039;\u00e9cologie\",\"potentialAction\":[{\"@type\":\"SearchAction\",\"target\":{\"@type\":\"EntryPoint\",\"urlTemplate\":\"https:\\\/\\\/www.anae.archi\\\/fr\\\/?s={search_term_string}\"},\"query-input\":{\"@type\":\"PropertyValueSpecification\",\"valueRequired\":true,\"valueName\":\"search_term_string\"}}],\"inLanguage\":\"fr-FR\"}]}<\/script>\n<!-- \/ Yoast SEO plugin. -->","yoast_head_json":{"title":"anae - conseils en construction durable","description":"Que vous soyez propri\u00e9taires ou locataires, je vous aide \u00e0 faire un bilan de vos besoins pour planifier des travaux.","robots":{"index":"index","follow":"follow","max-snippet":"max-snippet:-1","max-image-preview":"max-image-preview:large","max-video-preview":"max-video-preview:-1"},"canonical":"https:\/\/www.anae.archi\/fr\/conseils-en-construction-durable\/","og_locale":"fr_FR","og_type":"article","og_title":"anae - conseils en construction durable","og_description":"Que vous soyez propri\u00e9taires ou locataires, je vous aide \u00e0 faire un bilan de vos besoins pour planifier des travaux.","og_url":"https:\/\/www.anae.archi\/fr\/conseils-en-construction-durable\/","og_site_name":"Anae Architecture","article_modified_time":"2026-01-09T14:51:32+00:00","twitter_card":"summary_large_image","twitter_misc":{"Dur\u00e9e de lecture estim\u00e9e":"2 minutes"},"schema":{"@context":"https:\/\/schema.org","@graph":[{"@type":"WebPage","@id":"https:\/\/www.anae.archi\/fr\/conseils-en-construction-durable\/","url":"https:\/\/www.anae.archi\/fr\/conseils-en-construction-durable\/","name":"anae - conseils en construction durable","isPartOf":{"@id":"https:\/\/www.anae.archi\/fr\/#website"},"datePublished":"2024-07-18T19:49:55+00:00","dateModified":"2026-01-09T14:51:32+00:00","description":"Que vous soyez propri\u00e9taires ou locataires, je vous aide \u00e0 faire un bilan de vos besoins pour planifier des travaux.","breadcrumb":{"@id":"https:\/\/www.anae.archi\/fr\/conseils-en-construction-durable\/#breadcrumb"},"inLanguage":"fr-FR","potentialAction":[{"@type":"ReadAction","target":["https:\/\/www.anae.archi\/fr\/conseils-en-construction-durable\/"]}]},{"@type":"BreadcrumbList","@id":"https:\/\/www.anae.archi\/fr\/conseils-en-construction-durable\/#breadcrumb","itemListElement":[{"@type":"ListItem","position":1,"name":"Accueil","item":"https:\/\/www.anae.archi\/fr\/"},{"@type":"ListItem","position":2,"name":"Conseils en construction durable"}]},{"@type":"WebSite","@id":"https:\/\/www.anae.archi\/fr\/#website","url":"https:\/\/www.anae.archi\/fr\/","name":"Anae Architecture","description":"Bureau d&#039;architecture sp\u00e9cialis\u00e9 dans l&#039;\u00e9cologie","potentialAction":[{"@type":"SearchAction","target":{"@type":"EntryPoint","urlTemplate":"https:\/\/www.anae.archi\/fr\/?s={search_term_string}"},"query-input":{"@type":"PropertyValueSpecification","valueRequired":true,"valueName":"search_term_string"}}],"inLanguage":"fr-FR"}]}},"_links":{"self":[{"href":"https:\/\/www.anae.archi\/fr\/wp-json\/wp\/v2\/pages\/523","targetHints":{"allow":["GET"]}}],"collection":[{"href":"https:\/\/www.anae.archi\/fr\/wp-json\/wp\/v2\/pages"}],"about":[{"href":"https:\/\/www.anae.archi\/fr\/wp-json\/wp\/v2\/types\/page"}],"author":[{"embeddable":true,"href":"https:\/\/www.anae.archi\/fr\/wp-json\/wp\/v2\/users\/1"}],"replies":[{"embeddable":true,"href":"https:\/\/www.anae.archi\/fr\/wp-json\/wp\/v2\/comments?post=523"}],"version-history":[{"count":115,"href":"https:\/\/www.anae.archi\/fr\/wp-json\/wp\/v2\/pages\/523\/revisions"}],"predecessor-version":[{"id":7329,"href":"https:\/\/www.anae.archi\/fr\/wp-json\/wp\/v2\/pages\/523\/revisions\/7329"}],"wp:attachment":[{"href":"https:\/\/www.anae.archi\/fr\/wp-json\/wp\/v2\/media?parent=523"}],"curies":[{"name":"wp","href":"https:\/\/api.w.org\/{rel}","templated":true}]}}